{"id":16939,"date":"2023-05-09T17:24:08","date_gmt":"2023-05-09T15:24:08","guid":{"rendered":"https:\/\/librairie7l.com\/?post_type=product&#038;p=16939"},"modified":"2026-05-02T02:06:47","modified_gmt":"2026-05-02T00:06:47","slug":"au-fil-des-epees-la-vie-des-immortels","status":"publish","type":"product","link":"https:\/\/librairie7l.com\/en\/produit\/au-fil-des-epees-la-vie-des-immortels\/","title":{"rendered":"AU FIL DES \u00c9P\u00c9ES : LA VIE DES IMMORTELS"},"content":{"rendered":"<p>Cr\u00e9\u00e9e en 1634 par Richelieu, l&#8217;Acad\u00e9mie fran\u00e7aise adopte l&#8217;habit vert en 1801 et y annexe l&#8217;\u00e9p\u00e9e quelques ann\u00e9es plus tard, sur le mod\u00e8le des \u00e9p\u00e9es des membres de l&#8217;Institut d&#8217;\u00c9gypte ou des \u00e9p\u00e9es militaires. En 1903, l&#8217;orf\u00e8vre Falize personnalise pour la premi\u00e8re fois l&#8217;\u00e9p\u00e9e d&#8217;un acad\u00e9micien fran\u00e7ais, ouvrant la voie aux plus grands orf\u00e8vres et artistes. D\u00e8s lors, une trentaine d&#8217;entre eux rivaliseront d&#8217;interpr\u00e9tations les plus fantaisistes ou les plus \u00e9l\u00e9gantes pour raconter l&#8217;histoire, la famille, les lieux, les travaux, les \u00e9crits, les recherches des acad\u00e9miciens fran\u00e7ais.<\/p>\n<p>V\u00e9ritables oeuvres d&#8217;art produites depuis le d\u00e9but du xxe si\u00e8cle, 136 \u00e9p\u00e9es dressent ici le portrait singulier de leur r\u00e9cipiendaire, au moyen de symboles pr\u00e9sent\u00e9s et comment\u00e9s dans leurs moindres d\u00e9tails. Tout au long de cet ouvrage, le lecteur d\u00e9couvre la richesse d&#8217;une assembl\u00e9e d&#8217;hommes et de femmes qui, sous l&#8217;habit vert, se compose de personnalit\u00e9s issues d&#8217;horizons les plus divers, aux centres d&#8217;int\u00e9r\u00eat et aux travaux multiples.<\/p>\n","protected":false},"excerpt":{"rendered":"<p>Cr\u00e9\u00e9e en 1634 par Richelieu, l&#8217;Acad\u00e9mie fran\u00e7aise adopte l&#8217;habit vert en 1801 et y annexe l&#8217;\u00e9p\u00e9e quelques ann\u00e9es plus tard, sur le mod\u00e8le des \u00e9p\u00e9es des membres de l&#8217;Institut d&#8217;\u00c9gypte ou des \u00e9p\u00e9es militaires. En 1903, l&#8217;orf\u00e8vre Falize personnalise pour la premi\u00e8re fois l&#8217;\u00e9p\u00e9e d&#8217;un acad\u00e9micien fran\u00e7ais, ouvrant la voie aux plus grands orf\u00e8vres et [&hellip;]<\/p>\n","protected":false},"featured_media":16937,"template":"","meta":[],"product_cat":[55,2948,18,2952],"product_tag":[],"acf":[],"yoast_head":"<!-- This site is optimized with the Yoast SEO plugin v20.11 - https:\/\/yoast.com\/wordpress\/plugins\/seo\/ -->\n<title>AU FIL DES \u00c9P\u00c9ES : LA VIE DES IMMORTELS - Librairie 7L<\/title>\n<meta name=\"robots\" content=\"index, follow, max-snippet:-1, max-image-preview:large, max-video-preview:-1\" \/>\n<link rel=\"canonical\" href=\"https:\/\/librairie7l.com\/en\/produit\/au-fil-des-epees-la-vie-des-immortels\/\" \/>\n<meta property=\"og:locale\" content=\"en_US\" \/>\n<meta property=\"og:type\" content=\"article\" \/>\n<meta property=\"og:title\" content=\"AU FIL DES \u00c9P\u00c9ES : LA VIE DES IMMORTELS - Librairie 7L\" \/>\n<meta property=\"og:description\" content=\"Cr\u00e9\u00e9e en 1634 par Richelieu, l&#8217;Acad\u00e9mie fran\u00e7aise adopte l&#8217;habit vert en 1801 et y annexe l&#8217;\u00e9p\u00e9e quelques ann\u00e9es plus tard, sur le mod\u00e8le des \u00e9p\u00e9es des membres de l&#8217;Institut d&#8217;\u00c9gypte ou des \u00e9p\u00e9es militaires. En 1903, l&#8217;orf\u00e8vre Falize personnalise pour la premi\u00e8re fois l&#8217;\u00e9p\u00e9e d&#8217;un acad\u00e9micien fran\u00e7ais, ouvrant la voie aux plus grands orf\u00e8vres et [&hellip;]\" \/>\n<meta property=\"og:url\" content=\"https:\/\/librairie7l.com\/en\/produit\/au-fil-des-epees-la-vie-des-immortels\/\" \/>\n<meta property=\"og:site_name\" content=\"Librairie 7L\" \/>\n<meta property=\"article:modified_time\" content=\"2026-05-02T00:06:47+00:00\" \/>\n<meta property=\"og:image\" content=\"https:\/\/librairie7l.com\/wp-content\/uploads\/2022\/12\/9782749947471_1_75.jpg\" \/>\n\t<meta property=\"og:image:width\" content=\"400\" \/>\n\t<meta property=\"og:image:height\" content=\"519\" \/>\n\t<meta property=\"og:image:type\" content=\"image\/jpeg\" \/>\n<meta name=\"twitter:card\" content=\"summary_large_image\" \/>\n<meta name=\"twitter:label1\" content=\"Est. reading time\" \/>\n\t<meta name=\"twitter:data1\" content=\"1 minute\" \/>\n<script type=\"application\/ld+json\" class=\"yoast-schema-graph\">{\"@context\":\"https:\/\/schema.org\",\"@graph\":[{\"@type\":\"WebPage\",\"@id\":\"https:\/\/librairie7l.com\/en\/produit\/au-fil-des-epees-la-vie-des-immortels\/\",\"url\":\"https:\/\/librairie7l.com\/en\/produit\/au-fil-des-epees-la-vie-des-immortels\/\",\"name\":\"AU FIL DES \u00c9P\u00c9ES : LA VIE DES IMMORTELS - Librairie 7L\",\"isPartOf\":{\"@id\":\"https:\/\/librairie7l.com\/en\/#website\"},\"datePublished\":\"2023-05-09T15:24:08+00:00\",\"dateModified\":\"2026-05-02T00:06:47+00:00\",\"breadcrumb\":{\"@id\":\"https:\/\/librairie7l.com\/en\/produit\/au-fil-des-epees-la-vie-des-immortels\/#breadcrumb\"},\"inLanguage\":\"en-US\",\"potentialAction\":[{\"@type\":\"ReadAction\",\"target\":[\"https:\/\/librairie7l.com\/en\/produit\/au-fil-des-epees-la-vie-des-immortels\/\"]}]},{\"@type\":\"BreadcrumbList\",\"@id\":\"https:\/\/librairie7l.com\/en\/produit\/au-fil-des-epees-la-vie-des-immortels\/#breadcrumb\",\"itemListElement\":[{\"@type\":\"ListItem\",\"position\":1,\"name\":\"Accueil\",\"item\":\"https:\/\/librairie7l.com\/en\/\"},{\"@type\":\"ListItem\",\"position\":2,\"name\":\"Shop\",\"item\":\"https:\/\/librairie7l.com\/en\/shop\/\"},{\"@type\":\"ListItem\",\"position\":3,\"name\":\"AU FIL DES \u00c9P\u00c9ES : LA VIE DES IMMORTELS\"}]},{\"@type\":\"WebSite\",\"@id\":\"https:\/\/librairie7l.com\/en\/#website\",\"url\":\"https:\/\/librairie7l.com\/en\/\",\"name\":\"Librairie 7L\",\"description\":\"Librairie fond\u00e9e en 1999 par Karl Lagerfeld \u00e0 Paris\",\"publisher\":{\"@id\":\"https:\/\/librairie7l.com\/en\/#organization\"},\"potentialAction\":[{\"@type\":\"SearchAction\",\"target\":{\"@type\":\"EntryPoint\",\"urlTemplate\":\"https:\/\/librairie7l.com\/en\/?s={search_term_string}\"},\"query-input\":\"required name=search_term_string\"}],\"inLanguage\":\"en-US\"},{\"@type\":\"Organization\",\"@id\":\"https:\/\/librairie7l.com\/en\/#organization\",\"name\":\"Librairie 7L\",\"url\":\"https:\/\/librairie7l.com\/en\/\",\"logo\":{\"@type\":\"ImageObject\",\"inLanguage\":\"en-US\",\"@id\":\"https:\/\/librairie7l.com\/en\/#\/schema\/logo\/image\/\",\"url\":\"https:\/\/librairie7l.com\/wp-content\/uploads\/2022\/08\/logo-1.png\",\"contentUrl\":\"https:\/\/librairie7l.com\/wp-content\/uploads\/2022\/08\/logo-1.png\",\"width\":227,\"height\":301,\"caption\":\"Librairie 7L\"},\"image\":{\"@id\":\"https:\/\/librairie7l.com\/en\/#\/schema\/logo\/image\/\"}}]}<\/script>\n<!-- \/ Yoast SEO plugin. -->","yoast_head_json":{"title":"AU FIL DES \u00c9P\u00c9ES : LA VIE DES IMMORTELS - Librairie 7L","robots":{"index":"index","follow":"follow","max-snippet":"max-snippet:-1","max-image-preview":"max-image-preview:large","max-video-preview":"max-video-preview:-1"},"canonical":"https:\/\/librairie7l.com\/en\/produit\/au-fil-des-epees-la-vie-des-immortels\/","og_locale":"en_US","og_type":"article","og_title":"AU FIL DES \u00c9P\u00c9ES : LA VIE DES IMMORTELS - Librairie 7L","og_description":"Cr\u00e9\u00e9e en 1634 par Richelieu, l&#8217;Acad\u00e9mie fran\u00e7aise adopte l&#8217;habit vert en 1801 et y annexe l&#8217;\u00e9p\u00e9e quelques ann\u00e9es plus tard, sur le mod\u00e8le des \u00e9p\u00e9es des membres de l&#8217;Institut d&#8217;\u00c9gypte ou des \u00e9p\u00e9es militaires. En 1903, l&#8217;orf\u00e8vre Falize personnalise pour la premi\u00e8re fois l&#8217;\u00e9p\u00e9e d&#8217;un acad\u00e9micien fran\u00e7ais, ouvrant la voie aux plus grands orf\u00e8vres et [&hellip;]","og_url":"https:\/\/librairie7l.com\/en\/produit\/au-fil-des-epees-la-vie-des-immortels\/","og_site_name":"Librairie 7L","article_modified_time":"2026-05-02T00:06:47+00:00","og_image":[{"width":400,"height":519,"url":"https:\/\/librairie7l.com\/wp-content\/uploads\/2022\/12\/9782749947471_1_75.jpg","type":"image\/jpeg"}],"twitter_card":"summary_large_image","twitter_misc":{"Est. reading time":"1 minute"},"schema":{"@context":"https:\/\/schema.org","@graph":[{"@type":"WebPage","@id":"https:\/\/librairie7l.com\/en\/produit\/au-fil-des-epees-la-vie-des-immortels\/","url":"https:\/\/librairie7l.com\/en\/produit\/au-fil-des-epees-la-vie-des-immortels\/","name":"AU FIL DES \u00c9P\u00c9ES : LA VIE DES IMMORTELS - Librairie 7L","isPartOf":{"@id":"https:\/\/librairie7l.com\/en\/#website"},"datePublished":"2023-05-09T15:24:08+00:00","dateModified":"2026-05-02T00:06:47+00:00","breadcrumb":{"@id":"https:\/\/librairie7l.com\/en\/produit\/au-fil-des-epees-la-vie-des-immortels\/#breadcrumb"},"inLanguage":"en-US","potentialAction":[{"@type":"ReadAction","target":["https:\/\/librairie7l.com\/en\/produit\/au-fil-des-epees-la-vie-des-immortels\/"]}]},{"@type":"BreadcrumbList","@id":"https:\/\/librairie7l.com\/en\/produit\/au-fil-des-epees-la-vie-des-immortels\/#breadcrumb","itemListElement":[{"@type":"ListItem","position":1,"name":"Accueil","item":"https:\/\/librairie7l.com\/en\/"},{"@type":"ListItem","position":2,"name":"Shop","item":"https:\/\/librairie7l.com\/en\/shop\/"},{"@type":"ListItem","position":3,"name":"AU FIL DES \u00c9P\u00c9ES : LA VIE DES IMMORTELS"}]},{"@type":"WebSite","@id":"https:\/\/librairie7l.com\/en\/#website","url":"https:\/\/librairie7l.com\/en\/","name":"Librairie 7L","description":"Librairie fond\u00e9e en 1999 par Karl Lagerfeld \u00e0 Paris","publisher":{"@id":"https:\/\/librairie7l.com\/en\/#organization"},"potentialAction":[{"@type":"SearchAction","target":{"@type":"EntryPoint","urlTemplate":"https:\/\/librairie7l.com\/en\/?s={search_term_string}"},"query-input":"required name=search_term_string"}],"inLanguage":"en-US"},{"@type":"Organization","@id":"https:\/\/librairie7l.com\/en\/#organization","name":"Librairie 7L","url":"https:\/\/librairie7l.com\/en\/","logo":{"@type":"ImageObject","inLanguage":"en-US","@id":"https:\/\/librairie7l.com\/en\/#\/schema\/logo\/image\/","url":"https:\/\/librairie7l.com\/wp-content\/uploads\/2022\/08\/logo-1.png","contentUrl":"https:\/\/librairie7l.com\/wp-content\/uploads\/2022\/08\/logo-1.png","width":227,"height":301,"caption":"Librairie 7L"},"image":{"@id":"https:\/\/librairie7l.com\/en\/#\/schema\/logo\/image\/"}}]}},"_links":{"self":[{"href":"https:\/\/librairie7l.com\/en\/wp-json\/wp\/v2\/product\/16939"}],"collection":[{"href":"https:\/\/librairie7l.com\/en\/wp-json\/wp\/v2\/product"}],"about":[{"href":"https:\/\/librairie7l.com\/en\/wp-json\/wp\/v2\/types\/product"}],"wp:featuredmedia":[{"embeddable":true,"href":"https:\/\/librairie7l.com\/en\/wp-json\/wp\/v2\/media\/16937"}],"wp:attachment":[{"href":"https:\/\/librairie7l.com\/en\/wp-json\/wp\/v2\/media?parent=16939"}],"wp:term":[{"taxonomy":"product_cat","embeddable":true,"href":"https:\/\/librairie7l.com\/en\/wp-json\/wp\/v2\/product_cat?post=16939"},{"taxonomy":"product_tag","embeddable":true,"href":"https:\/\/librairie7l.com\/en\/wp-json\/wp\/v2\/product_tag?post=16939"}],"curies":[{"name":"wp","href":"https:\/\/api.w.org\/{rel}","templated":true}]}}