{"id":17163,"date":"2023-05-09T17:27:18","date_gmt":"2023-05-09T15:27:18","guid":{"rendered":"https:\/\/librairie7l.com\/?post_type=product&#038;p=17163"},"modified":"2026-04-28T23:25:31","modified_gmt":"2026-04-28T21:25:31","slug":"grand-palais-ephemere-fr","status":"publish","type":"product","link":"https:\/\/librairie7l.com\/en\/produit\/grand-palais-ephemere-fr\/","title":{"rendered":"GRAND PALAIS \u00c9PH\u00c9M\u00c8RE"},"content":{"rendered":"<p>Con\u00e7u par l&#8217;architecte Jean-Michel Wilmotte et install\u00e9 sur le Champ-de-Mars, le Grand Palais \u00c9ph\u00e9m\u00e8re est un b\u00e2timent provisoire de 10 000m2 port\u00e9 par la R\u00e9union des mus\u00e9es nationaux &#8211; Grand Palais et Paris 2024, et r\u00e9alis\u00e9 par la soci\u00e9t\u00e9 GL Events. Il est destin\u00e9 \u00e0 accueillir pendant la r\u00e9novation du Grand Palais les grands \u00e9v\u00e9nements d&#8217;art, de mode et de sport habituellement organis\u00e9s dans la Nef, parmi lesquels Paris Photo, le Saut Herm\u00e8s et les d\u00e9fil\u00e9s de Chanel, puis, pendant les JO 2024, les comp\u00e9titions de judo et de lutte. V\u00e9ritable prouesse architecturale, sa charpente courbe en double vo\u00fbte conf\u00e8re au b\u00e2timent une typologie \u00e0 l&#8217;\u00e9chelle du Champ-de-Mars et s&#8217;ins\u00e8re parfaitement sur ce site prestigieux dont l&#8217;histoire est, tout comme celle du Grand Palais, tr\u00e8s li\u00e9e aux Expositions universelles qui ont anim\u00e9 l&#8217;esplanade d\u00e8s 1867. Ce livre met en perspective le b\u00e2timent avec cet h\u00e9ritage historique ainsi qu&#8217;avec celui de l&#8217;architecture \u00e9ph\u00e9m\u00e8re. Mais il permet avant tout de d\u00e9couvrir les coulisses de ce b\u00e2timent hors normes. Quelle en est la gen\u00e8se ? Comment le chantier s&#8217;est-il d\u00e9roul\u00e9 ? Quel accueil public lui a-t-il \u00e9t\u00e9 r\u00e9serv\u00e9 ? L&#8217;ouvrage revient sur les \u00e9l\u00e9ments forts de l&#8217;architecture du Grand Palais \u00c9ph\u00e9m\u00e8re : sa nef principale ayant une port\u00e9e ininterrompue de 51 m dans la largeur et de 33 m dans la profondeur, ses 44 arches en bois monumentales assembl\u00e9es sur place dans un d\u00e9lai de trois mois, ses propri\u00e9t\u00e9s acoustiques et ses vertus \u00e9cologiques. R\u00e9solument ancr\u00e9 dans notre \u00e9poque, il fait \u00e9cho \u00e0 des r\u00e9alisations architecturales \u00e9ph\u00e9m\u00e8res embl\u00e9matiques, depuis le Crystal Palace de Joseph Praxton (1851) jusqu&#8217;aux r\u00e9alisations de Richard Buckminster Fuller (pavillon des \u00c9tats-Unis \u00e0 l&#8217;Exposition universelle de 1967), Renzo Piano (pavillon IBM, 1984), ou Shigeru Ban (pavillon du Japon \u00e0 l&#8217;Exposition universelle de 2000), et s&#8217;inscrit dans la nouvelle typologie des b\u00e2timents interdisciplinaires r\u00e9alis\u00e9s ces derni\u00e8res ann\u00e9es. Le Grand Palais \u00c9ph\u00e9m\u00e8re est un projet exemplaire en termes de sobri\u00e9t\u00e9 et de respect de l&#8217;environnement, qui r\u00e9v\u00e8le les aspirations culturelles, environnementales et sportives de notre temps.<\/p>\n","protected":false},"excerpt":{"rendered":"<p>Con\u00e7u par l&#8217;architecte Jean-Michel Wilmotte et install\u00e9 sur le Champ-de-Mars, le Grand Palais \u00c9ph\u00e9m\u00e8re est un b\u00e2timent provisoire de 10 000m2 port\u00e9 par la R\u00e9union des mus\u00e9es nationaux &#8211; Grand Palais et Paris 2024, et r\u00e9alis\u00e9 par la soci\u00e9t\u00e9 GL Events. Il est destin\u00e9 \u00e0 accueillir pendant la r\u00e9novation du Grand Palais les grands \u00e9v\u00e9nements [&hellip;]<\/p>\n","protected":false},"featured_media":17161,"template":"","meta":[],"product_cat":[55,2948,22,2950],"product_tag":[],"acf":[],"yoast_head":"<!-- This site is optimized with the Yoast SEO plugin v20.11 - https:\/\/yoast.com\/wordpress\/plugins\/seo\/ -->\n<title>GRAND PALAIS \u00c9PH\u00c9M\u00c8RE - Librairie 7L<\/title>\n<meta name=\"robots\" content=\"index, follow, max-snippet:-1, max-image-preview:large, max-video-preview:-1\" \/>\n<link rel=\"canonical\" href=\"https:\/\/librairie7l.com\/en\/produit\/grand-palais-ephemere-fr\/\" \/>\n<meta property=\"og:locale\" content=\"en_US\" \/>\n<meta property=\"og:type\" content=\"article\" \/>\n<meta property=\"og:title\" content=\"GRAND PALAIS \u00c9PH\u00c9M\u00c8RE - Librairie 7L\" \/>\n<meta property=\"og:description\" content=\"Con\u00e7u par l&#8217;architecte Jean-Michel Wilmotte et install\u00e9 sur le Champ-de-Mars, le Grand Palais \u00c9ph\u00e9m\u00e8re est un b\u00e2timent provisoire de 10 000m2 port\u00e9 par la R\u00e9union des mus\u00e9es nationaux &#8211; Grand Palais et Paris 2024, et r\u00e9alis\u00e9 par la soci\u00e9t\u00e9 GL Events. Il est destin\u00e9 \u00e0 accueillir pendant la r\u00e9novation du Grand Palais les grands \u00e9v\u00e9nements [&hellip;]\" \/>\n<meta property=\"og:url\" content=\"https:\/\/librairie7l.com\/en\/produit\/grand-palais-ephemere-fr\/\" \/>\n<meta property=\"og:site_name\" content=\"Librairie 7L\" \/>\n<meta property=\"article:modified_time\" content=\"2026-04-28T21:25:31+00:00\" \/>\n<meta property=\"og:image\" content=\"https:\/\/librairie7l.com\/wp-content\/uploads\/2022\/12\/9782711879359_1_75.jpg\" \/>\n\t<meta property=\"og:image:width\" content=\"600\" \/>\n\t<meta property=\"og:image:height\" content=\"829\" \/>\n\t<meta property=\"og:image:type\" content=\"image\/jpeg\" \/>\n<meta name=\"twitter:card\" content=\"summary_large_image\" \/>\n<meta name=\"twitter:label1\" content=\"Est. reading time\" \/>\n\t<meta name=\"twitter:data1\" content=\"2 minutes\" \/>\n<script type=\"application\/ld+json\" class=\"yoast-schema-graph\">{\"@context\":\"https:\/\/schema.org\",\"@graph\":[{\"@type\":\"WebPage\",\"@id\":\"https:\/\/librairie7l.com\/en\/produit\/grand-palais-ephemere-fr\/\",\"url\":\"https:\/\/librairie7l.com\/en\/produit\/grand-palais-ephemere-fr\/\",\"name\":\"GRAND PALAIS \u00c9PH\u00c9M\u00c8RE - Librairie 7L\",\"isPartOf\":{\"@id\":\"https:\/\/librairie7l.com\/en\/#website\"},\"datePublished\":\"2023-05-09T15:27:18+00:00\",\"dateModified\":\"2026-04-28T21:25:31+00:00\",\"breadcrumb\":{\"@id\":\"https:\/\/librairie7l.com\/en\/produit\/grand-palais-ephemere-fr\/#breadcrumb\"},\"inLanguage\":\"en-US\",\"potentialAction\":[{\"@type\":\"ReadAction\",\"target\":[\"https:\/\/librairie7l.com\/en\/produit\/grand-palais-ephemere-fr\/\"]}]},{\"@type\":\"BreadcrumbList\",\"@id\":\"https:\/\/librairie7l.com\/en\/produit\/grand-palais-ephemere-fr\/#breadcrumb\",\"itemListElement\":[{\"@type\":\"ListItem\",\"position\":1,\"name\":\"Accueil\",\"item\":\"https:\/\/librairie7l.com\/en\/\"},{\"@type\":\"ListItem\",\"position\":2,\"name\":\"Shop\",\"item\":\"https:\/\/librairie7l.com\/en\/shop\/\"},{\"@type\":\"ListItem\",\"position\":3,\"name\":\"GRAND PALAIS \u00c9PH\u00c9M\u00c8RE\"}]},{\"@type\":\"WebSite\",\"@id\":\"https:\/\/librairie7l.com\/en\/#website\",\"url\":\"https:\/\/librairie7l.com\/en\/\",\"name\":\"Librairie 7L\",\"description\":\"Librairie fond\u00e9e en 1999 par Karl Lagerfeld \u00e0 Paris\",\"publisher\":{\"@id\":\"https:\/\/librairie7l.com\/en\/#organization\"},\"potentialAction\":[{\"@type\":\"SearchAction\",\"target\":{\"@type\":\"EntryPoint\",\"urlTemplate\":\"https:\/\/librairie7l.com\/en\/?s={search_term_string}\"},\"query-input\":\"required name=search_term_string\"}],\"inLanguage\":\"en-US\"},{\"@type\":\"Organization\",\"@id\":\"https:\/\/librairie7l.com\/en\/#organization\",\"name\":\"Librairie 7L\",\"url\":\"https:\/\/librairie7l.com\/en\/\",\"logo\":{\"@type\":\"ImageObject\",\"inLanguage\":\"en-US\",\"@id\":\"https:\/\/librairie7l.com\/en\/#\/schema\/logo\/image\/\",\"url\":\"https:\/\/librairie7l.com\/wp-content\/uploads\/2022\/08\/logo-1.png\",\"contentUrl\":\"https:\/\/librairie7l.com\/wp-content\/uploads\/2022\/08\/logo-1.png\",\"width\":227,\"height\":301,\"caption\":\"Librairie 7L\"},\"image\":{\"@id\":\"https:\/\/librairie7l.com\/en\/#\/schema\/logo\/image\/\"}}]}<\/script>\n<!-- \/ Yoast SEO plugin. -->","yoast_head_json":{"title":"GRAND PALAIS \u00c9PH\u00c9M\u00c8RE - Librairie 7L","robots":{"index":"index","follow":"follow","max-snippet":"max-snippet:-1","max-image-preview":"max-image-preview:large","max-video-preview":"max-video-preview:-1"},"canonical":"https:\/\/librairie7l.com\/en\/produit\/grand-palais-ephemere-fr\/","og_locale":"en_US","og_type":"article","og_title":"GRAND PALAIS \u00c9PH\u00c9M\u00c8RE - Librairie 7L","og_description":"Con\u00e7u par l&#8217;architecte Jean-Michel Wilmotte et install\u00e9 sur le Champ-de-Mars, le Grand Palais \u00c9ph\u00e9m\u00e8re est un b\u00e2timent provisoire de 10 000m2 port\u00e9 par la R\u00e9union des mus\u00e9es nationaux &#8211; Grand Palais et Paris 2024, et r\u00e9alis\u00e9 par la soci\u00e9t\u00e9 GL Events. Il est destin\u00e9 \u00e0 accueillir pendant la r\u00e9novation du Grand Palais les grands \u00e9v\u00e9nements [&hellip;]","og_url":"https:\/\/librairie7l.com\/en\/produit\/grand-palais-ephemere-fr\/","og_site_name":"Librairie 7L","article_modified_time":"2026-04-28T21:25:31+00:00","og_image":[{"width":600,"height":829,"url":"https:\/\/librairie7l.com\/wp-content\/uploads\/2022\/12\/9782711879359_1_75.jpg","type":"image\/jpeg"}],"twitter_card":"summary_large_image","twitter_misc":{"Est. reading time":"2 minutes"},"schema":{"@context":"https:\/\/schema.org","@graph":[{"@type":"WebPage","@id":"https:\/\/librairie7l.com\/en\/produit\/grand-palais-ephemere-fr\/","url":"https:\/\/librairie7l.com\/en\/produit\/grand-palais-ephemere-fr\/","name":"GRAND PALAIS \u00c9PH\u00c9M\u00c8RE - Librairie 7L","isPartOf":{"@id":"https:\/\/librairie7l.com\/en\/#website"},"datePublished":"2023-05-09T15:27:18+00:00","dateModified":"2026-04-28T21:25:31+00:00","breadcrumb":{"@id":"https:\/\/librairie7l.com\/en\/produit\/grand-palais-ephemere-fr\/#breadcrumb"},"inLanguage":"en-US","potentialAction":[{"@type":"ReadAction","target":["https:\/\/librairie7l.com\/en\/produit\/grand-palais-ephemere-fr\/"]}]},{"@type":"BreadcrumbList","@id":"https:\/\/librairie7l.com\/en\/produit\/grand-palais-ephemere-fr\/#breadcrumb","itemListElement":[{"@type":"ListItem","position":1,"name":"Accueil","item":"https:\/\/librairie7l.com\/en\/"},{"@type":"ListItem","position":2,"name":"Shop","item":"https:\/\/librairie7l.com\/en\/shop\/"},{"@type":"ListItem","position":3,"name":"GRAND PALAIS \u00c9PH\u00c9M\u00c8RE"}]},{"@type":"WebSite","@id":"https:\/\/librairie7l.com\/en\/#website","url":"https:\/\/librairie7l.com\/en\/","name":"Librairie 7L","description":"Librairie fond\u00e9e en 1999 par Karl Lagerfeld \u00e0 Paris","publisher":{"@id":"https:\/\/librairie7l.com\/en\/#organization"},"potentialAction":[{"@type":"SearchAction","target":{"@type":"EntryPoint","urlTemplate":"https:\/\/librairie7l.com\/en\/?s={search_term_string}"},"query-input":"required name=search_term_string"}],"inLanguage":"en-US"},{"@type":"Organization","@id":"https:\/\/librairie7l.com\/en\/#organization","name":"Librairie 7L","url":"https:\/\/librairie7l.com\/en\/","logo":{"@type":"ImageObject","inLanguage":"en-US","@id":"https:\/\/librairie7l.com\/en\/#\/schema\/logo\/image\/","url":"https:\/\/librairie7l.com\/wp-content\/uploads\/2022\/08\/logo-1.png","contentUrl":"https:\/\/librairie7l.com\/wp-content\/uploads\/2022\/08\/logo-1.png","width":227,"height":301,"caption":"Librairie 7L"},"image":{"@id":"https:\/\/librairie7l.com\/en\/#\/schema\/logo\/image\/"}}]}},"_links":{"self":[{"href":"https:\/\/librairie7l.com\/en\/wp-json\/wp\/v2\/product\/17163"}],"collection":[{"href":"https:\/\/librairie7l.com\/en\/wp-json\/wp\/v2\/product"}],"about":[{"href":"https:\/\/librairie7l.com\/en\/wp-json\/wp\/v2\/types\/product"}],"wp:featuredmedia":[{"embeddable":true,"href":"https:\/\/librairie7l.com\/en\/wp-json\/wp\/v2\/media\/17161"}],"wp:attachment":[{"href":"https:\/\/librairie7l.com\/en\/wp-json\/wp\/v2\/media?parent=17163"}],"wp:term":[{"taxonomy":"product_cat","embeddable":true,"href":"https:\/\/librairie7l.com\/en\/wp-json\/wp\/v2\/product_cat?post=17163"},{"taxonomy":"product_tag","embeddable":true,"href":"https:\/\/librairie7l.com\/en\/wp-json\/wp\/v2\/product_tag?post=17163"}],"curies":[{"name":"wp","href":"https:\/\/api.w.org\/{rel}","templated":true}]}}