{"id":17323,"date":"2023-05-09T17:29:29","date_gmt":"2023-05-09T15:29:29","guid":{"rendered":"https:\/\/librairie7l.com\/?post_type=product&#038;p=17323"},"modified":"2026-05-02T09:57:59","modified_gmt":"2026-05-02T07:57:59","slug":"odette-lepeltier-forme-et-couleur","status":"publish","type":"product","link":"https:\/\/librairie7l.com\/en\/produit\/odette-lepeltier-forme-et-couleur\/","title":{"rendered":"ODETTE LEPELTIER, FORME ET COULEUR"},"content":{"rendered":"<p>Parmi les grandes figures f\u00e9minines de la c\u00e9ramique du XXe si\u00e8cle, Odette Lepeltier (1914-2006) reste une r\u00e9f\u00e9rence encore peu connue. Elle fait pourtant partie avec Colette Gu\u00e9den, Louise-Edm\u00e9e Chevallier ou encore Guidette Carbonell des femmes artistes qui ont contribu\u00e9 apr\u00e8s-guerre au renouveau de la c\u00e9ramique artistique en renouant avec la ronde-bosse et la couleur ; les deux maternit\u00e9s en fa\u00efence \u00e9maill\u00e9e d\u00e9pos\u00e9es par le Centre national des arts plastiques \u00e0 La Piscine sont tr\u00e8s embl\u00e9matiques de son travail qui fait de la femme son motif de pr\u00e9dilection. En 2011, l&#8217;atelier d&#8217;Odette Lepeltier a fait l&#8217;objet d&#8217;une dispersion presque compl\u00e8te en vente publique. Tant pour la m\u00e9moire de l&#8217;artiste que pour l&#8217;int\u00e9r\u00eat de ce fonds pour le r\u00e9cit exemplaire d&#8217;une c\u00e9ramiste associ\u00e9e \u00e0 la diffusion commerciale qui s&#8217;\u00e9labore d\u00e8s l&#8217;aube du XXe si\u00e8cle, il a paru n\u00e9cessaire de pr\u00e9server cette m\u00e9moire qui aurait \u00e9t\u00e9 d\u00e9finitivement dispers\u00e9e si le march\u00e9 de l&#8217;art s&#8217;en \u00e9tait empar\u00e9. Cette formidable mati\u00e8re biographique et artistique a trouv\u00e9 tout naturellement sa place dans le cabinet d&#8217;arts graphiques du mus\u00e9e de La Piscine. En lien avec sa collection de c\u00e9ramique moderne, c&#8217;est un floril\u00e8ge des plus belles feuilles de ce fonds riche de 69 carnets et de plus de 2500 feuilles que le mus\u00e9e pr\u00e9sente \u00e0 travers une exposition. N\u00e9e \u00e0 Paris en 1914 Odette Lepeltier, n\u00e9e Pouget, entre en 1934 \u00e0 l&#8217;Ecole des Beaux-arts de Paris. C&#8217;est dans l&#8217;atelier de Paul-Albert Laurens, alors qu&#8217;elle y suivait un enseignement classique en peinture et en sculpture, qu&#8217;elle rencontre Robert Lepeltier, qu&#8217;elle \u00e9pousera en 1938. Alors qu&#8217;elle travaille depuis 1937 pour Primavera, l&#8217;atelier de cr\u00e9ation des magasins du Printemps dirig\u00e9 par la d\u00e9coratrice Colette Gu\u00e9den (1905-2000), elle d\u00e9cide en 1938 d&#8217;\u00eatre ind\u00e9pendante et elle installe son propre atelier \u00e0 La Varenne-Saint-Hilaire. Pr\u00e9sente en 1938 au Salon des Artistes d\u00e9corateurs, puis en 1942 au Salon de l&#8217;Imagerie, elle est remarqu\u00e9e par Andr\u00e9 Arbus et R\u00e9my H\u00e9treau qui lui passent commande de fontaines et bas-reliefs d\u00e9coratifs. Entre 1945 et 1962 elle ouvre un magasin de d\u00e9coration.<\/p>\n","protected":false},"excerpt":{"rendered":"<p>Parmi les grandes figures f\u00e9minines de la c\u00e9ramique du XXe si\u00e8cle, Odette Lepeltier (1914-2006) reste une r\u00e9f\u00e9rence encore peu connue. Elle fait pourtant partie avec Colette Gu\u00e9den, Louise-Edm\u00e9e Chevallier ou encore Guidette Carbonell des femmes artistes qui ont contribu\u00e9 apr\u00e8s-guerre au renouveau de la c\u00e9ramique artistique en renouant avec la ronde-bosse et la couleur ; [&hellip;]<\/p>\n","protected":false},"featured_media":17321,"template":"","meta":[],"product_cat":[55,2948,18,2952],"product_tag":[],"acf":[],"yoast_head":"<!-- This site is optimized with the Yoast SEO plugin v20.11 - https:\/\/yoast.com\/wordpress\/plugins\/seo\/ -->\n<title>ODETTE LEPELTIER, FORME ET COULEUR - Librairie 7L<\/title>\n<meta name=\"robots\" content=\"index, follow, max-snippet:-1, max-image-preview:large, max-video-preview:-1\" \/>\n<link rel=\"canonical\" href=\"https:\/\/librairie7l.com\/en\/produit\/odette-lepeltier-forme-et-couleur\/\" \/>\n<meta property=\"og:locale\" content=\"en_US\" \/>\n<meta property=\"og:type\" content=\"article\" \/>\n<meta property=\"og:title\" content=\"ODETTE LEPELTIER, FORME ET COULEUR - Librairie 7L\" \/>\n<meta property=\"og:description\" content=\"Parmi les grandes figures f\u00e9minines de la c\u00e9ramique du XXe si\u00e8cle, Odette Lepeltier (1914-2006) reste une r\u00e9f\u00e9rence encore peu connue. Elle fait pourtant partie avec Colette Gu\u00e9den, Louise-Edm\u00e9e Chevallier ou encore Guidette Carbonell des femmes artistes qui ont contribu\u00e9 apr\u00e8s-guerre au renouveau de la c\u00e9ramique artistique en renouant avec la ronde-bosse et la couleur ; [&hellip;]\" \/>\n<meta property=\"og:url\" content=\"https:\/\/librairie7l.com\/en\/produit\/odette-lepeltier-forme-et-couleur\/\" \/>\n<meta property=\"og:site_name\" content=\"Librairie 7L\" \/>\n<meta property=\"article:modified_time\" content=\"2026-05-02T07:57:59+00:00\" \/>\n<meta property=\"og:image\" content=\"https:\/\/librairie7l.com\/wp-content\/uploads\/2023\/03\/9782353403417_1_75.jpg\" \/>\n\t<meta property=\"og:image:width\" content=\"153\" \/>\n\t<meta property=\"og:image:height\" content=\"202\" \/>\n\t<meta property=\"og:image:type\" content=\"image\/jpeg\" \/>\n<meta name=\"twitter:card\" content=\"summary_large_image\" \/>\n<meta name=\"twitter:label1\" content=\"Est. reading time\" \/>\n\t<meta name=\"twitter:data1\" content=\"2 minutes\" \/>\n<script type=\"application\/ld+json\" class=\"yoast-schema-graph\">{\"@context\":\"https:\/\/schema.org\",\"@graph\":[{\"@type\":\"WebPage\",\"@id\":\"https:\/\/librairie7l.com\/en\/produit\/odette-lepeltier-forme-et-couleur\/\",\"url\":\"https:\/\/librairie7l.com\/en\/produit\/odette-lepeltier-forme-et-couleur\/\",\"name\":\"ODETTE LEPELTIER, FORME ET COULEUR - Librairie 7L\",\"isPartOf\":{\"@id\":\"https:\/\/librairie7l.com\/en\/#website\"},\"datePublished\":\"2023-05-09T15:29:29+00:00\",\"dateModified\":\"2026-05-02T07:57:59+00:00\",\"breadcrumb\":{\"@id\":\"https:\/\/librairie7l.com\/en\/produit\/odette-lepeltier-forme-et-couleur\/#breadcrumb\"},\"inLanguage\":\"en-US\",\"potentialAction\":[{\"@type\":\"ReadAction\",\"target\":[\"https:\/\/librairie7l.com\/en\/produit\/odette-lepeltier-forme-et-couleur\/\"]}]},{\"@type\":\"BreadcrumbList\",\"@id\":\"https:\/\/librairie7l.com\/en\/produit\/odette-lepeltier-forme-et-couleur\/#breadcrumb\",\"itemListElement\":[{\"@type\":\"ListItem\",\"position\":1,\"name\":\"Accueil\",\"item\":\"https:\/\/librairie7l.com\/en\/\"},{\"@type\":\"ListItem\",\"position\":2,\"name\":\"Shop\",\"item\":\"https:\/\/librairie7l.com\/en\/shop\/\"},{\"@type\":\"ListItem\",\"position\":3,\"name\":\"ODETTE LEPELTIER, FORME ET COULEUR\"}]},{\"@type\":\"WebSite\",\"@id\":\"https:\/\/librairie7l.com\/en\/#website\",\"url\":\"https:\/\/librairie7l.com\/en\/\",\"name\":\"Librairie 7L\",\"description\":\"Librairie fond\u00e9e en 1999 par Karl Lagerfeld \u00e0 Paris\",\"publisher\":{\"@id\":\"https:\/\/librairie7l.com\/en\/#organization\"},\"potentialAction\":[{\"@type\":\"SearchAction\",\"target\":{\"@type\":\"EntryPoint\",\"urlTemplate\":\"https:\/\/librairie7l.com\/en\/?s={search_term_string}\"},\"query-input\":\"required name=search_term_string\"}],\"inLanguage\":\"en-US\"},{\"@type\":\"Organization\",\"@id\":\"https:\/\/librairie7l.com\/en\/#organization\",\"name\":\"Librairie 7L\",\"url\":\"https:\/\/librairie7l.com\/en\/\",\"logo\":{\"@type\":\"ImageObject\",\"inLanguage\":\"en-US\",\"@id\":\"https:\/\/librairie7l.com\/en\/#\/schema\/logo\/image\/\",\"url\":\"https:\/\/librairie7l.com\/wp-content\/uploads\/2022\/08\/logo-1.png\",\"contentUrl\":\"https:\/\/librairie7l.com\/wp-content\/uploads\/2022\/08\/logo-1.png\",\"width\":227,\"height\":301,\"caption\":\"Librairie 7L\"},\"image\":{\"@id\":\"https:\/\/librairie7l.com\/en\/#\/schema\/logo\/image\/\"}}]}<\/script>\n<!-- \/ Yoast SEO plugin. -->","yoast_head_json":{"title":"ODETTE LEPELTIER, FORME ET COULEUR - Librairie 7L","robots":{"index":"index","follow":"follow","max-snippet":"max-snippet:-1","max-image-preview":"max-image-preview:large","max-video-preview":"max-video-preview:-1"},"canonical":"https:\/\/librairie7l.com\/en\/produit\/odette-lepeltier-forme-et-couleur\/","og_locale":"en_US","og_type":"article","og_title":"ODETTE LEPELTIER, FORME ET COULEUR - Librairie 7L","og_description":"Parmi les grandes figures f\u00e9minines de la c\u00e9ramique du XXe si\u00e8cle, Odette Lepeltier (1914-2006) reste une r\u00e9f\u00e9rence encore peu connue. Elle fait pourtant partie avec Colette Gu\u00e9den, Louise-Edm\u00e9e Chevallier ou encore Guidette Carbonell des femmes artistes qui ont contribu\u00e9 apr\u00e8s-guerre au renouveau de la c\u00e9ramique artistique en renouant avec la ronde-bosse et la couleur ; [&hellip;]","og_url":"https:\/\/librairie7l.com\/en\/produit\/odette-lepeltier-forme-et-couleur\/","og_site_name":"Librairie 7L","article_modified_time":"2026-05-02T07:57:59+00:00","og_image":[{"width":153,"height":202,"url":"https:\/\/librairie7l.com\/wp-content\/uploads\/2023\/03\/9782353403417_1_75.jpg","type":"image\/jpeg"}],"twitter_card":"summary_large_image","twitter_misc":{"Est. reading time":"2 minutes"},"schema":{"@context":"https:\/\/schema.org","@graph":[{"@type":"WebPage","@id":"https:\/\/librairie7l.com\/en\/produit\/odette-lepeltier-forme-et-couleur\/","url":"https:\/\/librairie7l.com\/en\/produit\/odette-lepeltier-forme-et-couleur\/","name":"ODETTE LEPELTIER, FORME ET COULEUR - Librairie 7L","isPartOf":{"@id":"https:\/\/librairie7l.com\/en\/#website"},"datePublished":"2023-05-09T15:29:29+00:00","dateModified":"2026-05-02T07:57:59+00:00","breadcrumb":{"@id":"https:\/\/librairie7l.com\/en\/produit\/odette-lepeltier-forme-et-couleur\/#breadcrumb"},"inLanguage":"en-US","potentialAction":[{"@type":"ReadAction","target":["https:\/\/librairie7l.com\/en\/produit\/odette-lepeltier-forme-et-couleur\/"]}]},{"@type":"BreadcrumbList","@id":"https:\/\/librairie7l.com\/en\/produit\/odette-lepeltier-forme-et-couleur\/#breadcrumb","itemListElement":[{"@type":"ListItem","position":1,"name":"Accueil","item":"https:\/\/librairie7l.com\/en\/"},{"@type":"ListItem","position":2,"name":"Shop","item":"https:\/\/librairie7l.com\/en\/shop\/"},{"@type":"ListItem","position":3,"name":"ODETTE LEPELTIER, FORME ET COULEUR"}]},{"@type":"WebSite","@id":"https:\/\/librairie7l.com\/en\/#website","url":"https:\/\/librairie7l.com\/en\/","name":"Librairie 7L","description":"Librairie fond\u00e9e en 1999 par Karl Lagerfeld \u00e0 Paris","publisher":{"@id":"https:\/\/librairie7l.com\/en\/#organization"},"potentialAction":[{"@type":"SearchAction","target":{"@type":"EntryPoint","urlTemplate":"https:\/\/librairie7l.com\/en\/?s={search_term_string}"},"query-input":"required name=search_term_string"}],"inLanguage":"en-US"},{"@type":"Organization","@id":"https:\/\/librairie7l.com\/en\/#organization","name":"Librairie 7L","url":"https:\/\/librairie7l.com\/en\/","logo":{"@type":"ImageObject","inLanguage":"en-US","@id":"https:\/\/librairie7l.com\/en\/#\/schema\/logo\/image\/","url":"https:\/\/librairie7l.com\/wp-content\/uploads\/2022\/08\/logo-1.png","contentUrl":"https:\/\/librairie7l.com\/wp-content\/uploads\/2022\/08\/logo-1.png","width":227,"height":301,"caption":"Librairie 7L"},"image":{"@id":"https:\/\/librairie7l.com\/en\/#\/schema\/logo\/image\/"}}]}},"_links":{"self":[{"href":"https:\/\/librairie7l.com\/en\/wp-json\/wp\/v2\/product\/17323"}],"collection":[{"href":"https:\/\/librairie7l.com\/en\/wp-json\/wp\/v2\/product"}],"about":[{"href":"https:\/\/librairie7l.com\/en\/wp-json\/wp\/v2\/types\/product"}],"wp:featuredmedia":[{"embeddable":true,"href":"https:\/\/librairie7l.com\/en\/wp-json\/wp\/v2\/media\/17321"}],"wp:attachment":[{"href":"https:\/\/librairie7l.com\/en\/wp-json\/wp\/v2\/media?parent=17323"}],"wp:term":[{"taxonomy":"product_cat","embeddable":true,"href":"https:\/\/librairie7l.com\/en\/wp-json\/wp\/v2\/product_cat?post=17323"},{"taxonomy":"product_tag","embeddable":true,"href":"https:\/\/librairie7l.com\/en\/wp-json\/wp\/v2\/product_tag?post=17323"}],"curies":[{"name":"wp","href":"https:\/\/api.w.org\/{rel}","templated":true}]}}