{"id":18639,"date":"2023-05-09T17:47:37","date_gmt":"2023-05-09T15:47:37","guid":{"rendered":"https:\/\/librairie7l.com\/?post_type=product&#038;p=18639"},"modified":"2026-04-30T13:59:27","modified_gmt":"2026-04-30T11:59:27","slug":"la-couleur-reflechie-journal-essais-entretiens","status":"publish","type":"product","link":"https:\/\/librairie7l.com\/en\/produit\/la-couleur-reflechie-journal-essais-entretiens\/","title":{"rendered":"LA COULEUR R\u00c9FL\u00c9CHIE : JOURNAL, ESSAIS, ENTRETIENS"},"content":{"rendered":"<p>Si St\u00e9phane Bordarier s&#8217;enfonce dans le doute, c&#8217;est  dans l&#8217;espoir de finir par tomber sur l&#8217;\u00e9vidence \u00e9trange  et d\u00e9routante d&#8217;une couleur, comme le \u00ab violet de mars \u00bb.<br \/>\nLa couleur d\u00e9borde les significations mutil\u00e9es, ram\u00e8ne \u00e0  l&#8217;inexplicable : \u00abDe la couleur il n&#8217;y a rien \u00e0 dire, ou rien  \u00e0 tirer. Cruelle apparence du monde, et je ne sais qu&#8217;en  faire. Inconscient. Couleur venue de l&#8217;inconscient, et qui  me turlupine. \u00bb (26 f\u00e9vrier 1994) Cette fascination pour les  couleurs semble aller de pair avec une attention pour ce  qui nous entoure, ce qui d\u00e9file quotidiennement, comme  en attestent, au d\u00e9tour de certaines r\u00e9flexions th\u00e9oriques,  de simples notations du temps qu&#8217;il fait, pluie, vent, neige.<\/p>\n","protected":false},"excerpt":{"rendered":"<p>Si St\u00e9phane Bordarier s&#8217;enfonce dans le doute, c&#8217;est dans l&#8217;espoir de finir par tomber sur l&#8217;\u00e9vidence \u00e9trange et d\u00e9routante d&#8217;une couleur, comme le \u00ab violet de mars \u00bb. La couleur d\u00e9borde les significations mutil\u00e9es, ram\u00e8ne \u00e0 l&#8217;inexplicable : \u00abDe la couleur il n&#8217;y a rien \u00e0 dire, ou rien \u00e0 tirer. Cruelle apparence du monde, [&hellip;]<\/p>\n","protected":false},"featured_media":18637,"template":"","meta":[],"product_cat":[2948,2953],"product_tag":[],"acf":[],"yoast_head":"<!-- This site is optimized with the Yoast SEO plugin v20.11 - https:\/\/yoast.com\/wordpress\/plugins\/seo\/ -->\n<title>LA COULEUR R\u00c9FL\u00c9CHIE : JOURNAL, ESSAIS, ENTRETIENS - Librairie 7L<\/title>\n<meta name=\"robots\" content=\"index, follow, max-snippet:-1, max-image-preview:large, max-video-preview:-1\" \/>\n<link rel=\"canonical\" href=\"https:\/\/librairie7l.com\/en\/produit\/la-couleur-reflechie-journal-essais-entretiens\/\" \/>\n<meta property=\"og:locale\" content=\"en_US\" \/>\n<meta property=\"og:type\" content=\"article\" \/>\n<meta property=\"og:title\" content=\"LA COULEUR R\u00c9FL\u00c9CHIE : JOURNAL, ESSAIS, ENTRETIENS - Librairie 7L\" \/>\n<meta property=\"og:description\" content=\"Si St\u00e9phane Bordarier s&#8217;enfonce dans le doute, c&#8217;est dans l&#8217;espoir de finir par tomber sur l&#8217;\u00e9vidence \u00e9trange et d\u00e9routante d&#8217;une couleur, comme le \u00ab violet de mars \u00bb. La couleur d\u00e9borde les significations mutil\u00e9es, ram\u00e8ne \u00e0 l&#8217;inexplicable : \u00abDe la couleur il n&#8217;y a rien \u00e0 dire, ou rien \u00e0 tirer. Cruelle apparence du monde, [&hellip;]\" \/>\n<meta property=\"og:url\" content=\"https:\/\/librairie7l.com\/en\/produit\/la-couleur-reflechie-journal-essais-entretiens\/\" \/>\n<meta property=\"og:site_name\" content=\"Librairie 7L\" \/>\n<meta property=\"article:modified_time\" content=\"2026-04-30T11:59:27+00:00\" \/>\n<meta property=\"og:image\" content=\"https:\/\/librairie7l.com\/wp-content\/uploads\/2023\/04\/9782850351129_1_75.jpg\" \/>\n\t<meta property=\"og:image:width\" content=\"400\" \/>\n\t<meta property=\"og:image:height\" content=\"501\" \/>\n\t<meta property=\"og:image:type\" content=\"image\/jpeg\" \/>\n<meta name=\"twitter:card\" content=\"summary_large_image\" \/>\n<meta name=\"twitter:label1\" content=\"Est. reading time\" \/>\n\t<meta name=\"twitter:data1\" content=\"1 minute\" \/>\n<script type=\"application\/ld+json\" class=\"yoast-schema-graph\">{\"@context\":\"https:\/\/schema.org\",\"@graph\":[{\"@type\":\"WebPage\",\"@id\":\"https:\/\/librairie7l.com\/en\/produit\/la-couleur-reflechie-journal-essais-entretiens\/\",\"url\":\"https:\/\/librairie7l.com\/en\/produit\/la-couleur-reflechie-journal-essais-entretiens\/\",\"name\":\"LA COULEUR R\u00c9FL\u00c9CHIE : JOURNAL, ESSAIS, ENTRETIENS - Librairie 7L\",\"isPartOf\":{\"@id\":\"https:\/\/librairie7l.com\/en\/#website\"},\"datePublished\":\"2023-05-09T15:47:37+00:00\",\"dateModified\":\"2026-04-30T11:59:27+00:00\",\"breadcrumb\":{\"@id\":\"https:\/\/librairie7l.com\/en\/produit\/la-couleur-reflechie-journal-essais-entretiens\/#breadcrumb\"},\"inLanguage\":\"en-US\",\"potentialAction\":[{\"@type\":\"ReadAction\",\"target\":[\"https:\/\/librairie7l.com\/en\/produit\/la-couleur-reflechie-journal-essais-entretiens\/\"]}]},{\"@type\":\"BreadcrumbList\",\"@id\":\"https:\/\/librairie7l.com\/en\/produit\/la-couleur-reflechie-journal-essais-entretiens\/#breadcrumb\",\"itemListElement\":[{\"@type\":\"ListItem\",\"position\":1,\"name\":\"Accueil\",\"item\":\"https:\/\/librairie7l.com\/en\/\"},{\"@type\":\"ListItem\",\"position\":2,\"name\":\"Shop\",\"item\":\"https:\/\/librairie7l.com\/en\/shop\/\"},{\"@type\":\"ListItem\",\"position\":3,\"name\":\"LA COULEUR R\u00c9FL\u00c9CHIE : JOURNAL, ESSAIS, ENTRETIENS\"}]},{\"@type\":\"WebSite\",\"@id\":\"https:\/\/librairie7l.com\/en\/#website\",\"url\":\"https:\/\/librairie7l.com\/en\/\",\"name\":\"Librairie 7L\",\"description\":\"Librairie fond\u00e9e en 1999 par Karl Lagerfeld \u00e0 Paris\",\"publisher\":{\"@id\":\"https:\/\/librairie7l.com\/en\/#organization\"},\"potentialAction\":[{\"@type\":\"SearchAction\",\"target\":{\"@type\":\"EntryPoint\",\"urlTemplate\":\"https:\/\/librairie7l.com\/en\/?s={search_term_string}\"},\"query-input\":\"required name=search_term_string\"}],\"inLanguage\":\"en-US\"},{\"@type\":\"Organization\",\"@id\":\"https:\/\/librairie7l.com\/en\/#organization\",\"name\":\"Librairie 7L\",\"url\":\"https:\/\/librairie7l.com\/en\/\",\"logo\":{\"@type\":\"ImageObject\",\"inLanguage\":\"en-US\",\"@id\":\"https:\/\/librairie7l.com\/en\/#\/schema\/logo\/image\/\",\"url\":\"https:\/\/librairie7l.com\/wp-content\/uploads\/2022\/08\/logo-1.png\",\"contentUrl\":\"https:\/\/librairie7l.com\/wp-content\/uploads\/2022\/08\/logo-1.png\",\"width\":227,\"height\":301,\"caption\":\"Librairie 7L\"},\"image\":{\"@id\":\"https:\/\/librairie7l.com\/en\/#\/schema\/logo\/image\/\"}}]}<\/script>\n<!-- \/ Yoast SEO plugin. -->","yoast_head_json":{"title":"LA COULEUR R\u00c9FL\u00c9CHIE : JOURNAL, ESSAIS, ENTRETIENS - Librairie 7L","robots":{"index":"index","follow":"follow","max-snippet":"max-snippet:-1","max-image-preview":"max-image-preview:large","max-video-preview":"max-video-preview:-1"},"canonical":"https:\/\/librairie7l.com\/en\/produit\/la-couleur-reflechie-journal-essais-entretiens\/","og_locale":"en_US","og_type":"article","og_title":"LA COULEUR R\u00c9FL\u00c9CHIE : JOURNAL, ESSAIS, ENTRETIENS - Librairie 7L","og_description":"Si St\u00e9phane Bordarier s&#8217;enfonce dans le doute, c&#8217;est dans l&#8217;espoir de finir par tomber sur l&#8217;\u00e9vidence \u00e9trange et d\u00e9routante d&#8217;une couleur, comme le \u00ab violet de mars \u00bb. La couleur d\u00e9borde les significations mutil\u00e9es, ram\u00e8ne \u00e0 l&#8217;inexplicable : \u00abDe la couleur il n&#8217;y a rien \u00e0 dire, ou rien \u00e0 tirer. Cruelle apparence du monde, [&hellip;]","og_url":"https:\/\/librairie7l.com\/en\/produit\/la-couleur-reflechie-journal-essais-entretiens\/","og_site_name":"Librairie 7L","article_modified_time":"2026-04-30T11:59:27+00:00","og_image":[{"width":400,"height":501,"url":"https:\/\/librairie7l.com\/wp-content\/uploads\/2023\/04\/9782850351129_1_75.jpg","type":"image\/jpeg"}],"twitter_card":"summary_large_image","twitter_misc":{"Est. reading time":"1 minute"},"schema":{"@context":"https:\/\/schema.org","@graph":[{"@type":"WebPage","@id":"https:\/\/librairie7l.com\/en\/produit\/la-couleur-reflechie-journal-essais-entretiens\/","url":"https:\/\/librairie7l.com\/en\/produit\/la-couleur-reflechie-journal-essais-entretiens\/","name":"LA COULEUR R\u00c9FL\u00c9CHIE : JOURNAL, ESSAIS, ENTRETIENS - Librairie 7L","isPartOf":{"@id":"https:\/\/librairie7l.com\/en\/#website"},"datePublished":"2023-05-09T15:47:37+00:00","dateModified":"2026-04-30T11:59:27+00:00","breadcrumb":{"@id":"https:\/\/librairie7l.com\/en\/produit\/la-couleur-reflechie-journal-essais-entretiens\/#breadcrumb"},"inLanguage":"en-US","potentialAction":[{"@type":"ReadAction","target":["https:\/\/librairie7l.com\/en\/produit\/la-couleur-reflechie-journal-essais-entretiens\/"]}]},{"@type":"BreadcrumbList","@id":"https:\/\/librairie7l.com\/en\/produit\/la-couleur-reflechie-journal-essais-entretiens\/#breadcrumb","itemListElement":[{"@type":"ListItem","position":1,"name":"Accueil","item":"https:\/\/librairie7l.com\/en\/"},{"@type":"ListItem","position":2,"name":"Shop","item":"https:\/\/librairie7l.com\/en\/shop\/"},{"@type":"ListItem","position":3,"name":"LA COULEUR R\u00c9FL\u00c9CHIE : JOURNAL, ESSAIS, ENTRETIENS"}]},{"@type":"WebSite","@id":"https:\/\/librairie7l.com\/en\/#website","url":"https:\/\/librairie7l.com\/en\/","name":"Librairie 7L","description":"Librairie fond\u00e9e en 1999 par Karl Lagerfeld \u00e0 Paris","publisher":{"@id":"https:\/\/librairie7l.com\/en\/#organization"},"potentialAction":[{"@type":"SearchAction","target":{"@type":"EntryPoint","urlTemplate":"https:\/\/librairie7l.com\/en\/?s={search_term_string}"},"query-input":"required name=search_term_string"}],"inLanguage":"en-US"},{"@type":"Organization","@id":"https:\/\/librairie7l.com\/en\/#organization","name":"Librairie 7L","url":"https:\/\/librairie7l.com\/en\/","logo":{"@type":"ImageObject","inLanguage":"en-US","@id":"https:\/\/librairie7l.com\/en\/#\/schema\/logo\/image\/","url":"https:\/\/librairie7l.com\/wp-content\/uploads\/2022\/08\/logo-1.png","contentUrl":"https:\/\/librairie7l.com\/wp-content\/uploads\/2022\/08\/logo-1.png","width":227,"height":301,"caption":"Librairie 7L"},"image":{"@id":"https:\/\/librairie7l.com\/en\/#\/schema\/logo\/image\/"}}]}},"_links":{"self":[{"href":"https:\/\/librairie7l.com\/en\/wp-json\/wp\/v2\/product\/18639"}],"collection":[{"href":"https:\/\/librairie7l.com\/en\/wp-json\/wp\/v2\/product"}],"about":[{"href":"https:\/\/librairie7l.com\/en\/wp-json\/wp\/v2\/types\/product"}],"wp:featuredmedia":[{"embeddable":true,"href":"https:\/\/librairie7l.com\/en\/wp-json\/wp\/v2\/media\/18637"}],"wp:attachment":[{"href":"https:\/\/librairie7l.com\/en\/wp-json\/wp\/v2\/media?parent=18639"}],"wp:term":[{"taxonomy":"product_cat","embeddable":true,"href":"https:\/\/librairie7l.com\/en\/wp-json\/wp\/v2\/product_cat?post=18639"},{"taxonomy":"product_tag","embeddable":true,"href":"https:\/\/librairie7l.com\/en\/wp-json\/wp\/v2\/product_tag?post=18639"}],"curies":[{"name":"wp","href":"https:\/\/api.w.org\/{rel}","templated":true}]}}