{"id":18911,"date":"2023-05-09T17:51:21","date_gmt":"2023-05-09T15:51:21","guid":{"rendered":"https:\/\/librairie7l.com\/?post_type=product&#038;p=18911"},"modified":"2026-04-26T20:57:44","modified_gmt":"2026-04-26T18:57:44","slug":"costumes-enquete-sur-le-vetement-lhabit-la-parure-dans-le-fonds-de-livres-a","status":"publish","type":"product","link":"https:\/\/librairie7l.com\/en\/produit\/costumes-enquete-sur-le-vetement-lhabit-la-parure-dans-le-fonds-de-livres-a\/","title":{"rendered":"COSTUMES : ENQU\u00caTE SUR LE V\u00caTEMENT, L&#8217;HABIT, LA PARURE DANS LE FONDS DE LIVRES ANCIENS DE L&#8217;ISDAT"},"content":{"rendered":"<p>Pour cette publication, qui fait suite \u00e0 Formes et couleurs, Val\u00e9rie Vernet et Anne Jourdain ont ax\u00e9 leur choix sur la repr\u00e9sentation des v\u00eatements, parures, habits de \u00ab tous les temps et de tous les pays \u00bb, dessin\u00e9s et grav\u00e9s en noir ou en couleur. Source d&#8217;inspiration formelle, source de r\u00e9flexion sur la conception historique occidentale des \u00ab anciens peuples \u00bb, les graphistes de St\u00e9r\u00e9o Buro et le photographe Jules S\u00e9verac ont donn\u00e9 vie \u00e0 cette nouvelle suite iconographique.<\/p>\n","protected":false},"excerpt":{"rendered":"<p>Pour cette publication, qui fait suite \u00e0 Formes et couleurs, Val\u00e9rie Vernet et Anne Jourdain ont ax\u00e9 leur choix sur la repr\u00e9sentation des v\u00eatements, parures, habits de \u00ab tous les temps et de tous les pays \u00bb, dessin\u00e9s et grav\u00e9s en noir ou en couleur. Source d&#8217;inspiration formelle, source de r\u00e9flexion sur la conception historique [&hellip;]<\/p>\n","protected":false},"featured_media":18909,"template":"","meta":[],"product_cat":[2948,2957],"product_tag":[],"acf":[],"yoast_head":"<!-- This site is optimized with the Yoast SEO plugin v20.11 - https:\/\/yoast.com\/wordpress\/plugins\/seo\/ -->\n<title>COSTUMES : ENQU\u00caTE SUR LE V\u00caTEMENT, L&#039;HABIT, LA PARURE DANS LE FONDS DE LIVRES ANCIENS DE L&#039;ISDAT - Librairie 7L<\/title>\n<meta name=\"robots\" content=\"index, follow, max-snippet:-1, max-image-preview:large, max-video-preview:-1\" \/>\n<link rel=\"canonical\" href=\"https:\/\/librairie7l.com\/en\/produit\/costumes-enquete-sur-le-vetement-lhabit-la-parure-dans-le-fonds-de-livres-a\/\" \/>\n<meta property=\"og:locale\" content=\"en_US\" \/>\n<meta property=\"og:type\" content=\"article\" \/>\n<meta property=\"og:title\" content=\"COSTUMES : ENQU\u00caTE SUR LE V\u00caTEMENT, L&#039;HABIT, LA PARURE DANS LE FONDS DE LIVRES ANCIENS DE L&#039;ISDAT - Librairie 7L\" \/>\n<meta property=\"og:description\" content=\"Pour cette publication, qui fait suite \u00e0 Formes et couleurs, Val\u00e9rie Vernet et Anne Jourdain ont ax\u00e9 leur choix sur la repr\u00e9sentation des v\u00eatements, parures, habits de \u00ab tous les temps et de tous les pays \u00bb, dessin\u00e9s et grav\u00e9s en noir ou en couleur. Source d&#8217;inspiration formelle, source de r\u00e9flexion sur la conception historique [&hellip;]\" \/>\n<meta property=\"og:url\" content=\"https:\/\/librairie7l.com\/en\/produit\/costumes-enquete-sur-le-vetement-lhabit-la-parure-dans-le-fonds-de-livres-a\/\" \/>\n<meta property=\"og:site_name\" content=\"Librairie 7L\" \/>\n<meta property=\"article:modified_time\" content=\"2026-04-26T18:57:44+00:00\" \/>\n<meta property=\"og:image\" content=\"https:\/\/librairie7l.com\/wp-content\/uploads\/2023\/01\/9782356990617_1_75.jpg\" \/>\n\t<meta property=\"og:image:width\" content=\"600\" \/>\n\t<meta property=\"og:image:height\" content=\"826\" \/>\n\t<meta property=\"og:image:type\" content=\"image\/jpeg\" \/>\n<meta name=\"twitter:card\" content=\"summary_large_image\" \/>\n<script type=\"application\/ld+json\" class=\"yoast-schema-graph\">{\"@context\":\"https:\/\/schema.org\",\"@graph\":[{\"@type\":\"WebPage\",\"@id\":\"https:\/\/librairie7l.com\/en\/produit\/costumes-enquete-sur-le-vetement-lhabit-la-parure-dans-le-fonds-de-livres-a\/\",\"url\":\"https:\/\/librairie7l.com\/en\/produit\/costumes-enquete-sur-le-vetement-lhabit-la-parure-dans-le-fonds-de-livres-a\/\",\"name\":\"COSTUMES : ENQU\u00caTE SUR LE V\u00caTEMENT, L'HABIT, LA PARURE DANS LE FONDS DE LIVRES ANCIENS DE L'ISDAT - Librairie 7L\",\"isPartOf\":{\"@id\":\"https:\/\/librairie7l.com\/en\/#website\"},\"datePublished\":\"2023-05-09T15:51:21+00:00\",\"dateModified\":\"2026-04-26T18:57:44+00:00\",\"breadcrumb\":{\"@id\":\"https:\/\/librairie7l.com\/en\/produit\/costumes-enquete-sur-le-vetement-lhabit-la-parure-dans-le-fonds-de-livres-a\/#breadcrumb\"},\"inLanguage\":\"en-US\",\"potentialAction\":[{\"@type\":\"ReadAction\",\"target\":[\"https:\/\/librairie7l.com\/en\/produit\/costumes-enquete-sur-le-vetement-lhabit-la-parure-dans-le-fonds-de-livres-a\/\"]}]},{\"@type\":\"BreadcrumbList\",\"@id\":\"https:\/\/librairie7l.com\/en\/produit\/costumes-enquete-sur-le-vetement-lhabit-la-parure-dans-le-fonds-de-livres-a\/#breadcrumb\",\"itemListElement\":[{\"@type\":\"ListItem\",\"position\":1,\"name\":\"Accueil\",\"item\":\"https:\/\/librairie7l.com\/en\/\"},{\"@type\":\"ListItem\",\"position\":2,\"name\":\"Shop\",\"item\":\"https:\/\/librairie7l.com\/en\/shop\/\"},{\"@type\":\"ListItem\",\"position\":3,\"name\":\"COSTUMES : ENQU\u00caTE SUR LE V\u00caTEMENT, L&#8217;HABIT, LA PARURE DANS LE FONDS DE LIVRES ANCIENS DE L&#8217;ISDAT\"}]},{\"@type\":\"WebSite\",\"@id\":\"https:\/\/librairie7l.com\/en\/#website\",\"url\":\"https:\/\/librairie7l.com\/en\/\",\"name\":\"Librairie 7L\",\"description\":\"Librairie fond\u00e9e en 1999 par Karl Lagerfeld \u00e0 Paris\",\"publisher\":{\"@id\":\"https:\/\/librairie7l.com\/en\/#organization\"},\"potentialAction\":[{\"@type\":\"SearchAction\",\"target\":{\"@type\":\"EntryPoint\",\"urlTemplate\":\"https:\/\/librairie7l.com\/en\/?s={search_term_string}\"},\"query-input\":\"required name=search_term_string\"}],\"inLanguage\":\"en-US\"},{\"@type\":\"Organization\",\"@id\":\"https:\/\/librairie7l.com\/en\/#organization\",\"name\":\"Librairie 7L\",\"url\":\"https:\/\/librairie7l.com\/en\/\",\"logo\":{\"@type\":\"ImageObject\",\"inLanguage\":\"en-US\",\"@id\":\"https:\/\/librairie7l.com\/en\/#\/schema\/logo\/image\/\",\"url\":\"https:\/\/librairie7l.com\/wp-content\/uploads\/2022\/08\/logo-1.png\",\"contentUrl\":\"https:\/\/librairie7l.com\/wp-content\/uploads\/2022\/08\/logo-1.png\",\"width\":227,\"height\":301,\"caption\":\"Librairie 7L\"},\"image\":{\"@id\":\"https:\/\/librairie7l.com\/en\/#\/schema\/logo\/image\/\"}}]}<\/script>\n<!-- \/ Yoast SEO plugin. -->","yoast_head_json":{"title":"COSTUMES : ENQU\u00caTE SUR LE V\u00caTEMENT, L'HABIT, LA PARURE DANS LE FONDS DE LIVRES ANCIENS DE L'ISDAT - Librairie 7L","robots":{"index":"index","follow":"follow","max-snippet":"max-snippet:-1","max-image-preview":"max-image-preview:large","max-video-preview":"max-video-preview:-1"},"canonical":"https:\/\/librairie7l.com\/en\/produit\/costumes-enquete-sur-le-vetement-lhabit-la-parure-dans-le-fonds-de-livres-a\/","og_locale":"en_US","og_type":"article","og_title":"COSTUMES : ENQU\u00caTE SUR LE V\u00caTEMENT, L'HABIT, LA PARURE DANS LE FONDS DE LIVRES ANCIENS DE L'ISDAT - Librairie 7L","og_description":"Pour cette publication, qui fait suite \u00e0 Formes et couleurs, Val\u00e9rie Vernet et Anne Jourdain ont ax\u00e9 leur choix sur la repr\u00e9sentation des v\u00eatements, parures, habits de \u00ab tous les temps et de tous les pays \u00bb, dessin\u00e9s et grav\u00e9s en noir ou en couleur. Source d&#8217;inspiration formelle, source de r\u00e9flexion sur la conception historique [&hellip;]","og_url":"https:\/\/librairie7l.com\/en\/produit\/costumes-enquete-sur-le-vetement-lhabit-la-parure-dans-le-fonds-de-livres-a\/","og_site_name":"Librairie 7L","article_modified_time":"2026-04-26T18:57:44+00:00","og_image":[{"width":600,"height":826,"url":"https:\/\/librairie7l.com\/wp-content\/uploads\/2023\/01\/9782356990617_1_75.jpg","type":"image\/jpeg"}],"twitter_card":"summary_large_image","schema":{"@context":"https:\/\/schema.org","@graph":[{"@type":"WebPage","@id":"https:\/\/librairie7l.com\/en\/produit\/costumes-enquete-sur-le-vetement-lhabit-la-parure-dans-le-fonds-de-livres-a\/","url":"https:\/\/librairie7l.com\/en\/produit\/costumes-enquete-sur-le-vetement-lhabit-la-parure-dans-le-fonds-de-livres-a\/","name":"COSTUMES : ENQU\u00caTE SUR LE V\u00caTEMENT, L'HABIT, LA PARURE DANS LE FONDS DE LIVRES ANCIENS DE L'ISDAT - Librairie 7L","isPartOf":{"@id":"https:\/\/librairie7l.com\/en\/#website"},"datePublished":"2023-05-09T15:51:21+00:00","dateModified":"2026-04-26T18:57:44+00:00","breadcrumb":{"@id":"https:\/\/librairie7l.com\/en\/produit\/costumes-enquete-sur-le-vetement-lhabit-la-parure-dans-le-fonds-de-livres-a\/#breadcrumb"},"inLanguage":"en-US","potentialAction":[{"@type":"ReadAction","target":["https:\/\/librairie7l.com\/en\/produit\/costumes-enquete-sur-le-vetement-lhabit-la-parure-dans-le-fonds-de-livres-a\/"]}]},{"@type":"BreadcrumbList","@id":"https:\/\/librairie7l.com\/en\/produit\/costumes-enquete-sur-le-vetement-lhabit-la-parure-dans-le-fonds-de-livres-a\/#breadcrumb","itemListElement":[{"@type":"ListItem","position":1,"name":"Accueil","item":"https:\/\/librairie7l.com\/en\/"},{"@type":"ListItem","position":2,"name":"Shop","item":"https:\/\/librairie7l.com\/en\/shop\/"},{"@type":"ListItem","position":3,"name":"COSTUMES : ENQU\u00caTE SUR LE V\u00caTEMENT, L&#8217;HABIT, LA PARURE DANS LE FONDS DE LIVRES ANCIENS DE L&#8217;ISDAT"}]},{"@type":"WebSite","@id":"https:\/\/librairie7l.com\/en\/#website","url":"https:\/\/librairie7l.com\/en\/","name":"Librairie 7L","description":"Librairie fond\u00e9e en 1999 par Karl Lagerfeld \u00e0 Paris","publisher":{"@id":"https:\/\/librairie7l.com\/en\/#organization"},"potentialAction":[{"@type":"SearchAction","target":{"@type":"EntryPoint","urlTemplate":"https:\/\/librairie7l.com\/en\/?s={search_term_string}"},"query-input":"required name=search_term_string"}],"inLanguage":"en-US"},{"@type":"Organization","@id":"https:\/\/librairie7l.com\/en\/#organization","name":"Librairie 7L","url":"https:\/\/librairie7l.com\/en\/","logo":{"@type":"ImageObject","inLanguage":"en-US","@id":"https:\/\/librairie7l.com\/en\/#\/schema\/logo\/image\/","url":"https:\/\/librairie7l.com\/wp-content\/uploads\/2022\/08\/logo-1.png","contentUrl":"https:\/\/librairie7l.com\/wp-content\/uploads\/2022\/08\/logo-1.png","width":227,"height":301,"caption":"Librairie 7L"},"image":{"@id":"https:\/\/librairie7l.com\/en\/#\/schema\/logo\/image\/"}}]}},"_links":{"self":[{"href":"https:\/\/librairie7l.com\/en\/wp-json\/wp\/v2\/product\/18911"}],"collection":[{"href":"https:\/\/librairie7l.com\/en\/wp-json\/wp\/v2\/product"}],"about":[{"href":"https:\/\/librairie7l.com\/en\/wp-json\/wp\/v2\/types\/product"}],"wp:featuredmedia":[{"embeddable":true,"href":"https:\/\/librairie7l.com\/en\/wp-json\/wp\/v2\/media\/18909"}],"wp:attachment":[{"href":"https:\/\/librairie7l.com\/en\/wp-json\/wp\/v2\/media?parent=18911"}],"wp:term":[{"taxonomy":"product_cat","embeddable":true,"href":"https:\/\/librairie7l.com\/en\/wp-json\/wp\/v2\/product_cat?post=18911"},{"taxonomy":"product_tag","embeddable":true,"href":"https:\/\/librairie7l.com\/en\/wp-json\/wp\/v2\/product_tag?post=18911"}],"curies":[{"name":"wp","href":"https:\/\/api.w.org\/{rel}","templated":true}]}}