{"id":19355,"date":"2023-05-09T17:57:19","date_gmt":"2023-05-09T15:57:19","guid":{"rendered":"https:\/\/librairie7l.com\/?post_type=product&#038;p=19355"},"modified":"2026-04-28T23:10:26","modified_gmt":"2026-04-28T21:10:26","slug":"la-maison-de-verre-le-chef-doeuvre-de-pierre-chareau","status":"publish","type":"product","link":"https:\/\/librairie7l.com\/en\/produit\/la-maison-de-verre-le-chef-doeuvre-de-pierre-chareau\/","title":{"rendered":"LA MAISON DE VERRE ; LE CHEF-D&#8217;OEUVRE DE PIERRE CHAREAU"},"content":{"rendered":"<p>Projet r\u00e9alis\u00e9 par l&#8217;architecte d\u00e9corateur Pierre Chareau entre 1928 et 1931, la Maison de verre &#8211; initialement habitation et cabinet m\u00e9dical -, est un chef-d&#8217;oeuvre de modernit\u00e9, con\u00e7u comme un espace total dont la structure m\u00e9tallique est associ\u00e9e \u00e0 des panneaux et pav\u00e9s de verre.<br \/>\nLe cas de Pierre Chareau est rare dans l&#8217;histoire de l&#8217;architecture puisqu&#8217;une unique maison t\u00e9moigne de son oeuvre et lui vaut d&#8217;\u00eatre admir\u00e9 aujourd&#8217;hui, m\u00eame si sa production, couvrant aussi l&#8217;am\u00e9nagement int\u00e9rieur et les meubles, ne peut se ramener \u00e0 cette seule r\u00e9alisation.<br \/>\nLa Maison de verre appara\u00eet en effet comme l&#8217;oeuvre majeure de Pierre Chareau, architecte, d\u00e9corateur, meublier et assemblier, r\u00e9alis\u00e9e entre 1928 et 1931 en collaboration avec l&#8217;architecte Bernard Bijvoet et des artisans \u00e9b\u00e9nistes et ferronniers, pour le docteur Jean Dalsace et son \u00e9pouse Annie Bernheim-Dalsace. Elle t\u00e9moigne \u00e0 la fois de sa ma\u00eetrise de la conception de l&#8217;espace et de sa connaissance pr\u00e9cise des mat\u00e9riaux.<br \/>\nLa fa\u00e7ade sur cour est compl\u00e8tement vitr\u00e9e : une structure m\u00e9tallique tram\u00e9e soutient des panneaux en pav\u00e9s de verre, mat\u00e9riau r\u00e9serv\u00e9 auparavant aux \u00e9difices industriels. Ce traitement novateur r\u00e9forme l&#8217;id\u00e9e m\u00eame de fa\u00e7ade, con\u00e7ue ici comme une membrane lumineuse, une enveloppe translucide. La structure, faite de poutres et poutrelles en acier, les canalisations et les conduits restent visibles, transformant ainsi les \u00e9l\u00e9ments utilitaires en principes d\u00e9coratifs. A l&#8217;int\u00e9rieur, la mobilit\u00e9 de nombreux \u00e9l\u00e9ments rend l&#8217;espace dynamique, v\u00e9ritable &#8220;machine \u00e0 habiter&#8221;. Les chambres s&#8217;isolent par des portes-placards, en bois ou en m\u00e9tal, qui coulissent et pivotent. L&#8217;agencement des pi\u00e8ces t\u00e9moigne d&#8217;un esprit d&#8217;invention, d&#8217;une conception spatiale sophistiqu\u00e9e tout en r\u00e9pondant \u00e0 des exigences fonctionnelles et un assemblage judicieux des espaces publics et priv\u00e9s. Au rez-de-chauss\u00e9e, la maison comporte initialement le cabinet du docteur Jean Dalsace, commanditaire et ami. D&#8217;autres usages se m\u00ealent : au premier \u00e9tage, les espaces de r\u00e9ception et la biblioth\u00e8que, au second les chambres, mais aussi une aile de service h\u00e9rit\u00e9e des demeures bourgeoises traditionnelles. L&#8217;ensemble, ultra-moderne et tr\u00e8s lumineux, r\u00e9ussit ainsi \u00e0 concilier ces diff\u00e9rents usages et \u00e0 pallier les contraintes du site.<\/p>\n","protected":false},"excerpt":{"rendered":"<p>Projet r\u00e9alis\u00e9 par l&#8217;architecte d\u00e9corateur Pierre Chareau entre 1928 et 1931, la Maison de verre &#8211; initialement habitation et cabinet m\u00e9dical -, est un chef-d&#8217;oeuvre de modernit\u00e9, con\u00e7u comme un espace total dont la structure m\u00e9tallique est associ\u00e9e \u00e0 des panneaux et pav\u00e9s de verre. Le cas de Pierre Chareau est rare dans l&#8217;histoire de [&hellip;]<\/p>\n","protected":false},"featured_media":19353,"template":"","meta":[],"product_cat":[2948,2950],"product_tag":[],"acf":[],"yoast_head":"<!-- This site is optimized with the Yoast SEO plugin v20.11 - https:\/\/yoast.com\/wordpress\/plugins\/seo\/ -->\n<title>LA MAISON DE VERRE ; LE CHEF-D&#039;OEUVRE DE PIERRE CHAREAU - Librairie 7L<\/title>\n<meta name=\"robots\" content=\"index, follow, max-snippet:-1, max-image-preview:large, max-video-preview:-1\" \/>\n<link rel=\"canonical\" href=\"https:\/\/librairie7l.com\/en\/produit\/la-maison-de-verre-le-chef-doeuvre-de-pierre-chareau\/\" \/>\n<meta property=\"og:locale\" content=\"en_US\" \/>\n<meta property=\"og:type\" content=\"article\" \/>\n<meta property=\"og:title\" content=\"LA MAISON DE VERRE ; LE CHEF-D&#039;OEUVRE DE PIERRE CHAREAU - Librairie 7L\" \/>\n<meta property=\"og:description\" content=\"Projet r\u00e9alis\u00e9 par l&#8217;architecte d\u00e9corateur Pierre Chareau entre 1928 et 1931, la Maison de verre &#8211; initialement habitation et cabinet m\u00e9dical -, est un chef-d&#8217;oeuvre de modernit\u00e9, con\u00e7u comme un espace total dont la structure m\u00e9tallique est associ\u00e9e \u00e0 des panneaux et pav\u00e9s de verre. Le cas de Pierre Chareau est rare dans l&#8217;histoire de [&hellip;]\" \/>\n<meta property=\"og:url\" content=\"https:\/\/librairie7l.com\/en\/produit\/la-maison-de-verre-le-chef-doeuvre-de-pierre-chareau\/\" \/>\n<meta property=\"og:site_name\" content=\"Librairie 7L\" \/>\n<meta property=\"article:modified_time\" content=\"2026-04-28T21:10:26+00:00\" \/>\n<meta property=\"og:image\" content=\"https:\/\/librairie7l.com\/wp-content\/uploads\/2007\/04\/9782742766406_1_75.jpg\" \/>\n\t<meta property=\"og:image:width\" content=\"701\" \/>\n\t<meta property=\"og:image:height\" content=\"874\" \/>\n\t<meta property=\"og:image:type\" content=\"image\/jpeg\" \/>\n<meta name=\"twitter:card\" content=\"summary_large_image\" \/>\n<meta name=\"twitter:label1\" content=\"Est. reading time\" \/>\n\t<meta name=\"twitter:data1\" content=\"2 minutes\" \/>\n<script type=\"application\/ld+json\" class=\"yoast-schema-graph\">{\"@context\":\"https:\/\/schema.org\",\"@graph\":[{\"@type\":\"WebPage\",\"@id\":\"https:\/\/librairie7l.com\/en\/produit\/la-maison-de-verre-le-chef-doeuvre-de-pierre-chareau\/\",\"url\":\"https:\/\/librairie7l.com\/en\/produit\/la-maison-de-verre-le-chef-doeuvre-de-pierre-chareau\/\",\"name\":\"LA MAISON DE VERRE ; LE CHEF-D'OEUVRE DE PIERRE CHAREAU - Librairie 7L\",\"isPartOf\":{\"@id\":\"https:\/\/librairie7l.com\/en\/#website\"},\"datePublished\":\"2023-05-09T15:57:19+00:00\",\"dateModified\":\"2026-04-28T21:10:26+00:00\",\"breadcrumb\":{\"@id\":\"https:\/\/librairie7l.com\/en\/produit\/la-maison-de-verre-le-chef-doeuvre-de-pierre-chareau\/#breadcrumb\"},\"inLanguage\":\"en-US\",\"potentialAction\":[{\"@type\":\"ReadAction\",\"target\":[\"https:\/\/librairie7l.com\/en\/produit\/la-maison-de-verre-le-chef-doeuvre-de-pierre-chareau\/\"]}]},{\"@type\":\"BreadcrumbList\",\"@id\":\"https:\/\/librairie7l.com\/en\/produit\/la-maison-de-verre-le-chef-doeuvre-de-pierre-chareau\/#breadcrumb\",\"itemListElement\":[{\"@type\":\"ListItem\",\"position\":1,\"name\":\"Accueil\",\"item\":\"https:\/\/librairie7l.com\/en\/\"},{\"@type\":\"ListItem\",\"position\":2,\"name\":\"Shop\",\"item\":\"https:\/\/librairie7l.com\/en\/shop\/\"},{\"@type\":\"ListItem\",\"position\":3,\"name\":\"LA MAISON DE VERRE ; LE CHEF-D&#8217;OEUVRE DE PIERRE CHAREAU\"}]},{\"@type\":\"WebSite\",\"@id\":\"https:\/\/librairie7l.com\/en\/#website\",\"url\":\"https:\/\/librairie7l.com\/en\/\",\"name\":\"Librairie 7L\",\"description\":\"Librairie fond\u00e9e en 1999 par Karl Lagerfeld \u00e0 Paris\",\"publisher\":{\"@id\":\"https:\/\/librairie7l.com\/en\/#organization\"},\"potentialAction\":[{\"@type\":\"SearchAction\",\"target\":{\"@type\":\"EntryPoint\",\"urlTemplate\":\"https:\/\/librairie7l.com\/en\/?s={search_term_string}\"},\"query-input\":\"required name=search_term_string\"}],\"inLanguage\":\"en-US\"},{\"@type\":\"Organization\",\"@id\":\"https:\/\/librairie7l.com\/en\/#organization\",\"name\":\"Librairie 7L\",\"url\":\"https:\/\/librairie7l.com\/en\/\",\"logo\":{\"@type\":\"ImageObject\",\"inLanguage\":\"en-US\",\"@id\":\"https:\/\/librairie7l.com\/en\/#\/schema\/logo\/image\/\",\"url\":\"https:\/\/librairie7l.com\/wp-content\/uploads\/2022\/08\/logo-1.png\",\"contentUrl\":\"https:\/\/librairie7l.com\/wp-content\/uploads\/2022\/08\/logo-1.png\",\"width\":227,\"height\":301,\"caption\":\"Librairie 7L\"},\"image\":{\"@id\":\"https:\/\/librairie7l.com\/en\/#\/schema\/logo\/image\/\"}}]}<\/script>\n<!-- \/ Yoast SEO plugin. -->","yoast_head_json":{"title":"LA MAISON DE VERRE ; LE CHEF-D'OEUVRE DE PIERRE CHAREAU - Librairie 7L","robots":{"index":"index","follow":"follow","max-snippet":"max-snippet:-1","max-image-preview":"max-image-preview:large","max-video-preview":"max-video-preview:-1"},"canonical":"https:\/\/librairie7l.com\/en\/produit\/la-maison-de-verre-le-chef-doeuvre-de-pierre-chareau\/","og_locale":"en_US","og_type":"article","og_title":"LA MAISON DE VERRE ; LE CHEF-D'OEUVRE DE PIERRE CHAREAU - Librairie 7L","og_description":"Projet r\u00e9alis\u00e9 par l&#8217;architecte d\u00e9corateur Pierre Chareau entre 1928 et 1931, la Maison de verre &#8211; initialement habitation et cabinet m\u00e9dical -, est un chef-d&#8217;oeuvre de modernit\u00e9, con\u00e7u comme un espace total dont la structure m\u00e9tallique est associ\u00e9e \u00e0 des panneaux et pav\u00e9s de verre. Le cas de Pierre Chareau est rare dans l&#8217;histoire de [&hellip;]","og_url":"https:\/\/librairie7l.com\/en\/produit\/la-maison-de-verre-le-chef-doeuvre-de-pierre-chareau\/","og_site_name":"Librairie 7L","article_modified_time":"2026-04-28T21:10:26+00:00","og_image":[{"width":701,"height":874,"url":"https:\/\/librairie7l.com\/wp-content\/uploads\/2007\/04\/9782742766406_1_75.jpg","type":"image\/jpeg"}],"twitter_card":"summary_large_image","twitter_misc":{"Est. reading time":"2 minutes"},"schema":{"@context":"https:\/\/schema.org","@graph":[{"@type":"WebPage","@id":"https:\/\/librairie7l.com\/en\/produit\/la-maison-de-verre-le-chef-doeuvre-de-pierre-chareau\/","url":"https:\/\/librairie7l.com\/en\/produit\/la-maison-de-verre-le-chef-doeuvre-de-pierre-chareau\/","name":"LA MAISON DE VERRE ; LE CHEF-D'OEUVRE DE PIERRE CHAREAU - Librairie 7L","isPartOf":{"@id":"https:\/\/librairie7l.com\/en\/#website"},"datePublished":"2023-05-09T15:57:19+00:00","dateModified":"2026-04-28T21:10:26+00:00","breadcrumb":{"@id":"https:\/\/librairie7l.com\/en\/produit\/la-maison-de-verre-le-chef-doeuvre-de-pierre-chareau\/#breadcrumb"},"inLanguage":"en-US","potentialAction":[{"@type":"ReadAction","target":["https:\/\/librairie7l.com\/en\/produit\/la-maison-de-verre-le-chef-doeuvre-de-pierre-chareau\/"]}]},{"@type":"BreadcrumbList","@id":"https:\/\/librairie7l.com\/en\/produit\/la-maison-de-verre-le-chef-doeuvre-de-pierre-chareau\/#breadcrumb","itemListElement":[{"@type":"ListItem","position":1,"name":"Accueil","item":"https:\/\/librairie7l.com\/en\/"},{"@type":"ListItem","position":2,"name":"Shop","item":"https:\/\/librairie7l.com\/en\/shop\/"},{"@type":"ListItem","position":3,"name":"LA MAISON DE VERRE ; LE CHEF-D&#8217;OEUVRE DE PIERRE CHAREAU"}]},{"@type":"WebSite","@id":"https:\/\/librairie7l.com\/en\/#website","url":"https:\/\/librairie7l.com\/en\/","name":"Librairie 7L","description":"Librairie fond\u00e9e en 1999 par Karl Lagerfeld \u00e0 Paris","publisher":{"@id":"https:\/\/librairie7l.com\/en\/#organization"},"potentialAction":[{"@type":"SearchAction","target":{"@type":"EntryPoint","urlTemplate":"https:\/\/librairie7l.com\/en\/?s={search_term_string}"},"query-input":"required name=search_term_string"}],"inLanguage":"en-US"},{"@type":"Organization","@id":"https:\/\/librairie7l.com\/en\/#organization","name":"Librairie 7L","url":"https:\/\/librairie7l.com\/en\/","logo":{"@type":"ImageObject","inLanguage":"en-US","@id":"https:\/\/librairie7l.com\/en\/#\/schema\/logo\/image\/","url":"https:\/\/librairie7l.com\/wp-content\/uploads\/2022\/08\/logo-1.png","contentUrl":"https:\/\/librairie7l.com\/wp-content\/uploads\/2022\/08\/logo-1.png","width":227,"height":301,"caption":"Librairie 7L"},"image":{"@id":"https:\/\/librairie7l.com\/en\/#\/schema\/logo\/image\/"}}]}},"_links":{"self":[{"href":"https:\/\/librairie7l.com\/en\/wp-json\/wp\/v2\/product\/19355"}],"collection":[{"href":"https:\/\/librairie7l.com\/en\/wp-json\/wp\/v2\/product"}],"about":[{"href":"https:\/\/librairie7l.com\/en\/wp-json\/wp\/v2\/types\/product"}],"wp:featuredmedia":[{"embeddable":true,"href":"https:\/\/librairie7l.com\/en\/wp-json\/wp\/v2\/media\/19353"}],"wp:attachment":[{"href":"https:\/\/librairie7l.com\/en\/wp-json\/wp\/v2\/media?parent=19355"}],"wp:term":[{"taxonomy":"product_cat","embeddable":true,"href":"https:\/\/librairie7l.com\/en\/wp-json\/wp\/v2\/product_cat?post=19355"},{"taxonomy":"product_tag","embeddable":true,"href":"https:\/\/librairie7l.com\/en\/wp-json\/wp\/v2\/product_tag?post=19355"}],"curies":[{"name":"wp","href":"https:\/\/api.w.org\/{rel}","templated":true}]}}