{"id":19967,"date":"2023-05-09T18:05:45","date_gmt":"2023-05-09T16:05:45","guid":{"rendered":"https:\/\/librairie7l.com\/?post_type=product&#038;p=19967"},"modified":"2026-04-30T11:10:03","modified_gmt":"2026-04-30T09:10:03","slug":"nanda-vigo-lespace-interieur","status":"publish","type":"product","link":"https:\/\/librairie7l.com\/en\/produit\/nanda-vigo-lespace-interieur\/","title":{"rendered":"NANDA VIGO : L&#8217;ESPACE INT\u00c9RIEUR"},"content":{"rendered":"<p>Originaire de Milan et form\u00e9e \u00e0 l&#8217;Ecole Polytechnique de Lausanne, Nanda Vigo (1936-2020) se fait remarquer d\u00e8s les ann\u00e9es 1960 par son approche transversale des arts, de l&#8217;architecture et du design. Figure importante de la sc\u00e8ne artistique italienne des avant-gardes, elle a toujours privil\u00e9gi\u00e9 l&#8217;exp\u00e9rimentation et l&#8217;exploration. \u00c0 partir de 1959, elle fr\u00e9quente l&#8217;atelier de Lucio Fontana, avant de se rapprocher des artistes Piero Manzoni et Enrico Castellani, qui ont fond\u00e9 la galerie Azimuth \u00e0 Milan. C&#8217;est au cours de cette p\u00e9riode qu&#8217;elle d\u00e9couvre les artistes et les lieux du mouvement ZERO en Allemagne, aux Pays-Bas et en France. Entre 1964 et 1966, elle participe \u00e0 de nombreuses expositions ZERO en Europe ; en 1965, elle organise la l\u00e9gendaire exposition Zero Avantgarde dans l&#8217;atelier de Lucio Fontana \u00e0 Milan. En 1971, elle re\u00e7oit le New York Award for Industrial Design, pour la lampe Golden Gate produit par Arredoluce et r\u00e9alise  un de ses projets les plus embl\u00e9matiques pour la Casa Museo Remo Brindisi \u00e0 Lido di Spina. En 1976, elle remporte le premier prix Saint-Gobain pour le design du verre et, en 1982, elle participe \u00e0 la 40e Biennale de Venise.<br \/>\nCet ouvrage accompagne l&#8217;exposition \u00ab Nanda Vigo, l&#8217;espace int\u00e9rieur \u00bb au Madd Bordeaux qui pr\u00e9sente le travail de l&#8217;artiste \u00e0 travers des installations immersives. Y sont abord\u00e9s l&#8217;architecture, l&#8217;art et le design comme autant de champs de cr\u00e9ation totale, pour donner \u00e0 voir, \u00e0 percevoir et \u00e0 ressentir toutes les dimensions de son travail.<\/p>\n","protected":false},"excerpt":{"rendered":"<p>Originaire de Milan et form\u00e9e \u00e0 l&#8217;Ecole Polytechnique de Lausanne, Nanda Vigo (1936-2020) se fait remarquer d\u00e8s les ann\u00e9es 1960 par son approche transversale des arts, de l&#8217;architecture et du design. Figure importante de la sc\u00e8ne artistique italienne des avant-gardes, elle a toujours privil\u00e9gi\u00e9 l&#8217;exp\u00e9rimentation et l&#8217;exploration. \u00c0 partir de 1959, elle fr\u00e9quente l&#8217;atelier de [&hellip;]<\/p>\n","protected":false},"featured_media":32515,"template":"","meta":[],"product_cat":[2948,2953],"product_tag":[],"acf":[],"yoast_head":"<!-- This site is optimized with the Yoast SEO plugin v20.11 - https:\/\/yoast.com\/wordpress\/plugins\/seo\/ -->\n<title>NANDA VIGO : L&#039;ESPACE INT\u00c9RIEUR - Librairie 7L<\/title>\n<meta name=\"robots\" content=\"index, follow, max-snippet:-1, max-image-preview:large, max-video-preview:-1\" \/>\n<link rel=\"canonical\" href=\"https:\/\/librairie7l.com\/en\/produit\/nanda-vigo-lespace-interieur\/\" \/>\n<meta property=\"og:locale\" content=\"en_US\" \/>\n<meta property=\"og:type\" content=\"article\" \/>\n<meta property=\"og:title\" content=\"NANDA VIGO : L&#039;ESPACE INT\u00c9RIEUR - Librairie 7L\" \/>\n<meta property=\"og:description\" content=\"Originaire de Milan et form\u00e9e \u00e0 l&#8217;Ecole Polytechnique de Lausanne, Nanda Vigo (1936-2020) se fait remarquer d\u00e8s les ann\u00e9es 1960 par son approche transversale des arts, de l&#8217;architecture et du design. Figure importante de la sc\u00e8ne artistique italienne des avant-gardes, elle a toujours privil\u00e9gi\u00e9 l&#8217;exp\u00e9rimentation et l&#8217;exploration. \u00c0 partir de 1959, elle fr\u00e9quente l&#8217;atelier de [&hellip;]\" \/>\n<meta property=\"og:url\" content=\"https:\/\/librairie7l.com\/en\/produit\/nanda-vigo-lespace-interieur\/\" \/>\n<meta property=\"og:site_name\" content=\"Librairie 7L\" \/>\n<meta property=\"article:modified_time\" content=\"2026-04-30T09:10:03+00:00\" \/>\n<meta property=\"og:image\" content=\"https:\/\/librairie7l.com\/wp-content\/uploads\/2022\/08\/9782376660712_1_75.jpg\" \/>\n\t<meta property=\"og:image:width\" content=\"400\" \/>\n\t<meta property=\"og:image:height\" content=\"208\" \/>\n\t<meta property=\"og:image:type\" content=\"image\/jpeg\" \/>\n<meta name=\"twitter:card\" content=\"summary_large_image\" \/>\n<meta name=\"twitter:label1\" content=\"Est. reading time\" \/>\n\t<meta name=\"twitter:data1\" content=\"1 minute\" \/>\n<script type=\"application\/ld+json\" class=\"yoast-schema-graph\">{\"@context\":\"https:\/\/schema.org\",\"@graph\":[{\"@type\":\"WebPage\",\"@id\":\"https:\/\/librairie7l.com\/en\/produit\/nanda-vigo-lespace-interieur\/\",\"url\":\"https:\/\/librairie7l.com\/en\/produit\/nanda-vigo-lespace-interieur\/\",\"name\":\"NANDA VIGO : L'ESPACE INT\u00c9RIEUR - Librairie 7L\",\"isPartOf\":{\"@id\":\"https:\/\/librairie7l.com\/en\/#website\"},\"datePublished\":\"2023-05-09T16:05:45+00:00\",\"dateModified\":\"2026-04-30T09:10:03+00:00\",\"breadcrumb\":{\"@id\":\"https:\/\/librairie7l.com\/en\/produit\/nanda-vigo-lespace-interieur\/#breadcrumb\"},\"inLanguage\":\"en-US\",\"potentialAction\":[{\"@type\":\"ReadAction\",\"target\":[\"https:\/\/librairie7l.com\/en\/produit\/nanda-vigo-lespace-interieur\/\"]}]},{\"@type\":\"BreadcrumbList\",\"@id\":\"https:\/\/librairie7l.com\/en\/produit\/nanda-vigo-lespace-interieur\/#breadcrumb\",\"itemListElement\":[{\"@type\":\"ListItem\",\"position\":1,\"name\":\"Accueil\",\"item\":\"https:\/\/librairie7l.com\/en\/\"},{\"@type\":\"ListItem\",\"position\":2,\"name\":\"Shop\",\"item\":\"https:\/\/librairie7l.com\/en\/shop\/\"},{\"@type\":\"ListItem\",\"position\":3,\"name\":\"NANDA VIGO : L&#8217;ESPACE INT\u00c9RIEUR\"}]},{\"@type\":\"WebSite\",\"@id\":\"https:\/\/librairie7l.com\/en\/#website\",\"url\":\"https:\/\/librairie7l.com\/en\/\",\"name\":\"Librairie 7L\",\"description\":\"Librairie fond\u00e9e en 1999 par Karl Lagerfeld \u00e0 Paris\",\"publisher\":{\"@id\":\"https:\/\/librairie7l.com\/en\/#organization\"},\"potentialAction\":[{\"@type\":\"SearchAction\",\"target\":{\"@type\":\"EntryPoint\",\"urlTemplate\":\"https:\/\/librairie7l.com\/en\/?s={search_term_string}\"},\"query-input\":\"required name=search_term_string\"}],\"inLanguage\":\"en-US\"},{\"@type\":\"Organization\",\"@id\":\"https:\/\/librairie7l.com\/en\/#organization\",\"name\":\"Librairie 7L\",\"url\":\"https:\/\/librairie7l.com\/en\/\",\"logo\":{\"@type\":\"ImageObject\",\"inLanguage\":\"en-US\",\"@id\":\"https:\/\/librairie7l.com\/en\/#\/schema\/logo\/image\/\",\"url\":\"https:\/\/librairie7l.com\/wp-content\/uploads\/2022\/08\/logo-1.png\",\"contentUrl\":\"https:\/\/librairie7l.com\/wp-content\/uploads\/2022\/08\/logo-1.png\",\"width\":227,\"height\":301,\"caption\":\"Librairie 7L\"},\"image\":{\"@id\":\"https:\/\/librairie7l.com\/en\/#\/schema\/logo\/image\/\"}}]}<\/script>\n<!-- \/ Yoast SEO plugin. -->","yoast_head_json":{"title":"NANDA VIGO : L'ESPACE INT\u00c9RIEUR - Librairie 7L","robots":{"index":"index","follow":"follow","max-snippet":"max-snippet:-1","max-image-preview":"max-image-preview:large","max-video-preview":"max-video-preview:-1"},"canonical":"https:\/\/librairie7l.com\/en\/produit\/nanda-vigo-lespace-interieur\/","og_locale":"en_US","og_type":"article","og_title":"NANDA VIGO : L'ESPACE INT\u00c9RIEUR - Librairie 7L","og_description":"Originaire de Milan et form\u00e9e \u00e0 l&#8217;Ecole Polytechnique de Lausanne, Nanda Vigo (1936-2020) se fait remarquer d\u00e8s les ann\u00e9es 1960 par son approche transversale des arts, de l&#8217;architecture et du design. Figure importante de la sc\u00e8ne artistique italienne des avant-gardes, elle a toujours privil\u00e9gi\u00e9 l&#8217;exp\u00e9rimentation et l&#8217;exploration. \u00c0 partir de 1959, elle fr\u00e9quente l&#8217;atelier de [&hellip;]","og_url":"https:\/\/librairie7l.com\/en\/produit\/nanda-vigo-lespace-interieur\/","og_site_name":"Librairie 7L","article_modified_time":"2026-04-30T09:10:03+00:00","og_image":[{"width":400,"height":208,"url":"https:\/\/librairie7l.com\/wp-content\/uploads\/2022\/08\/9782376660712_1_75.jpg","type":"image\/jpeg"}],"twitter_card":"summary_large_image","twitter_misc":{"Est. reading time":"1 minute"},"schema":{"@context":"https:\/\/schema.org","@graph":[{"@type":"WebPage","@id":"https:\/\/librairie7l.com\/en\/produit\/nanda-vigo-lespace-interieur\/","url":"https:\/\/librairie7l.com\/en\/produit\/nanda-vigo-lespace-interieur\/","name":"NANDA VIGO : L'ESPACE INT\u00c9RIEUR - Librairie 7L","isPartOf":{"@id":"https:\/\/librairie7l.com\/en\/#website"},"datePublished":"2023-05-09T16:05:45+00:00","dateModified":"2026-04-30T09:10:03+00:00","breadcrumb":{"@id":"https:\/\/librairie7l.com\/en\/produit\/nanda-vigo-lespace-interieur\/#breadcrumb"},"inLanguage":"en-US","potentialAction":[{"@type":"ReadAction","target":["https:\/\/librairie7l.com\/en\/produit\/nanda-vigo-lespace-interieur\/"]}]},{"@type":"BreadcrumbList","@id":"https:\/\/librairie7l.com\/en\/produit\/nanda-vigo-lespace-interieur\/#breadcrumb","itemListElement":[{"@type":"ListItem","position":1,"name":"Accueil","item":"https:\/\/librairie7l.com\/en\/"},{"@type":"ListItem","position":2,"name":"Shop","item":"https:\/\/librairie7l.com\/en\/shop\/"},{"@type":"ListItem","position":3,"name":"NANDA VIGO : L&#8217;ESPACE INT\u00c9RIEUR"}]},{"@type":"WebSite","@id":"https:\/\/librairie7l.com\/en\/#website","url":"https:\/\/librairie7l.com\/en\/","name":"Librairie 7L","description":"Librairie fond\u00e9e en 1999 par Karl Lagerfeld \u00e0 Paris","publisher":{"@id":"https:\/\/librairie7l.com\/en\/#organization"},"potentialAction":[{"@type":"SearchAction","target":{"@type":"EntryPoint","urlTemplate":"https:\/\/librairie7l.com\/en\/?s={search_term_string}"},"query-input":"required name=search_term_string"}],"inLanguage":"en-US"},{"@type":"Organization","@id":"https:\/\/librairie7l.com\/en\/#organization","name":"Librairie 7L","url":"https:\/\/librairie7l.com\/en\/","logo":{"@type":"ImageObject","inLanguage":"en-US","@id":"https:\/\/librairie7l.com\/en\/#\/schema\/logo\/image\/","url":"https:\/\/librairie7l.com\/wp-content\/uploads\/2022\/08\/logo-1.png","contentUrl":"https:\/\/librairie7l.com\/wp-content\/uploads\/2022\/08\/logo-1.png","width":227,"height":301,"caption":"Librairie 7L"},"image":{"@id":"https:\/\/librairie7l.com\/en\/#\/schema\/logo\/image\/"}}]}},"_links":{"self":[{"href":"https:\/\/librairie7l.com\/en\/wp-json\/wp\/v2\/product\/19967"}],"collection":[{"href":"https:\/\/librairie7l.com\/en\/wp-json\/wp\/v2\/product"}],"about":[{"href":"https:\/\/librairie7l.com\/en\/wp-json\/wp\/v2\/types\/product"}],"wp:featuredmedia":[{"embeddable":true,"href":"https:\/\/librairie7l.com\/en\/wp-json\/wp\/v2\/media\/32515"}],"wp:attachment":[{"href":"https:\/\/librairie7l.com\/en\/wp-json\/wp\/v2\/media?parent=19967"}],"wp:term":[{"taxonomy":"product_cat","embeddable":true,"href":"https:\/\/librairie7l.com\/en\/wp-json\/wp\/v2\/product_cat?post=19967"},{"taxonomy":"product_tag","embeddable":true,"href":"https:\/\/librairie7l.com\/en\/wp-json\/wp\/v2\/product_tag?post=19967"}],"curies":[{"name":"wp","href":"https:\/\/api.w.org\/{rel}","templated":true}]}}