{"id":20355,"date":"2023-05-09T18:11:02","date_gmt":"2023-05-09T16:11:02","guid":{"rendered":"https:\/\/librairie7l.com\/?post_type=product&#038;p=20355"},"modified":"2026-05-03T08:05:46","modified_gmt":"2026-05-03T06:05:46","slug":"meubles-et-decors-des-annees-40","status":"publish","type":"product","link":"https:\/\/librairie7l.com\/en\/produit\/meubles-et-decors-des-annees-40\/","title":{"rendered":"MEUBLES ET D\u00c9CORS DES ANN\u00c9ES 40"},"content":{"rendered":"<p>Inaugur\u00e9es par l&#8217;exposition des arts et techniques en 1937, \u00e0 paris, les ann\u00e9es 40 marquent une p\u00e9riode de transition.<br \/>\n La querelle des anciens et des modernes est d\u00e9pass\u00e9e, il faut combiner l&#8217;art et la fonction, et avant de s&#8217;investir dans la reconstruction apr\u00e8s-guerre, les ensembliers d\u00e9corateurs investissent le champ de la cr\u00e9ation.  apr\u00e8s les p\u00e9riodes cubiste et art d\u00e9co, les ann\u00e9es 30 et leur engagement moderne, les ann\u00e9es 40 offrent un inventif retour au d\u00e9cor empreint de styles n\u00e9o-classiques, de style louis xvi, retour au rustique, au style rocaille.<br \/>\n Cette \u00e9poque porte en elle toutes les contradictions d&#8217;une soci\u00e9t\u00e9 en \u00e9tat de choc qui ne sait si l&#8217;avenir est dans le pass\u00e9 ou le futur.  de grands noms marquent ainsi une haute tradition d&#8217;\u00e9b\u00e9nisterie.  en france : adnet, arbus, dominique, kohlmann, jallot, leleu, produisent de somptueux ensembles, richement r\u00e9alis\u00e9s.  les cr\u00e9ateurs am\u00e9ricains poursuivent outre-atlantique un travail \u00e9quivalent, th robsjorn gibbing, george nelson et tant d&#8217;autres.<br \/>\n Une abondante iconographie compos\u00e9e d&#8217;images d&#8217;archives et de photographies contemporaines en couleur apporte un \u00e9clairage nouveau sur cette p\u00e9riode transitoire, aussi bien en europe qu&#8217;aux etats-unis.<\/p>\n","protected":false},"excerpt":{"rendered":"<p>Inaugur\u00e9es par l&#8217;exposition des arts et techniques en 1937, \u00e0 paris, les ann\u00e9es 40 marquent une p\u00e9riode de transition. La querelle des anciens et des modernes est d\u00e9pass\u00e9e, il faut combiner l&#8217;art et la fonction, et avant de s&#8217;investir dans la reconstruction apr\u00e8s-guerre, les ensembliers d\u00e9corateurs investissent le champ de la cr\u00e9ation. apr\u00e8s les p\u00e9riodes [&hellip;]<\/p>\n","protected":false},"featured_media":20353,"template":"","meta":[],"product_cat":[2948,2952],"product_tag":[],"acf":[],"yoast_head":"<!-- This site is optimized with the Yoast SEO plugin v20.11 - https:\/\/yoast.com\/wordpress\/plugins\/seo\/ -->\n<title>MEUBLES ET D\u00c9CORS DES ANN\u00c9ES 40 - Librairie 7L<\/title>\n<meta name=\"robots\" content=\"index, follow, max-snippet:-1, max-image-preview:large, max-video-preview:-1\" \/>\n<link rel=\"canonical\" href=\"https:\/\/librairie7l.com\/en\/produit\/meubles-et-decors-des-annees-40\/\" \/>\n<meta property=\"og:locale\" content=\"en_US\" \/>\n<meta property=\"og:type\" content=\"article\" \/>\n<meta property=\"og:title\" content=\"MEUBLES ET D\u00c9CORS DES ANN\u00c9ES 40 - Librairie 7L\" \/>\n<meta property=\"og:description\" content=\"Inaugur\u00e9es par l&#8217;exposition des arts et techniques en 1937, \u00e0 paris, les ann\u00e9es 40 marquent une p\u00e9riode de transition. La querelle des anciens et des modernes est d\u00e9pass\u00e9e, il faut combiner l&#8217;art et la fonction, et avant de s&#8217;investir dans la reconstruction apr\u00e8s-guerre, les ensembliers d\u00e9corateurs investissent le champ de la cr\u00e9ation. apr\u00e8s les p\u00e9riodes [&hellip;]\" \/>\n<meta property=\"og:url\" content=\"https:\/\/librairie7l.com\/en\/produit\/meubles-et-decors-des-annees-40\/\" \/>\n<meta property=\"og:site_name\" content=\"Librairie 7L\" \/>\n<meta property=\"article:modified_time\" content=\"2026-05-03T06:05:46+00:00\" \/>\n<meta property=\"og:image\" content=\"https:\/\/librairie7l.com\/wp-content\/uploads\/2002\/11\/9782841051557_1_75.jpg\" \/>\n\t<meta property=\"og:image:width\" content=\"385\" \/>\n\t<meta property=\"og:image:height\" content=\"475\" \/>\n\t<meta property=\"og:image:type\" content=\"image\/jpeg\" \/>\n<meta name=\"twitter:card\" content=\"summary_large_image\" \/>\n<meta name=\"twitter:label1\" content=\"Est. reading time\" \/>\n\t<meta name=\"twitter:data1\" content=\"1 minute\" \/>\n<script type=\"application\/ld+json\" class=\"yoast-schema-graph\">{\"@context\":\"https:\/\/schema.org\",\"@graph\":[{\"@type\":\"WebPage\",\"@id\":\"https:\/\/librairie7l.com\/en\/produit\/meubles-et-decors-des-annees-40\/\",\"url\":\"https:\/\/librairie7l.com\/en\/produit\/meubles-et-decors-des-annees-40\/\",\"name\":\"MEUBLES ET D\u00c9CORS DES ANN\u00c9ES 40 - Librairie 7L\",\"isPartOf\":{\"@id\":\"https:\/\/librairie7l.com\/en\/#website\"},\"datePublished\":\"2023-05-09T16:11:02+00:00\",\"dateModified\":\"2026-05-03T06:05:46+00:00\",\"breadcrumb\":{\"@id\":\"https:\/\/librairie7l.com\/en\/produit\/meubles-et-decors-des-annees-40\/#breadcrumb\"},\"inLanguage\":\"en-US\",\"potentialAction\":[{\"@type\":\"ReadAction\",\"target\":[\"https:\/\/librairie7l.com\/en\/produit\/meubles-et-decors-des-annees-40\/\"]}]},{\"@type\":\"BreadcrumbList\",\"@id\":\"https:\/\/librairie7l.com\/en\/produit\/meubles-et-decors-des-annees-40\/#breadcrumb\",\"itemListElement\":[{\"@type\":\"ListItem\",\"position\":1,\"name\":\"Accueil\",\"item\":\"https:\/\/librairie7l.com\/en\/\"},{\"@type\":\"ListItem\",\"position\":2,\"name\":\"Shop\",\"item\":\"https:\/\/librairie7l.com\/en\/shop\/\"},{\"@type\":\"ListItem\",\"position\":3,\"name\":\"MEUBLES ET D\u00c9CORS DES ANN\u00c9ES 40\"}]},{\"@type\":\"WebSite\",\"@id\":\"https:\/\/librairie7l.com\/en\/#website\",\"url\":\"https:\/\/librairie7l.com\/en\/\",\"name\":\"Librairie 7L\",\"description\":\"Librairie fond\u00e9e en 1999 par Karl Lagerfeld \u00e0 Paris\",\"publisher\":{\"@id\":\"https:\/\/librairie7l.com\/en\/#organization\"},\"potentialAction\":[{\"@type\":\"SearchAction\",\"target\":{\"@type\":\"EntryPoint\",\"urlTemplate\":\"https:\/\/librairie7l.com\/en\/?s={search_term_string}\"},\"query-input\":\"required name=search_term_string\"}],\"inLanguage\":\"en-US\"},{\"@type\":\"Organization\",\"@id\":\"https:\/\/librairie7l.com\/en\/#organization\",\"name\":\"Librairie 7L\",\"url\":\"https:\/\/librairie7l.com\/en\/\",\"logo\":{\"@type\":\"ImageObject\",\"inLanguage\":\"en-US\",\"@id\":\"https:\/\/librairie7l.com\/en\/#\/schema\/logo\/image\/\",\"url\":\"https:\/\/librairie7l.com\/wp-content\/uploads\/2022\/08\/logo-1.png\",\"contentUrl\":\"https:\/\/librairie7l.com\/wp-content\/uploads\/2022\/08\/logo-1.png\",\"width\":227,\"height\":301,\"caption\":\"Librairie 7L\"},\"image\":{\"@id\":\"https:\/\/librairie7l.com\/en\/#\/schema\/logo\/image\/\"}}]}<\/script>\n<!-- \/ Yoast SEO plugin. -->","yoast_head_json":{"title":"MEUBLES ET D\u00c9CORS DES ANN\u00c9ES 40 - Librairie 7L","robots":{"index":"index","follow":"follow","max-snippet":"max-snippet:-1","max-image-preview":"max-image-preview:large","max-video-preview":"max-video-preview:-1"},"canonical":"https:\/\/librairie7l.com\/en\/produit\/meubles-et-decors-des-annees-40\/","og_locale":"en_US","og_type":"article","og_title":"MEUBLES ET D\u00c9CORS DES ANN\u00c9ES 40 - Librairie 7L","og_description":"Inaugur\u00e9es par l&#8217;exposition des arts et techniques en 1937, \u00e0 paris, les ann\u00e9es 40 marquent une p\u00e9riode de transition. La querelle des anciens et des modernes est d\u00e9pass\u00e9e, il faut combiner l&#8217;art et la fonction, et avant de s&#8217;investir dans la reconstruction apr\u00e8s-guerre, les ensembliers d\u00e9corateurs investissent le champ de la cr\u00e9ation. apr\u00e8s les p\u00e9riodes [&hellip;]","og_url":"https:\/\/librairie7l.com\/en\/produit\/meubles-et-decors-des-annees-40\/","og_site_name":"Librairie 7L","article_modified_time":"2026-05-03T06:05:46+00:00","og_image":[{"width":385,"height":475,"url":"https:\/\/librairie7l.com\/wp-content\/uploads\/2002\/11\/9782841051557_1_75.jpg","type":"image\/jpeg"}],"twitter_card":"summary_large_image","twitter_misc":{"Est. reading time":"1 minute"},"schema":{"@context":"https:\/\/schema.org","@graph":[{"@type":"WebPage","@id":"https:\/\/librairie7l.com\/en\/produit\/meubles-et-decors-des-annees-40\/","url":"https:\/\/librairie7l.com\/en\/produit\/meubles-et-decors-des-annees-40\/","name":"MEUBLES ET D\u00c9CORS DES ANN\u00c9ES 40 - Librairie 7L","isPartOf":{"@id":"https:\/\/librairie7l.com\/en\/#website"},"datePublished":"2023-05-09T16:11:02+00:00","dateModified":"2026-05-03T06:05:46+00:00","breadcrumb":{"@id":"https:\/\/librairie7l.com\/en\/produit\/meubles-et-decors-des-annees-40\/#breadcrumb"},"inLanguage":"en-US","potentialAction":[{"@type":"ReadAction","target":["https:\/\/librairie7l.com\/en\/produit\/meubles-et-decors-des-annees-40\/"]}]},{"@type":"BreadcrumbList","@id":"https:\/\/librairie7l.com\/en\/produit\/meubles-et-decors-des-annees-40\/#breadcrumb","itemListElement":[{"@type":"ListItem","position":1,"name":"Accueil","item":"https:\/\/librairie7l.com\/en\/"},{"@type":"ListItem","position":2,"name":"Shop","item":"https:\/\/librairie7l.com\/en\/shop\/"},{"@type":"ListItem","position":3,"name":"MEUBLES ET D\u00c9CORS DES ANN\u00c9ES 40"}]},{"@type":"WebSite","@id":"https:\/\/librairie7l.com\/en\/#website","url":"https:\/\/librairie7l.com\/en\/","name":"Librairie 7L","description":"Librairie fond\u00e9e en 1999 par Karl Lagerfeld \u00e0 Paris","publisher":{"@id":"https:\/\/librairie7l.com\/en\/#organization"},"potentialAction":[{"@type":"SearchAction","target":{"@type":"EntryPoint","urlTemplate":"https:\/\/librairie7l.com\/en\/?s={search_term_string}"},"query-input":"required name=search_term_string"}],"inLanguage":"en-US"},{"@type":"Organization","@id":"https:\/\/librairie7l.com\/en\/#organization","name":"Librairie 7L","url":"https:\/\/librairie7l.com\/en\/","logo":{"@type":"ImageObject","inLanguage":"en-US","@id":"https:\/\/librairie7l.com\/en\/#\/schema\/logo\/image\/","url":"https:\/\/librairie7l.com\/wp-content\/uploads\/2022\/08\/logo-1.png","contentUrl":"https:\/\/librairie7l.com\/wp-content\/uploads\/2022\/08\/logo-1.png","width":227,"height":301,"caption":"Librairie 7L"},"image":{"@id":"https:\/\/librairie7l.com\/en\/#\/schema\/logo\/image\/"}}]}},"_links":{"self":[{"href":"https:\/\/librairie7l.com\/en\/wp-json\/wp\/v2\/product\/20355"}],"collection":[{"href":"https:\/\/librairie7l.com\/en\/wp-json\/wp\/v2\/product"}],"about":[{"href":"https:\/\/librairie7l.com\/en\/wp-json\/wp\/v2\/types\/product"}],"wp:featuredmedia":[{"embeddable":true,"href":"https:\/\/librairie7l.com\/en\/wp-json\/wp\/v2\/media\/20353"}],"wp:attachment":[{"href":"https:\/\/librairie7l.com\/en\/wp-json\/wp\/v2\/media?parent=20355"}],"wp:term":[{"taxonomy":"product_cat","embeddable":true,"href":"https:\/\/librairie7l.com\/en\/wp-json\/wp\/v2\/product_cat?post=20355"},{"taxonomy":"product_tag","embeddable":true,"href":"https:\/\/librairie7l.com\/en\/wp-json\/wp\/v2\/product_tag?post=20355"}],"curies":[{"name":"wp","href":"https:\/\/api.w.org\/{rel}","templated":true}]}}