{"id":21863,"date":"2023-05-09T18:32:31","date_gmt":"2023-05-09T16:32:31","guid":{"rendered":"https:\/\/librairie7l.com\/?post_type=product&#038;p=21863"},"modified":"2026-05-01T13:08:33","modified_gmt":"2026-05-01T11:08:33","slug":"georges-geffroy-le-decorateur-de-lapres-guerre-1905-1971","status":"publish","type":"product","link":"https:\/\/librairie7l.com\/en\/produit\/georges-geffroy-le-decorateur-de-lapres-guerre-1905-1971\/","title":{"rendered":"GEORGES GEFFROY ; LE D\u00c9CORATEUR DE L&#8217;APR\u00c8S-GUERRE 1905-1971"},"content":{"rendered":"<p>Figure incontournable de la Caf\u00e9 society des ann\u00e9es 50, Geffroy a \u00e9t\u00e9 consid\u00e9r\u00e9 de son vivant comme un v\u00e9ritable oracle du grand d\u00e9cor classique, mals un classique revisit\u00e9, \u00e9pur\u00e9 jusque dans son essence m\u00eame, loin de tout pastiche.<br \/>\nIl eut comme clients et fid\u00e8les une kyrielle de grands noms, pour lesquels Il mit au point des d\u00e9cors d&#8217;un supr\u00eame raffinement, allant jusqu&#8217;\u00e0 choisir, avec un oeil infaillible et fameux, les objets et les meubles de son \u00e9poque pr\u00e9f\u00e9r\u00e9e, la toute fin du XVIIIe si\u00e8cle, chez les plus grands antiquaires du temps, pour orner dans le plus pem d\u00e9tail ses compositions o\u00f9 entraient de nombreuses soieries, avec un sens unique des couleurs, cherchant ainsi la perfection.<br \/>\nProfessant une admiration sans bornes pour l&#8217;oeuvre de Christian B\u00e9rard, il imagine des d\u00e9cors, qui lui valurent la c\u00e9l\u00e9brit\u00e9, pour son ami de jeunesse Christian Dior, comme pour les beaut\u00e9s de l&#8217;\u00e9poque, d\u00e9esses de l&#8217;\u00e9l\u00e9gance, telles Daisy Fellowes ou Gloria Guinness, ou encore les ic\u00f4nes du go\u00fbt ayant pour nom Charles de Belstegui, Alexis de R\u00e9d\u00e9 \u00e0 l&#8217;h\u00f4tel Lambert, ou Arturo Lapez dans son h\u00f4tel de Neuilly et son yatch mythique. Il finira, avant sa disparition, sa carri\u00e8re par un chantier exceptionnel pour le m\u00e9c\u00e8ne et grand collectionneur Antenor Patino, mettant pour une derni\u00e8re fols en lumi\u00e8re ses dons remarquables.<br \/>\nSes chantiers sont reconstruits, dans le livre qui lui est d\u00e9di\u00e9, avec le plus d&#8217;exactitude possible, gr\u00e2ce notamment \u00e0 des archives In\u00e9dites, et l&#8217;aide d&#8217;un de ses admirateurs les plus fervents, Hubert de Givenchy.<br \/>\nUne iconographie abondante et in\u00e9dite, et des annexes document\u00e9es font de ce livre un ouvrage de r\u00e9f\u00e9rence qui s\u00e9duira \u00e0 la fois les passionn\u00e9s d&#8217;histoire du go\u00fbt et les amateurs d&#8217;architecture et de d\u00e9coration.<\/p>\n","protected":false},"excerpt":{"rendered":"<p>Figure incontournable de la Caf\u00e9 society des ann\u00e9es 50, Geffroy a \u00e9t\u00e9 consid\u00e9r\u00e9 de son vivant comme un v\u00e9ritable oracle du grand d\u00e9cor classique, mals un classique revisit\u00e9, \u00e9pur\u00e9 jusque dans son essence m\u00eame, loin de tout pastiche. Il eut comme clients et fid\u00e8les une kyrielle de grands noms, pour lesquels Il mit au point [&hellip;]<\/p>\n","protected":false},"featured_media":21861,"template":"","meta":[],"product_cat":[2948,2952],"product_tag":[],"acf":[],"yoast_head":"<!-- This site is optimized with the Yoast SEO plugin v20.11 - https:\/\/yoast.com\/wordpress\/plugins\/seo\/ -->\n<title>GEORGES GEFFROY ; LE D\u00c9CORATEUR DE L&#039;APR\u00c8S-GUERRE 1905-1971 - Librairie 7L<\/title>\n<meta name=\"robots\" content=\"index, follow, max-snippet:-1, max-image-preview:large, max-video-preview:-1\" \/>\n<link rel=\"canonical\" href=\"https:\/\/librairie7l.com\/en\/produit\/georges-geffroy-le-decorateur-de-lapres-guerre-1905-1971\/\" \/>\n<meta property=\"og:locale\" content=\"en_US\" \/>\n<meta property=\"og:type\" content=\"article\" \/>\n<meta property=\"og:title\" content=\"GEORGES GEFFROY ; LE D\u00c9CORATEUR DE L&#039;APR\u00c8S-GUERRE 1905-1971 - Librairie 7L\" \/>\n<meta property=\"og:description\" content=\"Figure incontournable de la Caf\u00e9 society des ann\u00e9es 50, Geffroy a \u00e9t\u00e9 consid\u00e9r\u00e9 de son vivant comme un v\u00e9ritable oracle du grand d\u00e9cor classique, mals un classique revisit\u00e9, \u00e9pur\u00e9 jusque dans son essence m\u00eame, loin de tout pastiche. Il eut comme clients et fid\u00e8les une kyrielle de grands noms, pour lesquels Il mit au point [&hellip;]\" \/>\n<meta property=\"og:url\" content=\"https:\/\/librairie7l.com\/en\/produit\/georges-geffroy-le-decorateur-de-lapres-guerre-1905-1971\/\" \/>\n<meta property=\"og:site_name\" content=\"Librairie 7L\" \/>\n<meta property=\"article:modified_time\" content=\"2026-05-01T11:08:33+00:00\" \/>\n<meta property=\"og:image\" content=\"https:\/\/librairie7l.com\/wp-content\/uploads\/2016\/10\/9782353402472_1_75.jpg\" \/>\n\t<meta property=\"og:image:width\" content=\"362\" \/>\n\t<meta property=\"og:image:height\" content=\"460\" \/>\n\t<meta property=\"og:image:type\" content=\"image\/jpeg\" \/>\n<meta name=\"twitter:card\" content=\"summary_large_image\" \/>\n<meta name=\"twitter:label1\" content=\"Est. reading time\" \/>\n\t<meta name=\"twitter:data1\" content=\"2 minutes\" \/>\n<script type=\"application\/ld+json\" class=\"yoast-schema-graph\">{\"@context\":\"https:\/\/schema.org\",\"@graph\":[{\"@type\":\"WebPage\",\"@id\":\"https:\/\/librairie7l.com\/en\/produit\/georges-geffroy-le-decorateur-de-lapres-guerre-1905-1971\/\",\"url\":\"https:\/\/librairie7l.com\/en\/produit\/georges-geffroy-le-decorateur-de-lapres-guerre-1905-1971\/\",\"name\":\"GEORGES GEFFROY ; LE D\u00c9CORATEUR DE L'APR\u00c8S-GUERRE 1905-1971 - Librairie 7L\",\"isPartOf\":{\"@id\":\"https:\/\/librairie7l.com\/en\/#website\"},\"datePublished\":\"2023-05-09T16:32:31+00:00\",\"dateModified\":\"2026-05-01T11:08:33+00:00\",\"breadcrumb\":{\"@id\":\"https:\/\/librairie7l.com\/en\/produit\/georges-geffroy-le-decorateur-de-lapres-guerre-1905-1971\/#breadcrumb\"},\"inLanguage\":\"en-US\",\"potentialAction\":[{\"@type\":\"ReadAction\",\"target\":[\"https:\/\/librairie7l.com\/en\/produit\/georges-geffroy-le-decorateur-de-lapres-guerre-1905-1971\/\"]}]},{\"@type\":\"BreadcrumbList\",\"@id\":\"https:\/\/librairie7l.com\/en\/produit\/georges-geffroy-le-decorateur-de-lapres-guerre-1905-1971\/#breadcrumb\",\"itemListElement\":[{\"@type\":\"ListItem\",\"position\":1,\"name\":\"Accueil\",\"item\":\"https:\/\/librairie7l.com\/en\/\"},{\"@type\":\"ListItem\",\"position\":2,\"name\":\"Shop\",\"item\":\"https:\/\/librairie7l.com\/en\/shop\/\"},{\"@type\":\"ListItem\",\"position\":3,\"name\":\"GEORGES GEFFROY ; LE D\u00c9CORATEUR DE L&#8217;APR\u00c8S-GUERRE 1905-1971\"}]},{\"@type\":\"WebSite\",\"@id\":\"https:\/\/librairie7l.com\/en\/#website\",\"url\":\"https:\/\/librairie7l.com\/en\/\",\"name\":\"Librairie 7L\",\"description\":\"Librairie fond\u00e9e en 1999 par Karl Lagerfeld \u00e0 Paris\",\"publisher\":{\"@id\":\"https:\/\/librairie7l.com\/en\/#organization\"},\"potentialAction\":[{\"@type\":\"SearchAction\",\"target\":{\"@type\":\"EntryPoint\",\"urlTemplate\":\"https:\/\/librairie7l.com\/en\/?s={search_term_string}\"},\"query-input\":\"required name=search_term_string\"}],\"inLanguage\":\"en-US\"},{\"@type\":\"Organization\",\"@id\":\"https:\/\/librairie7l.com\/en\/#organization\",\"name\":\"Librairie 7L\",\"url\":\"https:\/\/librairie7l.com\/en\/\",\"logo\":{\"@type\":\"ImageObject\",\"inLanguage\":\"en-US\",\"@id\":\"https:\/\/librairie7l.com\/en\/#\/schema\/logo\/image\/\",\"url\":\"https:\/\/librairie7l.com\/wp-content\/uploads\/2022\/08\/logo-1.png\",\"contentUrl\":\"https:\/\/librairie7l.com\/wp-content\/uploads\/2022\/08\/logo-1.png\",\"width\":227,\"height\":301,\"caption\":\"Librairie 7L\"},\"image\":{\"@id\":\"https:\/\/librairie7l.com\/en\/#\/schema\/logo\/image\/\"}}]}<\/script>\n<!-- \/ Yoast SEO plugin. -->","yoast_head_json":{"title":"GEORGES GEFFROY ; LE D\u00c9CORATEUR DE L'APR\u00c8S-GUERRE 1905-1971 - Librairie 7L","robots":{"index":"index","follow":"follow","max-snippet":"max-snippet:-1","max-image-preview":"max-image-preview:large","max-video-preview":"max-video-preview:-1"},"canonical":"https:\/\/librairie7l.com\/en\/produit\/georges-geffroy-le-decorateur-de-lapres-guerre-1905-1971\/","og_locale":"en_US","og_type":"article","og_title":"GEORGES GEFFROY ; LE D\u00c9CORATEUR DE L'APR\u00c8S-GUERRE 1905-1971 - Librairie 7L","og_description":"Figure incontournable de la Caf\u00e9 society des ann\u00e9es 50, Geffroy a \u00e9t\u00e9 consid\u00e9r\u00e9 de son vivant comme un v\u00e9ritable oracle du grand d\u00e9cor classique, mals un classique revisit\u00e9, \u00e9pur\u00e9 jusque dans son essence m\u00eame, loin de tout pastiche. Il eut comme clients et fid\u00e8les une kyrielle de grands noms, pour lesquels Il mit au point [&hellip;]","og_url":"https:\/\/librairie7l.com\/en\/produit\/georges-geffroy-le-decorateur-de-lapres-guerre-1905-1971\/","og_site_name":"Librairie 7L","article_modified_time":"2026-05-01T11:08:33+00:00","og_image":[{"width":362,"height":460,"url":"https:\/\/librairie7l.com\/wp-content\/uploads\/2016\/10\/9782353402472_1_75.jpg","type":"image\/jpeg"}],"twitter_card":"summary_large_image","twitter_misc":{"Est. reading time":"2 minutes"},"schema":{"@context":"https:\/\/schema.org","@graph":[{"@type":"WebPage","@id":"https:\/\/librairie7l.com\/en\/produit\/georges-geffroy-le-decorateur-de-lapres-guerre-1905-1971\/","url":"https:\/\/librairie7l.com\/en\/produit\/georges-geffroy-le-decorateur-de-lapres-guerre-1905-1971\/","name":"GEORGES GEFFROY ; LE D\u00c9CORATEUR DE L'APR\u00c8S-GUERRE 1905-1971 - Librairie 7L","isPartOf":{"@id":"https:\/\/librairie7l.com\/en\/#website"},"datePublished":"2023-05-09T16:32:31+00:00","dateModified":"2026-05-01T11:08:33+00:00","breadcrumb":{"@id":"https:\/\/librairie7l.com\/en\/produit\/georges-geffroy-le-decorateur-de-lapres-guerre-1905-1971\/#breadcrumb"},"inLanguage":"en-US","potentialAction":[{"@type":"ReadAction","target":["https:\/\/librairie7l.com\/en\/produit\/georges-geffroy-le-decorateur-de-lapres-guerre-1905-1971\/"]}]},{"@type":"BreadcrumbList","@id":"https:\/\/librairie7l.com\/en\/produit\/georges-geffroy-le-decorateur-de-lapres-guerre-1905-1971\/#breadcrumb","itemListElement":[{"@type":"ListItem","position":1,"name":"Accueil","item":"https:\/\/librairie7l.com\/en\/"},{"@type":"ListItem","position":2,"name":"Shop","item":"https:\/\/librairie7l.com\/en\/shop\/"},{"@type":"ListItem","position":3,"name":"GEORGES GEFFROY ; LE D\u00c9CORATEUR DE L&#8217;APR\u00c8S-GUERRE 1905-1971"}]},{"@type":"WebSite","@id":"https:\/\/librairie7l.com\/en\/#website","url":"https:\/\/librairie7l.com\/en\/","name":"Librairie 7L","description":"Librairie fond\u00e9e en 1999 par Karl Lagerfeld \u00e0 Paris","publisher":{"@id":"https:\/\/librairie7l.com\/en\/#organization"},"potentialAction":[{"@type":"SearchAction","target":{"@type":"EntryPoint","urlTemplate":"https:\/\/librairie7l.com\/en\/?s={search_term_string}"},"query-input":"required name=search_term_string"}],"inLanguage":"en-US"},{"@type":"Organization","@id":"https:\/\/librairie7l.com\/en\/#organization","name":"Librairie 7L","url":"https:\/\/librairie7l.com\/en\/","logo":{"@type":"ImageObject","inLanguage":"en-US","@id":"https:\/\/librairie7l.com\/en\/#\/schema\/logo\/image\/","url":"https:\/\/librairie7l.com\/wp-content\/uploads\/2022\/08\/logo-1.png","contentUrl":"https:\/\/librairie7l.com\/wp-content\/uploads\/2022\/08\/logo-1.png","width":227,"height":301,"caption":"Librairie 7L"},"image":{"@id":"https:\/\/librairie7l.com\/en\/#\/schema\/logo\/image\/"}}]}},"_links":{"self":[{"href":"https:\/\/librairie7l.com\/en\/wp-json\/wp\/v2\/product\/21863"}],"collection":[{"href":"https:\/\/librairie7l.com\/en\/wp-json\/wp\/v2\/product"}],"about":[{"href":"https:\/\/librairie7l.com\/en\/wp-json\/wp\/v2\/types\/product"}],"wp:featuredmedia":[{"embeddable":true,"href":"https:\/\/librairie7l.com\/en\/wp-json\/wp\/v2\/media\/21861"}],"wp:attachment":[{"href":"https:\/\/librairie7l.com\/en\/wp-json\/wp\/v2\/media?parent=21863"}],"wp:term":[{"taxonomy":"product_cat","embeddable":true,"href":"https:\/\/librairie7l.com\/en\/wp-json\/wp\/v2\/product_cat?post=21863"},{"taxonomy":"product_tag","embeddable":true,"href":"https:\/\/librairie7l.com\/en\/wp-json\/wp\/v2\/product_tag?post=21863"}],"curies":[{"name":"wp","href":"https:\/\/api.w.org\/{rel}","templated":true}]}}