{"id":23495,"date":"2023-05-09T18:55:53","date_gmt":"2023-05-09T16:55:53","guid":{"rendered":"https:\/\/librairie7l.com\/?post_type=product&#038;p=23495"},"modified":"2026-04-29T13:56:53","modified_gmt":"2026-04-29T11:56:53","slug":"interieurs-t-4-les-annees-1980-1990","status":"publish","type":"product","link":"https:\/\/librairie7l.com\/en\/produit\/interieurs-t-4-les-annees-1980-1990\/","title":{"rendered":"INT\u00c9RIEURS T.4 ; LES ANN\u00c9ES 1980-1990"},"content":{"rendered":"<p>Int\u00e9rieurs. Les ann\u00e9es 1980-1990 (Tome 4) revient sur la rencontre fondatrice de Martin Szekely en 1984 avec G\u00e9rard Dalmon et Pierre Staudenmeyer, f\u00e9rus d&#8217;art, de psychanalyse, d&#8217;informatique et de cuisine. Il a 28 ans, ils en ont la trentaine.<br \/>\nDe cette rencontre na\u00eet l&#8217;id\u00e9e d&#8217;ouvrir un lieu et d&#8217;y montrer le travail de jeunes gens qui se disent \u00e0 ce moment l\u00e0 \u00ab designer \u00bb ou \u00ab cr\u00e9ateur de meuble \u00bb.<br \/>\nC&#8217;est \u00e0 la galerie Neot\u00f9, consid\u00e9r\u00e9e comme un haut-lieu du design, qu&#8217;apparaissent de nouveaux collectionneurs conquis par les meubles et objets de facture artisanale, montr\u00e9s au fil des expositions. Pour quelques-uns d&#8217;entre eux, Martin Szekely con\u00e7oit, dans l&#8217;\u00e9coute, un mobilier \u00ab attentionn\u00e9 \u00bb \u00e0 leur personne et \u00e0 leur cadre de vie : des pi\u00e8ces uniques, pour la plupart, \u00e0 l&#8217;origine ou cons\u00e9quentes de chacune des cinq expositions personnelles soutenues par G\u00e9rard Dalmon et Pierre Staudenmeyer tout au long de ces ann\u00e9es \u00e0 la galerie Neot\u00f9.<br \/>\nParmi ces collectionneurs, il fait la connaissance du photographe Peter Capellmann ; inspir\u00e9 comme lui par la d\u00e9marche de Joseph Byron, photographe \u00e0 New York au tournant du XIXe et XXe si\u00e8cle. Peter Capellmann suit le travail de Martin Szekely et documente sans mise en sc\u00e8ne les int\u00e9rieurs priv\u00e9s et publics pour lesquels il est appel\u00e9. Les photographies de ces int\u00e9rieurs vus \u00e0 travers le regard de Peter Capellmann et publi\u00e9es dans cet ouvrage, sont rest\u00e9es jusqu&#8217;\u00e0 ce jour in\u00e9dites.<\/p>\n","protected":false},"excerpt":{"rendered":"<p>Int\u00e9rieurs. Les ann\u00e9es 1980-1990 (Tome 4) revient sur la rencontre fondatrice de Martin Szekely en 1984 avec G\u00e9rard Dalmon et Pierre Staudenmeyer, f\u00e9rus d&#8217;art, de psychanalyse, d&#8217;informatique et de cuisine. Il a 28 ans, ils en ont la trentaine. De cette rencontre na\u00eet l&#8217;id\u00e9e d&#8217;ouvrir un lieu et d&#8217;y montrer le travail de jeunes gens [&hellip;]<\/p>\n","protected":false},"featured_media":23493,"template":"","meta":[],"product_cat":[55,2948,18,2952],"product_tag":[],"acf":[],"yoast_head":"<!-- This site is optimized with the Yoast SEO plugin v20.11 - https:\/\/yoast.com\/wordpress\/plugins\/seo\/ -->\n<title>INT\u00c9RIEURS T.4 ; LES ANN\u00c9ES 1980-1990 - Librairie 7L<\/title>\n<meta name=\"robots\" content=\"index, follow, max-snippet:-1, max-image-preview:large, max-video-preview:-1\" \/>\n<link rel=\"canonical\" href=\"https:\/\/librairie7l.com\/en\/produit\/interieurs-t-4-les-annees-1980-1990\/\" \/>\n<meta property=\"og:locale\" content=\"en_US\" \/>\n<meta property=\"og:type\" content=\"article\" \/>\n<meta property=\"og:title\" content=\"INT\u00c9RIEURS T.4 ; LES ANN\u00c9ES 1980-1990 - Librairie 7L\" \/>\n<meta property=\"og:description\" content=\"Int\u00e9rieurs. Les ann\u00e9es 1980-1990 (Tome 4) revient sur la rencontre fondatrice de Martin Szekely en 1984 avec G\u00e9rard Dalmon et Pierre Staudenmeyer, f\u00e9rus d&#8217;art, de psychanalyse, d&#8217;informatique et de cuisine. Il a 28 ans, ils en ont la trentaine. De cette rencontre na\u00eet l&#8217;id\u00e9e d&#8217;ouvrir un lieu et d&#8217;y montrer le travail de jeunes gens [&hellip;]\" \/>\n<meta property=\"og:url\" content=\"https:\/\/librairie7l.com\/en\/produit\/interieurs-t-4-les-annees-1980-1990\/\" \/>\n<meta property=\"og:site_name\" content=\"Librairie 7L\" \/>\n<meta property=\"article:modified_time\" content=\"2026-04-29T11:56:53+00:00\" \/>\n<meta property=\"og:image\" content=\"https:\/\/librairie7l.com\/wp-content\/uploads\/2019\/02\/9782490077052_1_75.jpg\" \/>\n\t<meta property=\"og:image:width\" content=\"347\" \/>\n\t<meta property=\"og:image:height\" content=\"490\" \/>\n\t<meta property=\"og:image:type\" content=\"image\/jpeg\" \/>\n<meta name=\"twitter:card\" content=\"summary_large_image\" \/>\n<meta name=\"twitter:label1\" content=\"Est. reading time\" \/>\n\t<meta name=\"twitter:data1\" content=\"1 minute\" \/>\n<script type=\"application\/ld+json\" class=\"yoast-schema-graph\">{\"@context\":\"https:\/\/schema.org\",\"@graph\":[{\"@type\":\"WebPage\",\"@id\":\"https:\/\/librairie7l.com\/en\/produit\/interieurs-t-4-les-annees-1980-1990\/\",\"url\":\"https:\/\/librairie7l.com\/en\/produit\/interieurs-t-4-les-annees-1980-1990\/\",\"name\":\"INT\u00c9RIEURS T.4 ; LES ANN\u00c9ES 1980-1990 - Librairie 7L\",\"isPartOf\":{\"@id\":\"https:\/\/librairie7l.com\/en\/#website\"},\"datePublished\":\"2023-05-09T16:55:53+00:00\",\"dateModified\":\"2026-04-29T11:56:53+00:00\",\"breadcrumb\":{\"@id\":\"https:\/\/librairie7l.com\/en\/produit\/interieurs-t-4-les-annees-1980-1990\/#breadcrumb\"},\"inLanguage\":\"en-US\",\"potentialAction\":[{\"@type\":\"ReadAction\",\"target\":[\"https:\/\/librairie7l.com\/en\/produit\/interieurs-t-4-les-annees-1980-1990\/\"]}]},{\"@type\":\"BreadcrumbList\",\"@id\":\"https:\/\/librairie7l.com\/en\/produit\/interieurs-t-4-les-annees-1980-1990\/#breadcrumb\",\"itemListElement\":[{\"@type\":\"ListItem\",\"position\":1,\"name\":\"Accueil\",\"item\":\"https:\/\/librairie7l.com\/en\/\"},{\"@type\":\"ListItem\",\"position\":2,\"name\":\"Shop\",\"item\":\"https:\/\/librairie7l.com\/en\/shop\/\"},{\"@type\":\"ListItem\",\"position\":3,\"name\":\"INT\u00c9RIEURS T.4 ; LES ANN\u00c9ES 1980-1990\"}]},{\"@type\":\"WebSite\",\"@id\":\"https:\/\/librairie7l.com\/en\/#website\",\"url\":\"https:\/\/librairie7l.com\/en\/\",\"name\":\"Librairie 7L\",\"description\":\"Librairie fond\u00e9e en 1999 par Karl Lagerfeld \u00e0 Paris\",\"publisher\":{\"@id\":\"https:\/\/librairie7l.com\/en\/#organization\"},\"potentialAction\":[{\"@type\":\"SearchAction\",\"target\":{\"@type\":\"EntryPoint\",\"urlTemplate\":\"https:\/\/librairie7l.com\/en\/?s={search_term_string}\"},\"query-input\":\"required name=search_term_string\"}],\"inLanguage\":\"en-US\"},{\"@type\":\"Organization\",\"@id\":\"https:\/\/librairie7l.com\/en\/#organization\",\"name\":\"Librairie 7L\",\"url\":\"https:\/\/librairie7l.com\/en\/\",\"logo\":{\"@type\":\"ImageObject\",\"inLanguage\":\"en-US\",\"@id\":\"https:\/\/librairie7l.com\/en\/#\/schema\/logo\/image\/\",\"url\":\"https:\/\/librairie7l.com\/wp-content\/uploads\/2022\/08\/logo-1.png\",\"contentUrl\":\"https:\/\/librairie7l.com\/wp-content\/uploads\/2022\/08\/logo-1.png\",\"width\":227,\"height\":301,\"caption\":\"Librairie 7L\"},\"image\":{\"@id\":\"https:\/\/librairie7l.com\/en\/#\/schema\/logo\/image\/\"}}]}<\/script>\n<!-- \/ Yoast SEO plugin. -->","yoast_head_json":{"title":"INT\u00c9RIEURS T.4 ; LES ANN\u00c9ES 1980-1990 - Librairie 7L","robots":{"index":"index","follow":"follow","max-snippet":"max-snippet:-1","max-image-preview":"max-image-preview:large","max-video-preview":"max-video-preview:-1"},"canonical":"https:\/\/librairie7l.com\/en\/produit\/interieurs-t-4-les-annees-1980-1990\/","og_locale":"en_US","og_type":"article","og_title":"INT\u00c9RIEURS T.4 ; LES ANN\u00c9ES 1980-1990 - Librairie 7L","og_description":"Int\u00e9rieurs. Les ann\u00e9es 1980-1990 (Tome 4) revient sur la rencontre fondatrice de Martin Szekely en 1984 avec G\u00e9rard Dalmon et Pierre Staudenmeyer, f\u00e9rus d&#8217;art, de psychanalyse, d&#8217;informatique et de cuisine. Il a 28 ans, ils en ont la trentaine. De cette rencontre na\u00eet l&#8217;id\u00e9e d&#8217;ouvrir un lieu et d&#8217;y montrer le travail de jeunes gens [&hellip;]","og_url":"https:\/\/librairie7l.com\/en\/produit\/interieurs-t-4-les-annees-1980-1990\/","og_site_name":"Librairie 7L","article_modified_time":"2026-04-29T11:56:53+00:00","og_image":[{"width":347,"height":490,"url":"https:\/\/librairie7l.com\/wp-content\/uploads\/2019\/02\/9782490077052_1_75.jpg","type":"image\/jpeg"}],"twitter_card":"summary_large_image","twitter_misc":{"Est. reading time":"1 minute"},"schema":{"@context":"https:\/\/schema.org","@graph":[{"@type":"WebPage","@id":"https:\/\/librairie7l.com\/en\/produit\/interieurs-t-4-les-annees-1980-1990\/","url":"https:\/\/librairie7l.com\/en\/produit\/interieurs-t-4-les-annees-1980-1990\/","name":"INT\u00c9RIEURS T.4 ; LES ANN\u00c9ES 1980-1990 - Librairie 7L","isPartOf":{"@id":"https:\/\/librairie7l.com\/en\/#website"},"datePublished":"2023-05-09T16:55:53+00:00","dateModified":"2026-04-29T11:56:53+00:00","breadcrumb":{"@id":"https:\/\/librairie7l.com\/en\/produit\/interieurs-t-4-les-annees-1980-1990\/#breadcrumb"},"inLanguage":"en-US","potentialAction":[{"@type":"ReadAction","target":["https:\/\/librairie7l.com\/en\/produit\/interieurs-t-4-les-annees-1980-1990\/"]}]},{"@type":"BreadcrumbList","@id":"https:\/\/librairie7l.com\/en\/produit\/interieurs-t-4-les-annees-1980-1990\/#breadcrumb","itemListElement":[{"@type":"ListItem","position":1,"name":"Accueil","item":"https:\/\/librairie7l.com\/en\/"},{"@type":"ListItem","position":2,"name":"Shop","item":"https:\/\/librairie7l.com\/en\/shop\/"},{"@type":"ListItem","position":3,"name":"INT\u00c9RIEURS T.4 ; LES ANN\u00c9ES 1980-1990"}]},{"@type":"WebSite","@id":"https:\/\/librairie7l.com\/en\/#website","url":"https:\/\/librairie7l.com\/en\/","name":"Librairie 7L","description":"Librairie fond\u00e9e en 1999 par Karl Lagerfeld \u00e0 Paris","publisher":{"@id":"https:\/\/librairie7l.com\/en\/#organization"},"potentialAction":[{"@type":"SearchAction","target":{"@type":"EntryPoint","urlTemplate":"https:\/\/librairie7l.com\/en\/?s={search_term_string}"},"query-input":"required name=search_term_string"}],"inLanguage":"en-US"},{"@type":"Organization","@id":"https:\/\/librairie7l.com\/en\/#organization","name":"Librairie 7L","url":"https:\/\/librairie7l.com\/en\/","logo":{"@type":"ImageObject","inLanguage":"en-US","@id":"https:\/\/librairie7l.com\/en\/#\/schema\/logo\/image\/","url":"https:\/\/librairie7l.com\/wp-content\/uploads\/2022\/08\/logo-1.png","contentUrl":"https:\/\/librairie7l.com\/wp-content\/uploads\/2022\/08\/logo-1.png","width":227,"height":301,"caption":"Librairie 7L"},"image":{"@id":"https:\/\/librairie7l.com\/en\/#\/schema\/logo\/image\/"}}]}},"_links":{"self":[{"href":"https:\/\/librairie7l.com\/en\/wp-json\/wp\/v2\/product\/23495"}],"collection":[{"href":"https:\/\/librairie7l.com\/en\/wp-json\/wp\/v2\/product"}],"about":[{"href":"https:\/\/librairie7l.com\/en\/wp-json\/wp\/v2\/types\/product"}],"wp:featuredmedia":[{"embeddable":true,"href":"https:\/\/librairie7l.com\/en\/wp-json\/wp\/v2\/media\/23493"}],"wp:attachment":[{"href":"https:\/\/librairie7l.com\/en\/wp-json\/wp\/v2\/media?parent=23495"}],"wp:term":[{"taxonomy":"product_cat","embeddable":true,"href":"https:\/\/librairie7l.com\/en\/wp-json\/wp\/v2\/product_cat?post=23495"},{"taxonomy":"product_tag","embeddable":true,"href":"https:\/\/librairie7l.com\/en\/wp-json\/wp\/v2\/product_tag?post=23495"}],"curies":[{"name":"wp","href":"https:\/\/api.w.org\/{rel}","templated":true}]}}