{"id":27675,"date":"2023-05-10T13:09:33","date_gmt":"2023-05-10T11:09:33","guid":{"rendered":"https:\/\/librairie7l.com\/?post_type=product&#038;p=27675"},"modified":"2026-04-27T03:27:47","modified_gmt":"2026-04-27T01:27:47","slug":"histoires-de-la-mode","status":"publish","type":"product","link":"https:\/\/librairie7l.com\/en\/produit\/histoires-de-la-mode\/","title":{"rendered":"HISTOIRES DE LA MODE"},"content":{"rendered":"<p>Didier Grumbach sait de quoi il parle : il est n\u00e9, a grandi et s&#8217;est affirm\u00e9 dans le cercle qu&#8217;il ouvre ici pour nous. Il ne s&#8217;est cependant pas content\u00e9 de convoquer ses souvenirs. Depuis des ann\u00e9es, il accumule les archives, rencontre les t\u00e9moins, franchit les portes qui d&#8217;habitude restent closes. Et il nous propose enfin une histoire de la mode au XXe si\u00e8cle con\u00e7ue \u00e0 la mani\u00e8re d&#8217;une saga, d&#8217;une affaire de famille, avec ses p\u00e8res nobles, ses fils prodigues, ses enthousiasmes, ses passions, ses haines, ses coups de g\u00e9nie, ses \u00e9checs. Les aventures individuelles &#8211; nos  h\u00e9ros  s&#8217;appellent Dior, Saint Laurent, Kenzo, Sonia Rykiel, Prada ou Herm\u00e8s &#8211; s&#8217;ordonnent selon une chronologie et une logique qui, jusqu&#8217;alors, n&#8217;avaient pas \u00e9t\u00e9 \u00e9tablies.<\/p>\n<p> De la haute couture \u00e0 l&#8217;explosion du pr\u00eat-\u00e0-porter, des confectionneurs, des stylistes et des cr\u00e9ateurs, nous voyons tout \u00e0 la fois \u00e9voluer les techniques, varier un march\u00e9, m\u00fbrir un art et changer une culture. Nous d\u00e9couvrons aussi comment les Fran\u00e7ais sont sortis de Paris pour aller \u00e0 la rencontre de New York, de Tokyo et de P\u00e9kin.<\/p>\n<p> Ce livre est indispensable au connaisseur qui y trouvera mille r\u00e9f\u00e9rences jamais rassembl\u00e9es. Il est aussi l&#8217;outil d&#8217;initiation de l&#8217;amateur d\u00e9sireux de visiter les coulisses du plus s\u00e9duisant des th\u00e9\u00e2tres.<\/p>\n","protected":false},"excerpt":{"rendered":"<p>Didier Grumbach sait de quoi il parle : il est n\u00e9, a grandi et s&#8217;est affirm\u00e9 dans le cercle qu&#8217;il ouvre ici pour nous. Il ne s&#8217;est cependant pas content\u00e9 de convoquer ses souvenirs. Depuis des ann\u00e9es, il accumule les archives, rencontre les t\u00e9moins, franchit les portes qui d&#8217;habitude restent closes. Et il nous propose [&hellip;]<\/p>\n","protected":false},"featured_media":27673,"template":"","meta":[],"product_cat":[55,2948,2957,19],"product_tag":[],"acf":[],"yoast_head":"<!-- This site is optimized with the Yoast SEO plugin v20.11 - https:\/\/yoast.com\/wordpress\/plugins\/seo\/ -->\n<title>HISTOIRES DE LA MODE - Librairie 7L<\/title>\n<meta name=\"robots\" content=\"index, follow, max-snippet:-1, max-image-preview:large, max-video-preview:-1\" \/>\n<link rel=\"canonical\" href=\"https:\/\/librairie7l.com\/en\/produit\/histoires-de-la-mode\/\" \/>\n<meta property=\"og:locale\" content=\"en_US\" \/>\n<meta property=\"og:type\" content=\"article\" \/>\n<meta property=\"og:title\" content=\"HISTOIRES DE LA MODE - Librairie 7L\" \/>\n<meta property=\"og:description\" content=\"Didier Grumbach sait de quoi il parle : il est n\u00e9, a grandi et s&#8217;est affirm\u00e9 dans le cercle qu&#8217;il ouvre ici pour nous. Il ne s&#8217;est cependant pas content\u00e9 de convoquer ses souvenirs. Depuis des ann\u00e9es, il accumule les archives, rencontre les t\u00e9moins, franchit les portes qui d&#8217;habitude restent closes. Et il nous propose [&hellip;]\" \/>\n<meta property=\"og:url\" content=\"https:\/\/librairie7l.com\/en\/produit\/histoires-de-la-mode\/\" \/>\n<meta property=\"og:site_name\" content=\"Librairie 7L\" \/>\n<meta property=\"article:modified_time\" content=\"2026-04-27T01:27:47+00:00\" \/>\n<meta property=\"og:image\" content=\"https:\/\/librairie7l.com\/wp-content\/uploads\/2017\/03\/9782841053643_1_75.jpg\" \/>\n\t<meta property=\"og:image:width\" content=\"400\" \/>\n\t<meta property=\"og:image:height\" content=\"565\" \/>\n\t<meta property=\"og:image:type\" content=\"image\/jpeg\" \/>\n<meta name=\"twitter:card\" content=\"summary_large_image\" \/>\n<meta name=\"twitter:label1\" content=\"Est. reading time\" \/>\n\t<meta name=\"twitter:data1\" content=\"1 minute\" \/>\n<script type=\"application\/ld+json\" class=\"yoast-schema-graph\">{\"@context\":\"https:\/\/schema.org\",\"@graph\":[{\"@type\":\"WebPage\",\"@id\":\"https:\/\/librairie7l.com\/en\/produit\/histoires-de-la-mode\/\",\"url\":\"https:\/\/librairie7l.com\/en\/produit\/histoires-de-la-mode\/\",\"name\":\"HISTOIRES DE LA MODE - Librairie 7L\",\"isPartOf\":{\"@id\":\"https:\/\/librairie7l.com\/en\/#website\"},\"datePublished\":\"2023-05-10T11:09:33+00:00\",\"dateModified\":\"2026-04-27T01:27:47+00:00\",\"breadcrumb\":{\"@id\":\"https:\/\/librairie7l.com\/en\/produit\/histoires-de-la-mode\/#breadcrumb\"},\"inLanguage\":\"en-US\",\"potentialAction\":[{\"@type\":\"ReadAction\",\"target\":[\"https:\/\/librairie7l.com\/en\/produit\/histoires-de-la-mode\/\"]}]},{\"@type\":\"BreadcrumbList\",\"@id\":\"https:\/\/librairie7l.com\/en\/produit\/histoires-de-la-mode\/#breadcrumb\",\"itemListElement\":[{\"@type\":\"ListItem\",\"position\":1,\"name\":\"Accueil\",\"item\":\"https:\/\/librairie7l.com\/en\/\"},{\"@type\":\"ListItem\",\"position\":2,\"name\":\"Shop\",\"item\":\"https:\/\/librairie7l.com\/en\/shop\/\"},{\"@type\":\"ListItem\",\"position\":3,\"name\":\"HISTOIRES DE LA MODE\"}]},{\"@type\":\"WebSite\",\"@id\":\"https:\/\/librairie7l.com\/en\/#website\",\"url\":\"https:\/\/librairie7l.com\/en\/\",\"name\":\"Librairie 7L\",\"description\":\"Librairie fond\u00e9e en 1999 par Karl Lagerfeld \u00e0 Paris\",\"publisher\":{\"@id\":\"https:\/\/librairie7l.com\/en\/#organization\"},\"potentialAction\":[{\"@type\":\"SearchAction\",\"target\":{\"@type\":\"EntryPoint\",\"urlTemplate\":\"https:\/\/librairie7l.com\/en\/?s={search_term_string}\"},\"query-input\":\"required name=search_term_string\"}],\"inLanguage\":\"en-US\"},{\"@type\":\"Organization\",\"@id\":\"https:\/\/librairie7l.com\/en\/#organization\",\"name\":\"Librairie 7L\",\"url\":\"https:\/\/librairie7l.com\/en\/\",\"logo\":{\"@type\":\"ImageObject\",\"inLanguage\":\"en-US\",\"@id\":\"https:\/\/librairie7l.com\/en\/#\/schema\/logo\/image\/\",\"url\":\"https:\/\/librairie7l.com\/wp-content\/uploads\/2022\/08\/logo-1.png\",\"contentUrl\":\"https:\/\/librairie7l.com\/wp-content\/uploads\/2022\/08\/logo-1.png\",\"width\":227,\"height\":301,\"caption\":\"Librairie 7L\"},\"image\":{\"@id\":\"https:\/\/librairie7l.com\/en\/#\/schema\/logo\/image\/\"}}]}<\/script>\n<!-- \/ Yoast SEO plugin. -->","yoast_head_json":{"title":"HISTOIRES DE LA MODE - Librairie 7L","robots":{"index":"index","follow":"follow","max-snippet":"max-snippet:-1","max-image-preview":"max-image-preview:large","max-video-preview":"max-video-preview:-1"},"canonical":"https:\/\/librairie7l.com\/en\/produit\/histoires-de-la-mode\/","og_locale":"en_US","og_type":"article","og_title":"HISTOIRES DE LA MODE - Librairie 7L","og_description":"Didier Grumbach sait de quoi il parle : il est n\u00e9, a grandi et s&#8217;est affirm\u00e9 dans le cercle qu&#8217;il ouvre ici pour nous. Il ne s&#8217;est cependant pas content\u00e9 de convoquer ses souvenirs. Depuis des ann\u00e9es, il accumule les archives, rencontre les t\u00e9moins, franchit les portes qui d&#8217;habitude restent closes. Et il nous propose [&hellip;]","og_url":"https:\/\/librairie7l.com\/en\/produit\/histoires-de-la-mode\/","og_site_name":"Librairie 7L","article_modified_time":"2026-04-27T01:27:47+00:00","og_image":[{"width":400,"height":565,"url":"https:\/\/librairie7l.com\/wp-content\/uploads\/2017\/03\/9782841053643_1_75.jpg","type":"image\/jpeg"}],"twitter_card":"summary_large_image","twitter_misc":{"Est. reading time":"1 minute"},"schema":{"@context":"https:\/\/schema.org","@graph":[{"@type":"WebPage","@id":"https:\/\/librairie7l.com\/en\/produit\/histoires-de-la-mode\/","url":"https:\/\/librairie7l.com\/en\/produit\/histoires-de-la-mode\/","name":"HISTOIRES DE LA MODE - Librairie 7L","isPartOf":{"@id":"https:\/\/librairie7l.com\/en\/#website"},"datePublished":"2023-05-10T11:09:33+00:00","dateModified":"2026-04-27T01:27:47+00:00","breadcrumb":{"@id":"https:\/\/librairie7l.com\/en\/produit\/histoires-de-la-mode\/#breadcrumb"},"inLanguage":"en-US","potentialAction":[{"@type":"ReadAction","target":["https:\/\/librairie7l.com\/en\/produit\/histoires-de-la-mode\/"]}]},{"@type":"BreadcrumbList","@id":"https:\/\/librairie7l.com\/en\/produit\/histoires-de-la-mode\/#breadcrumb","itemListElement":[{"@type":"ListItem","position":1,"name":"Accueil","item":"https:\/\/librairie7l.com\/en\/"},{"@type":"ListItem","position":2,"name":"Shop","item":"https:\/\/librairie7l.com\/en\/shop\/"},{"@type":"ListItem","position":3,"name":"HISTOIRES DE LA MODE"}]},{"@type":"WebSite","@id":"https:\/\/librairie7l.com\/en\/#website","url":"https:\/\/librairie7l.com\/en\/","name":"Librairie 7L","description":"Librairie fond\u00e9e en 1999 par Karl Lagerfeld \u00e0 Paris","publisher":{"@id":"https:\/\/librairie7l.com\/en\/#organization"},"potentialAction":[{"@type":"SearchAction","target":{"@type":"EntryPoint","urlTemplate":"https:\/\/librairie7l.com\/en\/?s={search_term_string}"},"query-input":"required name=search_term_string"}],"inLanguage":"en-US"},{"@type":"Organization","@id":"https:\/\/librairie7l.com\/en\/#organization","name":"Librairie 7L","url":"https:\/\/librairie7l.com\/en\/","logo":{"@type":"ImageObject","inLanguage":"en-US","@id":"https:\/\/librairie7l.com\/en\/#\/schema\/logo\/image\/","url":"https:\/\/librairie7l.com\/wp-content\/uploads\/2022\/08\/logo-1.png","contentUrl":"https:\/\/librairie7l.com\/wp-content\/uploads\/2022\/08\/logo-1.png","width":227,"height":301,"caption":"Librairie 7L"},"image":{"@id":"https:\/\/librairie7l.com\/en\/#\/schema\/logo\/image\/"}}]}},"_links":{"self":[{"href":"https:\/\/librairie7l.com\/en\/wp-json\/wp\/v2\/product\/27675"}],"collection":[{"href":"https:\/\/librairie7l.com\/en\/wp-json\/wp\/v2\/product"}],"about":[{"href":"https:\/\/librairie7l.com\/en\/wp-json\/wp\/v2\/types\/product"}],"wp:featuredmedia":[{"embeddable":true,"href":"https:\/\/librairie7l.com\/en\/wp-json\/wp\/v2\/media\/27673"}],"wp:attachment":[{"href":"https:\/\/librairie7l.com\/en\/wp-json\/wp\/v2\/media?parent=27675"}],"wp:term":[{"taxonomy":"product_cat","embeddable":true,"href":"https:\/\/librairie7l.com\/en\/wp-json\/wp\/v2\/product_cat?post=27675"},{"taxonomy":"product_tag","embeddable":true,"href":"https:\/\/librairie7l.com\/en\/wp-json\/wp\/v2\/product_tag?post=27675"}],"curies":[{"name":"wp","href":"https:\/\/api.w.org\/{rel}","templated":true}]}}