{"id":28427,"date":"2023-05-10T13:32:49","date_gmt":"2023-05-10T11:32:49","guid":{"rendered":"https:\/\/librairie7l.com\/?post_type=product&#038;p=28427"},"modified":"2026-04-27T21:06:19","modified_gmt":"2026-04-27T19:06:19","slug":"portraits-croises-la-maison-de-verre-dalsace-chareau-des-vies-dans-le-siecle","status":"publish","type":"product","link":"https:\/\/librairie7l.com\/en\/produit\/portraits-croises-la-maison-de-verre-dalsace-chareau-des-vies-dans-le-siecle\/","title":{"rendered":"PORTRAITS CROIS\u00c9S LA MAISON DE VERRE DALSACE\/CHAREAU&#8230; DES VIES DANS LE SI\u00c8CLE"},"content":{"rendered":"<p>En 1983 \u00e9tait publi\u00e9 aux Editions du Regard le premier livre consacr\u00e9 \u00e0 Pierre Chareau et la Maison de verre, dont l&#8217;auteur \u00e9tait Marc Vellay. Depuis, ce dernier a poursuivi ses recherches en mettant au jour l&#8217;ensemble des archives ayant trait \u00e0 l&#8217;histoire de sa famille et de la Maison de verre, mais aussi aux relations tiss\u00e9es entre les commanditaires, ses grands-parents Annie et Jean Dalsace, l&#8217;architecte Pierre Chareau et son \u00e9pouse Dollie, mais aussi Jean Lur\u00e7at, Jeanne Bucher, Jacques Lipchitz, Darius et Madeleine Milhaud et tant d&#8217;autres artistes et \u00e9crivains. Une constellation d&#8217;amis mus par une m\u00eame passion artistique, un m\u00eame d\u00e9sir de s&#8217;inscrire dans la modernit\u00e9, tous \u00e9tant port\u00e9s par un art de vivre qui avant tout \u00e9tait une morale.<br \/>\nAu fil des pages, des textes, des lettres et des photographies, pour l&#8217;essentiel in\u00e9dites, qui composent ce livre, se dessine une \u00e9poque, celle de l&#8217;entre-deux-guerres o\u00f9 une soci\u00e9t\u00e9 des plus cultiv\u00e9es s&#8217;est \u00e9panouie \u00e0 Paris, jusqu&#8217;\u00e0 l&#8217;impensable fracture du XXe si\u00e8cle, l&#8217;Holocauste.<br \/>\nUne \u00e9pop\u00e9e que Marc Vellay restitue avec une infinie pr\u00e9cision, un s\u00e9rieux de chartiste, et le sentiment, toujours vif, d&#8217;appartenir \u00e0 une histoire qui s&#8217;ach\u00e8ve avec lui et dont il donne le plus poignant des t\u00e9moignages.<br \/>\nDans son r\u00e9cit alternent, s&#8217;entrelacent, se r\u00e9v\u00e8lent autant de situations, de transactions, de personnes dignes d&#8217;int\u00e9r\u00eat ayant particip\u00e9 \u00e0 un monde dont la richesse intellectuelle, culturelle, la force des caract\u00e8res ne cessent de nous surprendre, nous \u00e9blouir. <\/p>\n<p>\u00c0 travers ces portraits crois\u00e9s, le lecteur se laisse prendre avec all\u00e9gresse dans le tourbillon de la grande histoire et de l&#8217;histoire de l&#8217;art, de l&#8217;architecture, de la musique, de la litt\u00e9rature, tout en d\u00e9couvrant des familles partageant une \u00e9gale qu\u00eate de perfection.<\/p>\n","protected":false},"excerpt":{"rendered":"<p>En 1983 \u00e9tait publi\u00e9 aux Editions du Regard le premier livre consacr\u00e9 \u00e0 Pierre Chareau et la Maison de verre, dont l&#8217;auteur \u00e9tait Marc Vellay. Depuis, ce dernier a poursuivi ses recherches en mettant au jour l&#8217;ensemble des archives ayant trait \u00e0 l&#8217;histoire de sa famille et de la Maison de verre, mais aussi aux [&hellip;]<\/p>\n","protected":false},"featured_media":28425,"template":"","meta":[],"product_cat":[55,2948,22,2950],"product_tag":[],"acf":[],"yoast_head":"<!-- This site is optimized with the Yoast SEO plugin v20.11 - https:\/\/yoast.com\/wordpress\/plugins\/seo\/ -->\n<title>PORTRAITS CROIS\u00c9S LA MAISON DE VERRE DALSACE\/CHAREAU... DES VIES DANS LE SI\u00c8CLE - Librairie 7L<\/title>\n<meta name=\"robots\" content=\"index, follow, max-snippet:-1, max-image-preview:large, max-video-preview:-1\" \/>\n<link rel=\"canonical\" href=\"https:\/\/librairie7l.com\/en\/produit\/portraits-croises-la-maison-de-verre-dalsace-chareau-des-vies-dans-le-siecle\/\" \/>\n<meta property=\"og:locale\" content=\"en_US\" \/>\n<meta property=\"og:type\" content=\"article\" \/>\n<meta property=\"og:title\" content=\"PORTRAITS CROIS\u00c9S LA MAISON DE VERRE DALSACE\/CHAREAU... DES VIES DANS LE SI\u00c8CLE - Librairie 7L\" \/>\n<meta property=\"og:description\" content=\"En 1983 \u00e9tait publi\u00e9 aux Editions du Regard le premier livre consacr\u00e9 \u00e0 Pierre Chareau et la Maison de verre, dont l&#8217;auteur \u00e9tait Marc Vellay. Depuis, ce dernier a poursuivi ses recherches en mettant au jour l&#8217;ensemble des archives ayant trait \u00e0 l&#8217;histoire de sa famille et de la Maison de verre, mais aussi aux [&hellip;]\" \/>\n<meta property=\"og:url\" content=\"https:\/\/librairie7l.com\/en\/produit\/portraits-croises-la-maison-de-verre-dalsace-chareau-des-vies-dans-le-siecle\/\" \/>\n<meta property=\"og:site_name\" content=\"Librairie 7L\" \/>\n<meta property=\"article:modified_time\" content=\"2026-04-27T19:06:19+00:00\" \/>\n<meta property=\"og:image\" content=\"https:\/\/librairie7l.com\/wp-content\/uploads\/2021\/06\/9782841054077_1_75.jpg\" \/>\n\t<meta property=\"og:image:width\" content=\"600\" \/>\n\t<meta property=\"og:image:height\" content=\"726\" \/>\n\t<meta property=\"og:image:type\" content=\"image\/jpeg\" \/>\n<meta name=\"twitter:card\" content=\"summary_large_image\" \/>\n<meta name=\"twitter:label1\" content=\"Est. reading time\" \/>\n\t<meta name=\"twitter:data1\" content=\"1 minute\" \/>\n<script type=\"application\/ld+json\" class=\"yoast-schema-graph\">{\"@context\":\"https:\/\/schema.org\",\"@graph\":[{\"@type\":\"WebPage\",\"@id\":\"https:\/\/librairie7l.com\/en\/produit\/portraits-croises-la-maison-de-verre-dalsace-chareau-des-vies-dans-le-siecle\/\",\"url\":\"https:\/\/librairie7l.com\/en\/produit\/portraits-croises-la-maison-de-verre-dalsace-chareau-des-vies-dans-le-siecle\/\",\"name\":\"PORTRAITS CROIS\u00c9S LA MAISON DE VERRE DALSACE\/CHAREAU... DES VIES DANS LE SI\u00c8CLE - Librairie 7L\",\"isPartOf\":{\"@id\":\"https:\/\/librairie7l.com\/en\/#website\"},\"datePublished\":\"2023-05-10T11:32:49+00:00\",\"dateModified\":\"2026-04-27T19:06:19+00:00\",\"breadcrumb\":{\"@id\":\"https:\/\/librairie7l.com\/en\/produit\/portraits-croises-la-maison-de-verre-dalsace-chareau-des-vies-dans-le-siecle\/#breadcrumb\"},\"inLanguage\":\"en-US\",\"potentialAction\":[{\"@type\":\"ReadAction\",\"target\":[\"https:\/\/librairie7l.com\/en\/produit\/portraits-croises-la-maison-de-verre-dalsace-chareau-des-vies-dans-le-siecle\/\"]}]},{\"@type\":\"BreadcrumbList\",\"@id\":\"https:\/\/librairie7l.com\/en\/produit\/portraits-croises-la-maison-de-verre-dalsace-chareau-des-vies-dans-le-siecle\/#breadcrumb\",\"itemListElement\":[{\"@type\":\"ListItem\",\"position\":1,\"name\":\"Accueil\",\"item\":\"https:\/\/librairie7l.com\/en\/\"},{\"@type\":\"ListItem\",\"position\":2,\"name\":\"Shop\",\"item\":\"https:\/\/librairie7l.com\/en\/shop\/\"},{\"@type\":\"ListItem\",\"position\":3,\"name\":\"PORTRAITS CROIS\u00c9S LA MAISON DE VERRE DALSACE\/CHAREAU&#8230; DES VIES DANS LE SI\u00c8CLE\"}]},{\"@type\":\"WebSite\",\"@id\":\"https:\/\/librairie7l.com\/en\/#website\",\"url\":\"https:\/\/librairie7l.com\/en\/\",\"name\":\"Librairie 7L\",\"description\":\"Librairie fond\u00e9e en 1999 par Karl Lagerfeld \u00e0 Paris\",\"publisher\":{\"@id\":\"https:\/\/librairie7l.com\/en\/#organization\"},\"potentialAction\":[{\"@type\":\"SearchAction\",\"target\":{\"@type\":\"EntryPoint\",\"urlTemplate\":\"https:\/\/librairie7l.com\/en\/?s={search_term_string}\"},\"query-input\":\"required name=search_term_string\"}],\"inLanguage\":\"en-US\"},{\"@type\":\"Organization\",\"@id\":\"https:\/\/librairie7l.com\/en\/#organization\",\"name\":\"Librairie 7L\",\"url\":\"https:\/\/librairie7l.com\/en\/\",\"logo\":{\"@type\":\"ImageObject\",\"inLanguage\":\"en-US\",\"@id\":\"https:\/\/librairie7l.com\/en\/#\/schema\/logo\/image\/\",\"url\":\"https:\/\/librairie7l.com\/wp-content\/uploads\/2022\/08\/logo-1.png\",\"contentUrl\":\"https:\/\/librairie7l.com\/wp-content\/uploads\/2022\/08\/logo-1.png\",\"width\":227,\"height\":301,\"caption\":\"Librairie 7L\"},\"image\":{\"@id\":\"https:\/\/librairie7l.com\/en\/#\/schema\/logo\/image\/\"}}]}<\/script>\n<!-- \/ Yoast SEO plugin. -->","yoast_head_json":{"title":"PORTRAITS CROIS\u00c9S LA MAISON DE VERRE DALSACE\/CHAREAU... DES VIES DANS LE SI\u00c8CLE - Librairie 7L","robots":{"index":"index","follow":"follow","max-snippet":"max-snippet:-1","max-image-preview":"max-image-preview:large","max-video-preview":"max-video-preview:-1"},"canonical":"https:\/\/librairie7l.com\/en\/produit\/portraits-croises-la-maison-de-verre-dalsace-chareau-des-vies-dans-le-siecle\/","og_locale":"en_US","og_type":"article","og_title":"PORTRAITS CROIS\u00c9S LA MAISON DE VERRE DALSACE\/CHAREAU... DES VIES DANS LE SI\u00c8CLE - Librairie 7L","og_description":"En 1983 \u00e9tait publi\u00e9 aux Editions du Regard le premier livre consacr\u00e9 \u00e0 Pierre Chareau et la Maison de verre, dont l&#8217;auteur \u00e9tait Marc Vellay. Depuis, ce dernier a poursuivi ses recherches en mettant au jour l&#8217;ensemble des archives ayant trait \u00e0 l&#8217;histoire de sa famille et de la Maison de verre, mais aussi aux [&hellip;]","og_url":"https:\/\/librairie7l.com\/en\/produit\/portraits-croises-la-maison-de-verre-dalsace-chareau-des-vies-dans-le-siecle\/","og_site_name":"Librairie 7L","article_modified_time":"2026-04-27T19:06:19+00:00","og_image":[{"width":600,"height":726,"url":"https:\/\/librairie7l.com\/wp-content\/uploads\/2021\/06\/9782841054077_1_75.jpg","type":"image\/jpeg"}],"twitter_card":"summary_large_image","twitter_misc":{"Est. reading time":"1 minute"},"schema":{"@context":"https:\/\/schema.org","@graph":[{"@type":"WebPage","@id":"https:\/\/librairie7l.com\/en\/produit\/portraits-croises-la-maison-de-verre-dalsace-chareau-des-vies-dans-le-siecle\/","url":"https:\/\/librairie7l.com\/en\/produit\/portraits-croises-la-maison-de-verre-dalsace-chareau-des-vies-dans-le-siecle\/","name":"PORTRAITS CROIS\u00c9S LA MAISON DE VERRE DALSACE\/CHAREAU... DES VIES DANS LE SI\u00c8CLE - Librairie 7L","isPartOf":{"@id":"https:\/\/librairie7l.com\/en\/#website"},"datePublished":"2023-05-10T11:32:49+00:00","dateModified":"2026-04-27T19:06:19+00:00","breadcrumb":{"@id":"https:\/\/librairie7l.com\/en\/produit\/portraits-croises-la-maison-de-verre-dalsace-chareau-des-vies-dans-le-siecle\/#breadcrumb"},"inLanguage":"en-US","potentialAction":[{"@type":"ReadAction","target":["https:\/\/librairie7l.com\/en\/produit\/portraits-croises-la-maison-de-verre-dalsace-chareau-des-vies-dans-le-siecle\/"]}]},{"@type":"BreadcrumbList","@id":"https:\/\/librairie7l.com\/en\/produit\/portraits-croises-la-maison-de-verre-dalsace-chareau-des-vies-dans-le-siecle\/#breadcrumb","itemListElement":[{"@type":"ListItem","position":1,"name":"Accueil","item":"https:\/\/librairie7l.com\/en\/"},{"@type":"ListItem","position":2,"name":"Shop","item":"https:\/\/librairie7l.com\/en\/shop\/"},{"@type":"ListItem","position":3,"name":"PORTRAITS CROIS\u00c9S LA MAISON DE VERRE DALSACE\/CHAREAU&#8230; DES VIES DANS LE SI\u00c8CLE"}]},{"@type":"WebSite","@id":"https:\/\/librairie7l.com\/en\/#website","url":"https:\/\/librairie7l.com\/en\/","name":"Librairie 7L","description":"Librairie fond\u00e9e en 1999 par Karl Lagerfeld \u00e0 Paris","publisher":{"@id":"https:\/\/librairie7l.com\/en\/#organization"},"potentialAction":[{"@type":"SearchAction","target":{"@type":"EntryPoint","urlTemplate":"https:\/\/librairie7l.com\/en\/?s={search_term_string}"},"query-input":"required name=search_term_string"}],"inLanguage":"en-US"},{"@type":"Organization","@id":"https:\/\/librairie7l.com\/en\/#organization","name":"Librairie 7L","url":"https:\/\/librairie7l.com\/en\/","logo":{"@type":"ImageObject","inLanguage":"en-US","@id":"https:\/\/librairie7l.com\/en\/#\/schema\/logo\/image\/","url":"https:\/\/librairie7l.com\/wp-content\/uploads\/2022\/08\/logo-1.png","contentUrl":"https:\/\/librairie7l.com\/wp-content\/uploads\/2022\/08\/logo-1.png","width":227,"height":301,"caption":"Librairie 7L"},"image":{"@id":"https:\/\/librairie7l.com\/en\/#\/schema\/logo\/image\/"}}]}},"_links":{"self":[{"href":"https:\/\/librairie7l.com\/en\/wp-json\/wp\/v2\/product\/28427"}],"collection":[{"href":"https:\/\/librairie7l.com\/en\/wp-json\/wp\/v2\/product"}],"about":[{"href":"https:\/\/librairie7l.com\/en\/wp-json\/wp\/v2\/types\/product"}],"wp:featuredmedia":[{"embeddable":true,"href":"https:\/\/librairie7l.com\/en\/wp-json\/wp\/v2\/media\/28425"}],"wp:attachment":[{"href":"https:\/\/librairie7l.com\/en\/wp-json\/wp\/v2\/media?parent=28427"}],"wp:term":[{"taxonomy":"product_cat","embeddable":true,"href":"https:\/\/librairie7l.com\/en\/wp-json\/wp\/v2\/product_cat?post=28427"},{"taxonomy":"product_tag","embeddable":true,"href":"https:\/\/librairie7l.com\/en\/wp-json\/wp\/v2\/product_tag?post=28427"}],"curies":[{"name":"wp","href":"https:\/\/api.w.org\/{rel}","templated":true}]}}