{"id":30315,"date":"2023-05-10T14:30:51","date_gmt":"2023-05-10T12:30:51","guid":{"rendered":"https:\/\/librairie7l.com\/?post_type=product&#038;p=30315"},"modified":"2026-04-26T09:03:40","modified_gmt":"2026-04-26T07:03:40","slug":"guidette-carbonell-ceramiques-et-tapisseries-du-xxe-siecle","status":"publish","type":"product","link":"https:\/\/librairie7l.com\/en\/produit\/guidette-carbonell-ceramiques-et-tapisseries-du-xxe-siecle\/","title":{"rendered":"GUIDETTE CARBONELL ; C\u00c9RAMIQUES ET TAPISSERIES DU XXE SI\u00c8CLE"},"content":{"rendered":"<p>N\u00e9e \u00e0 Meudon en 1910 d&#8217;un p\u00e8re m\u00e9decin d&#8217;origine catalane et d&#8217;une m\u00e8re arm\u00e9nienne que sa famille avait envoy\u00e9 \u00e9tudier la peinture \u00e0 Paris dans l&#8217;atelier d&#8217;Eug\u00e8ne Carri\u00e8re, Guidette Carbonell a choisi d\u00e8s son plus jeune \u00e2ge une vie d&#8217;artiste qu&#8217;elle a men\u00e9e jusque dans les ann\u00e9es 90 avec une d\u00e9termination et une ind\u00e9pendance remarquables. Amie du grand c\u00e9ramiste catalan Josep Llorens Artigas, form\u00e9e dans les \u00e9coles d&#8217;art de la rive gauche, o\u00f9 elle suit les cours d&#8217;Andr\u00e9 Lhote, d&#8217;Othon Friesz et de Roger Bissi\u00e8re, elle s&#8217;oriente vers la c\u00e9ramique, pressentant qu&#8217;elle y trouvera sa libert\u00e9 d&#8217;expression. Plus tard, le go\u00fbt de l&#8217;exp\u00e9rimentation, la recherche d&#8217;un mat\u00e9riau plus l\u00e9ger la pousseront \u00e0 abandonner le travail de la terre et du ciment pour des tapisseries, qu&#8217;elle composera \u00e0 la mani\u00e8re de son ma\u00eetre et ami Bissi\u00e8re avec des fragments de tissus coll\u00e9s et cousus. Dans un temps o\u00f9 il a \u00e9t\u00e9 parfois difficile de d\u00e9partager<br \/>\nl&#8217;artiste de l&#8217;artisan, o\u00f9 souvent les peintres ont abord\u00e9 la c\u00e9ramique et la tapisserie comme un simple support de formes, c\u00e9ramique et tapisserie font partie intrins\u00e8que de l&#8217;art de Guidette Carbonell. Les traitant \u00e0 sa mani\u00e8re tr\u00e8s particuli\u00e8re, entre abstraction et figuratif, leur incorporant des \u00e9l\u00e9ments, verre ou m\u00e9tal, au gr\u00e9 de sa fantaisie, avec parfois une qualit\u00e9 d&#8217;inachev\u00e9 tr\u00e8s actuelle, Guidette Carbonell exprime un monde int\u00e9rieur troublant, dans lequel on retrouve l&#8217;imaginaire de l&#8217;enfance. Proche des artistes de l&#8217;\u00c9cole de Paris avec lesquels elle expose chez Jeanne Bucher, nourrie de culture orientale et m\u00e9diterran\u00e9enne, subjugu\u00e9e par l&#8217;\u00e9vidence des repr\u00e9sentations romanes et primitives, \u00e0 une \u00e9poque o\u00f9 l&#8217;on regarde le monde avec un oeil neuf, elle apporte dans ces ann\u00e9es 50, souvent un peu clinquantes, une coloration particuli\u00e8re, une \u00e9tranget\u00e9 frappante. Des sculptures animali\u00e8res en c\u00e9ramique de ses d\u00e9buts aux muraux g\u00e9ants des 1% architecturaux, qu&#8217;elle construit pratiquement seule et o\u00f9 elle est l&#8217;une des rares femmes \u00e0 s&#8217;\u00eatre illustr\u00e9e avec tant de force, jusqu&#8217;aux derniers grands collages textiles des ann\u00e9es 90, se d\u00e9ploie un bestiaire fabuleux o\u00f9 peu \u00e0 peu, rappelant en cela Germaine Richier, l&#8217;humain se m\u00eale \u00e0 l&#8217;animal. Ainsi, dans l&#8217;esprit de synth\u00e8se des arts tout \u00e0 fait de son temps, Guidette Carbonell s&#8217;est plong\u00e9e tout au long de sa vie avec une curiosit\u00e9 insatiable dans les univers de la mythologie, de la musique, de la po\u00e9sie et de la science, sans jamais perdre son \u00e9merveillement devant la nature, pour cr\u00e9er une oeuvre forte et d&#8217;une expression qui nous appara\u00eet aujourd&#8217;hui, par certains aspects, tr\u00e8s contemporaine.<\/p>\n","protected":false},"excerpt":{"rendered":"<p>N\u00e9e \u00e0 Meudon en 1910 d&#8217;un p\u00e8re m\u00e9decin d&#8217;origine catalane et d&#8217;une m\u00e8re arm\u00e9nienne que sa famille avait envoy\u00e9 \u00e9tudier la peinture \u00e0 Paris dans l&#8217;atelier d&#8217;Eug\u00e8ne Carri\u00e8re, Guidette Carbonell a choisi d\u00e8s son plus jeune \u00e2ge une vie d&#8217;artiste qu&#8217;elle a men\u00e9e jusque dans les ann\u00e9es 90 avec une d\u00e9termination et une ind\u00e9pendance remarquables. [&hellip;]<\/p>\n","protected":false},"featured_media":30313,"template":"","meta":[],"product_cat":[55,2948,18,2952],"product_tag":[],"acf":[],"yoast_head":"<!-- This site is optimized with the Yoast SEO plugin v20.11 - https:\/\/yoast.com\/wordpress\/plugins\/seo\/ -->\n<title>GUIDETTE CARBONELL ; C\u00c9RAMIQUES ET TAPISSERIES DU XXE SI\u00c8CLE - Librairie 7L<\/title>\n<meta name=\"robots\" content=\"index, follow, max-snippet:-1, max-image-preview:large, max-video-preview:-1\" \/>\n<link rel=\"canonical\" href=\"https:\/\/librairie7l.com\/en\/produit\/guidette-carbonell-ceramiques-et-tapisseries-du-xxe-siecle\/\" \/>\n<meta property=\"og:locale\" content=\"en_US\" \/>\n<meta property=\"og:type\" content=\"article\" \/>\n<meta property=\"og:title\" content=\"GUIDETTE CARBONELL ; C\u00c9RAMIQUES ET TAPISSERIES DU XXE SI\u00c8CLE - Librairie 7L\" \/>\n<meta property=\"og:description\" content=\"N\u00e9e \u00e0 Meudon en 1910 d&#8217;un p\u00e8re m\u00e9decin d&#8217;origine catalane et d&#8217;une m\u00e8re arm\u00e9nienne que sa famille avait envoy\u00e9 \u00e9tudier la peinture \u00e0 Paris dans l&#8217;atelier d&#8217;Eug\u00e8ne Carri\u00e8re, Guidette Carbonell a choisi d\u00e8s son plus jeune \u00e2ge une vie d&#8217;artiste qu&#8217;elle a men\u00e9e jusque dans les ann\u00e9es 90 avec une d\u00e9termination et une ind\u00e9pendance remarquables. [&hellip;]\" \/>\n<meta property=\"og:url\" content=\"https:\/\/librairie7l.com\/en\/produit\/guidette-carbonell-ceramiques-et-tapisseries-du-xxe-siecle\/\" \/>\n<meta property=\"og:site_name\" content=\"Librairie 7L\" \/>\n<meta property=\"article:modified_time\" content=\"2026-04-26T07:03:40+00:00\" \/>\n<meta property=\"og:image\" content=\"https:\/\/librairie7l.com\/wp-content\/uploads\/2007\/03\/9782915542103_1_75.jpg\" \/>\n\t<meta property=\"og:image:width\" content=\"201\" \/>\n\t<meta property=\"og:image:height\" content=\"266\" \/>\n\t<meta property=\"og:image:type\" content=\"image\/jpeg\" \/>\n<meta name=\"twitter:card\" content=\"summary_large_image\" \/>\n<meta name=\"twitter:label1\" content=\"Est. reading time\" \/>\n\t<meta name=\"twitter:data1\" content=\"2 minutes\" \/>\n<script type=\"application\/ld+json\" class=\"yoast-schema-graph\">{\"@context\":\"https:\/\/schema.org\",\"@graph\":[{\"@type\":\"WebPage\",\"@id\":\"https:\/\/librairie7l.com\/en\/produit\/guidette-carbonell-ceramiques-et-tapisseries-du-xxe-siecle\/\",\"url\":\"https:\/\/librairie7l.com\/en\/produit\/guidette-carbonell-ceramiques-et-tapisseries-du-xxe-siecle\/\",\"name\":\"GUIDETTE CARBONELL ; C\u00c9RAMIQUES ET TAPISSERIES DU XXE SI\u00c8CLE - Librairie 7L\",\"isPartOf\":{\"@id\":\"https:\/\/librairie7l.com\/en\/#website\"},\"datePublished\":\"2023-05-10T12:30:51+00:00\",\"dateModified\":\"2026-04-26T07:03:40+00:00\",\"breadcrumb\":{\"@id\":\"https:\/\/librairie7l.com\/en\/produit\/guidette-carbonell-ceramiques-et-tapisseries-du-xxe-siecle\/#breadcrumb\"},\"inLanguage\":\"en-US\",\"potentialAction\":[{\"@type\":\"ReadAction\",\"target\":[\"https:\/\/librairie7l.com\/en\/produit\/guidette-carbonell-ceramiques-et-tapisseries-du-xxe-siecle\/\"]}]},{\"@type\":\"BreadcrumbList\",\"@id\":\"https:\/\/librairie7l.com\/en\/produit\/guidette-carbonell-ceramiques-et-tapisseries-du-xxe-siecle\/#breadcrumb\",\"itemListElement\":[{\"@type\":\"ListItem\",\"position\":1,\"name\":\"Accueil\",\"item\":\"https:\/\/librairie7l.com\/en\/\"},{\"@type\":\"ListItem\",\"position\":2,\"name\":\"Shop\",\"item\":\"https:\/\/librairie7l.com\/en\/shop\/\"},{\"@type\":\"ListItem\",\"position\":3,\"name\":\"GUIDETTE CARBONELL ; C\u00c9RAMIQUES ET TAPISSERIES DU XXE SI\u00c8CLE\"}]},{\"@type\":\"WebSite\",\"@id\":\"https:\/\/librairie7l.com\/en\/#website\",\"url\":\"https:\/\/librairie7l.com\/en\/\",\"name\":\"Librairie 7L\",\"description\":\"Librairie fond\u00e9e en 1999 par Karl Lagerfeld \u00e0 Paris\",\"publisher\":{\"@id\":\"https:\/\/librairie7l.com\/en\/#organization\"},\"potentialAction\":[{\"@type\":\"SearchAction\",\"target\":{\"@type\":\"EntryPoint\",\"urlTemplate\":\"https:\/\/librairie7l.com\/en\/?s={search_term_string}\"},\"query-input\":\"required name=search_term_string\"}],\"inLanguage\":\"en-US\"},{\"@type\":\"Organization\",\"@id\":\"https:\/\/librairie7l.com\/en\/#organization\",\"name\":\"Librairie 7L\",\"url\":\"https:\/\/librairie7l.com\/en\/\",\"logo\":{\"@type\":\"ImageObject\",\"inLanguage\":\"en-US\",\"@id\":\"https:\/\/librairie7l.com\/en\/#\/schema\/logo\/image\/\",\"url\":\"https:\/\/librairie7l.com\/wp-content\/uploads\/2022\/08\/logo-1.png\",\"contentUrl\":\"https:\/\/librairie7l.com\/wp-content\/uploads\/2022\/08\/logo-1.png\",\"width\":227,\"height\":301,\"caption\":\"Librairie 7L\"},\"image\":{\"@id\":\"https:\/\/librairie7l.com\/en\/#\/schema\/logo\/image\/\"}}]}<\/script>\n<!-- \/ Yoast SEO plugin. -->","yoast_head_json":{"title":"GUIDETTE CARBONELL ; C\u00c9RAMIQUES ET TAPISSERIES DU XXE SI\u00c8CLE - Librairie 7L","robots":{"index":"index","follow":"follow","max-snippet":"max-snippet:-1","max-image-preview":"max-image-preview:large","max-video-preview":"max-video-preview:-1"},"canonical":"https:\/\/librairie7l.com\/en\/produit\/guidette-carbonell-ceramiques-et-tapisseries-du-xxe-siecle\/","og_locale":"en_US","og_type":"article","og_title":"GUIDETTE CARBONELL ; C\u00c9RAMIQUES ET TAPISSERIES DU XXE SI\u00c8CLE - Librairie 7L","og_description":"N\u00e9e \u00e0 Meudon en 1910 d&#8217;un p\u00e8re m\u00e9decin d&#8217;origine catalane et d&#8217;une m\u00e8re arm\u00e9nienne que sa famille avait envoy\u00e9 \u00e9tudier la peinture \u00e0 Paris dans l&#8217;atelier d&#8217;Eug\u00e8ne Carri\u00e8re, Guidette Carbonell a choisi d\u00e8s son plus jeune \u00e2ge une vie d&#8217;artiste qu&#8217;elle a men\u00e9e jusque dans les ann\u00e9es 90 avec une d\u00e9termination et une ind\u00e9pendance remarquables. [&hellip;]","og_url":"https:\/\/librairie7l.com\/en\/produit\/guidette-carbonell-ceramiques-et-tapisseries-du-xxe-siecle\/","og_site_name":"Librairie 7L","article_modified_time":"2026-04-26T07:03:40+00:00","og_image":[{"width":201,"height":266,"url":"https:\/\/librairie7l.com\/wp-content\/uploads\/2007\/03\/9782915542103_1_75.jpg","type":"image\/jpeg"}],"twitter_card":"summary_large_image","twitter_misc":{"Est. reading time":"2 minutes"},"schema":{"@context":"https:\/\/schema.org","@graph":[{"@type":"WebPage","@id":"https:\/\/librairie7l.com\/en\/produit\/guidette-carbonell-ceramiques-et-tapisseries-du-xxe-siecle\/","url":"https:\/\/librairie7l.com\/en\/produit\/guidette-carbonell-ceramiques-et-tapisseries-du-xxe-siecle\/","name":"GUIDETTE CARBONELL ; C\u00c9RAMIQUES ET TAPISSERIES DU XXE SI\u00c8CLE - Librairie 7L","isPartOf":{"@id":"https:\/\/librairie7l.com\/en\/#website"},"datePublished":"2023-05-10T12:30:51+00:00","dateModified":"2026-04-26T07:03:40+00:00","breadcrumb":{"@id":"https:\/\/librairie7l.com\/en\/produit\/guidette-carbonell-ceramiques-et-tapisseries-du-xxe-siecle\/#breadcrumb"},"inLanguage":"en-US","potentialAction":[{"@type":"ReadAction","target":["https:\/\/librairie7l.com\/en\/produit\/guidette-carbonell-ceramiques-et-tapisseries-du-xxe-siecle\/"]}]},{"@type":"BreadcrumbList","@id":"https:\/\/librairie7l.com\/en\/produit\/guidette-carbonell-ceramiques-et-tapisseries-du-xxe-siecle\/#breadcrumb","itemListElement":[{"@type":"ListItem","position":1,"name":"Accueil","item":"https:\/\/librairie7l.com\/en\/"},{"@type":"ListItem","position":2,"name":"Shop","item":"https:\/\/librairie7l.com\/en\/shop\/"},{"@type":"ListItem","position":3,"name":"GUIDETTE CARBONELL ; C\u00c9RAMIQUES ET TAPISSERIES DU XXE SI\u00c8CLE"}]},{"@type":"WebSite","@id":"https:\/\/librairie7l.com\/en\/#website","url":"https:\/\/librairie7l.com\/en\/","name":"Librairie 7L","description":"Librairie fond\u00e9e en 1999 par Karl Lagerfeld \u00e0 Paris","publisher":{"@id":"https:\/\/librairie7l.com\/en\/#organization"},"potentialAction":[{"@type":"SearchAction","target":{"@type":"EntryPoint","urlTemplate":"https:\/\/librairie7l.com\/en\/?s={search_term_string}"},"query-input":"required name=search_term_string"}],"inLanguage":"en-US"},{"@type":"Organization","@id":"https:\/\/librairie7l.com\/en\/#organization","name":"Librairie 7L","url":"https:\/\/librairie7l.com\/en\/","logo":{"@type":"ImageObject","inLanguage":"en-US","@id":"https:\/\/librairie7l.com\/en\/#\/schema\/logo\/image\/","url":"https:\/\/librairie7l.com\/wp-content\/uploads\/2022\/08\/logo-1.png","contentUrl":"https:\/\/librairie7l.com\/wp-content\/uploads\/2022\/08\/logo-1.png","width":227,"height":301,"caption":"Librairie 7L"},"image":{"@id":"https:\/\/librairie7l.com\/en\/#\/schema\/logo\/image\/"}}]}},"_links":{"self":[{"href":"https:\/\/librairie7l.com\/en\/wp-json\/wp\/v2\/product\/30315"}],"collection":[{"href":"https:\/\/librairie7l.com\/en\/wp-json\/wp\/v2\/product"}],"about":[{"href":"https:\/\/librairie7l.com\/en\/wp-json\/wp\/v2\/types\/product"}],"wp:featuredmedia":[{"embeddable":true,"href":"https:\/\/librairie7l.com\/en\/wp-json\/wp\/v2\/media\/30313"}],"wp:attachment":[{"href":"https:\/\/librairie7l.com\/en\/wp-json\/wp\/v2\/media?parent=30315"}],"wp:term":[{"taxonomy":"product_cat","embeddable":true,"href":"https:\/\/librairie7l.com\/en\/wp-json\/wp\/v2\/product_cat?post=30315"},{"taxonomy":"product_tag","embeddable":true,"href":"https:\/\/librairie7l.com\/en\/wp-json\/wp\/v2\/product_tag?post=30315"}],"curies":[{"name":"wp","href":"https:\/\/api.w.org\/{rel}","templated":true}]}}