{"id":31043,"date":"2023-05-10T14:49:45","date_gmt":"2023-05-10T12:49:45","guid":{"rendered":"https:\/\/librairie7l.com\/?post_type=product&#038;p=31043"},"modified":"2026-04-26T13:52:11","modified_gmt":"2026-04-26T11:52:11","slug":"fashion-altitude-mode-et-montagne-du-xviiie-siecle-a-nos-jours","status":"publish","type":"product","link":"https:\/\/librairie7l.com\/en\/produit\/fashion-altitude-mode-et-montagne-du-xviiie-siecle-a-nos-jours\/","title":{"rendered":"FASHION ALTITUDE ; MODE ET MONTAGNE DU XVIIIE SI\u00c8CLE \u00c0 NOS JOURS"},"content":{"rendered":"<p>Comment les v\u00eatements destin\u00e9s \u00e0 la fr\u00e9quentation de la neige et des cimes sont-ils n\u00e9s ? Comment leur aspect, leur fabrication, leurs codes ont-ils \u00e9volu\u00e9\u00a0?<br \/>\n\u00c0 la fin du XIXe si\u00e8cle, les convenances dictaient le code vestimentaire davantage que le confort et la protection contre les \u00e9l\u00e9ments. Et la pratique des sports de montagne ne se concevait pas sans \u00e9l\u00e9gance. Longues vestes blanches pour les femmes et paletots aux couleurs vives pour les hommes.<br \/>\nAu fil du temps, avec la d\u00e9mocratisation du tourisme en montagne et l&#8217;industrialisation de la confection, \u00e0 force d&#8217;inventivit\u00e9, on a cess\u00e9 de s&#8217;habiller et on s&#8217;est \u00e9quip\u00e9. Puis, les v\u00eatements de sport \u00e9tant devenus chauds, techniques, l\u00e9gers et performants, l&#8217;esth\u00e9tique et la mode ont repris le dessus.<br \/>\nLes lignes et les mati\u00e8res n\u00e9es sur les pentes ont conquis la vie quotidienne urbaine ; elles se remarquent jusque dans les d\u00e9fil\u00e9s des cr\u00e9ateurs. Moncler, Fusalp, Vuarnet sont install\u00e9s rue du Faubourg-Saint-Honor\u00e9, dans le Marais ou au Japon. Rossignol Apparel participe \u00e0 la fashion week de Milan et pr\u00f4ne le \u00ab\u00a0chic\u00a0\u00bb \u00e0 la montagne\u00a0\u00bb. Jean-Charles de Castelbajac \u00ab\u00a0habille\u00a0\u00bb des t\u00e9l\u00e9ph\u00e9riques, Chanel estampille des skis, et des carr\u00e9s Herm\u00e8s continuent d&#8217;illustrer les \u00ab\u00a0joies de la montagne\u00a0\u00bb. Au moment o\u00f9 l&#8217;inspiration vintage souffle sur les collections de v\u00eatements de sport, cette histoire tr\u00e8s document\u00e9e de la Fashion Altitude s\u00e9duira les fans de mode comme les dingues de sport.\u00a0 Ce livre accompagne une exposition de la Fondation Gl\u00e9nat qui se tiendra au couvent Sainte-C\u00e9cile, \u00e0 Grenoble, de novembre 2016 \u00e0 f\u00e9vrier 2017.<\/p>\n","protected":false},"excerpt":{"rendered":"<p>Comment les v\u00eatements destin\u00e9s \u00e0 la fr\u00e9quentation de la neige et des cimes sont-ils n\u00e9s ? Comment leur aspect, leur fabrication, leurs codes ont-ils \u00e9volu\u00e9\u00a0? \u00c0 la fin du XIXe si\u00e8cle, les convenances dictaient le code vestimentaire davantage que le confort et la protection contre les \u00e9l\u00e9ments. Et la pratique des sports de montagne ne [&hellip;]<\/p>\n","protected":false},"featured_media":31041,"template":"","meta":[],"product_cat":[55,2948,2957,19],"product_tag":[],"acf":[],"yoast_head":"<!-- This site is optimized with the Yoast SEO plugin v20.11 - https:\/\/yoast.com\/wordpress\/plugins\/seo\/ -->\n<title>FASHION ALTITUDE ; MODE ET MONTAGNE DU XVIIIE SI\u00c8CLE \u00c0 NOS JOURS - Librairie 7L<\/title>\n<meta name=\"robots\" content=\"index, follow, max-snippet:-1, max-image-preview:large, max-video-preview:-1\" \/>\n<link rel=\"canonical\" href=\"https:\/\/librairie7l.com\/en\/produit\/fashion-altitude-mode-et-montagne-du-xviiie-siecle-a-nos-jours\/\" \/>\n<meta property=\"og:locale\" content=\"en_US\" \/>\n<meta property=\"og:type\" content=\"article\" \/>\n<meta property=\"og:title\" content=\"FASHION ALTITUDE ; MODE ET MONTAGNE DU XVIIIE SI\u00c8CLE \u00c0 NOS JOURS - Librairie 7L\" \/>\n<meta property=\"og:description\" content=\"Comment les v\u00eatements destin\u00e9s \u00e0 la fr\u00e9quentation de la neige et des cimes sont-ils n\u00e9s ? Comment leur aspect, leur fabrication, leurs codes ont-ils \u00e9volu\u00e9\u00a0? \u00c0 la fin du XIXe si\u00e8cle, les convenances dictaient le code vestimentaire davantage que le confort et la protection contre les \u00e9l\u00e9ments. Et la pratique des sports de montagne ne [&hellip;]\" \/>\n<meta property=\"og:url\" content=\"https:\/\/librairie7l.com\/en\/produit\/fashion-altitude-mode-et-montagne-du-xviiie-siecle-a-nos-jours\/\" \/>\n<meta property=\"og:site_name\" content=\"Librairie 7L\" \/>\n<meta property=\"article:modified_time\" content=\"2026-04-26T11:52:11+00:00\" \/>\n<meta property=\"og:image\" content=\"https:\/\/librairie7l.com\/wp-content\/uploads\/2016\/07\/9782344018194_1_75.jpg\" \/>\n\t<meta property=\"og:image:width\" content=\"542\" \/>\n\t<meta property=\"og:image:height\" content=\"709\" \/>\n\t<meta property=\"og:image:type\" content=\"image\/jpeg\" \/>\n<meta name=\"twitter:card\" content=\"summary_large_image\" \/>\n<meta name=\"twitter:label1\" content=\"Est. reading time\" \/>\n\t<meta name=\"twitter:data1\" content=\"1 minute\" \/>\n<script type=\"application\/ld+json\" class=\"yoast-schema-graph\">{\"@context\":\"https:\/\/schema.org\",\"@graph\":[{\"@type\":\"WebPage\",\"@id\":\"https:\/\/librairie7l.com\/en\/produit\/fashion-altitude-mode-et-montagne-du-xviiie-siecle-a-nos-jours\/\",\"url\":\"https:\/\/librairie7l.com\/en\/produit\/fashion-altitude-mode-et-montagne-du-xviiie-siecle-a-nos-jours\/\",\"name\":\"FASHION ALTITUDE ; MODE ET MONTAGNE DU XVIIIE SI\u00c8CLE \u00c0 NOS JOURS - Librairie 7L\",\"isPartOf\":{\"@id\":\"https:\/\/librairie7l.com\/en\/#website\"},\"datePublished\":\"2023-05-10T12:49:45+00:00\",\"dateModified\":\"2026-04-26T11:52:11+00:00\",\"breadcrumb\":{\"@id\":\"https:\/\/librairie7l.com\/en\/produit\/fashion-altitude-mode-et-montagne-du-xviiie-siecle-a-nos-jours\/#breadcrumb\"},\"inLanguage\":\"en-US\",\"potentialAction\":[{\"@type\":\"ReadAction\",\"target\":[\"https:\/\/librairie7l.com\/en\/produit\/fashion-altitude-mode-et-montagne-du-xviiie-siecle-a-nos-jours\/\"]}]},{\"@type\":\"BreadcrumbList\",\"@id\":\"https:\/\/librairie7l.com\/en\/produit\/fashion-altitude-mode-et-montagne-du-xviiie-siecle-a-nos-jours\/#breadcrumb\",\"itemListElement\":[{\"@type\":\"ListItem\",\"position\":1,\"name\":\"Accueil\",\"item\":\"https:\/\/librairie7l.com\/en\/\"},{\"@type\":\"ListItem\",\"position\":2,\"name\":\"Shop\",\"item\":\"https:\/\/librairie7l.com\/en\/shop\/\"},{\"@type\":\"ListItem\",\"position\":3,\"name\":\"FASHION ALTITUDE ; MODE ET MONTAGNE DU XVIIIE SI\u00c8CLE \u00c0 NOS JOURS\"}]},{\"@type\":\"WebSite\",\"@id\":\"https:\/\/librairie7l.com\/en\/#website\",\"url\":\"https:\/\/librairie7l.com\/en\/\",\"name\":\"Librairie 7L\",\"description\":\"Librairie fond\u00e9e en 1999 par Karl Lagerfeld \u00e0 Paris\",\"publisher\":{\"@id\":\"https:\/\/librairie7l.com\/en\/#organization\"},\"potentialAction\":[{\"@type\":\"SearchAction\",\"target\":{\"@type\":\"EntryPoint\",\"urlTemplate\":\"https:\/\/librairie7l.com\/en\/?s={search_term_string}\"},\"query-input\":\"required name=search_term_string\"}],\"inLanguage\":\"en-US\"},{\"@type\":\"Organization\",\"@id\":\"https:\/\/librairie7l.com\/en\/#organization\",\"name\":\"Librairie 7L\",\"url\":\"https:\/\/librairie7l.com\/en\/\",\"logo\":{\"@type\":\"ImageObject\",\"inLanguage\":\"en-US\",\"@id\":\"https:\/\/librairie7l.com\/en\/#\/schema\/logo\/image\/\",\"url\":\"https:\/\/librairie7l.com\/wp-content\/uploads\/2022\/08\/logo-1.png\",\"contentUrl\":\"https:\/\/librairie7l.com\/wp-content\/uploads\/2022\/08\/logo-1.png\",\"width\":227,\"height\":301,\"caption\":\"Librairie 7L\"},\"image\":{\"@id\":\"https:\/\/librairie7l.com\/en\/#\/schema\/logo\/image\/\"}}]}<\/script>\n<!-- \/ Yoast SEO plugin. -->","yoast_head_json":{"title":"FASHION ALTITUDE ; MODE ET MONTAGNE DU XVIIIE SI\u00c8CLE \u00c0 NOS JOURS - Librairie 7L","robots":{"index":"index","follow":"follow","max-snippet":"max-snippet:-1","max-image-preview":"max-image-preview:large","max-video-preview":"max-video-preview:-1"},"canonical":"https:\/\/librairie7l.com\/en\/produit\/fashion-altitude-mode-et-montagne-du-xviiie-siecle-a-nos-jours\/","og_locale":"en_US","og_type":"article","og_title":"FASHION ALTITUDE ; MODE ET MONTAGNE DU XVIIIE SI\u00c8CLE \u00c0 NOS JOURS - Librairie 7L","og_description":"Comment les v\u00eatements destin\u00e9s \u00e0 la fr\u00e9quentation de la neige et des cimes sont-ils n\u00e9s ? Comment leur aspect, leur fabrication, leurs codes ont-ils \u00e9volu\u00e9\u00a0? \u00c0 la fin du XIXe si\u00e8cle, les convenances dictaient le code vestimentaire davantage que le confort et la protection contre les \u00e9l\u00e9ments. Et la pratique des sports de montagne ne [&hellip;]","og_url":"https:\/\/librairie7l.com\/en\/produit\/fashion-altitude-mode-et-montagne-du-xviiie-siecle-a-nos-jours\/","og_site_name":"Librairie 7L","article_modified_time":"2026-04-26T11:52:11+00:00","og_image":[{"width":542,"height":709,"url":"https:\/\/librairie7l.com\/wp-content\/uploads\/2016\/07\/9782344018194_1_75.jpg","type":"image\/jpeg"}],"twitter_card":"summary_large_image","twitter_misc":{"Est. reading time":"1 minute"},"schema":{"@context":"https:\/\/schema.org","@graph":[{"@type":"WebPage","@id":"https:\/\/librairie7l.com\/en\/produit\/fashion-altitude-mode-et-montagne-du-xviiie-siecle-a-nos-jours\/","url":"https:\/\/librairie7l.com\/en\/produit\/fashion-altitude-mode-et-montagne-du-xviiie-siecle-a-nos-jours\/","name":"FASHION ALTITUDE ; MODE ET MONTAGNE DU XVIIIE SI\u00c8CLE \u00c0 NOS JOURS - Librairie 7L","isPartOf":{"@id":"https:\/\/librairie7l.com\/en\/#website"},"datePublished":"2023-05-10T12:49:45+00:00","dateModified":"2026-04-26T11:52:11+00:00","breadcrumb":{"@id":"https:\/\/librairie7l.com\/en\/produit\/fashion-altitude-mode-et-montagne-du-xviiie-siecle-a-nos-jours\/#breadcrumb"},"inLanguage":"en-US","potentialAction":[{"@type":"ReadAction","target":["https:\/\/librairie7l.com\/en\/produit\/fashion-altitude-mode-et-montagne-du-xviiie-siecle-a-nos-jours\/"]}]},{"@type":"BreadcrumbList","@id":"https:\/\/librairie7l.com\/en\/produit\/fashion-altitude-mode-et-montagne-du-xviiie-siecle-a-nos-jours\/#breadcrumb","itemListElement":[{"@type":"ListItem","position":1,"name":"Accueil","item":"https:\/\/librairie7l.com\/en\/"},{"@type":"ListItem","position":2,"name":"Shop","item":"https:\/\/librairie7l.com\/en\/shop\/"},{"@type":"ListItem","position":3,"name":"FASHION ALTITUDE ; MODE ET MONTAGNE DU XVIIIE SI\u00c8CLE \u00c0 NOS JOURS"}]},{"@type":"WebSite","@id":"https:\/\/librairie7l.com\/en\/#website","url":"https:\/\/librairie7l.com\/en\/","name":"Librairie 7L","description":"Librairie fond\u00e9e en 1999 par Karl Lagerfeld \u00e0 Paris","publisher":{"@id":"https:\/\/librairie7l.com\/en\/#organization"},"potentialAction":[{"@type":"SearchAction","target":{"@type":"EntryPoint","urlTemplate":"https:\/\/librairie7l.com\/en\/?s={search_term_string}"},"query-input":"required name=search_term_string"}],"inLanguage":"en-US"},{"@type":"Organization","@id":"https:\/\/librairie7l.com\/en\/#organization","name":"Librairie 7L","url":"https:\/\/librairie7l.com\/en\/","logo":{"@type":"ImageObject","inLanguage":"en-US","@id":"https:\/\/librairie7l.com\/en\/#\/schema\/logo\/image\/","url":"https:\/\/librairie7l.com\/wp-content\/uploads\/2022\/08\/logo-1.png","contentUrl":"https:\/\/librairie7l.com\/wp-content\/uploads\/2022\/08\/logo-1.png","width":227,"height":301,"caption":"Librairie 7L"},"image":{"@id":"https:\/\/librairie7l.com\/en\/#\/schema\/logo\/image\/"}}]}},"_links":{"self":[{"href":"https:\/\/librairie7l.com\/en\/wp-json\/wp\/v2\/product\/31043"}],"collection":[{"href":"https:\/\/librairie7l.com\/en\/wp-json\/wp\/v2\/product"}],"about":[{"href":"https:\/\/librairie7l.com\/en\/wp-json\/wp\/v2\/types\/product"}],"wp:featuredmedia":[{"embeddable":true,"href":"https:\/\/librairie7l.com\/en\/wp-json\/wp\/v2\/media\/31041"}],"wp:attachment":[{"href":"https:\/\/librairie7l.com\/en\/wp-json\/wp\/v2\/media?parent=31043"}],"wp:term":[{"taxonomy":"product_cat","embeddable":true,"href":"https:\/\/librairie7l.com\/en\/wp-json\/wp\/v2\/product_cat?post=31043"},{"taxonomy":"product_tag","embeddable":true,"href":"https:\/\/librairie7l.com\/en\/wp-json\/wp\/v2\/product_tag?post=31043"}],"curies":[{"name":"wp","href":"https:\/\/api.w.org\/{rel}","templated":true}]}}