{"id":32111,"date":"2023-05-10T15:15:27","date_gmt":"2023-05-10T13:15:27","guid":{"rendered":"https:\/\/librairie7l.com\/?post_type=product&#038;p=32111"},"modified":"2026-05-01T06:41:26","modified_gmt":"2026-05-01T04:41:26","slug":"gardar-eide-einarsson","status":"publish","type":"product","link":"https:\/\/librairie7l.com\/en\/produit\/gardar-eide-einarsson\/","title":{"rendered":"GARDAR EIDE EINARSSON"},"content":{"rendered":"<p>Premi\u00e8re monographie : une vue d&#8217;ensemble du travail de l&#8217;artiste norv\u00e9gien qui explore les repr\u00e9sentations de l&#8217;autorit\u00e9 et de leurs ambig\u00fcit\u00e9s en r\u00e9activant un vocabulaire formel \u00ab post-minimaliste \u00bb, partant d&#8217;images pr\u00e9existantes qu&#8217;il importe dans le champ de l&#8217;art en peinture, photographies ou volumes, souvent de grand format, en noir et blanc.<br \/>\nAu cours des dix derni\u00e8res ann\u00e9es, les expositions de Gardar Eide Einarsson ont suivi une trajectoire th\u00e9matique coh\u00e9rente, d\u00e9veloppant ce que l&#8217;on peut appeler une \u00ab iconographie de la r\u00e9sistance \u00bb. Les signes et les symboles r\u00e9currents dans l&#8217;oeuvre de Einarsson se r\u00e9f\u00e8rent principalement aux manifestations d&#8217;une opposition fondamentale entre un contr\u00f4le \u00e9tatique renforc\u00e9 depuis le 11 septembre et la r\u00e9sistance de l&#8217;individu face \u00e0 ce pouvoir central.<br \/>\nCet ouvrage constitue la premi\u00e8re monographie de l&#8217;artiste. Abondemment illsutr\u00e9, il contient une vaste s\u00e9lection de documents relatifs \u00e0 ses travaux depuis les ann\u00e9es 2000 ainsi que trois \u00e9tudes sur son oeuvre men\u00e9es par Bob Nickas, Nick Land et Martin Herbert.<\/p>\n","protected":false},"excerpt":{"rendered":"<p>Premi\u00e8re monographie : une vue d&#8217;ensemble du travail de l&#8217;artiste norv\u00e9gien qui explore les repr\u00e9sentations de l&#8217;autorit\u00e9 et de leurs ambig\u00fcit\u00e9s en r\u00e9activant un vocabulaire formel \u00ab post-minimaliste \u00bb, partant d&#8217;images pr\u00e9existantes qu&#8217;il importe dans le champ de l&#8217;art en peinture, photographies ou volumes, souvent de grand format, en noir et blanc. Au cours des [&hellip;]<\/p>\n","protected":false},"featured_media":32109,"template":"","meta":[],"product_cat":[55,2948,47,2953],"product_tag":[],"acf":[],"yoast_head":"<!-- This site is optimized with the Yoast SEO plugin v20.11 - https:\/\/yoast.com\/wordpress\/plugins\/seo\/ -->\n<title>GARDAR EIDE EINARSSON - Librairie 7L<\/title>\n<meta name=\"robots\" content=\"index, follow, max-snippet:-1, max-image-preview:large, max-video-preview:-1\" \/>\n<link rel=\"canonical\" href=\"https:\/\/librairie7l.com\/en\/produit\/gardar-eide-einarsson\/\" \/>\n<meta property=\"og:locale\" content=\"en_US\" \/>\n<meta property=\"og:type\" content=\"article\" \/>\n<meta property=\"og:title\" content=\"GARDAR EIDE EINARSSON - Librairie 7L\" \/>\n<meta property=\"og:description\" content=\"Premi\u00e8re monographie : une vue d&#8217;ensemble du travail de l&#8217;artiste norv\u00e9gien qui explore les repr\u00e9sentations de l&#8217;autorit\u00e9 et de leurs ambig\u00fcit\u00e9s en r\u00e9activant un vocabulaire formel \u00ab post-minimaliste \u00bb, partant d&#8217;images pr\u00e9existantes qu&#8217;il importe dans le champ de l&#8217;art en peinture, photographies ou volumes, souvent de grand format, en noir et blanc. Au cours des [&hellip;]\" \/>\n<meta property=\"og:url\" content=\"https:\/\/librairie7l.com\/en\/produit\/gardar-eide-einarsson\/\" \/>\n<meta property=\"og:site_name\" content=\"Librairie 7L\" \/>\n<meta property=\"article:modified_time\" content=\"2026-05-01T04:41:26+00:00\" \/>\n<meta property=\"og:image\" content=\"https:\/\/librairie7l.com\/wp-content\/uploads\/2013\/09\/9783943365771_1_75.jpg\" \/>\n\t<meta property=\"og:image:width\" content=\"238\" \/>\n\t<meta property=\"og:image:height\" content=\"300\" \/>\n\t<meta property=\"og:image:type\" content=\"image\/jpeg\" \/>\n<meta name=\"twitter:card\" content=\"summary_large_image\" \/>\n<meta name=\"twitter:label1\" content=\"Est. reading time\" \/>\n\t<meta name=\"twitter:data1\" content=\"1 minute\" \/>\n<script type=\"application\/ld+json\" class=\"yoast-schema-graph\">{\"@context\":\"https:\/\/schema.org\",\"@graph\":[{\"@type\":\"WebPage\",\"@id\":\"https:\/\/librairie7l.com\/en\/produit\/gardar-eide-einarsson\/\",\"url\":\"https:\/\/librairie7l.com\/en\/produit\/gardar-eide-einarsson\/\",\"name\":\"GARDAR EIDE EINARSSON - Librairie 7L\",\"isPartOf\":{\"@id\":\"https:\/\/librairie7l.com\/en\/#website\"},\"datePublished\":\"2023-05-10T13:15:27+00:00\",\"dateModified\":\"2026-05-01T04:41:26+00:00\",\"breadcrumb\":{\"@id\":\"https:\/\/librairie7l.com\/en\/produit\/gardar-eide-einarsson\/#breadcrumb\"},\"inLanguage\":\"en-US\",\"potentialAction\":[{\"@type\":\"ReadAction\",\"target\":[\"https:\/\/librairie7l.com\/en\/produit\/gardar-eide-einarsson\/\"]}]},{\"@type\":\"BreadcrumbList\",\"@id\":\"https:\/\/librairie7l.com\/en\/produit\/gardar-eide-einarsson\/#breadcrumb\",\"itemListElement\":[{\"@type\":\"ListItem\",\"position\":1,\"name\":\"Accueil\",\"item\":\"https:\/\/librairie7l.com\/en\/\"},{\"@type\":\"ListItem\",\"position\":2,\"name\":\"Shop\",\"item\":\"https:\/\/librairie7l.com\/en\/shop\/\"},{\"@type\":\"ListItem\",\"position\":3,\"name\":\"GARDAR EIDE EINARSSON\"}]},{\"@type\":\"WebSite\",\"@id\":\"https:\/\/librairie7l.com\/en\/#website\",\"url\":\"https:\/\/librairie7l.com\/en\/\",\"name\":\"Librairie 7L\",\"description\":\"Librairie fond\u00e9e en 1999 par Karl Lagerfeld \u00e0 Paris\",\"publisher\":{\"@id\":\"https:\/\/librairie7l.com\/en\/#organization\"},\"potentialAction\":[{\"@type\":\"SearchAction\",\"target\":{\"@type\":\"EntryPoint\",\"urlTemplate\":\"https:\/\/librairie7l.com\/en\/?s={search_term_string}\"},\"query-input\":\"required name=search_term_string\"}],\"inLanguage\":\"en-US\"},{\"@type\":\"Organization\",\"@id\":\"https:\/\/librairie7l.com\/en\/#organization\",\"name\":\"Librairie 7L\",\"url\":\"https:\/\/librairie7l.com\/en\/\",\"logo\":{\"@type\":\"ImageObject\",\"inLanguage\":\"en-US\",\"@id\":\"https:\/\/librairie7l.com\/en\/#\/schema\/logo\/image\/\",\"url\":\"https:\/\/librairie7l.com\/wp-content\/uploads\/2022\/08\/logo-1.png\",\"contentUrl\":\"https:\/\/librairie7l.com\/wp-content\/uploads\/2022\/08\/logo-1.png\",\"width\":227,\"height\":301,\"caption\":\"Librairie 7L\"},\"image\":{\"@id\":\"https:\/\/librairie7l.com\/en\/#\/schema\/logo\/image\/\"}}]}<\/script>\n<!-- \/ Yoast SEO plugin. -->","yoast_head_json":{"title":"GARDAR EIDE EINARSSON - Librairie 7L","robots":{"index":"index","follow":"follow","max-snippet":"max-snippet:-1","max-image-preview":"max-image-preview:large","max-video-preview":"max-video-preview:-1"},"canonical":"https:\/\/librairie7l.com\/en\/produit\/gardar-eide-einarsson\/","og_locale":"en_US","og_type":"article","og_title":"GARDAR EIDE EINARSSON - Librairie 7L","og_description":"Premi\u00e8re monographie : une vue d&#8217;ensemble du travail de l&#8217;artiste norv\u00e9gien qui explore les repr\u00e9sentations de l&#8217;autorit\u00e9 et de leurs ambig\u00fcit\u00e9s en r\u00e9activant un vocabulaire formel \u00ab post-minimaliste \u00bb, partant d&#8217;images pr\u00e9existantes qu&#8217;il importe dans le champ de l&#8217;art en peinture, photographies ou volumes, souvent de grand format, en noir et blanc. Au cours des [&hellip;]","og_url":"https:\/\/librairie7l.com\/en\/produit\/gardar-eide-einarsson\/","og_site_name":"Librairie 7L","article_modified_time":"2026-05-01T04:41:26+00:00","og_image":[{"width":238,"height":300,"url":"https:\/\/librairie7l.com\/wp-content\/uploads\/2013\/09\/9783943365771_1_75.jpg","type":"image\/jpeg"}],"twitter_card":"summary_large_image","twitter_misc":{"Est. reading time":"1 minute"},"schema":{"@context":"https:\/\/schema.org","@graph":[{"@type":"WebPage","@id":"https:\/\/librairie7l.com\/en\/produit\/gardar-eide-einarsson\/","url":"https:\/\/librairie7l.com\/en\/produit\/gardar-eide-einarsson\/","name":"GARDAR EIDE EINARSSON - Librairie 7L","isPartOf":{"@id":"https:\/\/librairie7l.com\/en\/#website"},"datePublished":"2023-05-10T13:15:27+00:00","dateModified":"2026-05-01T04:41:26+00:00","breadcrumb":{"@id":"https:\/\/librairie7l.com\/en\/produit\/gardar-eide-einarsson\/#breadcrumb"},"inLanguage":"en-US","potentialAction":[{"@type":"ReadAction","target":["https:\/\/librairie7l.com\/en\/produit\/gardar-eide-einarsson\/"]}]},{"@type":"BreadcrumbList","@id":"https:\/\/librairie7l.com\/en\/produit\/gardar-eide-einarsson\/#breadcrumb","itemListElement":[{"@type":"ListItem","position":1,"name":"Accueil","item":"https:\/\/librairie7l.com\/en\/"},{"@type":"ListItem","position":2,"name":"Shop","item":"https:\/\/librairie7l.com\/en\/shop\/"},{"@type":"ListItem","position":3,"name":"GARDAR EIDE EINARSSON"}]},{"@type":"WebSite","@id":"https:\/\/librairie7l.com\/en\/#website","url":"https:\/\/librairie7l.com\/en\/","name":"Librairie 7L","description":"Librairie fond\u00e9e en 1999 par Karl Lagerfeld \u00e0 Paris","publisher":{"@id":"https:\/\/librairie7l.com\/en\/#organization"},"potentialAction":[{"@type":"SearchAction","target":{"@type":"EntryPoint","urlTemplate":"https:\/\/librairie7l.com\/en\/?s={search_term_string}"},"query-input":"required name=search_term_string"}],"inLanguage":"en-US"},{"@type":"Organization","@id":"https:\/\/librairie7l.com\/en\/#organization","name":"Librairie 7L","url":"https:\/\/librairie7l.com\/en\/","logo":{"@type":"ImageObject","inLanguage":"en-US","@id":"https:\/\/librairie7l.com\/en\/#\/schema\/logo\/image\/","url":"https:\/\/librairie7l.com\/wp-content\/uploads\/2022\/08\/logo-1.png","contentUrl":"https:\/\/librairie7l.com\/wp-content\/uploads\/2022\/08\/logo-1.png","width":227,"height":301,"caption":"Librairie 7L"},"image":{"@id":"https:\/\/librairie7l.com\/en\/#\/schema\/logo\/image\/"}}]}},"_links":{"self":[{"href":"https:\/\/librairie7l.com\/en\/wp-json\/wp\/v2\/product\/32111"}],"collection":[{"href":"https:\/\/librairie7l.com\/en\/wp-json\/wp\/v2\/product"}],"about":[{"href":"https:\/\/librairie7l.com\/en\/wp-json\/wp\/v2\/types\/product"}],"wp:featuredmedia":[{"embeddable":true,"href":"https:\/\/librairie7l.com\/en\/wp-json\/wp\/v2\/media\/32109"}],"wp:attachment":[{"href":"https:\/\/librairie7l.com\/en\/wp-json\/wp\/v2\/media?parent=32111"}],"wp:term":[{"taxonomy":"product_cat","embeddable":true,"href":"https:\/\/librairie7l.com\/en\/wp-json\/wp\/v2\/product_cat?post=32111"},{"taxonomy":"product_tag","embeddable":true,"href":"https:\/\/librairie7l.com\/en\/wp-json\/wp\/v2\/product_tag?post=32111"}],"curies":[{"name":"wp","href":"https:\/\/api.w.org\/{rel}","templated":true}]}}