{"id":33739,"date":"2023-09-19T13:33:31","date_gmt":"2023-09-19T11:33:31","guid":{"rendered":"https:\/\/librairie7l.com\/?post_type=product&#038;p=33739"},"modified":"2026-04-29T22:59:25","modified_gmt":"2026-04-29T20:59:25","slug":"neo-rauch-le-songe-de-la-raison","status":"publish","type":"product","link":"https:\/\/librairie7l.com\/en\/produit\/neo-rauch-le-songe-de-la-raison\/","title":{"rendered":"NEO RAUCH : LE SONGE DE LA RAISON"},"content":{"rendered":"<p>Du 8 juillet au 15 octobre 2023, le MO.CO. organise la premi\u00e8re r\u00e9trospective fran\u00e7aise du peintre Neo Rauch.<br \/>\nSes peintures \u00e9nigmatiques et \u00e9quivoques exigent le temps long du regard pour approcher toute la complexit\u00e9 de leur composition, leurs jeux d&#8217;\u00e9chelle et l&#8217;abondance des symboles. Elles tissent des liens inattendus entre les \u00e9poques et les lieux, entre l&#8217;histoire et le pr\u00e9sent, et s&#8217;appuient sur de savantes r\u00e9f\u00e9rences \u00e0 la Renaissance italienne, au romantisme allemand ou encore au r\u00e9alisme socialiste.<br \/>\nNeo Rauch invente une peinture \u00ab comme un r\u00eave \u00bb qui embo\u00eete les sc\u00e8nes et les allusions, offrant au spectateur autant de r\u00e9flexions \u00e0 sens libres et multiples sur l&#8217;histoire, l&#8217;h\u00e9ritage, le pouvoir de l&#8217;art, le r\u00f4le de l&#8217;artiste ou les impasses de nos soci\u00e9t\u00e9s contemporaines.<br \/>\n\u00c0 hauteur de l&#8217;ambition de l&#8217;\u00e9v\u00e8nement, l&#8217;exposition du MO.CO.<br \/>\nR\u00e9unit une centaines d&#8217;oeuvres de l&#8217;artiste dont plus de quarante toiles, souvent de formats impressionnants. Intitul\u00e9e Le songe de la raison, d&#8217;apr\u00e8s la gravure de Goya El sue\u00f1o de la razon produce monstruos dont s&#8217;est parfois inspir\u00e9 Neo Rauch, cette r\u00e9trospective s&#8217;attache \u00e0 retracer le parcours singulier du peintre du d\u00e9but des ann\u00e9es 90 \u00e0 nos jours. Apr\u00e8s une vaste s\u00e9lection de dessins et d&#8217;aquarelles s&#8217;\u00e9talant de 1990 \u00e0 2021, la r\u00e9trospective d\u00e9ploie sur les trois plateaux du MO.CO. un ensemble de toiles majeures emprunt\u00e9es \u00e0 de nombreux collectionneurs et mus\u00e9es \u00e9trangers, jamais expos\u00e9es en France auparavant.<br \/>\nL&#8217;ouvrage \u00e0 la fabrication originale et soign\u00e9e est la premi\u00e8re publication en fran\u00e7ais sur Neo Rauch, avec notamment un entretien de l&#8217;artiste et une soixantaine d&#8217;oeuvres s\u00e9lectionn\u00e9es.<\/p>\n","protected":false},"excerpt":{"rendered":"<p>Du 8 juillet au 15 octobre 2023, le MO.CO. organise la premi\u00e8re r\u00e9trospective fran\u00e7aise du peintre Neo Rauch. Ses peintures \u00e9nigmatiques et \u00e9quivoques exigent le temps long du regard pour approcher toute la complexit\u00e9 de leur composition, leurs jeux d&#8217;\u00e9chelle et l&#8217;abondance des symboles. Elles tissent des liens inattendus entre les \u00e9poques et les lieux, [&hellip;]<\/p>\n","protected":false},"featured_media":0,"template":"","meta":[],"product_cat":[2948,2953],"product_tag":[],"acf":[],"yoast_head":"<!-- This site is optimized with the Yoast SEO plugin v20.11 - https:\/\/yoast.com\/wordpress\/plugins\/seo\/ -->\n<title>NEO RAUCH : LE SONGE DE LA RAISON - Librairie 7L<\/title>\n<meta name=\"robots\" content=\"index, follow, max-snippet:-1, max-image-preview:large, max-video-preview:-1\" \/>\n<link rel=\"canonical\" href=\"https:\/\/librairie7l.com\/en\/produit\/neo-rauch-le-songe-de-la-raison\/\" \/>\n<meta property=\"og:locale\" content=\"en_US\" \/>\n<meta property=\"og:type\" content=\"article\" \/>\n<meta property=\"og:title\" content=\"NEO RAUCH : LE SONGE DE LA RAISON - Librairie 7L\" \/>\n<meta property=\"og:description\" content=\"Du 8 juillet au 15 octobre 2023, le MO.CO. organise la premi\u00e8re r\u00e9trospective fran\u00e7aise du peintre Neo Rauch. Ses peintures \u00e9nigmatiques et \u00e9quivoques exigent le temps long du regard pour approcher toute la complexit\u00e9 de leur composition, leurs jeux d&#8217;\u00e9chelle et l&#8217;abondance des symboles. Elles tissent des liens inattendus entre les \u00e9poques et les lieux, [&hellip;]\" \/>\n<meta property=\"og:url\" content=\"https:\/\/librairie7l.com\/en\/produit\/neo-rauch-le-songe-de-la-raison\/\" \/>\n<meta property=\"og:site_name\" content=\"Librairie 7L\" \/>\n<meta property=\"article:modified_time\" content=\"2026-04-29T20:59:25+00:00\" \/>\n<meta name=\"twitter:card\" content=\"summary_large_image\" \/>\n<meta name=\"twitter:label1\" content=\"Est. reading time\" \/>\n\t<meta name=\"twitter:data1\" content=\"1 minute\" \/>\n<script type=\"application\/ld+json\" class=\"yoast-schema-graph\">{\"@context\":\"https:\/\/schema.org\",\"@graph\":[{\"@type\":\"WebPage\",\"@id\":\"https:\/\/librairie7l.com\/en\/produit\/neo-rauch-le-songe-de-la-raison\/\",\"url\":\"https:\/\/librairie7l.com\/en\/produit\/neo-rauch-le-songe-de-la-raison\/\",\"name\":\"NEO RAUCH : LE SONGE DE LA RAISON - Librairie 7L\",\"isPartOf\":{\"@id\":\"https:\/\/librairie7l.com\/en\/#website\"},\"datePublished\":\"2023-09-19T11:33:31+00:00\",\"dateModified\":\"2026-04-29T20:59:25+00:00\",\"breadcrumb\":{\"@id\":\"https:\/\/librairie7l.com\/en\/produit\/neo-rauch-le-songe-de-la-raison\/#breadcrumb\"},\"inLanguage\":\"en-US\",\"potentialAction\":[{\"@type\":\"ReadAction\",\"target\":[\"https:\/\/librairie7l.com\/en\/produit\/neo-rauch-le-songe-de-la-raison\/\"]}]},{\"@type\":\"BreadcrumbList\",\"@id\":\"https:\/\/librairie7l.com\/en\/produit\/neo-rauch-le-songe-de-la-raison\/#breadcrumb\",\"itemListElement\":[{\"@type\":\"ListItem\",\"position\":1,\"name\":\"Accueil\",\"item\":\"https:\/\/librairie7l.com\/en\/\"},{\"@type\":\"ListItem\",\"position\":2,\"name\":\"Shop\",\"item\":\"https:\/\/librairie7l.com\/en\/shop\/\"},{\"@type\":\"ListItem\",\"position\":3,\"name\":\"NEO RAUCH : LE SONGE DE LA RAISON\"}]},{\"@type\":\"WebSite\",\"@id\":\"https:\/\/librairie7l.com\/en\/#website\",\"url\":\"https:\/\/librairie7l.com\/en\/\",\"name\":\"Librairie 7L\",\"description\":\"Librairie fond\u00e9e en 1999 par Karl Lagerfeld \u00e0 Paris\",\"publisher\":{\"@id\":\"https:\/\/librairie7l.com\/en\/#organization\"},\"potentialAction\":[{\"@type\":\"SearchAction\",\"target\":{\"@type\":\"EntryPoint\",\"urlTemplate\":\"https:\/\/librairie7l.com\/en\/?s={search_term_string}\"},\"query-input\":\"required name=search_term_string\"}],\"inLanguage\":\"en-US\"},{\"@type\":\"Organization\",\"@id\":\"https:\/\/librairie7l.com\/en\/#organization\",\"name\":\"Librairie 7L\",\"url\":\"https:\/\/librairie7l.com\/en\/\",\"logo\":{\"@type\":\"ImageObject\",\"inLanguage\":\"en-US\",\"@id\":\"https:\/\/librairie7l.com\/en\/#\/schema\/logo\/image\/\",\"url\":\"https:\/\/librairie7l.com\/wp-content\/uploads\/2022\/08\/logo-1.png\",\"contentUrl\":\"https:\/\/librairie7l.com\/wp-content\/uploads\/2022\/08\/logo-1.png\",\"width\":227,\"height\":301,\"caption\":\"Librairie 7L\"},\"image\":{\"@id\":\"https:\/\/librairie7l.com\/en\/#\/schema\/logo\/image\/\"}}]}<\/script>\n<!-- \/ Yoast SEO plugin. -->","yoast_head_json":{"title":"NEO RAUCH : LE SONGE DE LA RAISON - Librairie 7L","robots":{"index":"index","follow":"follow","max-snippet":"max-snippet:-1","max-image-preview":"max-image-preview:large","max-video-preview":"max-video-preview:-1"},"canonical":"https:\/\/librairie7l.com\/en\/produit\/neo-rauch-le-songe-de-la-raison\/","og_locale":"en_US","og_type":"article","og_title":"NEO RAUCH : LE SONGE DE LA RAISON - Librairie 7L","og_description":"Du 8 juillet au 15 octobre 2023, le MO.CO. organise la premi\u00e8re r\u00e9trospective fran\u00e7aise du peintre Neo Rauch. Ses peintures \u00e9nigmatiques et \u00e9quivoques exigent le temps long du regard pour approcher toute la complexit\u00e9 de leur composition, leurs jeux d&#8217;\u00e9chelle et l&#8217;abondance des symboles. Elles tissent des liens inattendus entre les \u00e9poques et les lieux, [&hellip;]","og_url":"https:\/\/librairie7l.com\/en\/produit\/neo-rauch-le-songe-de-la-raison\/","og_site_name":"Librairie 7L","article_modified_time":"2026-04-29T20:59:25+00:00","twitter_card":"summary_large_image","twitter_misc":{"Est. reading time":"1 minute"},"schema":{"@context":"https:\/\/schema.org","@graph":[{"@type":"WebPage","@id":"https:\/\/librairie7l.com\/en\/produit\/neo-rauch-le-songe-de-la-raison\/","url":"https:\/\/librairie7l.com\/en\/produit\/neo-rauch-le-songe-de-la-raison\/","name":"NEO RAUCH : LE SONGE DE LA RAISON - Librairie 7L","isPartOf":{"@id":"https:\/\/librairie7l.com\/en\/#website"},"datePublished":"2023-09-19T11:33:31+00:00","dateModified":"2026-04-29T20:59:25+00:00","breadcrumb":{"@id":"https:\/\/librairie7l.com\/en\/produit\/neo-rauch-le-songe-de-la-raison\/#breadcrumb"},"inLanguage":"en-US","potentialAction":[{"@type":"ReadAction","target":["https:\/\/librairie7l.com\/en\/produit\/neo-rauch-le-songe-de-la-raison\/"]}]},{"@type":"BreadcrumbList","@id":"https:\/\/librairie7l.com\/en\/produit\/neo-rauch-le-songe-de-la-raison\/#breadcrumb","itemListElement":[{"@type":"ListItem","position":1,"name":"Accueil","item":"https:\/\/librairie7l.com\/en\/"},{"@type":"ListItem","position":2,"name":"Shop","item":"https:\/\/librairie7l.com\/en\/shop\/"},{"@type":"ListItem","position":3,"name":"NEO RAUCH : LE SONGE DE LA RAISON"}]},{"@type":"WebSite","@id":"https:\/\/librairie7l.com\/en\/#website","url":"https:\/\/librairie7l.com\/en\/","name":"Librairie 7L","description":"Librairie fond\u00e9e en 1999 par Karl Lagerfeld \u00e0 Paris","publisher":{"@id":"https:\/\/librairie7l.com\/en\/#organization"},"potentialAction":[{"@type":"SearchAction","target":{"@type":"EntryPoint","urlTemplate":"https:\/\/librairie7l.com\/en\/?s={search_term_string}"},"query-input":"required name=search_term_string"}],"inLanguage":"en-US"},{"@type":"Organization","@id":"https:\/\/librairie7l.com\/en\/#organization","name":"Librairie 7L","url":"https:\/\/librairie7l.com\/en\/","logo":{"@type":"ImageObject","inLanguage":"en-US","@id":"https:\/\/librairie7l.com\/en\/#\/schema\/logo\/image\/","url":"https:\/\/librairie7l.com\/wp-content\/uploads\/2022\/08\/logo-1.png","contentUrl":"https:\/\/librairie7l.com\/wp-content\/uploads\/2022\/08\/logo-1.png","width":227,"height":301,"caption":"Librairie 7L"},"image":{"@id":"https:\/\/librairie7l.com\/en\/#\/schema\/logo\/image\/"}}]}},"_links":{"self":[{"href":"https:\/\/librairie7l.com\/en\/wp-json\/wp\/v2\/product\/33739"}],"collection":[{"href":"https:\/\/librairie7l.com\/en\/wp-json\/wp\/v2\/product"}],"about":[{"href":"https:\/\/librairie7l.com\/en\/wp-json\/wp\/v2\/types\/product"}],"wp:attachment":[{"href":"https:\/\/librairie7l.com\/en\/wp-json\/wp\/v2\/media?parent=33739"}],"wp:term":[{"taxonomy":"product_cat","embeddable":true,"href":"https:\/\/librairie7l.com\/en\/wp-json\/wp\/v2\/product_cat?post=33739"},{"taxonomy":"product_tag","embeddable":true,"href":"https:\/\/librairie7l.com\/en\/wp-json\/wp\/v2\/product_tag?post=33739"}],"curies":[{"name":"wp","href":"https:\/\/api.w.org\/{rel}","templated":true}]}}