{"id":34275,"date":"2023-09-19T17:13:36","date_gmt":"2023-09-19T15:13:36","guid":{"rendered":"https:\/\/librairie7l.com\/?post_type=product&#038;p=34275"},"modified":"2026-04-26T20:06:30","modified_gmt":"2026-04-26T18:06:30","slug":"ethique-de-la-mode-feminine","status":"publish","type":"product","link":"https:\/\/librairie7l.com\/en\/produit\/ethique-de-la-mode-feminine\/","title":{"rendered":"\u00c9THIQUE DE LA MODE F\u00c9MININE"},"content":{"rendered":"<p>Existe-t-il une fa\u00e7on \u00e9thique pour les femmes de s&#8217;habiller ou de transformer<br \/>\nleur corps ? Qui est responsable de l&#8217;apparence des femmes dans nos soci\u00e9t\u00e9s :<br \/>\nles femmes elles-m\u00eames, les dessinateurs de mode ou l&#8217;industrie du marketing,<br \/>\ndu v\u00eatement et des cosm\u00e9tiques ? Les fillettes et les adolescentes per\u00e7oivent-<br \/>\nelles la mode comme un instrument d&#8217;asservissement ou de libert\u00e9 ? On peut<br \/>\nl\u00e9gitimement se demander si\u00a0 les femmes ont les moyens de faire preuve<br \/>\nd&#8217;\u00e9thique dans leurs choix de v\u00eatements, de coiffure et d&#8217;apparence corporelle,<br \/>\n\u00e9tant victimes d&#8217;un syst\u00e8me marchand qui les tyrannise sans rel\u00e2che. Les<br \/>\nacteurs de l&#8217;industrie de la mode peuvent-ils faire preuve d&#8217;\u00e9thique au niveau<br \/>\nde la cr\u00e9ation, de la production et de la commercialisation de leurs produits<br \/>\nsans risquer d&#8217;\u00eatre moins comp\u00e9titifs ? Autant de questions qui d\u00e9montrent<br \/>\nl&#8217;\u00e9tendue des dilemmes \u00e9thiques auxquels l&#8217;industrie de la mode f\u00e9minine est<br \/>\nconfront\u00e9e. Ouvrage publi\u00e9 sous la direction de Michel Dion, avocat et<br \/>\n\u00e9thicien, professeur titulaire au d\u00e9partement de management de la Facult\u00e9<br \/>\nd&#8217;administration de l&#8217;Universit\u00e9 de Sherbrooke (Canada), et de\u00a0Mariette<br \/>\nJulien,\u00a0docteur en communication, professeur \u00e0 l&#8217;\u00c9cole sup\u00e9rieure de mode de<br \/>\nMontr\u00e9al \u00e0 l&#8217;Universit\u00e9 du Qu\u00e9bec \u00e0 Montr\u00e9al. Ont contribu\u00e9 \u00e0 cet ouvrage :<br \/>\nDavid Le Breton (Universit\u00e9 Marc Bloch, Strasbourg), Michel Messu (Universit\u00e9<br \/>\nde Nantes), Marek Weltrowski (C\u00e9gep de Saint-Hyacinthe), Beno\u00eet Heilbrunn<br \/>\n(Institut fran\u00e7ais de la mode), Lilia Goldfarb (YWCA, Montr\u00e9al), R\u00e9gine<br \/>\nTardieu-Bertheau (YWCA, Montr\u00e9al), Carole Doueiry Verne (Universit\u00e9 Saint-<br \/>\nJoseph, Liban), Karine Tinat (Colegio de Mexico).<\/p>\n","protected":false},"excerpt":{"rendered":"<p>Existe-t-il une fa\u00e7on \u00e9thique pour les femmes de s&#8217;habiller ou de transformer leur corps ? Qui est responsable de l&#8217;apparence des femmes dans nos soci\u00e9t\u00e9s : les femmes elles-m\u00eames, les dessinateurs de mode ou l&#8217;industrie du marketing, du v\u00eatement et des cosm\u00e9tiques ? Les fillettes et les adolescentes per\u00e7oivent- elles la mode comme un instrument [&hellip;]<\/p>\n","protected":false},"featured_media":34273,"template":"","meta":[],"product_cat":[2948,2957],"product_tag":[],"acf":[],"yoast_head":"<!-- This site is optimized with the Yoast SEO plugin v20.11 - https:\/\/yoast.com\/wordpress\/plugins\/seo\/ -->\n<title>\u00c9THIQUE DE LA MODE F\u00c9MININE - Librairie 7L<\/title>\n<meta name=\"robots\" content=\"index, follow, max-snippet:-1, max-image-preview:large, max-video-preview:-1\" \/>\n<link rel=\"canonical\" href=\"https:\/\/librairie7l.com\/en\/produit\/ethique-de-la-mode-feminine\/\" \/>\n<meta property=\"og:locale\" content=\"en_US\" \/>\n<meta property=\"og:type\" content=\"article\" \/>\n<meta property=\"og:title\" content=\"\u00c9THIQUE DE LA MODE F\u00c9MININE - Librairie 7L\" \/>\n<meta property=\"og:description\" content=\"Existe-t-il une fa\u00e7on \u00e9thique pour les femmes de s&#8217;habiller ou de transformer leur corps ? Qui est responsable de l&#8217;apparence des femmes dans nos soci\u00e9t\u00e9s : les femmes elles-m\u00eames, les dessinateurs de mode ou l&#8217;industrie du marketing, du v\u00eatement et des cosm\u00e9tiques ? Les fillettes et les adolescentes per\u00e7oivent- elles la mode comme un instrument [&hellip;]\" \/>\n<meta property=\"og:url\" content=\"https:\/\/librairie7l.com\/en\/produit\/ethique-de-la-mode-feminine\/\" \/>\n<meta property=\"og:site_name\" content=\"Librairie 7L\" \/>\n<meta property=\"article:modified_time\" content=\"2026-04-26T18:06:30+00:00\" \/>\n<meta property=\"og:image\" content=\"https:\/\/librairie7l.com\/wp-content\/uploads\/2010\/03\/9782130578154_1_75.jpg\" \/>\n\t<meta property=\"og:image:width\" content=\"484\" \/>\n\t<meta property=\"og:image:height\" content=\"700\" \/>\n\t<meta property=\"og:image:type\" content=\"image\/jpeg\" \/>\n<meta name=\"twitter:card\" content=\"summary_large_image\" \/>\n<meta name=\"twitter:label1\" content=\"Est. reading time\" \/>\n\t<meta name=\"twitter:data1\" content=\"1 minute\" \/>\n<script type=\"application\/ld+json\" class=\"yoast-schema-graph\">{\"@context\":\"https:\/\/schema.org\",\"@graph\":[{\"@type\":\"WebPage\",\"@id\":\"https:\/\/librairie7l.com\/en\/produit\/ethique-de-la-mode-feminine\/\",\"url\":\"https:\/\/librairie7l.com\/en\/produit\/ethique-de-la-mode-feminine\/\",\"name\":\"\u00c9THIQUE DE LA MODE F\u00c9MININE - Librairie 7L\",\"isPartOf\":{\"@id\":\"https:\/\/librairie7l.com\/en\/#website\"},\"datePublished\":\"2023-09-19T15:13:36+00:00\",\"dateModified\":\"2026-04-26T18:06:30+00:00\",\"breadcrumb\":{\"@id\":\"https:\/\/librairie7l.com\/en\/produit\/ethique-de-la-mode-feminine\/#breadcrumb\"},\"inLanguage\":\"en-US\",\"potentialAction\":[{\"@type\":\"ReadAction\",\"target\":[\"https:\/\/librairie7l.com\/en\/produit\/ethique-de-la-mode-feminine\/\"]}]},{\"@type\":\"BreadcrumbList\",\"@id\":\"https:\/\/librairie7l.com\/en\/produit\/ethique-de-la-mode-feminine\/#breadcrumb\",\"itemListElement\":[{\"@type\":\"ListItem\",\"position\":1,\"name\":\"Accueil\",\"item\":\"https:\/\/librairie7l.com\/en\/\"},{\"@type\":\"ListItem\",\"position\":2,\"name\":\"Shop\",\"item\":\"https:\/\/librairie7l.com\/en\/shop\/\"},{\"@type\":\"ListItem\",\"position\":3,\"name\":\"\u00c9THIQUE DE LA MODE F\u00c9MININE\"}]},{\"@type\":\"WebSite\",\"@id\":\"https:\/\/librairie7l.com\/en\/#website\",\"url\":\"https:\/\/librairie7l.com\/en\/\",\"name\":\"Librairie 7L\",\"description\":\"Librairie fond\u00e9e en 1999 par Karl Lagerfeld \u00e0 Paris\",\"publisher\":{\"@id\":\"https:\/\/librairie7l.com\/en\/#organization\"},\"potentialAction\":[{\"@type\":\"SearchAction\",\"target\":{\"@type\":\"EntryPoint\",\"urlTemplate\":\"https:\/\/librairie7l.com\/en\/?s={search_term_string}\"},\"query-input\":\"required name=search_term_string\"}],\"inLanguage\":\"en-US\"},{\"@type\":\"Organization\",\"@id\":\"https:\/\/librairie7l.com\/en\/#organization\",\"name\":\"Librairie 7L\",\"url\":\"https:\/\/librairie7l.com\/en\/\",\"logo\":{\"@type\":\"ImageObject\",\"inLanguage\":\"en-US\",\"@id\":\"https:\/\/librairie7l.com\/en\/#\/schema\/logo\/image\/\",\"url\":\"https:\/\/librairie7l.com\/wp-content\/uploads\/2022\/08\/logo-1.png\",\"contentUrl\":\"https:\/\/librairie7l.com\/wp-content\/uploads\/2022\/08\/logo-1.png\",\"width\":227,\"height\":301,\"caption\":\"Librairie 7L\"},\"image\":{\"@id\":\"https:\/\/librairie7l.com\/en\/#\/schema\/logo\/image\/\"}}]}<\/script>\n<!-- \/ Yoast SEO plugin. -->","yoast_head_json":{"title":"\u00c9THIQUE DE LA MODE F\u00c9MININE - Librairie 7L","robots":{"index":"index","follow":"follow","max-snippet":"max-snippet:-1","max-image-preview":"max-image-preview:large","max-video-preview":"max-video-preview:-1"},"canonical":"https:\/\/librairie7l.com\/en\/produit\/ethique-de-la-mode-feminine\/","og_locale":"en_US","og_type":"article","og_title":"\u00c9THIQUE DE LA MODE F\u00c9MININE - Librairie 7L","og_description":"Existe-t-il une fa\u00e7on \u00e9thique pour les femmes de s&#8217;habiller ou de transformer leur corps ? Qui est responsable de l&#8217;apparence des femmes dans nos soci\u00e9t\u00e9s : les femmes elles-m\u00eames, les dessinateurs de mode ou l&#8217;industrie du marketing, du v\u00eatement et des cosm\u00e9tiques ? Les fillettes et les adolescentes per\u00e7oivent- elles la mode comme un instrument [&hellip;]","og_url":"https:\/\/librairie7l.com\/en\/produit\/ethique-de-la-mode-feminine\/","og_site_name":"Librairie 7L","article_modified_time":"2026-04-26T18:06:30+00:00","og_image":[{"width":484,"height":700,"url":"https:\/\/librairie7l.com\/wp-content\/uploads\/2010\/03\/9782130578154_1_75.jpg","type":"image\/jpeg"}],"twitter_card":"summary_large_image","twitter_misc":{"Est. reading time":"1 minute"},"schema":{"@context":"https:\/\/schema.org","@graph":[{"@type":"WebPage","@id":"https:\/\/librairie7l.com\/en\/produit\/ethique-de-la-mode-feminine\/","url":"https:\/\/librairie7l.com\/en\/produit\/ethique-de-la-mode-feminine\/","name":"\u00c9THIQUE DE LA MODE F\u00c9MININE - Librairie 7L","isPartOf":{"@id":"https:\/\/librairie7l.com\/en\/#website"},"datePublished":"2023-09-19T15:13:36+00:00","dateModified":"2026-04-26T18:06:30+00:00","breadcrumb":{"@id":"https:\/\/librairie7l.com\/en\/produit\/ethique-de-la-mode-feminine\/#breadcrumb"},"inLanguage":"en-US","potentialAction":[{"@type":"ReadAction","target":["https:\/\/librairie7l.com\/en\/produit\/ethique-de-la-mode-feminine\/"]}]},{"@type":"BreadcrumbList","@id":"https:\/\/librairie7l.com\/en\/produit\/ethique-de-la-mode-feminine\/#breadcrumb","itemListElement":[{"@type":"ListItem","position":1,"name":"Accueil","item":"https:\/\/librairie7l.com\/en\/"},{"@type":"ListItem","position":2,"name":"Shop","item":"https:\/\/librairie7l.com\/en\/shop\/"},{"@type":"ListItem","position":3,"name":"\u00c9THIQUE DE LA MODE F\u00c9MININE"}]},{"@type":"WebSite","@id":"https:\/\/librairie7l.com\/en\/#website","url":"https:\/\/librairie7l.com\/en\/","name":"Librairie 7L","description":"Librairie fond\u00e9e en 1999 par Karl Lagerfeld \u00e0 Paris","publisher":{"@id":"https:\/\/librairie7l.com\/en\/#organization"},"potentialAction":[{"@type":"SearchAction","target":{"@type":"EntryPoint","urlTemplate":"https:\/\/librairie7l.com\/en\/?s={search_term_string}"},"query-input":"required name=search_term_string"}],"inLanguage":"en-US"},{"@type":"Organization","@id":"https:\/\/librairie7l.com\/en\/#organization","name":"Librairie 7L","url":"https:\/\/librairie7l.com\/en\/","logo":{"@type":"ImageObject","inLanguage":"en-US","@id":"https:\/\/librairie7l.com\/en\/#\/schema\/logo\/image\/","url":"https:\/\/librairie7l.com\/wp-content\/uploads\/2022\/08\/logo-1.png","contentUrl":"https:\/\/librairie7l.com\/wp-content\/uploads\/2022\/08\/logo-1.png","width":227,"height":301,"caption":"Librairie 7L"},"image":{"@id":"https:\/\/librairie7l.com\/en\/#\/schema\/logo\/image\/"}}]}},"_links":{"self":[{"href":"https:\/\/librairie7l.com\/en\/wp-json\/wp\/v2\/product\/34275"}],"collection":[{"href":"https:\/\/librairie7l.com\/en\/wp-json\/wp\/v2\/product"}],"about":[{"href":"https:\/\/librairie7l.com\/en\/wp-json\/wp\/v2\/types\/product"}],"wp:featuredmedia":[{"embeddable":true,"href":"https:\/\/librairie7l.com\/en\/wp-json\/wp\/v2\/media\/34273"}],"wp:attachment":[{"href":"https:\/\/librairie7l.com\/en\/wp-json\/wp\/v2\/media?parent=34275"}],"wp:term":[{"taxonomy":"product_cat","embeddable":true,"href":"https:\/\/librairie7l.com\/en\/wp-json\/wp\/v2\/product_cat?post=34275"},{"taxonomy":"product_tag","embeddable":true,"href":"https:\/\/librairie7l.com\/en\/wp-json\/wp\/v2\/product_tag?post=34275"}],"curies":[{"name":"wp","href":"https:\/\/api.w.org\/{rel}","templated":true}]}}