{"id":35989,"date":"2023-10-19T09:17:17","date_gmt":"2023-10-19T07:17:17","guid":{"rendered":"https:\/\/librairie7l.com\/?post_type=product&#038;p=35989"},"modified":"2026-04-30T02:54:29","modified_gmt":"2026-04-30T00:54:29","slug":"aux-temps-du-sida-oeuvres-recits-et-entrelacs","status":"publish","type":"product","link":"https:\/\/librairie7l.com\/en\/produit\/aux-temps-du-sida-oeuvres-recits-et-entrelacs\/","title":{"rendered":"AUX TEMPS DU SIDA : OEUVRES, R\u00c9CITS ET ENTRELACS"},"content":{"rendered":"<p>Le catalogue de l&#8217;exposition  Aux temps du Sida, oeuvres, r\u00e9cits et entrelacs  explore les r\u00e9percussions de l&#8217;\u00e9pid\u00e9mie de VIH\/sida dans l&#8217;art. Explorez des d\u00e9cennies de cr\u00e9ation et de militantisme \u00e0 travers des oeuvres percutantes et les voix d&#8217;une multitude d&#8217;auteur&middot;ices, artistes, militant&middot;es : un voyage \u00e9motionnel et inform\u00e9 dans l&#8217;histoire de la lutte contre le VIH\/sida.<br \/>\n\u00c0 partir des ann\u00e9es 1980, le Virus de l&#8217;Immunod\u00e9ficience Humaine (VIH) et son stade ultime, le sida, explosent de mani\u00e8re incontr\u00f4lable aux \u00c9tats-Unis, en France et bient\u00f4t partout dans le monde. Cette crise sanitaire va aussi se r\u00e9v\u00e9ler \u00eatre une crise des repr\u00e9sentations qui occasionne, jusqu&#8217;\u00e0 aujourd&#8217;hui, l&#8217;apparition de nouvelles formes dans la cr\u00e9ation. Le virus emporte une g\u00e9n\u00e9ration de cr\u00e9ateur&middot;ices, d&#8217;\u00e9crivain&middot;es, de chor\u00e9graphes, de cin\u00e9astes, de plasticien&middot;nes&#8230; tandis que la maladie s&#8217;insinue, de fa\u00e7on manifeste ou en filigrane, dans les oeuvres. On voit \u00e9clore chez les artistes des prises de parole engag\u00e9es voire militantes tandis que les luttes pour plus de tol\u00e9rance, de visibilit\u00e9 et de droits pour les minorit\u00e9s s&#8217;organisent, et ce, aussi par le truchement de l&#8217;oeuvre d&#8217;art.<\/p>\n<p>L&#8217;exposition  Aux temps du sida  et son catalogue parlent d&#8217;un temps encore non r\u00e9volu o\u00f9 l&#8217;\u00e9pid\u00e9mie n&#8217;est pas surmont\u00e9e en d\u00e9pit d&#8217;importantes avanc\u00e9es m\u00e9dicales, y compris tout r\u00e9cemment. Les quarante derni\u00e8res ann\u00e9es ont vu s&#8217;entrem\u00ealer des moments de peur, de deuil, de courage, de solidarit\u00e9, d&#8217;espoir, tous adoss\u00e9s \u00e0 des formes de cr\u00e9ations dont on regarde aujourd&#8217;hui encore la force avec fascination, sinon admiration. Exposition pluridisciplinaire,  Aux temps du sida  pr\u00e9sente quatre d\u00e9cennies de cr\u00e9ation o\u00f9 les arts plastiques, la litt\u00e9rature, la musique, le cin\u00e9ma, la danse rencontrent la recherche scientifique, la culture populaire et l&#8217;action d\u00e9cisive de personnalit\u00e9s engag\u00e9es, d&#8217;associations d\u00e9termin\u00e9es, de chuchotements qui, r\u00e9unis ensemble, sont devenus un cri. Con\u00e7u comme un voyage chrono-th\u00e9matique, le catalogue s&#8217;ouvrira sur une retranscription du  couloir du temps  introduisant l&#8217;exposition. Ce voyage temporel \u00e0 travers les quatre derni\u00e8res d\u00e9cennies mettra en \u00e9vidence la pr\u00e9sence du VIH\/sida dans les m\u00e9dias, les arts, la culture populaire, les sph\u00e8res politique et m\u00e9dicale, permettant de replacer l&#8217;ensemble des oeuvres pr\u00e9sent\u00e9es dans un contexte plus large et de visualiser comment l&#8217;\u00e9pid\u00e9mie a fa\u00e7onn\u00e9 et influenc\u00e9 notre soci\u00e9t\u00e9.<\/p>\n<p>Le catalogue prend ensuite la forme d&#8217;un ab\u00e9c\u00e9daire th\u00e9matique qui offre une entr\u00e9e vari\u00e9e dans ce vaste sujet, sans pr\u00e9tendre \u00e0 l&#8217;exhaustivit\u00e9. Chaque notice est d\u00e9di\u00e9e \u00e0 un artiste, une oeuvre ou un grand th\u00e8me li\u00e9 \u00e0 la lutte contre le VIH\/sida (tels Danse, Soin ou encore Voix). De nombreux contributeurs et contributrices ont accept\u00e9 de participer \u00e0 la r\u00e9daction de ces notices, garantissant une pluralit\u00e9 des voix et des points de vue situ\u00e9s : le catalogue donne la parole \u00e0 des historien&middot;nes de l&#8217;art mais aussi \u00e0 des artistes, des m\u00e9decins, des militant&middot;es, des \u00e9crivain&middot;es, etc. Ces textes sont illustr\u00e9s des oeuvres pr\u00e9sent\u00e9es dans l&#8217;exposition. Le livre capture l&#8217;urgence v\u00e9cue par les personnes touch\u00e9es par le virus, en particulier celles qui ont \u00e9t\u00e9 diagnostiqu\u00e9es \u00e0 une \u00e9poque o\u00f9 aucun rem\u00e8de n&#8217;existait. Les oeuvres expos\u00e9es t\u00e9moignent de leur engagement, de leur lutte, de leurs peurs mais aussi de leurs espoirs et de leur d\u00e9sir d&#8217;\u00eatre entendu&middot;es et compris&middot;es. \u00c0 travers les oeuvres et les voix d&#8217;artistes tel&middot;les que Maurice B\u00e9jart, Sophie Calle, Guillaume Dustan, General Idea, Nan Goldin, Felix Gonzales-Torres, Herv\u00e9 Guibert, Keith Haring, Klaus Nomi, Jean-Michel Othoniel, Bruno Pelassy, Bill T. Jones, Barth\u00e9l\u00e9my Toguo ou encore David Wojnarowicz, on d\u00e9couvrira comment l&#8217;art et la cr\u00e9ation peuvent sensibiliser, provoquer des d\u00e9bats, exprimer un engagement et des ressentis complexes, mais aussi \u00eatre les catalyseurs d&#8217;un changement social n\u00e9cessaire puisqu&#8217;en 2023, l&#8217;\u00e9pid\u00e9mie est toujours l\u00e0.<\/p>\n","protected":false},"excerpt":{"rendered":"<p>Le catalogue de l&#8217;exposition Aux temps du Sida, oeuvres, r\u00e9cits et entrelacs explore les r\u00e9percussions de l&#8217;\u00e9pid\u00e9mie de VIH\/sida dans l&#8217;art. Explorez des d\u00e9cennies de cr\u00e9ation et de militantisme \u00e0 travers des oeuvres percutantes et les voix d&#8217;une multitude d&#8217;auteur&middot;ices, artistes, militant&middot;es : un voyage \u00e9motionnel et inform\u00e9 dans l&#8217;histoire de la lutte contre le [&hellip;]<\/p>\n","protected":false},"featured_media":35987,"template":"","meta":[],"product_cat":[2948,2953],"product_tag":[],"acf":[],"yoast_head":"<!-- This site is optimized with the Yoast SEO plugin v20.11 - https:\/\/yoast.com\/wordpress\/plugins\/seo\/ -->\n<title>Aux temps du sida : Oeuvres, r\u00e9cits et entrelacs - Librairie 7L<\/title>\n<meta name=\"robots\" content=\"index, follow, max-snippet:-1, max-image-preview:large, max-video-preview:-1\" \/>\n<link rel=\"canonical\" href=\"https:\/\/librairie7l.com\/en\/produit\/aux-temps-du-sida-oeuvres-recits-et-entrelacs\/\" \/>\n<meta property=\"og:locale\" content=\"en_US\" \/>\n<meta property=\"og:type\" content=\"article\" \/>\n<meta property=\"og:title\" content=\"Aux temps du sida : Oeuvres, r\u00e9cits et entrelacs - Librairie 7L\" \/>\n<meta property=\"og:description\" content=\"Le catalogue de l&#8217;exposition Aux temps du Sida, oeuvres, r\u00e9cits et entrelacs explore les r\u00e9percussions de l&#8217;\u00e9pid\u00e9mie de VIH\/sida dans l&#8217;art. Explorez des d\u00e9cennies de cr\u00e9ation et de militantisme \u00e0 travers des oeuvres percutantes et les voix d&#8217;une multitude d&#8217;auteur&middot;ices, artistes, militant&middot;es : un voyage \u00e9motionnel et inform\u00e9 dans l&#8217;histoire de la lutte contre le [&hellip;]\" \/>\n<meta property=\"og:url\" content=\"https:\/\/librairie7l.com\/en\/produit\/aux-temps-du-sida-oeuvres-recits-et-entrelacs\/\" \/>\n<meta property=\"og:site_name\" content=\"Librairie 7L\" \/>\n<meta property=\"article:modified_time\" content=\"2026-04-30T00:54:29+00:00\" \/>\n<meta property=\"og:image\" content=\"https:\/\/librairie7l.com\/wp-content\/uploads\/2023\/06\/9782351252161_1_75.jpg\" \/>\n\t<meta property=\"og:image:width\" content=\"600\" \/>\n\t<meta property=\"og:image:height\" content=\"794\" \/>\n\t<meta property=\"og:image:type\" content=\"image\/jpeg\" \/>\n<meta name=\"twitter:card\" content=\"summary_large_image\" \/>\n<meta name=\"twitter:label1\" content=\"Est. reading time\" \/>\n\t<meta name=\"twitter:data1\" content=\"3 minutes\" \/>\n<script type=\"application\/ld+json\" class=\"yoast-schema-graph\">{\"@context\":\"https:\/\/schema.org\",\"@graph\":[{\"@type\":\"WebPage\",\"@id\":\"https:\/\/librairie7l.com\/en\/produit\/aux-temps-du-sida-oeuvres-recits-et-entrelacs\/\",\"url\":\"https:\/\/librairie7l.com\/en\/produit\/aux-temps-du-sida-oeuvres-recits-et-entrelacs\/\",\"name\":\"Aux temps du sida : Oeuvres, r\u00e9cits et entrelacs - Librairie 7L\",\"isPartOf\":{\"@id\":\"https:\/\/librairie7l.com\/en\/#website\"},\"datePublished\":\"2023-10-19T07:17:17+00:00\",\"dateModified\":\"2026-04-30T00:54:29+00:00\",\"breadcrumb\":{\"@id\":\"https:\/\/librairie7l.com\/en\/produit\/aux-temps-du-sida-oeuvres-recits-et-entrelacs\/#breadcrumb\"},\"inLanguage\":\"en-US\",\"potentialAction\":[{\"@type\":\"ReadAction\",\"target\":[\"https:\/\/librairie7l.com\/en\/produit\/aux-temps-du-sida-oeuvres-recits-et-entrelacs\/\"]}]},{\"@type\":\"BreadcrumbList\",\"@id\":\"https:\/\/librairie7l.com\/en\/produit\/aux-temps-du-sida-oeuvres-recits-et-entrelacs\/#breadcrumb\",\"itemListElement\":[{\"@type\":\"ListItem\",\"position\":1,\"name\":\"Accueil\",\"item\":\"https:\/\/librairie7l.com\/en\/\"},{\"@type\":\"ListItem\",\"position\":2,\"name\":\"Shop\",\"item\":\"https:\/\/librairie7l.com\/en\/shop\/\"},{\"@type\":\"ListItem\",\"position\":3,\"name\":\"AUX TEMPS DU SIDA : OEUVRES, R\u00c9CITS ET ENTRELACS\"}]},{\"@type\":\"WebSite\",\"@id\":\"https:\/\/librairie7l.com\/en\/#website\",\"url\":\"https:\/\/librairie7l.com\/en\/\",\"name\":\"Librairie 7L\",\"description\":\"Librairie fond\u00e9e en 1999 par Karl Lagerfeld \u00e0 Paris\",\"publisher\":{\"@id\":\"https:\/\/librairie7l.com\/en\/#organization\"},\"potentialAction\":[{\"@type\":\"SearchAction\",\"target\":{\"@type\":\"EntryPoint\",\"urlTemplate\":\"https:\/\/librairie7l.com\/en\/?s={search_term_string}\"},\"query-input\":\"required name=search_term_string\"}],\"inLanguage\":\"en-US\"},{\"@type\":\"Organization\",\"@id\":\"https:\/\/librairie7l.com\/en\/#organization\",\"name\":\"Librairie 7L\",\"url\":\"https:\/\/librairie7l.com\/en\/\",\"logo\":{\"@type\":\"ImageObject\",\"inLanguage\":\"en-US\",\"@id\":\"https:\/\/librairie7l.com\/en\/#\/schema\/logo\/image\/\",\"url\":\"https:\/\/librairie7l.com\/wp-content\/uploads\/2022\/08\/logo-1.png\",\"contentUrl\":\"https:\/\/librairie7l.com\/wp-content\/uploads\/2022\/08\/logo-1.png\",\"width\":227,\"height\":301,\"caption\":\"Librairie 7L\"},\"image\":{\"@id\":\"https:\/\/librairie7l.com\/en\/#\/schema\/logo\/image\/\"}}]}<\/script>\n<!-- \/ Yoast SEO plugin. -->","yoast_head_json":{"title":"Aux temps du sida : Oeuvres, r\u00e9cits et entrelacs - Librairie 7L","robots":{"index":"index","follow":"follow","max-snippet":"max-snippet:-1","max-image-preview":"max-image-preview:large","max-video-preview":"max-video-preview:-1"},"canonical":"https:\/\/librairie7l.com\/en\/produit\/aux-temps-du-sida-oeuvres-recits-et-entrelacs\/","og_locale":"en_US","og_type":"article","og_title":"Aux temps du sida : Oeuvres, r\u00e9cits et entrelacs - Librairie 7L","og_description":"Le catalogue de l&#8217;exposition Aux temps du Sida, oeuvres, r\u00e9cits et entrelacs explore les r\u00e9percussions de l&#8217;\u00e9pid\u00e9mie de VIH\/sida dans l&#8217;art. Explorez des d\u00e9cennies de cr\u00e9ation et de militantisme \u00e0 travers des oeuvres percutantes et les voix d&#8217;une multitude d&#8217;auteur&middot;ices, artistes, militant&middot;es : un voyage \u00e9motionnel et inform\u00e9 dans l&#8217;histoire de la lutte contre le [&hellip;]","og_url":"https:\/\/librairie7l.com\/en\/produit\/aux-temps-du-sida-oeuvres-recits-et-entrelacs\/","og_site_name":"Librairie 7L","article_modified_time":"2026-04-30T00:54:29+00:00","og_image":[{"width":600,"height":794,"url":"https:\/\/librairie7l.com\/wp-content\/uploads\/2023\/06\/9782351252161_1_75.jpg","type":"image\/jpeg"}],"twitter_card":"summary_large_image","twitter_misc":{"Est. reading time":"3 minutes"},"schema":{"@context":"https:\/\/schema.org","@graph":[{"@type":"WebPage","@id":"https:\/\/librairie7l.com\/en\/produit\/aux-temps-du-sida-oeuvres-recits-et-entrelacs\/","url":"https:\/\/librairie7l.com\/en\/produit\/aux-temps-du-sida-oeuvres-recits-et-entrelacs\/","name":"Aux temps du sida : Oeuvres, r\u00e9cits et entrelacs - Librairie 7L","isPartOf":{"@id":"https:\/\/librairie7l.com\/en\/#website"},"datePublished":"2023-10-19T07:17:17+00:00","dateModified":"2026-04-30T00:54:29+00:00","breadcrumb":{"@id":"https:\/\/librairie7l.com\/en\/produit\/aux-temps-du-sida-oeuvres-recits-et-entrelacs\/#breadcrumb"},"inLanguage":"en-US","potentialAction":[{"@type":"ReadAction","target":["https:\/\/librairie7l.com\/en\/produit\/aux-temps-du-sida-oeuvres-recits-et-entrelacs\/"]}]},{"@type":"BreadcrumbList","@id":"https:\/\/librairie7l.com\/en\/produit\/aux-temps-du-sida-oeuvres-recits-et-entrelacs\/#breadcrumb","itemListElement":[{"@type":"ListItem","position":1,"name":"Accueil","item":"https:\/\/librairie7l.com\/en\/"},{"@type":"ListItem","position":2,"name":"Shop","item":"https:\/\/librairie7l.com\/en\/shop\/"},{"@type":"ListItem","position":3,"name":"AUX TEMPS DU SIDA : OEUVRES, R\u00c9CITS ET ENTRELACS"}]},{"@type":"WebSite","@id":"https:\/\/librairie7l.com\/en\/#website","url":"https:\/\/librairie7l.com\/en\/","name":"Librairie 7L","description":"Librairie fond\u00e9e en 1999 par Karl Lagerfeld \u00e0 Paris","publisher":{"@id":"https:\/\/librairie7l.com\/en\/#organization"},"potentialAction":[{"@type":"SearchAction","target":{"@type":"EntryPoint","urlTemplate":"https:\/\/librairie7l.com\/en\/?s={search_term_string}"},"query-input":"required name=search_term_string"}],"inLanguage":"en-US"},{"@type":"Organization","@id":"https:\/\/librairie7l.com\/en\/#organization","name":"Librairie 7L","url":"https:\/\/librairie7l.com\/en\/","logo":{"@type":"ImageObject","inLanguage":"en-US","@id":"https:\/\/librairie7l.com\/en\/#\/schema\/logo\/image\/","url":"https:\/\/librairie7l.com\/wp-content\/uploads\/2022\/08\/logo-1.png","contentUrl":"https:\/\/librairie7l.com\/wp-content\/uploads\/2022\/08\/logo-1.png","width":227,"height":301,"caption":"Librairie 7L"},"image":{"@id":"https:\/\/librairie7l.com\/en\/#\/schema\/logo\/image\/"}}]}},"_links":{"self":[{"href":"https:\/\/librairie7l.com\/en\/wp-json\/wp\/v2\/product\/35989"}],"collection":[{"href":"https:\/\/librairie7l.com\/en\/wp-json\/wp\/v2\/product"}],"about":[{"href":"https:\/\/librairie7l.com\/en\/wp-json\/wp\/v2\/types\/product"}],"wp:featuredmedia":[{"embeddable":true,"href":"https:\/\/librairie7l.com\/en\/wp-json\/wp\/v2\/media\/35987"}],"wp:attachment":[{"href":"https:\/\/librairie7l.com\/en\/wp-json\/wp\/v2\/media?parent=35989"}],"wp:term":[{"taxonomy":"product_cat","embeddable":true,"href":"https:\/\/librairie7l.com\/en\/wp-json\/wp\/v2\/product_cat?post=35989"},{"taxonomy":"product_tag","embeddable":true,"href":"https:\/\/librairie7l.com\/en\/wp-json\/wp\/v2\/product_tag?post=35989"}],"curies":[{"name":"wp","href":"https:\/\/api.w.org\/{rel}","templated":true}]}}