{"id":37112,"date":"2023-11-01T09:16:22","date_gmt":"2023-11-01T08:16:22","guid":{"rendered":"https:\/\/librairie7l.com\/?post_type=product&#038;p=37112"},"modified":"2026-04-30T00:05:49","modified_gmt":"2026-04-29T22:05:49","slug":"antoni-tapies-la-pratique-de-lart","status":"publish","type":"product","link":"https:\/\/librairie7l.com\/en\/produit\/antoni-tapies-la-pratique-de-lart\/","title":{"rendered":"ANTONI T\u00c0PIES, LA PRATIQUE DE L&#8217;ART"},"content":{"rendered":"<p>Bozar revient sur l&#8217;oeuvre d&#8217;Antoni T\u00e0pies (Barcelone, 1923-2012) avec une r\u00e9trospective qui voyage entre 1944 et les ann\u00e9es 1990.<br \/>\nIl s&#8217;agit de la premi\u00e8re grande exposition en Belgique \u00e0 pr\u00e9senter une vision compl\u00e8te de l&#8217;oeuvre de l&#8217;artiste, avec une s\u00e9lection de 122 oeuvres r\u00e9unies \u00e0 Bozar pour la premi\u00e8re fois depuis plusieurs d\u00e9cennies. Depuis les premiers dessins et les autoportraits, l&#8217;exposition se poursuit avec les \u00ab peintures-mati\u00e8res \u00bb des ann\u00e9es 1950 et les objets et assemblages des ann\u00e9es 1960 et 1970. Elle se poursuivra avec ses vernis des ann\u00e9es 1980, qu&#8217;il avait commenc\u00e9s quelques ann\u00e9es plus t\u00f4t alors que la d\u00e9mocratie faisait ses premiers pas en Espagne, et se terminera par des oeuvres des ann\u00e9es 1990, au cours desquelles T\u00e0pies a poursuivi l&#8217;exp\u00e9rimentation formelle et mat\u00e9rielle qui a toujours \u00e9t\u00e9 au coeur de sa pratique.<br \/>\nArtiste autodidacte de l&#8217;entre-deux-guerres, T\u00e0pies a r\u00e9fl\u00e9chi \u00e0 la condition humaine, \u00e0 son propre contexte historique et \u00e0 la pratique artistique, en particulier aux limites et aux contradictions de la peinture. Son oeuvre tr\u00e8s prolifique est dispers\u00e9e dans le monde entier.<\/p>\n","protected":false},"excerpt":{"rendered":"<p>Bozar revient sur l&#8217;oeuvre d&#8217;Antoni T\u00e0pies (Barcelone, 1923-2012) avec une r\u00e9trospective qui voyage entre 1944 et les ann\u00e9es 1990. Il s&#8217;agit de la premi\u00e8re grande exposition en Belgique \u00e0 pr\u00e9senter une vision compl\u00e8te de l&#8217;oeuvre de l&#8217;artiste, avec une s\u00e9lection de 122 oeuvres r\u00e9unies \u00e0 Bozar pour la premi\u00e8re fois depuis plusieurs d\u00e9cennies. Depuis les [&hellip;]<\/p>\n","protected":false},"featured_media":37215,"template":"","meta":[],"product_cat":[2948,2953],"product_tag":[],"acf":[],"yoast_head":"<!-- This site is optimized with the Yoast SEO plugin v20.11 - https:\/\/yoast.com\/wordpress\/plugins\/seo\/ -->\n<title>Antoni T\u00e0pies, la pratique de l&#039;art - Librairie 7L<\/title>\n<meta name=\"robots\" content=\"index, follow, max-snippet:-1, max-image-preview:large, max-video-preview:-1\" \/>\n<link rel=\"canonical\" href=\"https:\/\/librairie7l.com\/en\/produit\/antoni-tapies-la-pratique-de-lart\/\" \/>\n<meta property=\"og:locale\" content=\"en_US\" \/>\n<meta property=\"og:type\" content=\"article\" \/>\n<meta property=\"og:title\" content=\"Antoni T\u00e0pies, la pratique de l&#039;art - Librairie 7L\" \/>\n<meta property=\"og:description\" content=\"Bozar revient sur l&#8217;oeuvre d&#8217;Antoni T\u00e0pies (Barcelone, 1923-2012) avec une r\u00e9trospective qui voyage entre 1944 et les ann\u00e9es 1990. Il s&#8217;agit de la premi\u00e8re grande exposition en Belgique \u00e0 pr\u00e9senter une vision compl\u00e8te de l&#8217;oeuvre de l&#8217;artiste, avec une s\u00e9lection de 122 oeuvres r\u00e9unies \u00e0 Bozar pour la premi\u00e8re fois depuis plusieurs d\u00e9cennies. Depuis les [&hellip;]\" \/>\n<meta property=\"og:url\" content=\"https:\/\/librairie7l.com\/en\/produit\/antoni-tapies-la-pratique-de-lart\/\" \/>\n<meta property=\"og:site_name\" content=\"Librairie 7L\" \/>\n<meta property=\"article:modified_time\" content=\"2026-04-29T22:05:49+00:00\" \/>\n<meta property=\"og:image\" content=\"https:\/\/librairie7l.com\/wp-content\/uploads\/2023\/11\/9789074816601_1_75.jpg\" \/>\n\t<meta property=\"og:image:width\" content=\"600\" \/>\n\t<meta property=\"og:image:height\" content=\"787\" \/>\n\t<meta property=\"og:image:type\" content=\"image\/jpeg\" \/>\n<meta name=\"twitter:card\" content=\"summary_large_image\" \/>\n<meta name=\"twitter:label1\" content=\"Est. reading time\" \/>\n\t<meta name=\"twitter:data1\" content=\"1 minute\" \/>\n<script type=\"application\/ld+json\" class=\"yoast-schema-graph\">{\"@context\":\"https:\/\/schema.org\",\"@graph\":[{\"@type\":\"WebPage\",\"@id\":\"https:\/\/librairie7l.com\/en\/produit\/antoni-tapies-la-pratique-de-lart\/\",\"url\":\"https:\/\/librairie7l.com\/en\/produit\/antoni-tapies-la-pratique-de-lart\/\",\"name\":\"Antoni T\u00e0pies, la pratique de l'art - Librairie 7L\",\"isPartOf\":{\"@id\":\"https:\/\/librairie7l.com\/en\/#website\"},\"datePublished\":\"2023-11-01T08:16:22+00:00\",\"dateModified\":\"2026-04-29T22:05:49+00:00\",\"breadcrumb\":{\"@id\":\"https:\/\/librairie7l.com\/en\/produit\/antoni-tapies-la-pratique-de-lart\/#breadcrumb\"},\"inLanguage\":\"en-US\",\"potentialAction\":[{\"@type\":\"ReadAction\",\"target\":[\"https:\/\/librairie7l.com\/en\/produit\/antoni-tapies-la-pratique-de-lart\/\"]}]},{\"@type\":\"BreadcrumbList\",\"@id\":\"https:\/\/librairie7l.com\/en\/produit\/antoni-tapies-la-pratique-de-lart\/#breadcrumb\",\"itemListElement\":[{\"@type\":\"ListItem\",\"position\":1,\"name\":\"Accueil\",\"item\":\"https:\/\/librairie7l.com\/en\/\"},{\"@type\":\"ListItem\",\"position\":2,\"name\":\"Shop\",\"item\":\"https:\/\/librairie7l.com\/en\/shop\/\"},{\"@type\":\"ListItem\",\"position\":3,\"name\":\"ANTONI T\u00c0PIES, LA PRATIQUE DE L&#8217;ART\"}]},{\"@type\":\"WebSite\",\"@id\":\"https:\/\/librairie7l.com\/en\/#website\",\"url\":\"https:\/\/librairie7l.com\/en\/\",\"name\":\"Librairie 7L\",\"description\":\"Librairie fond\u00e9e en 1999 par Karl Lagerfeld \u00e0 Paris\",\"publisher\":{\"@id\":\"https:\/\/librairie7l.com\/en\/#organization\"},\"potentialAction\":[{\"@type\":\"SearchAction\",\"target\":{\"@type\":\"EntryPoint\",\"urlTemplate\":\"https:\/\/librairie7l.com\/en\/?s={search_term_string}\"},\"query-input\":\"required name=search_term_string\"}],\"inLanguage\":\"en-US\"},{\"@type\":\"Organization\",\"@id\":\"https:\/\/librairie7l.com\/en\/#organization\",\"name\":\"Librairie 7L\",\"url\":\"https:\/\/librairie7l.com\/en\/\",\"logo\":{\"@type\":\"ImageObject\",\"inLanguage\":\"en-US\",\"@id\":\"https:\/\/librairie7l.com\/en\/#\/schema\/logo\/image\/\",\"url\":\"https:\/\/librairie7l.com\/wp-content\/uploads\/2022\/08\/logo-1.png\",\"contentUrl\":\"https:\/\/librairie7l.com\/wp-content\/uploads\/2022\/08\/logo-1.png\",\"width\":227,\"height\":301,\"caption\":\"Librairie 7L\"},\"image\":{\"@id\":\"https:\/\/librairie7l.com\/en\/#\/schema\/logo\/image\/\"}}]}<\/script>\n<!-- \/ Yoast SEO plugin. -->","yoast_head_json":{"title":"Antoni T\u00e0pies, la pratique de l'art - Librairie 7L","robots":{"index":"index","follow":"follow","max-snippet":"max-snippet:-1","max-image-preview":"max-image-preview:large","max-video-preview":"max-video-preview:-1"},"canonical":"https:\/\/librairie7l.com\/en\/produit\/antoni-tapies-la-pratique-de-lart\/","og_locale":"en_US","og_type":"article","og_title":"Antoni T\u00e0pies, la pratique de l'art - Librairie 7L","og_description":"Bozar revient sur l&#8217;oeuvre d&#8217;Antoni T\u00e0pies (Barcelone, 1923-2012) avec une r\u00e9trospective qui voyage entre 1944 et les ann\u00e9es 1990. Il s&#8217;agit de la premi\u00e8re grande exposition en Belgique \u00e0 pr\u00e9senter une vision compl\u00e8te de l&#8217;oeuvre de l&#8217;artiste, avec une s\u00e9lection de 122 oeuvres r\u00e9unies \u00e0 Bozar pour la premi\u00e8re fois depuis plusieurs d\u00e9cennies. Depuis les [&hellip;]","og_url":"https:\/\/librairie7l.com\/en\/produit\/antoni-tapies-la-pratique-de-lart\/","og_site_name":"Librairie 7L","article_modified_time":"2026-04-29T22:05:49+00:00","og_image":[{"width":600,"height":787,"url":"https:\/\/librairie7l.com\/wp-content\/uploads\/2023\/11\/9789074816601_1_75.jpg","type":"image\/jpeg"}],"twitter_card":"summary_large_image","twitter_misc":{"Est. reading time":"1 minute"},"schema":{"@context":"https:\/\/schema.org","@graph":[{"@type":"WebPage","@id":"https:\/\/librairie7l.com\/en\/produit\/antoni-tapies-la-pratique-de-lart\/","url":"https:\/\/librairie7l.com\/en\/produit\/antoni-tapies-la-pratique-de-lart\/","name":"Antoni T\u00e0pies, la pratique de l'art - Librairie 7L","isPartOf":{"@id":"https:\/\/librairie7l.com\/en\/#website"},"datePublished":"2023-11-01T08:16:22+00:00","dateModified":"2026-04-29T22:05:49+00:00","breadcrumb":{"@id":"https:\/\/librairie7l.com\/en\/produit\/antoni-tapies-la-pratique-de-lart\/#breadcrumb"},"inLanguage":"en-US","potentialAction":[{"@type":"ReadAction","target":["https:\/\/librairie7l.com\/en\/produit\/antoni-tapies-la-pratique-de-lart\/"]}]},{"@type":"BreadcrumbList","@id":"https:\/\/librairie7l.com\/en\/produit\/antoni-tapies-la-pratique-de-lart\/#breadcrumb","itemListElement":[{"@type":"ListItem","position":1,"name":"Accueil","item":"https:\/\/librairie7l.com\/en\/"},{"@type":"ListItem","position":2,"name":"Shop","item":"https:\/\/librairie7l.com\/en\/shop\/"},{"@type":"ListItem","position":3,"name":"ANTONI T\u00c0PIES, LA PRATIQUE DE L&#8217;ART"}]},{"@type":"WebSite","@id":"https:\/\/librairie7l.com\/en\/#website","url":"https:\/\/librairie7l.com\/en\/","name":"Librairie 7L","description":"Librairie fond\u00e9e en 1999 par Karl Lagerfeld \u00e0 Paris","publisher":{"@id":"https:\/\/librairie7l.com\/en\/#organization"},"potentialAction":[{"@type":"SearchAction","target":{"@type":"EntryPoint","urlTemplate":"https:\/\/librairie7l.com\/en\/?s={search_term_string}"},"query-input":"required name=search_term_string"}],"inLanguage":"en-US"},{"@type":"Organization","@id":"https:\/\/librairie7l.com\/en\/#organization","name":"Librairie 7L","url":"https:\/\/librairie7l.com\/en\/","logo":{"@type":"ImageObject","inLanguage":"en-US","@id":"https:\/\/librairie7l.com\/en\/#\/schema\/logo\/image\/","url":"https:\/\/librairie7l.com\/wp-content\/uploads\/2022\/08\/logo-1.png","contentUrl":"https:\/\/librairie7l.com\/wp-content\/uploads\/2022\/08\/logo-1.png","width":227,"height":301,"caption":"Librairie 7L"},"image":{"@id":"https:\/\/librairie7l.com\/en\/#\/schema\/logo\/image\/"}}]}},"_links":{"self":[{"href":"https:\/\/librairie7l.com\/en\/wp-json\/wp\/v2\/product\/37112"}],"collection":[{"href":"https:\/\/librairie7l.com\/en\/wp-json\/wp\/v2\/product"}],"about":[{"href":"https:\/\/librairie7l.com\/en\/wp-json\/wp\/v2\/types\/product"}],"wp:featuredmedia":[{"embeddable":true,"href":"https:\/\/librairie7l.com\/en\/wp-json\/wp\/v2\/media\/37215"}],"wp:attachment":[{"href":"https:\/\/librairie7l.com\/en\/wp-json\/wp\/v2\/media?parent=37112"}],"wp:term":[{"taxonomy":"product_cat","embeddable":true,"href":"https:\/\/librairie7l.com\/en\/wp-json\/wp\/v2\/product_cat?post=37112"},{"taxonomy":"product_tag","embeddable":true,"href":"https:\/\/librairie7l.com\/en\/wp-json\/wp\/v2\/product_tag?post=37112"}],"curies":[{"name":"wp","href":"https:\/\/api.w.org\/{rel}","templated":true}]}}