{"id":37934,"date":"2023-11-29T09:16:27","date_gmt":"2023-11-29T08:16:27","guid":{"rendered":"https:\/\/librairie7l.com\/?post_type=product&#038;p=37934"},"modified":"2026-04-30T09:42:20","modified_gmt":"2026-04-30T07:42:20","slug":"bakst-le-magicien-des-couleurs","status":"publish","type":"product","link":"https:\/\/librairie7l.com\/en\/produit\/bakst-le-magicien-des-couleurs\/","title":{"rendered":"BAKST : LE MAGICIEN DES COULEURS"},"content":{"rendered":"<p>Le livre aborde les formidables cr\u00e9ations de L\u00e9on Bakst pour la sc\u00e8ne?: le ballet, l&#8217;op\u00e9ra et le th\u00e9\u00e2tre .<br \/>\nPeintre de la cour imp\u00e9riale russe, Bakst fonde avec Sergue\u00ef Diaghilev \u00e0 Saint-P\u00e9tersbourg, la revue Mir Iskusstva (\u00ab?Le Monde de l&#8217;Art?\u00bb) en 1899.<br \/>\nIl cr\u00e9e ses premiers d\u00e9cors en 1900, d&#8217;abord au th\u00e9\u00e2tre de la cour du palais de l&#8217;Ermitage puis pour les th\u00e9\u00e2tres imp\u00e9riaux. En 1906, il se rend \u00e0 Paris et commence \u00e0 travailler comme d\u00e9corateur et costumier pour la compagnie des Ballets russes que Diaghilev vient de cr\u00e9er?; il r\u00e9alise ainsi les d\u00e9cors de Cl\u00e9op\u00e2tre (1909), le premier ballet de Diaghilev.<br \/>\nBakst devient le d\u00e9corateur en chef des Ballets russes. Il travaille sur les ballets Sch\u00e9h\u00e9razade et Carnaval (1910), Le Spectre de la rose et Narcisse (1911), L&#8217;Apr\u00e8s-midi d&#8217;un faune et Daphnis et Chlo\u00e9 (1912), Les Papillons (1914).<br \/>\nImpr\u00e9gn\u00e9s d&#8217;influences orientales, les d\u00e9cors et les costumes de Bakst se distinguent par des formes audacieuses, des couleurs somptueuses et une attention minutieuse aux d\u00e9tails. Bakst atteint une renomm\u00e9e internationale avec ses cr\u00e9ations qui ont r\u00e9volutionn\u00e9 l&#8217;art th\u00e9\u00e2tral. En 1919, Bakst s&#8217;installe d\u00e9finitivement \u00e0 Paris. Le travail qu&#8217;il r\u00e9alise en 1921 pour la production londonienne de La Belle au bois dormant de Piotr Ilitch Tcha\u00efkovski est consid\u00e9r\u00e9 comme son chef-d&#8217;oeuvre.<br \/>\nUne introduction g\u00e9n\u00e9rale replace l&#8217;oeuvre de l&#8217;artiste dans son temps avant de pr\u00e9senter une s\u00e9rie des 50 plus beaux dessins r\u00e9alis\u00e9s entre 1906<\/p>\n","protected":false},"excerpt":{"rendered":"<p>Le livre aborde les formidables cr\u00e9ations de L\u00e9on Bakst pour la sc\u00e8ne?: le ballet, l&#8217;op\u00e9ra et le th\u00e9\u00e2tre . Peintre de la cour imp\u00e9riale russe, Bakst fonde avec Sergue\u00ef Diaghilev \u00e0 Saint-P\u00e9tersbourg, la revue Mir Iskusstva (\u00ab?Le Monde de l&#8217;Art?\u00bb) en 1899. Il cr\u00e9e ses premiers d\u00e9cors en 1900, d&#8217;abord au th\u00e9\u00e2tre de la cour [&hellip;]<\/p>\n","protected":false},"featured_media":37933,"template":"","meta":[],"product_cat":[2948,2953],"product_tag":[],"acf":[],"yoast_head":"<!-- This site is optimized with the Yoast SEO plugin v20.11 - https:\/\/yoast.com\/wordpress\/plugins\/seo\/ -->\n<title>Bakst : le magicien des couleurs - Librairie 7L<\/title>\n<meta name=\"robots\" content=\"index, follow, max-snippet:-1, max-image-preview:large, max-video-preview:-1\" \/>\n<link rel=\"canonical\" href=\"https:\/\/librairie7l.com\/en\/produit\/bakst-le-magicien-des-couleurs\/\" \/>\n<meta property=\"og:locale\" content=\"en_US\" \/>\n<meta property=\"og:type\" content=\"article\" \/>\n<meta property=\"og:title\" content=\"Bakst : le magicien des couleurs - Librairie 7L\" \/>\n<meta property=\"og:description\" content=\"Le livre aborde les formidables cr\u00e9ations de L\u00e9on Bakst pour la sc\u00e8ne?: le ballet, l&#8217;op\u00e9ra et le th\u00e9\u00e2tre . Peintre de la cour imp\u00e9riale russe, Bakst fonde avec Sergue\u00ef Diaghilev \u00e0 Saint-P\u00e9tersbourg, la revue Mir Iskusstva (\u00ab?Le Monde de l&#8217;Art?\u00bb) en 1899. Il cr\u00e9e ses premiers d\u00e9cors en 1900, d&#8217;abord au th\u00e9\u00e2tre de la cour [&hellip;]\" \/>\n<meta property=\"og:url\" content=\"https:\/\/librairie7l.com\/en\/produit\/bakst-le-magicien-des-couleurs\/\" \/>\n<meta property=\"og:site_name\" content=\"Librairie 7L\" \/>\n<meta property=\"article:modified_time\" content=\"2026-04-30T07:42:20+00:00\" \/>\n<meta property=\"og:image\" content=\"https:\/\/librairie7l.com\/wp-content\/uploads\/2023\/04\/9782353403868_1_75.jpg\" \/>\n\t<meta property=\"og:image:width\" content=\"600\" \/>\n\t<meta property=\"og:image:height\" content=\"600\" \/>\n\t<meta property=\"og:image:type\" content=\"image\/jpeg\" \/>\n<meta name=\"twitter:card\" content=\"summary_large_image\" \/>\n<meta name=\"twitter:label1\" content=\"Est. reading time\" \/>\n\t<meta name=\"twitter:data1\" content=\"1 minute\" \/>\n<script type=\"application\/ld+json\" class=\"yoast-schema-graph\">{\"@context\":\"https:\/\/schema.org\",\"@graph\":[{\"@type\":\"WebPage\",\"@id\":\"https:\/\/librairie7l.com\/en\/produit\/bakst-le-magicien-des-couleurs\/\",\"url\":\"https:\/\/librairie7l.com\/en\/produit\/bakst-le-magicien-des-couleurs\/\",\"name\":\"Bakst : le magicien des couleurs - Librairie 7L\",\"isPartOf\":{\"@id\":\"https:\/\/librairie7l.com\/en\/#website\"},\"datePublished\":\"2023-11-29T08:16:27+00:00\",\"dateModified\":\"2026-04-30T07:42:20+00:00\",\"breadcrumb\":{\"@id\":\"https:\/\/librairie7l.com\/en\/produit\/bakst-le-magicien-des-couleurs\/#breadcrumb\"},\"inLanguage\":\"en-US\",\"potentialAction\":[{\"@type\":\"ReadAction\",\"target\":[\"https:\/\/librairie7l.com\/en\/produit\/bakst-le-magicien-des-couleurs\/\"]}]},{\"@type\":\"BreadcrumbList\",\"@id\":\"https:\/\/librairie7l.com\/en\/produit\/bakst-le-magicien-des-couleurs\/#breadcrumb\",\"itemListElement\":[{\"@type\":\"ListItem\",\"position\":1,\"name\":\"Accueil\",\"item\":\"https:\/\/librairie7l.com\/en\/\"},{\"@type\":\"ListItem\",\"position\":2,\"name\":\"Shop\",\"item\":\"https:\/\/librairie7l.com\/en\/shop\/\"},{\"@type\":\"ListItem\",\"position\":3,\"name\":\"BAKST : LE MAGICIEN DES COULEURS\"}]},{\"@type\":\"WebSite\",\"@id\":\"https:\/\/librairie7l.com\/en\/#website\",\"url\":\"https:\/\/librairie7l.com\/en\/\",\"name\":\"Librairie 7L\",\"description\":\"Librairie fond\u00e9e en 1999 par Karl Lagerfeld \u00e0 Paris\",\"publisher\":{\"@id\":\"https:\/\/librairie7l.com\/en\/#organization\"},\"potentialAction\":[{\"@type\":\"SearchAction\",\"target\":{\"@type\":\"EntryPoint\",\"urlTemplate\":\"https:\/\/librairie7l.com\/en\/?s={search_term_string}\"},\"query-input\":\"required name=search_term_string\"}],\"inLanguage\":\"en-US\"},{\"@type\":\"Organization\",\"@id\":\"https:\/\/librairie7l.com\/en\/#organization\",\"name\":\"Librairie 7L\",\"url\":\"https:\/\/librairie7l.com\/en\/\",\"logo\":{\"@type\":\"ImageObject\",\"inLanguage\":\"en-US\",\"@id\":\"https:\/\/librairie7l.com\/en\/#\/schema\/logo\/image\/\",\"url\":\"https:\/\/librairie7l.com\/wp-content\/uploads\/2022\/08\/logo-1.png\",\"contentUrl\":\"https:\/\/librairie7l.com\/wp-content\/uploads\/2022\/08\/logo-1.png\",\"width\":227,\"height\":301,\"caption\":\"Librairie 7L\"},\"image\":{\"@id\":\"https:\/\/librairie7l.com\/en\/#\/schema\/logo\/image\/\"}}]}<\/script>\n<!-- \/ Yoast SEO plugin. -->","yoast_head_json":{"title":"Bakst : le magicien des couleurs - Librairie 7L","robots":{"index":"index","follow":"follow","max-snippet":"max-snippet:-1","max-image-preview":"max-image-preview:large","max-video-preview":"max-video-preview:-1"},"canonical":"https:\/\/librairie7l.com\/en\/produit\/bakst-le-magicien-des-couleurs\/","og_locale":"en_US","og_type":"article","og_title":"Bakst : le magicien des couleurs - Librairie 7L","og_description":"Le livre aborde les formidables cr\u00e9ations de L\u00e9on Bakst pour la sc\u00e8ne?: le ballet, l&#8217;op\u00e9ra et le th\u00e9\u00e2tre . Peintre de la cour imp\u00e9riale russe, Bakst fonde avec Sergue\u00ef Diaghilev \u00e0 Saint-P\u00e9tersbourg, la revue Mir Iskusstva (\u00ab?Le Monde de l&#8217;Art?\u00bb) en 1899. Il cr\u00e9e ses premiers d\u00e9cors en 1900, d&#8217;abord au th\u00e9\u00e2tre de la cour [&hellip;]","og_url":"https:\/\/librairie7l.com\/en\/produit\/bakst-le-magicien-des-couleurs\/","og_site_name":"Librairie 7L","article_modified_time":"2026-04-30T07:42:20+00:00","og_image":[{"width":600,"height":600,"url":"https:\/\/librairie7l.com\/wp-content\/uploads\/2023\/04\/9782353403868_1_75.jpg","type":"image\/jpeg"}],"twitter_card":"summary_large_image","twitter_misc":{"Est. reading time":"1 minute"},"schema":{"@context":"https:\/\/schema.org","@graph":[{"@type":"WebPage","@id":"https:\/\/librairie7l.com\/en\/produit\/bakst-le-magicien-des-couleurs\/","url":"https:\/\/librairie7l.com\/en\/produit\/bakst-le-magicien-des-couleurs\/","name":"Bakst : le magicien des couleurs - Librairie 7L","isPartOf":{"@id":"https:\/\/librairie7l.com\/en\/#website"},"datePublished":"2023-11-29T08:16:27+00:00","dateModified":"2026-04-30T07:42:20+00:00","breadcrumb":{"@id":"https:\/\/librairie7l.com\/en\/produit\/bakst-le-magicien-des-couleurs\/#breadcrumb"},"inLanguage":"en-US","potentialAction":[{"@type":"ReadAction","target":["https:\/\/librairie7l.com\/en\/produit\/bakst-le-magicien-des-couleurs\/"]}]},{"@type":"BreadcrumbList","@id":"https:\/\/librairie7l.com\/en\/produit\/bakst-le-magicien-des-couleurs\/#breadcrumb","itemListElement":[{"@type":"ListItem","position":1,"name":"Accueil","item":"https:\/\/librairie7l.com\/en\/"},{"@type":"ListItem","position":2,"name":"Shop","item":"https:\/\/librairie7l.com\/en\/shop\/"},{"@type":"ListItem","position":3,"name":"BAKST : LE MAGICIEN DES COULEURS"}]},{"@type":"WebSite","@id":"https:\/\/librairie7l.com\/en\/#website","url":"https:\/\/librairie7l.com\/en\/","name":"Librairie 7L","description":"Librairie fond\u00e9e en 1999 par Karl Lagerfeld \u00e0 Paris","publisher":{"@id":"https:\/\/librairie7l.com\/en\/#organization"},"potentialAction":[{"@type":"SearchAction","target":{"@type":"EntryPoint","urlTemplate":"https:\/\/librairie7l.com\/en\/?s={search_term_string}"},"query-input":"required name=search_term_string"}],"inLanguage":"en-US"},{"@type":"Organization","@id":"https:\/\/librairie7l.com\/en\/#organization","name":"Librairie 7L","url":"https:\/\/librairie7l.com\/en\/","logo":{"@type":"ImageObject","inLanguage":"en-US","@id":"https:\/\/librairie7l.com\/en\/#\/schema\/logo\/image\/","url":"https:\/\/librairie7l.com\/wp-content\/uploads\/2022\/08\/logo-1.png","contentUrl":"https:\/\/librairie7l.com\/wp-content\/uploads\/2022\/08\/logo-1.png","width":227,"height":301,"caption":"Librairie 7L"},"image":{"@id":"https:\/\/librairie7l.com\/en\/#\/schema\/logo\/image\/"}}]}},"_links":{"self":[{"href":"https:\/\/librairie7l.com\/en\/wp-json\/wp\/v2\/product\/37934"}],"collection":[{"href":"https:\/\/librairie7l.com\/en\/wp-json\/wp\/v2\/product"}],"about":[{"href":"https:\/\/librairie7l.com\/en\/wp-json\/wp\/v2\/types\/product"}],"wp:featuredmedia":[{"embeddable":true,"href":"https:\/\/librairie7l.com\/en\/wp-json\/wp\/v2\/media\/37933"}],"wp:attachment":[{"href":"https:\/\/librairie7l.com\/en\/wp-json\/wp\/v2\/media?parent=37934"}],"wp:term":[{"taxonomy":"product_cat","embeddable":true,"href":"https:\/\/librairie7l.com\/en\/wp-json\/wp\/v2\/product_cat?post=37934"},{"taxonomy":"product_tag","embeddable":true,"href":"https:\/\/librairie7l.com\/en\/wp-json\/wp\/v2\/product_tag?post=37934"}],"curies":[{"name":"wp","href":"https:\/\/api.w.org\/{rel}","templated":true}]}}