{"id":38164,"date":"2024-01-05T09:16:23","date_gmt":"2024-01-05T08:16:23","guid":{"rendered":"https:\/\/librairie7l.com\/?post_type=product&#038;p=38164"},"modified":"2026-04-30T08:24:13","modified_gmt":"2026-04-30T06:24:13","slug":"alma-mahler-ou-lart-detre-aimee","status":"publish","type":"product","link":"https:\/\/librairie7l.com\/en\/produit\/alma-mahler-ou-lart-detre-aimee\/","title":{"rendered":"ALMA MAHLER OU L&#8217;ART D&#8217;\u00caTRE AIM\u00c9E"},"content":{"rendered":"<p>Pr\u00e9face de Laure Adler, biographe de Fran\u00e7oise Giroud Alma Mahler tra\u00eene une l\u00e9gende de femme fatale, mais sa vie \u00e9tait bien plus complexe et romanesque. Fran\u00e7oise Giroud la raconte, avec le g\u00e9nie de portraitiste qui la caract\u00e9rise. Pr\u00e9face de Laure Adler.<\/p>\n<p> Alma Mahler a tr\u00e8s jeune une br\u00e8ve relation avec Gustav Klimt, \u00e0 une \u00e9poque o\u00f9 elle s&#8217;initie \u00e0 l&#8217;art de la composition musicale. Mais lorsqu&#8217;elle rencontre Gustav Mahler, il lui interdit de poursuivre et lui impose une vie maritale aux conditions diaboliques ; elle a foi en son g\u00e9nie de compositeur, elle accepte. Apr\u00e8s plusieurs ann\u00e9es, elle s&#8217;\u00e9chappe ; Mahler serait peut-\u00eatre mort de l&#8217;avoir trop aim\u00e9e.<br \/>\n Alma Mahler devient la ma\u00eetresse du peintre Oscar Kokoschka, puis la femme de Walter Gropius, le fondateur du Bauhaus. Son don pour d\u00e9nicher des artistes exceptionnels s&#8217;associe \u00e0 une beaut\u00e9 et un magn\u00e9tisme rares. Et le go\u00fbt des orages&#8230;<br \/>\n Fran\u00e7oise Giroud raconte la premi\u00e8re moiti\u00e9 d&#8217;un XXe si\u00e8cle artiste, une vie commenc\u00e9e \u00e0 Vienne en 1879 et achev\u00e9e \u00e0 New York en 1964, un rapport aux enfants douloureux d&#8217;abord, path\u00e9tique enfin. Son sens du r\u00e9cit incisif, lucide perce au jour les audaces et les \u00e9garements d&#8217;un \u00eatre fascinant.<\/p>\n","protected":false},"excerpt":{"rendered":"<p>Pr\u00e9face de Laure Adler, biographe de Fran\u00e7oise Giroud Alma Mahler tra\u00eene une l\u00e9gende de femme fatale, mais sa vie \u00e9tait bien plus complexe et romanesque. Fran\u00e7oise Giroud la raconte, avec le g\u00e9nie de portraitiste qui la caract\u00e9rise. Pr\u00e9face de Laure Adler. Alma Mahler a tr\u00e8s jeune une br\u00e8ve relation avec Gustav Klimt, \u00e0 une \u00e9poque [&hellip;]<\/p>\n","protected":false},"featured_media":38162,"template":"","meta":[],"product_cat":[2948,2953],"product_tag":[],"acf":[],"yoast_head":"<!-- This site is optimized with the Yoast SEO plugin v20.11 - https:\/\/yoast.com\/wordpress\/plugins\/seo\/ -->\n<title>Alma Mahler ou l&#039;art d&#039;\u00eatre aim\u00e9e - Librairie 7L<\/title>\n<meta name=\"robots\" content=\"index, follow, max-snippet:-1, max-image-preview:large, max-video-preview:-1\" \/>\n<link rel=\"canonical\" href=\"https:\/\/librairie7l.com\/en\/produit\/alma-mahler-ou-lart-detre-aimee\/\" \/>\n<meta property=\"og:locale\" content=\"en_US\" \/>\n<meta property=\"og:type\" content=\"article\" \/>\n<meta property=\"og:title\" content=\"Alma Mahler ou l&#039;art d&#039;\u00eatre aim\u00e9e - Librairie 7L\" \/>\n<meta property=\"og:description\" content=\"Pr\u00e9face de Laure Adler, biographe de Fran\u00e7oise Giroud Alma Mahler tra\u00eene une l\u00e9gende de femme fatale, mais sa vie \u00e9tait bien plus complexe et romanesque. Fran\u00e7oise Giroud la raconte, avec le g\u00e9nie de portraitiste qui la caract\u00e9rise. Pr\u00e9face de Laure Adler. Alma Mahler a tr\u00e8s jeune une br\u00e8ve relation avec Gustav Klimt, \u00e0 une \u00e9poque [&hellip;]\" \/>\n<meta property=\"og:url\" content=\"https:\/\/librairie7l.com\/en\/produit\/alma-mahler-ou-lart-detre-aimee\/\" \/>\n<meta property=\"og:site_name\" content=\"Librairie 7L\" \/>\n<meta property=\"article:modified_time\" content=\"2026-04-30T06:24:13+00:00\" \/>\n<meta property=\"og:image\" content=\"https:\/\/librairie7l.com\/wp-content\/uploads\/2023\/10\/9782221273555_1_75.jpg\" \/>\n\t<meta property=\"og:image:width\" content=\"600\" \/>\n\t<meta property=\"og:image:height\" content=\"983\" \/>\n\t<meta property=\"og:image:type\" content=\"image\/jpeg\" \/>\n<meta name=\"twitter:card\" content=\"summary_large_image\" \/>\n<meta name=\"twitter:label1\" content=\"Est. reading time\" \/>\n\t<meta name=\"twitter:data1\" content=\"1 minute\" \/>\n<script type=\"application\/ld+json\" class=\"yoast-schema-graph\">{\"@context\":\"https:\/\/schema.org\",\"@graph\":[{\"@type\":\"WebPage\",\"@id\":\"https:\/\/librairie7l.com\/en\/produit\/alma-mahler-ou-lart-detre-aimee\/\",\"url\":\"https:\/\/librairie7l.com\/en\/produit\/alma-mahler-ou-lart-detre-aimee\/\",\"name\":\"Alma Mahler ou l'art d'\u00eatre aim\u00e9e - Librairie 7L\",\"isPartOf\":{\"@id\":\"https:\/\/librairie7l.com\/en\/#website\"},\"datePublished\":\"2024-01-05T08:16:23+00:00\",\"dateModified\":\"2026-04-30T06:24:13+00:00\",\"breadcrumb\":{\"@id\":\"https:\/\/librairie7l.com\/en\/produit\/alma-mahler-ou-lart-detre-aimee\/#breadcrumb\"},\"inLanguage\":\"en-US\",\"potentialAction\":[{\"@type\":\"ReadAction\",\"target\":[\"https:\/\/librairie7l.com\/en\/produit\/alma-mahler-ou-lart-detre-aimee\/\"]}]},{\"@type\":\"BreadcrumbList\",\"@id\":\"https:\/\/librairie7l.com\/en\/produit\/alma-mahler-ou-lart-detre-aimee\/#breadcrumb\",\"itemListElement\":[{\"@type\":\"ListItem\",\"position\":1,\"name\":\"Accueil\",\"item\":\"https:\/\/librairie7l.com\/en\/\"},{\"@type\":\"ListItem\",\"position\":2,\"name\":\"Shop\",\"item\":\"https:\/\/librairie7l.com\/en\/shop\/\"},{\"@type\":\"ListItem\",\"position\":3,\"name\":\"ALMA MAHLER OU L&#8217;ART D&#8217;\u00caTRE AIM\u00c9E\"}]},{\"@type\":\"WebSite\",\"@id\":\"https:\/\/librairie7l.com\/en\/#website\",\"url\":\"https:\/\/librairie7l.com\/en\/\",\"name\":\"Librairie 7L\",\"description\":\"Librairie fond\u00e9e en 1999 par Karl Lagerfeld \u00e0 Paris\",\"publisher\":{\"@id\":\"https:\/\/librairie7l.com\/en\/#organization\"},\"potentialAction\":[{\"@type\":\"SearchAction\",\"target\":{\"@type\":\"EntryPoint\",\"urlTemplate\":\"https:\/\/librairie7l.com\/en\/?s={search_term_string}\"},\"query-input\":\"required name=search_term_string\"}],\"inLanguage\":\"en-US\"},{\"@type\":\"Organization\",\"@id\":\"https:\/\/librairie7l.com\/en\/#organization\",\"name\":\"Librairie 7L\",\"url\":\"https:\/\/librairie7l.com\/en\/\",\"logo\":{\"@type\":\"ImageObject\",\"inLanguage\":\"en-US\",\"@id\":\"https:\/\/librairie7l.com\/en\/#\/schema\/logo\/image\/\",\"url\":\"https:\/\/librairie7l.com\/wp-content\/uploads\/2022\/08\/logo-1.png\",\"contentUrl\":\"https:\/\/librairie7l.com\/wp-content\/uploads\/2022\/08\/logo-1.png\",\"width\":227,\"height\":301,\"caption\":\"Librairie 7L\"},\"image\":{\"@id\":\"https:\/\/librairie7l.com\/en\/#\/schema\/logo\/image\/\"}}]}<\/script>\n<!-- \/ Yoast SEO plugin. -->","yoast_head_json":{"title":"Alma Mahler ou l'art d'\u00eatre aim\u00e9e - Librairie 7L","robots":{"index":"index","follow":"follow","max-snippet":"max-snippet:-1","max-image-preview":"max-image-preview:large","max-video-preview":"max-video-preview:-1"},"canonical":"https:\/\/librairie7l.com\/en\/produit\/alma-mahler-ou-lart-detre-aimee\/","og_locale":"en_US","og_type":"article","og_title":"Alma Mahler ou l'art d'\u00eatre aim\u00e9e - Librairie 7L","og_description":"Pr\u00e9face de Laure Adler, biographe de Fran\u00e7oise Giroud Alma Mahler tra\u00eene une l\u00e9gende de femme fatale, mais sa vie \u00e9tait bien plus complexe et romanesque. Fran\u00e7oise Giroud la raconte, avec le g\u00e9nie de portraitiste qui la caract\u00e9rise. Pr\u00e9face de Laure Adler. Alma Mahler a tr\u00e8s jeune une br\u00e8ve relation avec Gustav Klimt, \u00e0 une \u00e9poque [&hellip;]","og_url":"https:\/\/librairie7l.com\/en\/produit\/alma-mahler-ou-lart-detre-aimee\/","og_site_name":"Librairie 7L","article_modified_time":"2026-04-30T06:24:13+00:00","og_image":[{"width":600,"height":983,"url":"https:\/\/librairie7l.com\/wp-content\/uploads\/2023\/10\/9782221273555_1_75.jpg","type":"image\/jpeg"}],"twitter_card":"summary_large_image","twitter_misc":{"Est. reading time":"1 minute"},"schema":{"@context":"https:\/\/schema.org","@graph":[{"@type":"WebPage","@id":"https:\/\/librairie7l.com\/en\/produit\/alma-mahler-ou-lart-detre-aimee\/","url":"https:\/\/librairie7l.com\/en\/produit\/alma-mahler-ou-lart-detre-aimee\/","name":"Alma Mahler ou l'art d'\u00eatre aim\u00e9e - Librairie 7L","isPartOf":{"@id":"https:\/\/librairie7l.com\/en\/#website"},"datePublished":"2024-01-05T08:16:23+00:00","dateModified":"2026-04-30T06:24:13+00:00","breadcrumb":{"@id":"https:\/\/librairie7l.com\/en\/produit\/alma-mahler-ou-lart-detre-aimee\/#breadcrumb"},"inLanguage":"en-US","potentialAction":[{"@type":"ReadAction","target":["https:\/\/librairie7l.com\/en\/produit\/alma-mahler-ou-lart-detre-aimee\/"]}]},{"@type":"BreadcrumbList","@id":"https:\/\/librairie7l.com\/en\/produit\/alma-mahler-ou-lart-detre-aimee\/#breadcrumb","itemListElement":[{"@type":"ListItem","position":1,"name":"Accueil","item":"https:\/\/librairie7l.com\/en\/"},{"@type":"ListItem","position":2,"name":"Shop","item":"https:\/\/librairie7l.com\/en\/shop\/"},{"@type":"ListItem","position":3,"name":"ALMA MAHLER OU L&#8217;ART D&#8217;\u00caTRE AIM\u00c9E"}]},{"@type":"WebSite","@id":"https:\/\/librairie7l.com\/en\/#website","url":"https:\/\/librairie7l.com\/en\/","name":"Librairie 7L","description":"Librairie fond\u00e9e en 1999 par Karl Lagerfeld \u00e0 Paris","publisher":{"@id":"https:\/\/librairie7l.com\/en\/#organization"},"potentialAction":[{"@type":"SearchAction","target":{"@type":"EntryPoint","urlTemplate":"https:\/\/librairie7l.com\/en\/?s={search_term_string}"},"query-input":"required name=search_term_string"}],"inLanguage":"en-US"},{"@type":"Organization","@id":"https:\/\/librairie7l.com\/en\/#organization","name":"Librairie 7L","url":"https:\/\/librairie7l.com\/en\/","logo":{"@type":"ImageObject","inLanguage":"en-US","@id":"https:\/\/librairie7l.com\/en\/#\/schema\/logo\/image\/","url":"https:\/\/librairie7l.com\/wp-content\/uploads\/2022\/08\/logo-1.png","contentUrl":"https:\/\/librairie7l.com\/wp-content\/uploads\/2022\/08\/logo-1.png","width":227,"height":301,"caption":"Librairie 7L"},"image":{"@id":"https:\/\/librairie7l.com\/en\/#\/schema\/logo\/image\/"}}]}},"_links":{"self":[{"href":"https:\/\/librairie7l.com\/en\/wp-json\/wp\/v2\/product\/38164"}],"collection":[{"href":"https:\/\/librairie7l.com\/en\/wp-json\/wp\/v2\/product"}],"about":[{"href":"https:\/\/librairie7l.com\/en\/wp-json\/wp\/v2\/types\/product"}],"wp:featuredmedia":[{"embeddable":true,"href":"https:\/\/librairie7l.com\/en\/wp-json\/wp\/v2\/media\/38162"}],"wp:attachment":[{"href":"https:\/\/librairie7l.com\/en\/wp-json\/wp\/v2\/media?parent=38164"}],"wp:term":[{"taxonomy":"product_cat","embeddable":true,"href":"https:\/\/librairie7l.com\/en\/wp-json\/wp\/v2\/product_cat?post=38164"},{"taxonomy":"product_tag","embeddable":true,"href":"https:\/\/librairie7l.com\/en\/wp-json\/wp\/v2\/product_tag?post=38164"}],"curies":[{"name":"wp","href":"https:\/\/api.w.org\/{rel}","templated":true}]}}