{"id":39506,"date":"2024-02-29T09:19:21","date_gmt":"2024-02-29T08:19:21","guid":{"rendered":"https:\/\/librairie7l.com\/?post_type=product&#038;p=39506"},"modified":"2026-04-30T23:56:17","modified_gmt":"2026-04-30T21:56:17","slug":"ghitta-carell-portraits","status":"publish","type":"product","link":"https:\/\/librairie7l.com\/en\/produit\/ghitta-carell-portraits\/","title":{"rendered":"GHITTA CARELL PORTRAITS"},"content":{"rendered":"<p>Ce volume nous fait mieux conna\u00eetre l&#8217;oeuvre et la destin\u00e9e de Ghitta Carell (1899-1972), photographe d&#8217;origine hongroise naturalis\u00e9e italienne. N\u00e9e dans une famille juive modeste, Ghitta \u00e9migre au d\u00e9but des ann\u00e9es 1920, avec ses parents, en Italie, o\u00f9 elle a t\u00f4t fait de devenir la plus recherch\u00e9e des portraitistes. Dans son studio romain viennent poser intellectuels, acteurs, g\u00e9n\u00e9raux, dirigeants politiques, mais aussi des femmes du monde, des figures de la grande bourgeoisie et de l&#8217;aristocratie, voire de familles r\u00e9gnantes. Elle recourt \u00e0 la technique du banc optique pour ses clich\u00e9s en noir et blanc, qu&#8217;elle retravaille avec maestria et subtilit\u00e9, de fa\u00e7on \u00e0 obtenir une image douce et lumineuse. Elle proc\u00e8de par soustraction, \u00f4tant les strates de surface, d\u00e9pouillant en quelque sorte ses mod\u00e8les de leur masque afin de leur restituer non seulement leur visage, mais aussi et surtout leur \u00e2me. Lorsque Ghitta Carell meurt \u00e0 Ha\u00effa, en Isra\u00ebl, elle laisse plus de 50 000 plaques, aujourd&#8217;hui rassembl\u00e9es en grande partie dans les archives de la Fondation 3M.<\/p>\n","protected":false},"excerpt":{"rendered":"<p>Ce volume nous fait mieux conna\u00eetre l&#8217;oeuvre et la destin\u00e9e de Ghitta Carell (1899-1972), photographe d&#8217;origine hongroise naturalis\u00e9e italienne. N\u00e9e dans une famille juive modeste, Ghitta \u00e9migre au d\u00e9but des ann\u00e9es 1920, avec ses parents, en Italie, o\u00f9 elle a t\u00f4t fait de devenir la plus recherch\u00e9e des portraitistes. Dans son studio romain viennent poser [&hellip;]<\/p>\n","protected":false},"featured_media":39504,"template":"","meta":[],"product_cat":[2948,2958],"product_tag":[],"acf":[],"yoast_head":"<!-- This site is optimized with the Yoast SEO plugin v20.11 - https:\/\/yoast.com\/wordpress\/plugins\/seo\/ -->\n<title>Ghitta Carell portraits - Librairie 7L<\/title>\n<meta name=\"robots\" content=\"index, follow, max-snippet:-1, max-image-preview:large, max-video-preview:-1\" \/>\n<link rel=\"canonical\" href=\"https:\/\/librairie7l.com\/en\/produit\/ghitta-carell-portraits\/\" \/>\n<meta property=\"og:locale\" content=\"en_US\" \/>\n<meta property=\"og:type\" content=\"article\" \/>\n<meta property=\"og:title\" content=\"Ghitta Carell portraits - Librairie 7L\" \/>\n<meta property=\"og:description\" content=\"Ce volume nous fait mieux conna\u00eetre l&#8217;oeuvre et la destin\u00e9e de Ghitta Carell (1899-1972), photographe d&#8217;origine hongroise naturalis\u00e9e italienne. N\u00e9e dans une famille juive modeste, Ghitta \u00e9migre au d\u00e9but des ann\u00e9es 1920, avec ses parents, en Italie, o\u00f9 elle a t\u00f4t fait de devenir la plus recherch\u00e9e des portraitistes. Dans son studio romain viennent poser [&hellip;]\" \/>\n<meta property=\"og:url\" content=\"https:\/\/librairie7l.com\/en\/produit\/ghitta-carell-portraits\/\" \/>\n<meta property=\"og:site_name\" content=\"Librairie 7L\" \/>\n<meta property=\"article:modified_time\" content=\"2026-04-30T21:56:17+00:00\" \/>\n<meta property=\"og:image\" content=\"https:\/\/librairie7l.com\/wp-content\/uploads\/2023\/09\/9791254600542_1_75.jpg\" \/>\n\t<meta property=\"og:image:width\" content=\"480\" \/>\n\t<meta property=\"og:image:height\" content=\"608\" \/>\n\t<meta property=\"og:image:type\" content=\"image\/jpeg\" \/>\n<meta name=\"twitter:card\" content=\"summary_large_image\" \/>\n<meta name=\"twitter:label1\" content=\"Est. reading time\" \/>\n\t<meta name=\"twitter:data1\" content=\"1 minute\" \/>\n<script type=\"application\/ld+json\" class=\"yoast-schema-graph\">{\"@context\":\"https:\/\/schema.org\",\"@graph\":[{\"@type\":\"WebPage\",\"@id\":\"https:\/\/librairie7l.com\/en\/produit\/ghitta-carell-portraits\/\",\"url\":\"https:\/\/librairie7l.com\/en\/produit\/ghitta-carell-portraits\/\",\"name\":\"Ghitta Carell portraits - Librairie 7L\",\"isPartOf\":{\"@id\":\"https:\/\/librairie7l.com\/en\/#website\"},\"datePublished\":\"2024-02-29T08:19:21+00:00\",\"dateModified\":\"2026-04-30T21:56:17+00:00\",\"breadcrumb\":{\"@id\":\"https:\/\/librairie7l.com\/en\/produit\/ghitta-carell-portraits\/#breadcrumb\"},\"inLanguage\":\"en-US\",\"potentialAction\":[{\"@type\":\"ReadAction\",\"target\":[\"https:\/\/librairie7l.com\/en\/produit\/ghitta-carell-portraits\/\"]}]},{\"@type\":\"BreadcrumbList\",\"@id\":\"https:\/\/librairie7l.com\/en\/produit\/ghitta-carell-portraits\/#breadcrumb\",\"itemListElement\":[{\"@type\":\"ListItem\",\"position\":1,\"name\":\"Accueil\",\"item\":\"https:\/\/librairie7l.com\/en\/\"},{\"@type\":\"ListItem\",\"position\":2,\"name\":\"Shop\",\"item\":\"https:\/\/librairie7l.com\/en\/shop\/\"},{\"@type\":\"ListItem\",\"position\":3,\"name\":\"GHITTA CARELL PORTRAITS\"}]},{\"@type\":\"WebSite\",\"@id\":\"https:\/\/librairie7l.com\/en\/#website\",\"url\":\"https:\/\/librairie7l.com\/en\/\",\"name\":\"Librairie 7L\",\"description\":\"Librairie fond\u00e9e en 1999 par Karl Lagerfeld \u00e0 Paris\",\"publisher\":{\"@id\":\"https:\/\/librairie7l.com\/en\/#organization\"},\"potentialAction\":[{\"@type\":\"SearchAction\",\"target\":{\"@type\":\"EntryPoint\",\"urlTemplate\":\"https:\/\/librairie7l.com\/en\/?s={search_term_string}\"},\"query-input\":\"required name=search_term_string\"}],\"inLanguage\":\"en-US\"},{\"@type\":\"Organization\",\"@id\":\"https:\/\/librairie7l.com\/en\/#organization\",\"name\":\"Librairie 7L\",\"url\":\"https:\/\/librairie7l.com\/en\/\",\"logo\":{\"@type\":\"ImageObject\",\"inLanguage\":\"en-US\",\"@id\":\"https:\/\/librairie7l.com\/en\/#\/schema\/logo\/image\/\",\"url\":\"https:\/\/librairie7l.com\/wp-content\/uploads\/2022\/08\/logo-1.png\",\"contentUrl\":\"https:\/\/librairie7l.com\/wp-content\/uploads\/2022\/08\/logo-1.png\",\"width\":227,\"height\":301,\"caption\":\"Librairie 7L\"},\"image\":{\"@id\":\"https:\/\/librairie7l.com\/en\/#\/schema\/logo\/image\/\"}}]}<\/script>\n<!-- \/ Yoast SEO plugin. -->","yoast_head_json":{"title":"Ghitta Carell portraits - Librairie 7L","robots":{"index":"index","follow":"follow","max-snippet":"max-snippet:-1","max-image-preview":"max-image-preview:large","max-video-preview":"max-video-preview:-1"},"canonical":"https:\/\/librairie7l.com\/en\/produit\/ghitta-carell-portraits\/","og_locale":"en_US","og_type":"article","og_title":"Ghitta Carell portraits - Librairie 7L","og_description":"Ce volume nous fait mieux conna\u00eetre l&#8217;oeuvre et la destin\u00e9e de Ghitta Carell (1899-1972), photographe d&#8217;origine hongroise naturalis\u00e9e italienne. N\u00e9e dans une famille juive modeste, Ghitta \u00e9migre au d\u00e9but des ann\u00e9es 1920, avec ses parents, en Italie, o\u00f9 elle a t\u00f4t fait de devenir la plus recherch\u00e9e des portraitistes. Dans son studio romain viennent poser [&hellip;]","og_url":"https:\/\/librairie7l.com\/en\/produit\/ghitta-carell-portraits\/","og_site_name":"Librairie 7L","article_modified_time":"2026-04-30T21:56:17+00:00","og_image":[{"width":480,"height":608,"url":"https:\/\/librairie7l.com\/wp-content\/uploads\/2023\/09\/9791254600542_1_75.jpg","type":"image\/jpeg"}],"twitter_card":"summary_large_image","twitter_misc":{"Est. reading time":"1 minute"},"schema":{"@context":"https:\/\/schema.org","@graph":[{"@type":"WebPage","@id":"https:\/\/librairie7l.com\/en\/produit\/ghitta-carell-portraits\/","url":"https:\/\/librairie7l.com\/en\/produit\/ghitta-carell-portraits\/","name":"Ghitta Carell portraits - Librairie 7L","isPartOf":{"@id":"https:\/\/librairie7l.com\/en\/#website"},"datePublished":"2024-02-29T08:19:21+00:00","dateModified":"2026-04-30T21:56:17+00:00","breadcrumb":{"@id":"https:\/\/librairie7l.com\/en\/produit\/ghitta-carell-portraits\/#breadcrumb"},"inLanguage":"en-US","potentialAction":[{"@type":"ReadAction","target":["https:\/\/librairie7l.com\/en\/produit\/ghitta-carell-portraits\/"]}]},{"@type":"BreadcrumbList","@id":"https:\/\/librairie7l.com\/en\/produit\/ghitta-carell-portraits\/#breadcrumb","itemListElement":[{"@type":"ListItem","position":1,"name":"Accueil","item":"https:\/\/librairie7l.com\/en\/"},{"@type":"ListItem","position":2,"name":"Shop","item":"https:\/\/librairie7l.com\/en\/shop\/"},{"@type":"ListItem","position":3,"name":"GHITTA CARELL PORTRAITS"}]},{"@type":"WebSite","@id":"https:\/\/librairie7l.com\/en\/#website","url":"https:\/\/librairie7l.com\/en\/","name":"Librairie 7L","description":"Librairie fond\u00e9e en 1999 par Karl Lagerfeld \u00e0 Paris","publisher":{"@id":"https:\/\/librairie7l.com\/en\/#organization"},"potentialAction":[{"@type":"SearchAction","target":{"@type":"EntryPoint","urlTemplate":"https:\/\/librairie7l.com\/en\/?s={search_term_string}"},"query-input":"required name=search_term_string"}],"inLanguage":"en-US"},{"@type":"Organization","@id":"https:\/\/librairie7l.com\/en\/#organization","name":"Librairie 7L","url":"https:\/\/librairie7l.com\/en\/","logo":{"@type":"ImageObject","inLanguage":"en-US","@id":"https:\/\/librairie7l.com\/en\/#\/schema\/logo\/image\/","url":"https:\/\/librairie7l.com\/wp-content\/uploads\/2022\/08\/logo-1.png","contentUrl":"https:\/\/librairie7l.com\/wp-content\/uploads\/2022\/08\/logo-1.png","width":227,"height":301,"caption":"Librairie 7L"},"image":{"@id":"https:\/\/librairie7l.com\/en\/#\/schema\/logo\/image\/"}}]}},"_links":{"self":[{"href":"https:\/\/librairie7l.com\/en\/wp-json\/wp\/v2\/product\/39506"}],"collection":[{"href":"https:\/\/librairie7l.com\/en\/wp-json\/wp\/v2\/product"}],"about":[{"href":"https:\/\/librairie7l.com\/en\/wp-json\/wp\/v2\/types\/product"}],"wp:featuredmedia":[{"embeddable":true,"href":"https:\/\/librairie7l.com\/en\/wp-json\/wp\/v2\/media\/39504"}],"wp:attachment":[{"href":"https:\/\/librairie7l.com\/en\/wp-json\/wp\/v2\/media?parent=39506"}],"wp:term":[{"taxonomy":"product_cat","embeddable":true,"href":"https:\/\/librairie7l.com\/en\/wp-json\/wp\/v2\/product_cat?post=39506"},{"taxonomy":"product_tag","embeddable":true,"href":"https:\/\/librairie7l.com\/en\/wp-json\/wp\/v2\/product_tag?post=39506"}],"curies":[{"name":"wp","href":"https:\/\/api.w.org\/{rel}","templated":true}]}}