{"id":40015,"date":"2024-03-29T09:18:50","date_gmt":"2024-03-29T08:18:50","guid":{"rendered":"https:\/\/librairie7l.com\/?post_type=product&#038;p=40015"},"modified":"2026-04-30T13:59:23","modified_gmt":"2026-04-30T11:59:23","slug":"vera-molnar-monographie","status":"publish","type":"product","link":"https:\/\/librairie7l.com\/en\/produit\/vera-molnar-monographie\/","title":{"rendered":"VERA MOLN\u00c1R : MONOGRAPHIE"},"content":{"rendered":"<p>Artiste encore en activit\u00e9 \u00e0 99 ans, Vera Molnar place sa pratique entre art concret, art construit et art conceptuel. Ses anc\u00eatres plastiques sont incontestablement Kandinsky, Malevitch, Mondrian et Klee. Elle est \u00e9galement consid\u00e9r\u00e9e comme une pionni\u00e8re du dessin par ordinateur, ayant contribu\u00e9 \u00e0 partir des ann\u00e9es 1960 au mouvement de l&#8217;art num\u00e9rique.<br \/>\nCet ouvrage r\u00e9trospectif du travail de l&#8217;artiste pr\u00e9sente les multiples visages de Vera Molnar en pr\u00e9sentant ses premi\u00e8res oeuvres depuis la ??n des ann\u00e9es 1940 jusqu&#8217;\u00e0 aujourd&#8217;hui, avec ses derni\u00e8res r\u00e9alisations : vitraux pour l&#8217;abbaye de L\u00e9rins (Alpes-Maritimes), photogrammes, NFT&#8230;<br \/>\nCe livre, le plus complet \u00e9dit\u00e9 \u00e0 ce jour, offre un regard particulier sur les apports de cette artiste majeure de l&#8217;art abstrait au champ particulier de l&#8217;art num\u00e9rique.<br \/>\nL&#8217;ouvrage s&#8217;accompagne d&#8217;un ensemble de textes d&#8217;auteurs, sp\u00e9cialistes du travail de Vera Molnar et historiens de l&#8217;art : Vincent Baby, Florence de M\u00e9redieu, Jean-Claude Risset, Isabelle Ewig, Pierre Braun, Anne Tronche, Erwin Steller, Frieder Nake.<br \/>\n\u00c0 l&#8217;approche de son centenaire l&#8217;artiste b\u00e9n\u00e9??ciera d&#8217;une exposition au Centre Pompidou \u00e0 l&#8217;automne 2023.<\/p>\n","protected":false},"excerpt":{"rendered":"<p>Artiste encore en activit\u00e9 \u00e0 99 ans, Vera Molnar place sa pratique entre art concret, art construit et art conceptuel. Ses anc\u00eatres plastiques sont incontestablement Kandinsky, Malevitch, Mondrian et Klee. Elle est \u00e9galement consid\u00e9r\u00e9e comme une pionni\u00e8re du dessin par ordinateur, ayant contribu\u00e9 \u00e0 partir des ann\u00e9es 1960 au mouvement de l&#8217;art num\u00e9rique. Cet ouvrage [&hellip;]<\/p>\n","protected":false},"featured_media":40013,"template":"","meta":[],"product_cat":[2948,2953],"product_tag":[],"acf":[],"yoast_head":"<!-- This site is optimized with the Yoast SEO plugin v20.11 - https:\/\/yoast.com\/wordpress\/plugins\/seo\/ -->\n<title>Vera Moln\u00e1r : Monographie - Librairie 7L<\/title>\n<meta name=\"robots\" content=\"index, follow, max-snippet:-1, max-image-preview:large, max-video-preview:-1\" \/>\n<link rel=\"canonical\" href=\"https:\/\/librairie7l.com\/en\/produit\/vera-molnar-monographie\/\" \/>\n<meta property=\"og:locale\" content=\"en_US\" \/>\n<meta property=\"og:type\" content=\"article\" \/>\n<meta property=\"og:title\" content=\"Vera Moln\u00e1r : Monographie - Librairie 7L\" \/>\n<meta property=\"og:description\" content=\"Artiste encore en activit\u00e9 \u00e0 99 ans, Vera Molnar place sa pratique entre art concret, art construit et art conceptuel. Ses anc\u00eatres plastiques sont incontestablement Kandinsky, Malevitch, Mondrian et Klee. Elle est \u00e9galement consid\u00e9r\u00e9e comme une pionni\u00e8re du dessin par ordinateur, ayant contribu\u00e9 \u00e0 partir des ann\u00e9es 1960 au mouvement de l&#8217;art num\u00e9rique. Cet ouvrage [&hellip;]\" \/>\n<meta property=\"og:url\" content=\"https:\/\/librairie7l.com\/en\/produit\/vera-molnar-monographie\/\" \/>\n<meta property=\"og:site_name\" content=\"Librairie 7L\" \/>\n<meta property=\"article:modified_time\" content=\"2026-04-30T11:59:23+00:00\" \/>\n<meta property=\"og:image\" content=\"https:\/\/librairie7l.com\/wp-content\/uploads\/2023\/03\/9782363063359_1_75.jpg\" \/>\n\t<meta property=\"og:image:width\" content=\"600\" \/>\n\t<meta property=\"og:image:height\" content=\"723\" \/>\n\t<meta property=\"og:image:type\" content=\"image\/jpeg\" \/>\n<meta name=\"twitter:card\" content=\"summary_large_image\" \/>\n<meta name=\"twitter:label1\" content=\"Est. reading time\" \/>\n\t<meta name=\"twitter:data1\" content=\"1 minute\" \/>\n<script type=\"application\/ld+json\" class=\"yoast-schema-graph\">{\"@context\":\"https:\/\/schema.org\",\"@graph\":[{\"@type\":\"WebPage\",\"@id\":\"https:\/\/librairie7l.com\/en\/produit\/vera-molnar-monographie\/\",\"url\":\"https:\/\/librairie7l.com\/en\/produit\/vera-molnar-monographie\/\",\"name\":\"Vera Moln\u00e1r : Monographie - Librairie 7L\",\"isPartOf\":{\"@id\":\"https:\/\/librairie7l.com\/en\/#website\"},\"datePublished\":\"2024-03-29T08:18:50+00:00\",\"dateModified\":\"2026-04-30T11:59:23+00:00\",\"breadcrumb\":{\"@id\":\"https:\/\/librairie7l.com\/en\/produit\/vera-molnar-monographie\/#breadcrumb\"},\"inLanguage\":\"en-US\",\"potentialAction\":[{\"@type\":\"ReadAction\",\"target\":[\"https:\/\/librairie7l.com\/en\/produit\/vera-molnar-monographie\/\"]}]},{\"@type\":\"BreadcrumbList\",\"@id\":\"https:\/\/librairie7l.com\/en\/produit\/vera-molnar-monographie\/#breadcrumb\",\"itemListElement\":[{\"@type\":\"ListItem\",\"position\":1,\"name\":\"Accueil\",\"item\":\"https:\/\/librairie7l.com\/en\/\"},{\"@type\":\"ListItem\",\"position\":2,\"name\":\"Shop\",\"item\":\"https:\/\/librairie7l.com\/en\/shop\/\"},{\"@type\":\"ListItem\",\"position\":3,\"name\":\"VERA MOLN\u00c1R : MONOGRAPHIE\"}]},{\"@type\":\"WebSite\",\"@id\":\"https:\/\/librairie7l.com\/en\/#website\",\"url\":\"https:\/\/librairie7l.com\/en\/\",\"name\":\"Librairie 7L\",\"description\":\"Librairie fond\u00e9e en 1999 par Karl Lagerfeld \u00e0 Paris\",\"publisher\":{\"@id\":\"https:\/\/librairie7l.com\/en\/#organization\"},\"potentialAction\":[{\"@type\":\"SearchAction\",\"target\":{\"@type\":\"EntryPoint\",\"urlTemplate\":\"https:\/\/librairie7l.com\/en\/?s={search_term_string}\"},\"query-input\":\"required name=search_term_string\"}],\"inLanguage\":\"en-US\"},{\"@type\":\"Organization\",\"@id\":\"https:\/\/librairie7l.com\/en\/#organization\",\"name\":\"Librairie 7L\",\"url\":\"https:\/\/librairie7l.com\/en\/\",\"logo\":{\"@type\":\"ImageObject\",\"inLanguage\":\"en-US\",\"@id\":\"https:\/\/librairie7l.com\/en\/#\/schema\/logo\/image\/\",\"url\":\"https:\/\/librairie7l.com\/wp-content\/uploads\/2022\/08\/logo-1.png\",\"contentUrl\":\"https:\/\/librairie7l.com\/wp-content\/uploads\/2022\/08\/logo-1.png\",\"width\":227,\"height\":301,\"caption\":\"Librairie 7L\"},\"image\":{\"@id\":\"https:\/\/librairie7l.com\/en\/#\/schema\/logo\/image\/\"}}]}<\/script>\n<!-- \/ Yoast SEO plugin. -->","yoast_head_json":{"title":"Vera Moln\u00e1r : Monographie - Librairie 7L","robots":{"index":"index","follow":"follow","max-snippet":"max-snippet:-1","max-image-preview":"max-image-preview:large","max-video-preview":"max-video-preview:-1"},"canonical":"https:\/\/librairie7l.com\/en\/produit\/vera-molnar-monographie\/","og_locale":"en_US","og_type":"article","og_title":"Vera Moln\u00e1r : Monographie - Librairie 7L","og_description":"Artiste encore en activit\u00e9 \u00e0 99 ans, Vera Molnar place sa pratique entre art concret, art construit et art conceptuel. Ses anc\u00eatres plastiques sont incontestablement Kandinsky, Malevitch, Mondrian et Klee. Elle est \u00e9galement consid\u00e9r\u00e9e comme une pionni\u00e8re du dessin par ordinateur, ayant contribu\u00e9 \u00e0 partir des ann\u00e9es 1960 au mouvement de l&#8217;art num\u00e9rique. Cet ouvrage [&hellip;]","og_url":"https:\/\/librairie7l.com\/en\/produit\/vera-molnar-monographie\/","og_site_name":"Librairie 7L","article_modified_time":"2026-04-30T11:59:23+00:00","og_image":[{"width":600,"height":723,"url":"https:\/\/librairie7l.com\/wp-content\/uploads\/2023\/03\/9782363063359_1_75.jpg","type":"image\/jpeg"}],"twitter_card":"summary_large_image","twitter_misc":{"Est. reading time":"1 minute"},"schema":{"@context":"https:\/\/schema.org","@graph":[{"@type":"WebPage","@id":"https:\/\/librairie7l.com\/en\/produit\/vera-molnar-monographie\/","url":"https:\/\/librairie7l.com\/en\/produit\/vera-molnar-monographie\/","name":"Vera Moln\u00e1r : Monographie - Librairie 7L","isPartOf":{"@id":"https:\/\/librairie7l.com\/en\/#website"},"datePublished":"2024-03-29T08:18:50+00:00","dateModified":"2026-04-30T11:59:23+00:00","breadcrumb":{"@id":"https:\/\/librairie7l.com\/en\/produit\/vera-molnar-monographie\/#breadcrumb"},"inLanguage":"en-US","potentialAction":[{"@type":"ReadAction","target":["https:\/\/librairie7l.com\/en\/produit\/vera-molnar-monographie\/"]}]},{"@type":"BreadcrumbList","@id":"https:\/\/librairie7l.com\/en\/produit\/vera-molnar-monographie\/#breadcrumb","itemListElement":[{"@type":"ListItem","position":1,"name":"Accueil","item":"https:\/\/librairie7l.com\/en\/"},{"@type":"ListItem","position":2,"name":"Shop","item":"https:\/\/librairie7l.com\/en\/shop\/"},{"@type":"ListItem","position":3,"name":"VERA MOLN\u00c1R : MONOGRAPHIE"}]},{"@type":"WebSite","@id":"https:\/\/librairie7l.com\/en\/#website","url":"https:\/\/librairie7l.com\/en\/","name":"Librairie 7L","description":"Librairie fond\u00e9e en 1999 par Karl Lagerfeld \u00e0 Paris","publisher":{"@id":"https:\/\/librairie7l.com\/en\/#organization"},"potentialAction":[{"@type":"SearchAction","target":{"@type":"EntryPoint","urlTemplate":"https:\/\/librairie7l.com\/en\/?s={search_term_string}"},"query-input":"required name=search_term_string"}],"inLanguage":"en-US"},{"@type":"Organization","@id":"https:\/\/librairie7l.com\/en\/#organization","name":"Librairie 7L","url":"https:\/\/librairie7l.com\/en\/","logo":{"@type":"ImageObject","inLanguage":"en-US","@id":"https:\/\/librairie7l.com\/en\/#\/schema\/logo\/image\/","url":"https:\/\/librairie7l.com\/wp-content\/uploads\/2022\/08\/logo-1.png","contentUrl":"https:\/\/librairie7l.com\/wp-content\/uploads\/2022\/08\/logo-1.png","width":227,"height":301,"caption":"Librairie 7L"},"image":{"@id":"https:\/\/librairie7l.com\/en\/#\/schema\/logo\/image\/"}}]}},"_links":{"self":[{"href":"https:\/\/librairie7l.com\/en\/wp-json\/wp\/v2\/product\/40015"}],"collection":[{"href":"https:\/\/librairie7l.com\/en\/wp-json\/wp\/v2\/product"}],"about":[{"href":"https:\/\/librairie7l.com\/en\/wp-json\/wp\/v2\/types\/product"}],"wp:featuredmedia":[{"embeddable":true,"href":"https:\/\/librairie7l.com\/en\/wp-json\/wp\/v2\/media\/40013"}],"wp:attachment":[{"href":"https:\/\/librairie7l.com\/en\/wp-json\/wp\/v2\/media?parent=40015"}],"wp:term":[{"taxonomy":"product_cat","embeddable":true,"href":"https:\/\/librairie7l.com\/en\/wp-json\/wp\/v2\/product_cat?post=40015"},{"taxonomy":"product_tag","embeddable":true,"href":"https:\/\/librairie7l.com\/en\/wp-json\/wp\/v2\/product_tag?post=40015"}],"curies":[{"name":"wp","href":"https:\/\/api.w.org\/{rel}","templated":true}]}}