{"id":40178,"date":"2024-05-24T02:05:46","date_gmt":"2024-05-24T00:05:46","guid":{"rendered":"https:\/\/librairie7l.com\/?post_type=product&#038;p=40178"},"modified":"2026-04-27T17:52:03","modified_gmt":"2026-04-27T15:52:03","slug":"avec-paul","status":"publish","type":"product","link":"https:\/\/librairie7l.com\/en\/produit\/avec-paul\/","title":{"rendered":"AVEC PAUL"},"content":{"rendered":"<p>La disparation de Paul Andreu est un s\u00e9isme dans la vie de sa femme, Nadine Eghels. Debout sur le seuil de ce qui les s\u00e9pare d\u00e9sormais, elle \u00e9crit le livre de douleur et d&#8217;amour de deux personnes \u00e9prises de leur libert\u00e9, et comment cet amour nourrit leur cr\u00e9ation. Qui nourrit l&#8217;amour.<br \/>\nPaul Andreu, grand architecte reconnu en France comme \u00e0 l&#8217;international pour ses travaux (a\u00e9roport du Caire, de Jakarta, Roissy-Charles de Gaulle, mus\u00e9e maritime d&#8217;Osaka, Op\u00e9ra de P\u00e9kin&#8230;), meurt le 18 octobre 2018.<br \/>\n Sa disparation est un s\u00e9isme dans la vie de sa femme, Nadine Eghels. Debout sur le seuil de ce qui les s\u00e9pare d\u00e9sormais, elle \u00e9crit le livre de douleur et d&#8217;amour de deux personnes \u00e9prises de leur libert\u00e9, et comment cet amour nourrit leur cr\u00e9ation. Qui nourrit l&#8217;amour.<br \/>\n De Paris en Chine, des C\u00e9vennes au Japon, de rires en d\u00e9sarrois, ce livre tente de saisir ce qui demeure par la gr\u00e2ce de la litt\u00e9rature.<\/p>\n","protected":false},"excerpt":{"rendered":"<p>La disparation de Paul Andreu est un s\u00e9isme dans la vie de sa femme, Nadine Eghels. Debout sur le seuil de ce qui les s\u00e9pare d\u00e9sormais, elle \u00e9crit le livre de douleur et d&#8217;amour de deux personnes \u00e9prises de leur libert\u00e9, et comment cet amour nourrit leur cr\u00e9ation. Qui nourrit l&#8217;amour. Paul Andreu, grand architecte [&hellip;]<\/p>\n","protected":false},"featured_media":40176,"template":"","meta":[],"product_cat":[2948,2950],"product_tag":[],"acf":[],"yoast_head":"<!-- This site is optimized with the Yoast SEO plugin v20.11 - https:\/\/yoast.com\/wordpress\/plugins\/seo\/ -->\n<title>Avec Paul - Librairie 7L<\/title>\n<meta name=\"robots\" content=\"index, follow, max-snippet:-1, max-image-preview:large, max-video-preview:-1\" \/>\n<link rel=\"canonical\" href=\"https:\/\/librairie7l.com\/en\/produit\/avec-paul\/\" \/>\n<meta property=\"og:locale\" content=\"en_US\" \/>\n<meta property=\"og:type\" content=\"article\" \/>\n<meta property=\"og:title\" content=\"Avec Paul - Librairie 7L\" \/>\n<meta property=\"og:description\" content=\"La disparation de Paul Andreu est un s\u00e9isme dans la vie de sa femme, Nadine Eghels. Debout sur le seuil de ce qui les s\u00e9pare d\u00e9sormais, elle \u00e9crit le livre de douleur et d&#8217;amour de deux personnes \u00e9prises de leur libert\u00e9, et comment cet amour nourrit leur cr\u00e9ation. Qui nourrit l&#8217;amour. Paul Andreu, grand architecte [&hellip;]\" \/>\n<meta property=\"og:url\" content=\"https:\/\/librairie7l.com\/en\/produit\/avec-paul\/\" \/>\n<meta property=\"og:site_name\" content=\"Librairie 7L\" \/>\n<meta property=\"article:modified_time\" content=\"2026-04-27T15:52:03+00:00\" \/>\n<meta property=\"og:image\" content=\"https:\/\/librairie7l.com\/wp-content\/uploads\/2022\/12\/9782363083289_1_75.jpg\" \/>\n\t<meta property=\"og:image:width\" content=\"400\" \/>\n\t<meta property=\"og:image:height\" content=\"656\" \/>\n\t<meta property=\"og:image:type\" content=\"image\/jpeg\" \/>\n<meta name=\"twitter:card\" content=\"summary_large_image\" \/>\n<meta name=\"twitter:label1\" content=\"Est. reading time\" \/>\n\t<meta name=\"twitter:data1\" content=\"1 minute\" \/>\n<script type=\"application\/ld+json\" class=\"yoast-schema-graph\">{\"@context\":\"https:\/\/schema.org\",\"@graph\":[{\"@type\":\"WebPage\",\"@id\":\"https:\/\/librairie7l.com\/en\/produit\/avec-paul\/\",\"url\":\"https:\/\/librairie7l.com\/en\/produit\/avec-paul\/\",\"name\":\"Avec Paul - Librairie 7L\",\"isPartOf\":{\"@id\":\"https:\/\/librairie7l.com\/en\/#website\"},\"datePublished\":\"2024-05-24T00:05:46+00:00\",\"dateModified\":\"2026-04-27T15:52:03+00:00\",\"breadcrumb\":{\"@id\":\"https:\/\/librairie7l.com\/en\/produit\/avec-paul\/#breadcrumb\"},\"inLanguage\":\"en-US\",\"potentialAction\":[{\"@type\":\"ReadAction\",\"target\":[\"https:\/\/librairie7l.com\/en\/produit\/avec-paul\/\"]}]},{\"@type\":\"BreadcrumbList\",\"@id\":\"https:\/\/librairie7l.com\/en\/produit\/avec-paul\/#breadcrumb\",\"itemListElement\":[{\"@type\":\"ListItem\",\"position\":1,\"name\":\"Accueil\",\"item\":\"https:\/\/librairie7l.com\/en\/\"},{\"@type\":\"ListItem\",\"position\":2,\"name\":\"Shop\",\"item\":\"https:\/\/librairie7l.com\/en\/shop\/\"},{\"@type\":\"ListItem\",\"position\":3,\"name\":\"AVEC PAUL\"}]},{\"@type\":\"WebSite\",\"@id\":\"https:\/\/librairie7l.com\/en\/#website\",\"url\":\"https:\/\/librairie7l.com\/en\/\",\"name\":\"Librairie 7L\",\"description\":\"Librairie fond\u00e9e en 1999 par Karl Lagerfeld \u00e0 Paris\",\"publisher\":{\"@id\":\"https:\/\/librairie7l.com\/en\/#organization\"},\"potentialAction\":[{\"@type\":\"SearchAction\",\"target\":{\"@type\":\"EntryPoint\",\"urlTemplate\":\"https:\/\/librairie7l.com\/en\/?s={search_term_string}\"},\"query-input\":\"required name=search_term_string\"}],\"inLanguage\":\"en-US\"},{\"@type\":\"Organization\",\"@id\":\"https:\/\/librairie7l.com\/en\/#organization\",\"name\":\"Librairie 7L\",\"url\":\"https:\/\/librairie7l.com\/en\/\",\"logo\":{\"@type\":\"ImageObject\",\"inLanguage\":\"en-US\",\"@id\":\"https:\/\/librairie7l.com\/en\/#\/schema\/logo\/image\/\",\"url\":\"https:\/\/librairie7l.com\/wp-content\/uploads\/2022\/08\/logo-1.png\",\"contentUrl\":\"https:\/\/librairie7l.com\/wp-content\/uploads\/2022\/08\/logo-1.png\",\"width\":227,\"height\":301,\"caption\":\"Librairie 7L\"},\"image\":{\"@id\":\"https:\/\/librairie7l.com\/en\/#\/schema\/logo\/image\/\"}}]}<\/script>\n<!-- \/ Yoast SEO plugin. -->","yoast_head_json":{"title":"Avec Paul - Librairie 7L","robots":{"index":"index","follow":"follow","max-snippet":"max-snippet:-1","max-image-preview":"max-image-preview:large","max-video-preview":"max-video-preview:-1"},"canonical":"https:\/\/librairie7l.com\/en\/produit\/avec-paul\/","og_locale":"en_US","og_type":"article","og_title":"Avec Paul - Librairie 7L","og_description":"La disparation de Paul Andreu est un s\u00e9isme dans la vie de sa femme, Nadine Eghels. Debout sur le seuil de ce qui les s\u00e9pare d\u00e9sormais, elle \u00e9crit le livre de douleur et d&#8217;amour de deux personnes \u00e9prises de leur libert\u00e9, et comment cet amour nourrit leur cr\u00e9ation. Qui nourrit l&#8217;amour. Paul Andreu, grand architecte [&hellip;]","og_url":"https:\/\/librairie7l.com\/en\/produit\/avec-paul\/","og_site_name":"Librairie 7L","article_modified_time":"2026-04-27T15:52:03+00:00","og_image":[{"width":400,"height":656,"url":"https:\/\/librairie7l.com\/wp-content\/uploads\/2022\/12\/9782363083289_1_75.jpg","type":"image\/jpeg"}],"twitter_card":"summary_large_image","twitter_misc":{"Est. reading time":"1 minute"},"schema":{"@context":"https:\/\/schema.org","@graph":[{"@type":"WebPage","@id":"https:\/\/librairie7l.com\/en\/produit\/avec-paul\/","url":"https:\/\/librairie7l.com\/en\/produit\/avec-paul\/","name":"Avec Paul - Librairie 7L","isPartOf":{"@id":"https:\/\/librairie7l.com\/en\/#website"},"datePublished":"2024-05-24T00:05:46+00:00","dateModified":"2026-04-27T15:52:03+00:00","breadcrumb":{"@id":"https:\/\/librairie7l.com\/en\/produit\/avec-paul\/#breadcrumb"},"inLanguage":"en-US","potentialAction":[{"@type":"ReadAction","target":["https:\/\/librairie7l.com\/en\/produit\/avec-paul\/"]}]},{"@type":"BreadcrumbList","@id":"https:\/\/librairie7l.com\/en\/produit\/avec-paul\/#breadcrumb","itemListElement":[{"@type":"ListItem","position":1,"name":"Accueil","item":"https:\/\/librairie7l.com\/en\/"},{"@type":"ListItem","position":2,"name":"Shop","item":"https:\/\/librairie7l.com\/en\/shop\/"},{"@type":"ListItem","position":3,"name":"AVEC PAUL"}]},{"@type":"WebSite","@id":"https:\/\/librairie7l.com\/en\/#website","url":"https:\/\/librairie7l.com\/en\/","name":"Librairie 7L","description":"Librairie fond\u00e9e en 1999 par Karl Lagerfeld \u00e0 Paris","publisher":{"@id":"https:\/\/librairie7l.com\/en\/#organization"},"potentialAction":[{"@type":"SearchAction","target":{"@type":"EntryPoint","urlTemplate":"https:\/\/librairie7l.com\/en\/?s={search_term_string}"},"query-input":"required name=search_term_string"}],"inLanguage":"en-US"},{"@type":"Organization","@id":"https:\/\/librairie7l.com\/en\/#organization","name":"Librairie 7L","url":"https:\/\/librairie7l.com\/en\/","logo":{"@type":"ImageObject","inLanguage":"en-US","@id":"https:\/\/librairie7l.com\/en\/#\/schema\/logo\/image\/","url":"https:\/\/librairie7l.com\/wp-content\/uploads\/2022\/08\/logo-1.png","contentUrl":"https:\/\/librairie7l.com\/wp-content\/uploads\/2022\/08\/logo-1.png","width":227,"height":301,"caption":"Librairie 7L"},"image":{"@id":"https:\/\/librairie7l.com\/en\/#\/schema\/logo\/image\/"}}]}},"_links":{"self":[{"href":"https:\/\/librairie7l.com\/en\/wp-json\/wp\/v2\/product\/40178"}],"collection":[{"href":"https:\/\/librairie7l.com\/en\/wp-json\/wp\/v2\/product"}],"about":[{"href":"https:\/\/librairie7l.com\/en\/wp-json\/wp\/v2\/types\/product"}],"wp:featuredmedia":[{"embeddable":true,"href":"https:\/\/librairie7l.com\/en\/wp-json\/wp\/v2\/media\/40176"}],"wp:attachment":[{"href":"https:\/\/librairie7l.com\/en\/wp-json\/wp\/v2\/media?parent=40178"}],"wp:term":[{"taxonomy":"product_cat","embeddable":true,"href":"https:\/\/librairie7l.com\/en\/wp-json\/wp\/v2\/product_cat?post=40178"},{"taxonomy":"product_tag","embeddable":true,"href":"https:\/\/librairie7l.com\/en\/wp-json\/wp\/v2\/product_tag?post=40178"}],"curies":[{"name":"wp","href":"https:\/\/api.w.org\/{rel}","templated":true}]}}