{"id":40257,"date":"2024-04-12T09:18:21","date_gmt":"2024-04-12T07:18:21","guid":{"rendered":"https:\/\/librairie7l.com\/?post_type=product&#038;p=40257"},"modified":"2026-04-28T05:22:13","modified_gmt":"2026-04-28T03:22:13","slug":"de-la-toile-a-letoffe-collection-philippe-deverdieu-musee-de-dentelles-et-broderies-de-caudry","status":"publish","type":"product","link":"https:\/\/librairie7l.com\/en\/produit\/de-la-toile-a-letoffe-collection-philippe-deverdieu-musee-de-dentelles-et-broderies-de-caudry\/","title":{"rendered":"DE LA TOILE \u00c0 L&#8217;\u00c9TOFFE : COLLECTION PHILIPPE DEVERDIEU, MUS\u00c9E DE DENTELLES ET BRODERIES DE CAUDRY"},"content":{"rendered":"<p>Le mus\u00e9e des dentelles et broderies de Caudry d\u00e9tient un fonds de vingt-et-une cr\u00e9ations originales, r\u00e9alis\u00e9es et donn\u00e9es par le couturier contemporain fran\u00e7ais Philippe Deverdieu. Ces cr\u00e9ations, r\u00e9alis\u00e9es sp\u00e9cifiquement pour sa double exposition au mus\u00e9e des dentelles et broderies de Caudry et au mus\u00e9e des beaux-arts de Cambrai en 2017, sont le fruit d&#8217;un rapprochement in\u00e9dit entre beaux-arts et haute couture, entre peinture et dentelle.<\/p>\n<p>Sublimant la dentelle de Calais-Caudry, Philippe Deverdieu a con\u00e7u ces robes et tenues \u00e0 partir des collections du mus\u00e9e des beaux-arts de Cambrai, apportant un regard in\u00e9dit sur les oeuvres, \u00e0 la crois\u00e9e des m\u00e9diums et des techniques artistiques.<\/p>\n<p>Ce pr\u00e9sent ouvrage r\u00e9unit l&#8217;ensemble de la collection Philippe Deverdieu pr\u00e9sent\u00e9e en confrontation avec les oeuvres picturales qui ont vu leur \u00e9mergence, accompagn\u00e9 d&#8217;un essai relatant son processus cr\u00e9atif. T\u00e9moignage d&#8217;une exp\u00e9rience singuli\u00e8re entre deux mus\u00e9es du Cambr\u00e9sis, il donne \u00e0 voir &#8211; et \u00e0 lire &#8211; une approche nouvelle de la peinture, tant ancienne que contemporaine, par le truchement d&#8217;un savoir-faire dentellier bicentenaire.<\/p>\n","protected":false},"excerpt":{"rendered":"<p>Le mus\u00e9e des dentelles et broderies de Caudry d\u00e9tient un fonds de vingt-et-une cr\u00e9ations originales, r\u00e9alis\u00e9es et donn\u00e9es par le couturier contemporain fran\u00e7ais Philippe Deverdieu. Ces cr\u00e9ations, r\u00e9alis\u00e9es sp\u00e9cifiquement pour sa double exposition au mus\u00e9e des dentelles et broderies de Caudry et au mus\u00e9e des beaux-arts de Cambrai en 2017, sont le fruit d&#8217;un rapprochement [&hellip;]<\/p>\n","protected":false},"featured_media":40255,"template":"","meta":[],"product_cat":[2948,2957],"product_tag":[],"acf":[],"yoast_head":"<!-- This site is optimized with the Yoast SEO plugin v20.11 - https:\/\/yoast.com\/wordpress\/plugins\/seo\/ -->\n<title>De la toile \u00e0 l&#039;\u00e9toffe : Collection Philippe Deverdieu, mus\u00e9e de dentelles et broderies de Caudry - Librairie 7L<\/title>\n<meta name=\"robots\" content=\"index, follow, max-snippet:-1, max-image-preview:large, max-video-preview:-1\" \/>\n<link rel=\"canonical\" href=\"https:\/\/librairie7l.com\/en\/produit\/de-la-toile-a-letoffe-collection-philippe-deverdieu-musee-de-dentelles-et-broderies-de-caudry\/\" \/>\n<meta property=\"og:locale\" content=\"en_US\" \/>\n<meta property=\"og:type\" content=\"article\" \/>\n<meta property=\"og:title\" content=\"De la toile \u00e0 l&#039;\u00e9toffe : Collection Philippe Deverdieu, mus\u00e9e de dentelles et broderies de Caudry - Librairie 7L\" \/>\n<meta property=\"og:description\" content=\"Le mus\u00e9e des dentelles et broderies de Caudry d\u00e9tient un fonds de vingt-et-une cr\u00e9ations originales, r\u00e9alis\u00e9es et donn\u00e9es par le couturier contemporain fran\u00e7ais Philippe Deverdieu. Ces cr\u00e9ations, r\u00e9alis\u00e9es sp\u00e9cifiquement pour sa double exposition au mus\u00e9e des dentelles et broderies de Caudry et au mus\u00e9e des beaux-arts de Cambrai en 2017, sont le fruit d&#8217;un rapprochement [&hellip;]\" \/>\n<meta property=\"og:url\" content=\"https:\/\/librairie7l.com\/en\/produit\/de-la-toile-a-letoffe-collection-philippe-deverdieu-musee-de-dentelles-et-broderies-de-caudry\/\" \/>\n<meta property=\"og:site_name\" content=\"Librairie 7L\" \/>\n<meta property=\"article:modified_time\" content=\"2026-04-28T03:22:13+00:00\" \/>\n<meta property=\"og:image\" content=\"https:\/\/librairie7l.com\/wp-content\/uploads\/2022\/03\/9788836651054_1_75.jpg\" \/>\n\t<meta property=\"og:image:width\" content=\"600\" \/>\n\t<meta property=\"og:image:height\" content=\"846\" \/>\n\t<meta property=\"og:image:type\" content=\"image\/jpeg\" \/>\n<meta name=\"twitter:card\" content=\"summary_large_image\" \/>\n<meta name=\"twitter:label1\" content=\"Est. reading time\" \/>\n\t<meta name=\"twitter:data1\" content=\"1 minute\" \/>\n<script type=\"application\/ld+json\" class=\"yoast-schema-graph\">{\"@context\":\"https:\/\/schema.org\",\"@graph\":[{\"@type\":\"WebPage\",\"@id\":\"https:\/\/librairie7l.com\/en\/produit\/de-la-toile-a-letoffe-collection-philippe-deverdieu-musee-de-dentelles-et-broderies-de-caudry\/\",\"url\":\"https:\/\/librairie7l.com\/en\/produit\/de-la-toile-a-letoffe-collection-philippe-deverdieu-musee-de-dentelles-et-broderies-de-caudry\/\",\"name\":\"De la toile \u00e0 l'\u00e9toffe : Collection Philippe Deverdieu, mus\u00e9e de dentelles et broderies de Caudry - Librairie 7L\",\"isPartOf\":{\"@id\":\"https:\/\/librairie7l.com\/en\/#website\"},\"datePublished\":\"2024-04-12T07:18:21+00:00\",\"dateModified\":\"2026-04-28T03:22:13+00:00\",\"breadcrumb\":{\"@id\":\"https:\/\/librairie7l.com\/en\/produit\/de-la-toile-a-letoffe-collection-philippe-deverdieu-musee-de-dentelles-et-broderies-de-caudry\/#breadcrumb\"},\"inLanguage\":\"en-US\",\"potentialAction\":[{\"@type\":\"ReadAction\",\"target\":[\"https:\/\/librairie7l.com\/en\/produit\/de-la-toile-a-letoffe-collection-philippe-deverdieu-musee-de-dentelles-et-broderies-de-caudry\/\"]}]},{\"@type\":\"BreadcrumbList\",\"@id\":\"https:\/\/librairie7l.com\/en\/produit\/de-la-toile-a-letoffe-collection-philippe-deverdieu-musee-de-dentelles-et-broderies-de-caudry\/#breadcrumb\",\"itemListElement\":[{\"@type\":\"ListItem\",\"position\":1,\"name\":\"Accueil\",\"item\":\"https:\/\/librairie7l.com\/en\/\"},{\"@type\":\"ListItem\",\"position\":2,\"name\":\"Shop\",\"item\":\"https:\/\/librairie7l.com\/en\/shop\/\"},{\"@type\":\"ListItem\",\"position\":3,\"name\":\"DE LA TOILE \u00c0 L&#8217;\u00c9TOFFE : COLLECTION PHILIPPE DEVERDIEU, MUS\u00c9E DE DENTELLES ET BRODERIES DE CAUDRY\"}]},{\"@type\":\"WebSite\",\"@id\":\"https:\/\/librairie7l.com\/en\/#website\",\"url\":\"https:\/\/librairie7l.com\/en\/\",\"name\":\"Librairie 7L\",\"description\":\"Librairie fond\u00e9e en 1999 par Karl Lagerfeld \u00e0 Paris\",\"publisher\":{\"@id\":\"https:\/\/librairie7l.com\/en\/#organization\"},\"potentialAction\":[{\"@type\":\"SearchAction\",\"target\":{\"@type\":\"EntryPoint\",\"urlTemplate\":\"https:\/\/librairie7l.com\/en\/?s={search_term_string}\"},\"query-input\":\"required name=search_term_string\"}],\"inLanguage\":\"en-US\"},{\"@type\":\"Organization\",\"@id\":\"https:\/\/librairie7l.com\/en\/#organization\",\"name\":\"Librairie 7L\",\"url\":\"https:\/\/librairie7l.com\/en\/\",\"logo\":{\"@type\":\"ImageObject\",\"inLanguage\":\"en-US\",\"@id\":\"https:\/\/librairie7l.com\/en\/#\/schema\/logo\/image\/\",\"url\":\"https:\/\/librairie7l.com\/wp-content\/uploads\/2022\/08\/logo-1.png\",\"contentUrl\":\"https:\/\/librairie7l.com\/wp-content\/uploads\/2022\/08\/logo-1.png\",\"width\":227,\"height\":301,\"caption\":\"Librairie 7L\"},\"image\":{\"@id\":\"https:\/\/librairie7l.com\/en\/#\/schema\/logo\/image\/\"}}]}<\/script>\n<!-- \/ Yoast SEO plugin. -->","yoast_head_json":{"title":"De la toile \u00e0 l'\u00e9toffe : Collection Philippe Deverdieu, mus\u00e9e de dentelles et broderies de Caudry - Librairie 7L","robots":{"index":"index","follow":"follow","max-snippet":"max-snippet:-1","max-image-preview":"max-image-preview:large","max-video-preview":"max-video-preview:-1"},"canonical":"https:\/\/librairie7l.com\/en\/produit\/de-la-toile-a-letoffe-collection-philippe-deverdieu-musee-de-dentelles-et-broderies-de-caudry\/","og_locale":"en_US","og_type":"article","og_title":"De la toile \u00e0 l'\u00e9toffe : Collection Philippe Deverdieu, mus\u00e9e de dentelles et broderies de Caudry - Librairie 7L","og_description":"Le mus\u00e9e des dentelles et broderies de Caudry d\u00e9tient un fonds de vingt-et-une cr\u00e9ations originales, r\u00e9alis\u00e9es et donn\u00e9es par le couturier contemporain fran\u00e7ais Philippe Deverdieu. Ces cr\u00e9ations, r\u00e9alis\u00e9es sp\u00e9cifiquement pour sa double exposition au mus\u00e9e des dentelles et broderies de Caudry et au mus\u00e9e des beaux-arts de Cambrai en 2017, sont le fruit d&#8217;un rapprochement [&hellip;]","og_url":"https:\/\/librairie7l.com\/en\/produit\/de-la-toile-a-letoffe-collection-philippe-deverdieu-musee-de-dentelles-et-broderies-de-caudry\/","og_site_name":"Librairie 7L","article_modified_time":"2026-04-28T03:22:13+00:00","og_image":[{"width":600,"height":846,"url":"https:\/\/librairie7l.com\/wp-content\/uploads\/2022\/03\/9788836651054_1_75.jpg","type":"image\/jpeg"}],"twitter_card":"summary_large_image","twitter_misc":{"Est. reading time":"1 minute"},"schema":{"@context":"https:\/\/schema.org","@graph":[{"@type":"WebPage","@id":"https:\/\/librairie7l.com\/en\/produit\/de-la-toile-a-letoffe-collection-philippe-deverdieu-musee-de-dentelles-et-broderies-de-caudry\/","url":"https:\/\/librairie7l.com\/en\/produit\/de-la-toile-a-letoffe-collection-philippe-deverdieu-musee-de-dentelles-et-broderies-de-caudry\/","name":"De la toile \u00e0 l'\u00e9toffe : Collection Philippe Deverdieu, mus\u00e9e de dentelles et broderies de Caudry - Librairie 7L","isPartOf":{"@id":"https:\/\/librairie7l.com\/en\/#website"},"datePublished":"2024-04-12T07:18:21+00:00","dateModified":"2026-04-28T03:22:13+00:00","breadcrumb":{"@id":"https:\/\/librairie7l.com\/en\/produit\/de-la-toile-a-letoffe-collection-philippe-deverdieu-musee-de-dentelles-et-broderies-de-caudry\/#breadcrumb"},"inLanguage":"en-US","potentialAction":[{"@type":"ReadAction","target":["https:\/\/librairie7l.com\/en\/produit\/de-la-toile-a-letoffe-collection-philippe-deverdieu-musee-de-dentelles-et-broderies-de-caudry\/"]}]},{"@type":"BreadcrumbList","@id":"https:\/\/librairie7l.com\/en\/produit\/de-la-toile-a-letoffe-collection-philippe-deverdieu-musee-de-dentelles-et-broderies-de-caudry\/#breadcrumb","itemListElement":[{"@type":"ListItem","position":1,"name":"Accueil","item":"https:\/\/librairie7l.com\/en\/"},{"@type":"ListItem","position":2,"name":"Shop","item":"https:\/\/librairie7l.com\/en\/shop\/"},{"@type":"ListItem","position":3,"name":"DE LA TOILE \u00c0 L&#8217;\u00c9TOFFE : COLLECTION PHILIPPE DEVERDIEU, MUS\u00c9E DE DENTELLES ET BRODERIES DE CAUDRY"}]},{"@type":"WebSite","@id":"https:\/\/librairie7l.com\/en\/#website","url":"https:\/\/librairie7l.com\/en\/","name":"Librairie 7L","description":"Librairie fond\u00e9e en 1999 par Karl Lagerfeld \u00e0 Paris","publisher":{"@id":"https:\/\/librairie7l.com\/en\/#organization"},"potentialAction":[{"@type":"SearchAction","target":{"@type":"EntryPoint","urlTemplate":"https:\/\/librairie7l.com\/en\/?s={search_term_string}"},"query-input":"required name=search_term_string"}],"inLanguage":"en-US"},{"@type":"Organization","@id":"https:\/\/librairie7l.com\/en\/#organization","name":"Librairie 7L","url":"https:\/\/librairie7l.com\/en\/","logo":{"@type":"ImageObject","inLanguage":"en-US","@id":"https:\/\/librairie7l.com\/en\/#\/schema\/logo\/image\/","url":"https:\/\/librairie7l.com\/wp-content\/uploads\/2022\/08\/logo-1.png","contentUrl":"https:\/\/librairie7l.com\/wp-content\/uploads\/2022\/08\/logo-1.png","width":227,"height":301,"caption":"Librairie 7L"},"image":{"@id":"https:\/\/librairie7l.com\/en\/#\/schema\/logo\/image\/"}}]}},"_links":{"self":[{"href":"https:\/\/librairie7l.com\/en\/wp-json\/wp\/v2\/product\/40257"}],"collection":[{"href":"https:\/\/librairie7l.com\/en\/wp-json\/wp\/v2\/product"}],"about":[{"href":"https:\/\/librairie7l.com\/en\/wp-json\/wp\/v2\/types\/product"}],"wp:featuredmedia":[{"embeddable":true,"href":"https:\/\/librairie7l.com\/en\/wp-json\/wp\/v2\/media\/40255"}],"wp:attachment":[{"href":"https:\/\/librairie7l.com\/en\/wp-json\/wp\/v2\/media?parent=40257"}],"wp:term":[{"taxonomy":"product_cat","embeddable":true,"href":"https:\/\/librairie7l.com\/en\/wp-json\/wp\/v2\/product_cat?post=40257"},{"taxonomy":"product_tag","embeddable":true,"href":"https:\/\/librairie7l.com\/en\/wp-json\/wp\/v2\/product_tag?post=40257"}],"curies":[{"name":"wp","href":"https:\/\/api.w.org\/{rel}","templated":true}]}}