{"id":40354,"date":"2024-06-25T14:06:29","date_gmt":"2024-06-25T12:06:29","guid":{"rendered":"https:\/\/librairie7l.com\/?post_type=product&#038;p=40354"},"modified":"2026-04-28T08:46:51","modified_gmt":"2026-04-28T06:46:51","slug":"les-malices-du-fil-petits-demeles-sur-la-broderie-et-lart-et-lart-dorner","status":"publish","type":"product","link":"https:\/\/librairie7l.com\/en\/produit\/les-malices-du-fil-petits-demeles-sur-la-broderie-et-lart-et-lart-dorner\/","title":{"rendered":"LES MALICES DU FIL : PETITS D\u00c9M\u00caL\u00c9S SUR LA BRODERIE ET L&#8217;ART ET L&#8217;ART D&#8217;ORNER"},"content":{"rendered":"<p>Piquer l&#8217;aiguille dans le tissu, tirer le fil, puis repiquer plus loin, et recommencer. Ce geste a travers\u00e9 le temps et l&#8217;espace : il r\u00e9unit depuis la pr\u00e9histoire des g\u00e9n\u00e9rations de brodeuses et brodeurs qui poss\u00e8dent l&#8217;art d&#8217;orner une \u00e9toffe par du fil, des perles, des rubans pour c\u00e9l\u00e9brer, distinguer, raconter, porter chance ou prot\u00e9ger du mauvais sort. Rares sont les peuples qui ignorent cet artisanat universel et nomade, nourri des migrations et du croisement des savoir-faire. Au fil des si\u00e8cles, son usage s&#8217;est d\u00e9clin\u00e9, et la broderie touche \u00e0 pr\u00e9sent bien des sph\u00e8res, des cr\u00e9ations de la haute couture aux uniformes militaires, en passant par les costumes de spectacle ou r\u00e9gionaux, les ornements liturgiques, le linge de maison d&#8217;antan&#8230;<\/p>\n<p>Dans ce foisonnement, la silhouette d&#8217;une jeune fille, d&#8217;une m\u00e8re, d&#8217;une grand-m\u00e8re pench\u00e9e sur son ouvrage n&#8217;est jamais loin. Car, except\u00e9 en Inde, l&#8217;activit\u00e9 est presque exclusivement f\u00e9minine. De la reine Mathilde et sa \u00ab tapisserie \u00bb de Bayeux (en fait, une broderie !) aux artistes contemporaines telles Louise Bourgeois et Annette Messager, sans oublier toutes les \u00ab petites mains \u00bb anonymes, des g\u00e9n\u00e9rations de femmes se sont adonn\u00e9es des milliers d&#8217;heures durant \u00e0 la broderie, s&#8217;appropriant des techniques ancestrales comme moyen d&#8217;expression, y compris de militantisme f\u00e9ministe.<\/p>\n<p>Travailler de ses mains, utiliser ses sens et sa cr\u00e9ativit\u00e9, r\u00e9p\u00e9ter des gestes jusqu&#8217;\u00e0 leur ma\u00eetrise compl\u00e8te revient \u00e0 se tenir \u00e0 contre-courant d&#8217;un monde toujours plus fr\u00e9n\u00e9tique, productiviste, virtuel et impersonnel. La broderie valorise la transmission, le respect des anciens autant que l&#8217;innovation et le m\u00e9lange des savoir-faire. S&#8217;esquisse alors, au coeur de l&#8217;atelier, un autre rapport au temps, \u00e0 soi, au monde et aux autres, de quoi renouveler \u00e0 jamais son regard et d\u00e9ployer un horizon infini.<\/p>\n","protected":false},"excerpt":{"rendered":"<p>Piquer l&#8217;aiguille dans le tissu, tirer le fil, puis repiquer plus loin, et recommencer. Ce geste a travers\u00e9 le temps et l&#8217;espace : il r\u00e9unit depuis la pr\u00e9histoire des g\u00e9n\u00e9rations de brodeuses et brodeurs qui poss\u00e8dent l&#8217;art d&#8217;orner une \u00e9toffe par du fil, des perles, des rubans pour c\u00e9l\u00e9brer, distinguer, raconter, porter chance ou prot\u00e9ger [&hellip;]<\/p>\n","protected":false},"featured_media":40352,"template":"","meta":[],"product_cat":[55,2948,2957,19],"product_tag":[],"acf":[],"yoast_head":"<!-- This site is optimized with the Yoast SEO plugin v20.11 - https:\/\/yoast.com\/wordpress\/plugins\/seo\/ -->\n<title>Les malices du fil : petits d\u00e9m\u00eal\u00e9s sur la broderie et l&#039;art et l&#039;art d&#039;orner - Librairie 7L<\/title>\n<meta name=\"robots\" content=\"index, follow, max-snippet:-1, max-image-preview:large, max-video-preview:-1\" \/>\n<link rel=\"canonical\" href=\"https:\/\/librairie7l.com\/en\/produit\/les-malices-du-fil-petits-demeles-sur-la-broderie-et-lart-et-lart-dorner\/\" \/>\n<meta property=\"og:locale\" content=\"en_US\" \/>\n<meta property=\"og:type\" content=\"article\" \/>\n<meta property=\"og:title\" content=\"Les malices du fil : petits d\u00e9m\u00eal\u00e9s sur la broderie et l&#039;art et l&#039;art d&#039;orner - Librairie 7L\" \/>\n<meta property=\"og:description\" content=\"Piquer l&#8217;aiguille dans le tissu, tirer le fil, puis repiquer plus loin, et recommencer. Ce geste a travers\u00e9 le temps et l&#8217;espace : il r\u00e9unit depuis la pr\u00e9histoire des g\u00e9n\u00e9rations de brodeuses et brodeurs qui poss\u00e8dent l&#8217;art d&#8217;orner une \u00e9toffe par du fil, des perles, des rubans pour c\u00e9l\u00e9brer, distinguer, raconter, porter chance ou prot\u00e9ger [&hellip;]\" \/>\n<meta property=\"og:url\" content=\"https:\/\/librairie7l.com\/en\/produit\/les-malices-du-fil-petits-demeles-sur-la-broderie-et-lart-et-lart-dorner\/\" \/>\n<meta property=\"og:site_name\" content=\"Librairie 7L\" \/>\n<meta property=\"article:modified_time\" content=\"2026-04-28T06:46:51+00:00\" \/>\n<meta property=\"og:image\" content=\"https:\/\/librairie7l.com\/wp-content\/uploads\/2022\/06\/9782361573188_1_75.jpg\" \/>\n\t<meta property=\"og:image:width\" content=\"600\" \/>\n\t<meta property=\"og:image:height\" content=\"905\" \/>\n\t<meta property=\"og:image:type\" content=\"image\/jpeg\" \/>\n<meta name=\"twitter:card\" content=\"summary_large_image\" \/>\n<meta name=\"twitter:label1\" content=\"Est. reading time\" \/>\n\t<meta name=\"twitter:data1\" content=\"2 minutes\" \/>\n<script type=\"application\/ld+json\" class=\"yoast-schema-graph\">{\"@context\":\"https:\/\/schema.org\",\"@graph\":[{\"@type\":\"WebPage\",\"@id\":\"https:\/\/librairie7l.com\/en\/produit\/les-malices-du-fil-petits-demeles-sur-la-broderie-et-lart-et-lart-dorner\/\",\"url\":\"https:\/\/librairie7l.com\/en\/produit\/les-malices-du-fil-petits-demeles-sur-la-broderie-et-lart-et-lart-dorner\/\",\"name\":\"Les malices du fil : petits d\u00e9m\u00eal\u00e9s sur la broderie et l'art et l'art d'orner - Librairie 7L\",\"isPartOf\":{\"@id\":\"https:\/\/librairie7l.com\/en\/#website\"},\"datePublished\":\"2024-06-25T12:06:29+00:00\",\"dateModified\":\"2026-04-28T06:46:51+00:00\",\"breadcrumb\":{\"@id\":\"https:\/\/librairie7l.com\/en\/produit\/les-malices-du-fil-petits-demeles-sur-la-broderie-et-lart-et-lart-dorner\/#breadcrumb\"},\"inLanguage\":\"en-US\",\"potentialAction\":[{\"@type\":\"ReadAction\",\"target\":[\"https:\/\/librairie7l.com\/en\/produit\/les-malices-du-fil-petits-demeles-sur-la-broderie-et-lart-et-lart-dorner\/\"]}]},{\"@type\":\"BreadcrumbList\",\"@id\":\"https:\/\/librairie7l.com\/en\/produit\/les-malices-du-fil-petits-demeles-sur-la-broderie-et-lart-et-lart-dorner\/#breadcrumb\",\"itemListElement\":[{\"@type\":\"ListItem\",\"position\":1,\"name\":\"Accueil\",\"item\":\"https:\/\/librairie7l.com\/en\/\"},{\"@type\":\"ListItem\",\"position\":2,\"name\":\"Shop\",\"item\":\"https:\/\/librairie7l.com\/en\/shop\/\"},{\"@type\":\"ListItem\",\"position\":3,\"name\":\"LES MALICES DU FIL : PETITS D\u00c9M\u00caL\u00c9S SUR LA BRODERIE ET L&#8217;ART ET L&#8217;ART D&#8217;ORNER\"}]},{\"@type\":\"WebSite\",\"@id\":\"https:\/\/librairie7l.com\/en\/#website\",\"url\":\"https:\/\/librairie7l.com\/en\/\",\"name\":\"Librairie 7L\",\"description\":\"Librairie fond\u00e9e en 1999 par Karl Lagerfeld \u00e0 Paris\",\"publisher\":{\"@id\":\"https:\/\/librairie7l.com\/en\/#organization\"},\"potentialAction\":[{\"@type\":\"SearchAction\",\"target\":{\"@type\":\"EntryPoint\",\"urlTemplate\":\"https:\/\/librairie7l.com\/en\/?s={search_term_string}\"},\"query-input\":\"required name=search_term_string\"}],\"inLanguage\":\"en-US\"},{\"@type\":\"Organization\",\"@id\":\"https:\/\/librairie7l.com\/en\/#organization\",\"name\":\"Librairie 7L\",\"url\":\"https:\/\/librairie7l.com\/en\/\",\"logo\":{\"@type\":\"ImageObject\",\"inLanguage\":\"en-US\",\"@id\":\"https:\/\/librairie7l.com\/en\/#\/schema\/logo\/image\/\",\"url\":\"https:\/\/librairie7l.com\/wp-content\/uploads\/2022\/08\/logo-1.png\",\"contentUrl\":\"https:\/\/librairie7l.com\/wp-content\/uploads\/2022\/08\/logo-1.png\",\"width\":227,\"height\":301,\"caption\":\"Librairie 7L\"},\"image\":{\"@id\":\"https:\/\/librairie7l.com\/en\/#\/schema\/logo\/image\/\"}}]}<\/script>\n<!-- \/ Yoast SEO plugin. -->","yoast_head_json":{"title":"Les malices du fil : petits d\u00e9m\u00eal\u00e9s sur la broderie et l'art et l'art d'orner - Librairie 7L","robots":{"index":"index","follow":"follow","max-snippet":"max-snippet:-1","max-image-preview":"max-image-preview:large","max-video-preview":"max-video-preview:-1"},"canonical":"https:\/\/librairie7l.com\/en\/produit\/les-malices-du-fil-petits-demeles-sur-la-broderie-et-lart-et-lart-dorner\/","og_locale":"en_US","og_type":"article","og_title":"Les malices du fil : petits d\u00e9m\u00eal\u00e9s sur la broderie et l'art et l'art d'orner - Librairie 7L","og_description":"Piquer l&#8217;aiguille dans le tissu, tirer le fil, puis repiquer plus loin, et recommencer. Ce geste a travers\u00e9 le temps et l&#8217;espace : il r\u00e9unit depuis la pr\u00e9histoire des g\u00e9n\u00e9rations de brodeuses et brodeurs qui poss\u00e8dent l&#8217;art d&#8217;orner une \u00e9toffe par du fil, des perles, des rubans pour c\u00e9l\u00e9brer, distinguer, raconter, porter chance ou prot\u00e9ger [&hellip;]","og_url":"https:\/\/librairie7l.com\/en\/produit\/les-malices-du-fil-petits-demeles-sur-la-broderie-et-lart-et-lart-dorner\/","og_site_name":"Librairie 7L","article_modified_time":"2026-04-28T06:46:51+00:00","og_image":[{"width":600,"height":905,"url":"https:\/\/librairie7l.com\/wp-content\/uploads\/2022\/06\/9782361573188_1_75.jpg","type":"image\/jpeg"}],"twitter_card":"summary_large_image","twitter_misc":{"Est. reading time":"2 minutes"},"schema":{"@context":"https:\/\/schema.org","@graph":[{"@type":"WebPage","@id":"https:\/\/librairie7l.com\/en\/produit\/les-malices-du-fil-petits-demeles-sur-la-broderie-et-lart-et-lart-dorner\/","url":"https:\/\/librairie7l.com\/en\/produit\/les-malices-du-fil-petits-demeles-sur-la-broderie-et-lart-et-lart-dorner\/","name":"Les malices du fil : petits d\u00e9m\u00eal\u00e9s sur la broderie et l'art et l'art d'orner - Librairie 7L","isPartOf":{"@id":"https:\/\/librairie7l.com\/en\/#website"},"datePublished":"2024-06-25T12:06:29+00:00","dateModified":"2026-04-28T06:46:51+00:00","breadcrumb":{"@id":"https:\/\/librairie7l.com\/en\/produit\/les-malices-du-fil-petits-demeles-sur-la-broderie-et-lart-et-lart-dorner\/#breadcrumb"},"inLanguage":"en-US","potentialAction":[{"@type":"ReadAction","target":["https:\/\/librairie7l.com\/en\/produit\/les-malices-du-fil-petits-demeles-sur-la-broderie-et-lart-et-lart-dorner\/"]}]},{"@type":"BreadcrumbList","@id":"https:\/\/librairie7l.com\/en\/produit\/les-malices-du-fil-petits-demeles-sur-la-broderie-et-lart-et-lart-dorner\/#breadcrumb","itemListElement":[{"@type":"ListItem","position":1,"name":"Accueil","item":"https:\/\/librairie7l.com\/en\/"},{"@type":"ListItem","position":2,"name":"Shop","item":"https:\/\/librairie7l.com\/en\/shop\/"},{"@type":"ListItem","position":3,"name":"LES MALICES DU FIL : PETITS D\u00c9M\u00caL\u00c9S SUR LA BRODERIE ET L&#8217;ART ET L&#8217;ART D&#8217;ORNER"}]},{"@type":"WebSite","@id":"https:\/\/librairie7l.com\/en\/#website","url":"https:\/\/librairie7l.com\/en\/","name":"Librairie 7L","description":"Librairie fond\u00e9e en 1999 par Karl Lagerfeld \u00e0 Paris","publisher":{"@id":"https:\/\/librairie7l.com\/en\/#organization"},"potentialAction":[{"@type":"SearchAction","target":{"@type":"EntryPoint","urlTemplate":"https:\/\/librairie7l.com\/en\/?s={search_term_string}"},"query-input":"required name=search_term_string"}],"inLanguage":"en-US"},{"@type":"Organization","@id":"https:\/\/librairie7l.com\/en\/#organization","name":"Librairie 7L","url":"https:\/\/librairie7l.com\/en\/","logo":{"@type":"ImageObject","inLanguage":"en-US","@id":"https:\/\/librairie7l.com\/en\/#\/schema\/logo\/image\/","url":"https:\/\/librairie7l.com\/wp-content\/uploads\/2022\/08\/logo-1.png","contentUrl":"https:\/\/librairie7l.com\/wp-content\/uploads\/2022\/08\/logo-1.png","width":227,"height":301,"caption":"Librairie 7L"},"image":{"@id":"https:\/\/librairie7l.com\/en\/#\/schema\/logo\/image\/"}}]}},"_links":{"self":[{"href":"https:\/\/librairie7l.com\/en\/wp-json\/wp\/v2\/product\/40354"}],"collection":[{"href":"https:\/\/librairie7l.com\/en\/wp-json\/wp\/v2\/product"}],"about":[{"href":"https:\/\/librairie7l.com\/en\/wp-json\/wp\/v2\/types\/product"}],"wp:featuredmedia":[{"embeddable":true,"href":"https:\/\/librairie7l.com\/en\/wp-json\/wp\/v2\/media\/40352"}],"wp:attachment":[{"href":"https:\/\/librairie7l.com\/en\/wp-json\/wp\/v2\/media?parent=40354"}],"wp:term":[{"taxonomy":"product_cat","embeddable":true,"href":"https:\/\/librairie7l.com\/en\/wp-json\/wp\/v2\/product_cat?post=40354"},{"taxonomy":"product_tag","embeddable":true,"href":"https:\/\/librairie7l.com\/en\/wp-json\/wp\/v2\/product_tag?post=40354"}],"curies":[{"name":"wp","href":"https:\/\/api.w.org\/{rel}","templated":true}]}}