{"id":40378,"date":"2024-04-17T09:18:18","date_gmt":"2024-04-17T07:18:18","guid":{"rendered":"https:\/\/librairie7l.com\/?post_type=product&#038;p=40378"},"modified":"2026-04-30T15:17:51","modified_gmt":"2026-04-30T13:17:51","slug":"theodore-rousseau-la-voix-de-la-foret-1812-1867","status":"publish","type":"product","link":"https:\/\/librairie7l.com\/en\/produit\/theodore-rousseau-la-voix-de-la-foret-1812-1867\/","title":{"rendered":"TH\u00c9ODORE ROUSSEAU : LA VOIX DE LA FOR\u00caT, 1812-1867"},"content":{"rendered":"<p>Du d\u00e9but des ann\u00e9es 1830 \u00e0 la fin des ann\u00e9es 1860, Th\u00e9odore Rousseau, peintre de paysage obs\u00e9d\u00e9 par les arbres et par l&#8217;\u00e9tude de la lumi\u00e8re a jou\u00e9 un r\u00f4le fondamental dans l&#8217;affirmation de la nouvelle \u00e9cole fran\u00e7aise de paysage : l&#8217;\u00e9cole de Barbizon.<\/p>\n<p>Th\u00e9odore Rousseau trouve son inspiration en plein air et sillonne la Normandie, la Vend\u00e9e, l&#8217;Auvergne, le Berry, les Alpes, les Landes, les Pyr\u00e9n\u00e9es et le Jura. Mais sa principale source d&#8217;inspiration est toute proche de Paris : la for\u00eat de Fontainebleau. Cette derni\u00e8re lui offre une grande vari\u00e9t\u00e9 de motifs &#8211; arbres, sous-bois, rochers, clairi\u00e8res &#8211; qu&#8217;il observe, solitairement, durant de longues heures, ex\u00e9cutant des esquisses sur le motif avant de r\u00e9aliser ses oeuvres d\u00e9finitives dans son atelier. La nature a pour lui des accents mystiques &#8211; \u00ab J&#8217;entendais la voix des arbres \u00bb &#8211; et militera aupr\u00e8s de Napol\u00e9on III pour que la for\u00eat de Fontainebleau obtienne la d\u00e9nomination de \u00ab r\u00e9serve artistique \u00bb.<\/p>\n<p>Talent inquiet et sauvage, Th\u00e9odore Rousseau il d\u00e9fie les hi\u00e9rarchies qui \u00e9taient de mise dans le genre du paysage, brouille les fronti\u00e8res entre peinture et dessin, entre esquisse et oeuvre achev\u00e9e.<\/p>\n","protected":false},"excerpt":{"rendered":"<p>Du d\u00e9but des ann\u00e9es 1830 \u00e0 la fin des ann\u00e9es 1860, Th\u00e9odore Rousseau, peintre de paysage obs\u00e9d\u00e9 par les arbres et par l&#8217;\u00e9tude de la lumi\u00e8re a jou\u00e9 un r\u00f4le fondamental dans l&#8217;affirmation de la nouvelle \u00e9cole fran\u00e7aise de paysage : l&#8217;\u00e9cole de Barbizon. Th\u00e9odore Rousseau trouve son inspiration en plein air et sillonne la [&hellip;]<\/p>\n","protected":false},"featured_media":40376,"template":"","meta":[],"product_cat":[2948,2953],"product_tag":[],"acf":[],"yoast_head":"<!-- This site is optimized with the Yoast SEO plugin v20.11 - https:\/\/yoast.com\/wordpress\/plugins\/seo\/ -->\n<title>Th\u00e9odore Rousseau : la voix de la for\u00eat, 1812-1867 - Librairie 7L<\/title>\n<meta name=\"robots\" content=\"index, follow, max-snippet:-1, max-image-preview:large, max-video-preview:-1\" \/>\n<link rel=\"canonical\" href=\"https:\/\/librairie7l.com\/en\/produit\/theodore-rousseau-la-voix-de-la-foret-1812-1867\/\" \/>\n<meta property=\"og:locale\" content=\"en_US\" \/>\n<meta property=\"og:type\" content=\"article\" \/>\n<meta property=\"og:title\" content=\"Th\u00e9odore Rousseau : la voix de la for\u00eat, 1812-1867 - Librairie 7L\" \/>\n<meta property=\"og:description\" content=\"Du d\u00e9but des ann\u00e9es 1830 \u00e0 la fin des ann\u00e9es 1860, Th\u00e9odore Rousseau, peintre de paysage obs\u00e9d\u00e9 par les arbres et par l&#8217;\u00e9tude de la lumi\u00e8re a jou\u00e9 un r\u00f4le fondamental dans l&#8217;affirmation de la nouvelle \u00e9cole fran\u00e7aise de paysage : l&#8217;\u00e9cole de Barbizon. Th\u00e9odore Rousseau trouve son inspiration en plein air et sillonne la [&hellip;]\" \/>\n<meta property=\"og:url\" content=\"https:\/\/librairie7l.com\/en\/produit\/theodore-rousseau-la-voix-de-la-foret-1812-1867\/\" \/>\n<meta property=\"og:site_name\" content=\"Librairie 7L\" \/>\n<meta property=\"article:modified_time\" content=\"2026-04-30T13:17:51+00:00\" \/>\n<meta property=\"og:image\" content=\"https:\/\/librairie7l.com\/wp-content\/uploads\/2023\/10\/9782759605743_1_75.jpg\" \/>\n\t<meta property=\"og:image:width\" content=\"600\" \/>\n\t<meta property=\"og:image:height\" content=\"731\" \/>\n\t<meta property=\"og:image:type\" content=\"image\/jpeg\" \/>\n<meta name=\"twitter:card\" content=\"summary_large_image\" \/>\n<meta name=\"twitter:label1\" content=\"Est. reading time\" \/>\n\t<meta name=\"twitter:data1\" content=\"1 minute\" \/>\n<script type=\"application\/ld+json\" class=\"yoast-schema-graph\">{\"@context\":\"https:\/\/schema.org\",\"@graph\":[{\"@type\":\"WebPage\",\"@id\":\"https:\/\/librairie7l.com\/en\/produit\/theodore-rousseau-la-voix-de-la-foret-1812-1867\/\",\"url\":\"https:\/\/librairie7l.com\/en\/produit\/theodore-rousseau-la-voix-de-la-foret-1812-1867\/\",\"name\":\"Th\u00e9odore Rousseau : la voix de la for\u00eat, 1812-1867 - Librairie 7L\",\"isPartOf\":{\"@id\":\"https:\/\/librairie7l.com\/en\/#website\"},\"datePublished\":\"2024-04-17T07:18:18+00:00\",\"dateModified\":\"2026-04-30T13:17:51+00:00\",\"breadcrumb\":{\"@id\":\"https:\/\/librairie7l.com\/en\/produit\/theodore-rousseau-la-voix-de-la-foret-1812-1867\/#breadcrumb\"},\"inLanguage\":\"en-US\",\"potentialAction\":[{\"@type\":\"ReadAction\",\"target\":[\"https:\/\/librairie7l.com\/en\/produit\/theodore-rousseau-la-voix-de-la-foret-1812-1867\/\"]}]},{\"@type\":\"BreadcrumbList\",\"@id\":\"https:\/\/librairie7l.com\/en\/produit\/theodore-rousseau-la-voix-de-la-foret-1812-1867\/#breadcrumb\",\"itemListElement\":[{\"@type\":\"ListItem\",\"position\":1,\"name\":\"Accueil\",\"item\":\"https:\/\/librairie7l.com\/en\/\"},{\"@type\":\"ListItem\",\"position\":2,\"name\":\"Shop\",\"item\":\"https:\/\/librairie7l.com\/en\/shop\/\"},{\"@type\":\"ListItem\",\"position\":3,\"name\":\"TH\u00c9ODORE ROUSSEAU : LA VOIX DE LA FOR\u00caT, 1812-1867\"}]},{\"@type\":\"WebSite\",\"@id\":\"https:\/\/librairie7l.com\/en\/#website\",\"url\":\"https:\/\/librairie7l.com\/en\/\",\"name\":\"Librairie 7L\",\"description\":\"Librairie fond\u00e9e en 1999 par Karl Lagerfeld \u00e0 Paris\",\"publisher\":{\"@id\":\"https:\/\/librairie7l.com\/en\/#organization\"},\"potentialAction\":[{\"@type\":\"SearchAction\",\"target\":{\"@type\":\"EntryPoint\",\"urlTemplate\":\"https:\/\/librairie7l.com\/en\/?s={search_term_string}\"},\"query-input\":\"required name=search_term_string\"}],\"inLanguage\":\"en-US\"},{\"@type\":\"Organization\",\"@id\":\"https:\/\/librairie7l.com\/en\/#organization\",\"name\":\"Librairie 7L\",\"url\":\"https:\/\/librairie7l.com\/en\/\",\"logo\":{\"@type\":\"ImageObject\",\"inLanguage\":\"en-US\",\"@id\":\"https:\/\/librairie7l.com\/en\/#\/schema\/logo\/image\/\",\"url\":\"https:\/\/librairie7l.com\/wp-content\/uploads\/2022\/08\/logo-1.png\",\"contentUrl\":\"https:\/\/librairie7l.com\/wp-content\/uploads\/2022\/08\/logo-1.png\",\"width\":227,\"height\":301,\"caption\":\"Librairie 7L\"},\"image\":{\"@id\":\"https:\/\/librairie7l.com\/en\/#\/schema\/logo\/image\/\"}}]}<\/script>\n<!-- \/ Yoast SEO plugin. -->","yoast_head_json":{"title":"Th\u00e9odore Rousseau : la voix de la for\u00eat, 1812-1867 - Librairie 7L","robots":{"index":"index","follow":"follow","max-snippet":"max-snippet:-1","max-image-preview":"max-image-preview:large","max-video-preview":"max-video-preview:-1"},"canonical":"https:\/\/librairie7l.com\/en\/produit\/theodore-rousseau-la-voix-de-la-foret-1812-1867\/","og_locale":"en_US","og_type":"article","og_title":"Th\u00e9odore Rousseau : la voix de la for\u00eat, 1812-1867 - Librairie 7L","og_description":"Du d\u00e9but des ann\u00e9es 1830 \u00e0 la fin des ann\u00e9es 1860, Th\u00e9odore Rousseau, peintre de paysage obs\u00e9d\u00e9 par les arbres et par l&#8217;\u00e9tude de la lumi\u00e8re a jou\u00e9 un r\u00f4le fondamental dans l&#8217;affirmation de la nouvelle \u00e9cole fran\u00e7aise de paysage : l&#8217;\u00e9cole de Barbizon. Th\u00e9odore Rousseau trouve son inspiration en plein air et sillonne la [&hellip;]","og_url":"https:\/\/librairie7l.com\/en\/produit\/theodore-rousseau-la-voix-de-la-foret-1812-1867\/","og_site_name":"Librairie 7L","article_modified_time":"2026-04-30T13:17:51+00:00","og_image":[{"width":600,"height":731,"url":"https:\/\/librairie7l.com\/wp-content\/uploads\/2023\/10\/9782759605743_1_75.jpg","type":"image\/jpeg"}],"twitter_card":"summary_large_image","twitter_misc":{"Est. reading time":"1 minute"},"schema":{"@context":"https:\/\/schema.org","@graph":[{"@type":"WebPage","@id":"https:\/\/librairie7l.com\/en\/produit\/theodore-rousseau-la-voix-de-la-foret-1812-1867\/","url":"https:\/\/librairie7l.com\/en\/produit\/theodore-rousseau-la-voix-de-la-foret-1812-1867\/","name":"Th\u00e9odore Rousseau : la voix de la for\u00eat, 1812-1867 - Librairie 7L","isPartOf":{"@id":"https:\/\/librairie7l.com\/en\/#website"},"datePublished":"2024-04-17T07:18:18+00:00","dateModified":"2026-04-30T13:17:51+00:00","breadcrumb":{"@id":"https:\/\/librairie7l.com\/en\/produit\/theodore-rousseau-la-voix-de-la-foret-1812-1867\/#breadcrumb"},"inLanguage":"en-US","potentialAction":[{"@type":"ReadAction","target":["https:\/\/librairie7l.com\/en\/produit\/theodore-rousseau-la-voix-de-la-foret-1812-1867\/"]}]},{"@type":"BreadcrumbList","@id":"https:\/\/librairie7l.com\/en\/produit\/theodore-rousseau-la-voix-de-la-foret-1812-1867\/#breadcrumb","itemListElement":[{"@type":"ListItem","position":1,"name":"Accueil","item":"https:\/\/librairie7l.com\/en\/"},{"@type":"ListItem","position":2,"name":"Shop","item":"https:\/\/librairie7l.com\/en\/shop\/"},{"@type":"ListItem","position":3,"name":"TH\u00c9ODORE ROUSSEAU : LA VOIX DE LA FOR\u00caT, 1812-1867"}]},{"@type":"WebSite","@id":"https:\/\/librairie7l.com\/en\/#website","url":"https:\/\/librairie7l.com\/en\/","name":"Librairie 7L","description":"Librairie fond\u00e9e en 1999 par Karl Lagerfeld \u00e0 Paris","publisher":{"@id":"https:\/\/librairie7l.com\/en\/#organization"},"potentialAction":[{"@type":"SearchAction","target":{"@type":"EntryPoint","urlTemplate":"https:\/\/librairie7l.com\/en\/?s={search_term_string}"},"query-input":"required name=search_term_string"}],"inLanguage":"en-US"},{"@type":"Organization","@id":"https:\/\/librairie7l.com\/en\/#organization","name":"Librairie 7L","url":"https:\/\/librairie7l.com\/en\/","logo":{"@type":"ImageObject","inLanguage":"en-US","@id":"https:\/\/librairie7l.com\/en\/#\/schema\/logo\/image\/","url":"https:\/\/librairie7l.com\/wp-content\/uploads\/2022\/08\/logo-1.png","contentUrl":"https:\/\/librairie7l.com\/wp-content\/uploads\/2022\/08\/logo-1.png","width":227,"height":301,"caption":"Librairie 7L"},"image":{"@id":"https:\/\/librairie7l.com\/en\/#\/schema\/logo\/image\/"}}]}},"_links":{"self":[{"href":"https:\/\/librairie7l.com\/en\/wp-json\/wp\/v2\/product\/40378"}],"collection":[{"href":"https:\/\/librairie7l.com\/en\/wp-json\/wp\/v2\/product"}],"about":[{"href":"https:\/\/librairie7l.com\/en\/wp-json\/wp\/v2\/types\/product"}],"wp:featuredmedia":[{"embeddable":true,"href":"https:\/\/librairie7l.com\/en\/wp-json\/wp\/v2\/media\/40376"}],"wp:attachment":[{"href":"https:\/\/librairie7l.com\/en\/wp-json\/wp\/v2\/media?parent=40378"}],"wp:term":[{"taxonomy":"product_cat","embeddable":true,"href":"https:\/\/librairie7l.com\/en\/wp-json\/wp\/v2\/product_cat?post=40378"},{"taxonomy":"product_tag","embeddable":true,"href":"https:\/\/librairie7l.com\/en\/wp-json\/wp\/v2\/product_tag?post=40378"}],"curies":[{"name":"wp","href":"https:\/\/api.w.org\/{rel}","templated":true}]}}