{"id":40420,"date":"2024-04-19T09:18:29","date_gmt":"2024-04-19T07:18:29","guid":{"rendered":"https:\/\/librairie7l.com\/?post_type=product&#038;p=40420"},"modified":"2026-04-27T23:40:10","modified_gmt":"2026-04-27T21:40:10","slug":"les-universalistes-50-ans-darchitecture-portugaise","status":"publish","type":"product","link":"https:\/\/librairie7l.com\/en\/produit\/les-universalistes-50-ans-darchitecture-portugaise\/","title":{"rendered":"LES UNIVERSALISTES ; 50 ANS D&#8217;ARCHITECTURE PORTUGAISE"},"content":{"rendered":"<p>\u00c0 travers 50 projets architecturaux majeurs, ce livre-\u00e9v\u00e9nement largement illustr\u00e9 affirme l&#8217;existence d&#8217;un \u00abuniversalisme\u00bb particulier et latent dans la fa\u00e7on dont les meilleurs architectes portugais ont b\u00e2ti leurs oeuvres au cours d&#8217;un demi-si\u00e8cle. Dans un \u00e9quilibre assum\u00e9 entre l&#8217;h\u00e9ritage universel de l&#8217;histoire de l&#8217;architecture et les sp\u00e9cificit\u00e9s g\u00e9ographiques et culturelles des lieux o\u00f9 ils proposaient de construire, ils ont exerc\u00e9 une fusion coh\u00e9rente et critique entre le global et le local. Nourris d&#8217;une culture de l&#8217;autre bas\u00e9e sur le voyage, la diaspora et l&#8217;\u00e9migration, les travaux d&#8217;architectes de premier plan (Souto de Moura, Siza.) c\u00f4toient ici, dans un m\u00eame dialogue avec le monde et une m\u00eame \u00e9thique, ceux de leurs confr\u00e8res les plus prometteurs des derni\u00e8res d\u00e9cennies.<\/p>\n","protected":false},"excerpt":{"rendered":"<p>\u00c0 travers 50 projets architecturaux majeurs, ce livre-\u00e9v\u00e9nement largement illustr\u00e9 affirme l&#8217;existence d&#8217;un \u00abuniversalisme\u00bb particulier et latent dans la fa\u00e7on dont les meilleurs architectes portugais ont b\u00e2ti leurs oeuvres au cours d&#8217;un demi-si\u00e8cle. Dans un \u00e9quilibre assum\u00e9 entre l&#8217;h\u00e9ritage universel de l&#8217;histoire de l&#8217;architecture et les sp\u00e9cificit\u00e9s g\u00e9ographiques et culturelles des lieux o\u00f9 ils proposaient [&hellip;]<\/p>\n","protected":false},"featured_media":40418,"template":"","meta":[],"product_cat":[2948,2950],"product_tag":[],"acf":[],"yoast_head":"<!-- This site is optimized with the Yoast SEO plugin v20.11 - https:\/\/yoast.com\/wordpress\/plugins\/seo\/ -->\n<title>Les universalistes ; 50 ans d&#039;architecture portugaise - Librairie 7L<\/title>\n<meta name=\"robots\" content=\"index, follow, max-snippet:-1, max-image-preview:large, max-video-preview:-1\" \/>\n<link rel=\"canonical\" href=\"https:\/\/librairie7l.com\/en\/produit\/les-universalistes-50-ans-darchitecture-portugaise\/\" \/>\n<meta property=\"og:locale\" content=\"en_US\" \/>\n<meta property=\"og:type\" content=\"article\" \/>\n<meta property=\"og:title\" content=\"Les universalistes ; 50 ans d&#039;architecture portugaise - Librairie 7L\" \/>\n<meta property=\"og:description\" content=\"\u00c0 travers 50 projets architecturaux majeurs, ce livre-\u00e9v\u00e9nement largement illustr\u00e9 affirme l&#8217;existence d&#8217;un \u00abuniversalisme\u00bb particulier et latent dans la fa\u00e7on dont les meilleurs architectes portugais ont b\u00e2ti leurs oeuvres au cours d&#8217;un demi-si\u00e8cle. Dans un \u00e9quilibre assum\u00e9 entre l&#8217;h\u00e9ritage universel de l&#8217;histoire de l&#8217;architecture et les sp\u00e9cificit\u00e9s g\u00e9ographiques et culturelles des lieux o\u00f9 ils proposaient [&hellip;]\" \/>\n<meta property=\"og:url\" content=\"https:\/\/librairie7l.com\/en\/produit\/les-universalistes-50-ans-darchitecture-portugaise\/\" \/>\n<meta property=\"og:site_name\" content=\"Librairie 7L\" \/>\n<meta property=\"article:modified_time\" content=\"2026-04-27T21:40:10+00:00\" \/>\n<meta property=\"og:image\" content=\"https:\/\/librairie7l.com\/wp-content\/uploads\/2004\/09\/9782863643112_1_75.jpg\" \/>\n\t<meta property=\"og:image:width\" content=\"600\" \/>\n\t<meta property=\"og:image:height\" content=\"782\" \/>\n\t<meta property=\"og:image:type\" content=\"image\/jpeg\" \/>\n<meta name=\"twitter:card\" content=\"summary_large_image\" \/>\n<meta name=\"twitter:label1\" content=\"Est. reading time\" \/>\n\t<meta name=\"twitter:data1\" content=\"1 minute\" \/>\n<script type=\"application\/ld+json\" class=\"yoast-schema-graph\">{\"@context\":\"https:\/\/schema.org\",\"@graph\":[{\"@type\":\"WebPage\",\"@id\":\"https:\/\/librairie7l.com\/en\/produit\/les-universalistes-50-ans-darchitecture-portugaise\/\",\"url\":\"https:\/\/librairie7l.com\/en\/produit\/les-universalistes-50-ans-darchitecture-portugaise\/\",\"name\":\"Les universalistes ; 50 ans d'architecture portugaise - Librairie 7L\",\"isPartOf\":{\"@id\":\"https:\/\/librairie7l.com\/en\/#website\"},\"datePublished\":\"2024-04-19T07:18:29+00:00\",\"dateModified\":\"2026-04-27T21:40:10+00:00\",\"breadcrumb\":{\"@id\":\"https:\/\/librairie7l.com\/en\/produit\/les-universalistes-50-ans-darchitecture-portugaise\/#breadcrumb\"},\"inLanguage\":\"en-US\",\"potentialAction\":[{\"@type\":\"ReadAction\",\"target\":[\"https:\/\/librairie7l.com\/en\/produit\/les-universalistes-50-ans-darchitecture-portugaise\/\"]}]},{\"@type\":\"BreadcrumbList\",\"@id\":\"https:\/\/librairie7l.com\/en\/produit\/les-universalistes-50-ans-darchitecture-portugaise\/#breadcrumb\",\"itemListElement\":[{\"@type\":\"ListItem\",\"position\":1,\"name\":\"Accueil\",\"item\":\"https:\/\/librairie7l.com\/en\/\"},{\"@type\":\"ListItem\",\"position\":2,\"name\":\"Shop\",\"item\":\"https:\/\/librairie7l.com\/en\/shop\/\"},{\"@type\":\"ListItem\",\"position\":3,\"name\":\"LES UNIVERSALISTES ; 50 ANS D&#8217;ARCHITECTURE PORTUGAISE\"}]},{\"@type\":\"WebSite\",\"@id\":\"https:\/\/librairie7l.com\/en\/#website\",\"url\":\"https:\/\/librairie7l.com\/en\/\",\"name\":\"Librairie 7L\",\"description\":\"Librairie fond\u00e9e en 1999 par Karl Lagerfeld \u00e0 Paris\",\"publisher\":{\"@id\":\"https:\/\/librairie7l.com\/en\/#organization\"},\"potentialAction\":[{\"@type\":\"SearchAction\",\"target\":{\"@type\":\"EntryPoint\",\"urlTemplate\":\"https:\/\/librairie7l.com\/en\/?s={search_term_string}\"},\"query-input\":\"required name=search_term_string\"}],\"inLanguage\":\"en-US\"},{\"@type\":\"Organization\",\"@id\":\"https:\/\/librairie7l.com\/en\/#organization\",\"name\":\"Librairie 7L\",\"url\":\"https:\/\/librairie7l.com\/en\/\",\"logo\":{\"@type\":\"ImageObject\",\"inLanguage\":\"en-US\",\"@id\":\"https:\/\/librairie7l.com\/en\/#\/schema\/logo\/image\/\",\"url\":\"https:\/\/librairie7l.com\/wp-content\/uploads\/2022\/08\/logo-1.png\",\"contentUrl\":\"https:\/\/librairie7l.com\/wp-content\/uploads\/2022\/08\/logo-1.png\",\"width\":227,\"height\":301,\"caption\":\"Librairie 7L\"},\"image\":{\"@id\":\"https:\/\/librairie7l.com\/en\/#\/schema\/logo\/image\/\"}}]}<\/script>\n<!-- \/ Yoast SEO plugin. -->","yoast_head_json":{"title":"Les universalistes ; 50 ans d'architecture portugaise - Librairie 7L","robots":{"index":"index","follow":"follow","max-snippet":"max-snippet:-1","max-image-preview":"max-image-preview:large","max-video-preview":"max-video-preview:-1"},"canonical":"https:\/\/librairie7l.com\/en\/produit\/les-universalistes-50-ans-darchitecture-portugaise\/","og_locale":"en_US","og_type":"article","og_title":"Les universalistes ; 50 ans d'architecture portugaise - Librairie 7L","og_description":"\u00c0 travers 50 projets architecturaux majeurs, ce livre-\u00e9v\u00e9nement largement illustr\u00e9 affirme l&#8217;existence d&#8217;un \u00abuniversalisme\u00bb particulier et latent dans la fa\u00e7on dont les meilleurs architectes portugais ont b\u00e2ti leurs oeuvres au cours d&#8217;un demi-si\u00e8cle. Dans un \u00e9quilibre assum\u00e9 entre l&#8217;h\u00e9ritage universel de l&#8217;histoire de l&#8217;architecture et les sp\u00e9cificit\u00e9s g\u00e9ographiques et culturelles des lieux o\u00f9 ils proposaient [&hellip;]","og_url":"https:\/\/librairie7l.com\/en\/produit\/les-universalistes-50-ans-darchitecture-portugaise\/","og_site_name":"Librairie 7L","article_modified_time":"2026-04-27T21:40:10+00:00","og_image":[{"width":600,"height":782,"url":"https:\/\/librairie7l.com\/wp-content\/uploads\/2004\/09\/9782863643112_1_75.jpg","type":"image\/jpeg"}],"twitter_card":"summary_large_image","twitter_misc":{"Est. reading time":"1 minute"},"schema":{"@context":"https:\/\/schema.org","@graph":[{"@type":"WebPage","@id":"https:\/\/librairie7l.com\/en\/produit\/les-universalistes-50-ans-darchitecture-portugaise\/","url":"https:\/\/librairie7l.com\/en\/produit\/les-universalistes-50-ans-darchitecture-portugaise\/","name":"Les universalistes ; 50 ans d'architecture portugaise - Librairie 7L","isPartOf":{"@id":"https:\/\/librairie7l.com\/en\/#website"},"datePublished":"2024-04-19T07:18:29+00:00","dateModified":"2026-04-27T21:40:10+00:00","breadcrumb":{"@id":"https:\/\/librairie7l.com\/en\/produit\/les-universalistes-50-ans-darchitecture-portugaise\/#breadcrumb"},"inLanguage":"en-US","potentialAction":[{"@type":"ReadAction","target":["https:\/\/librairie7l.com\/en\/produit\/les-universalistes-50-ans-darchitecture-portugaise\/"]}]},{"@type":"BreadcrumbList","@id":"https:\/\/librairie7l.com\/en\/produit\/les-universalistes-50-ans-darchitecture-portugaise\/#breadcrumb","itemListElement":[{"@type":"ListItem","position":1,"name":"Accueil","item":"https:\/\/librairie7l.com\/en\/"},{"@type":"ListItem","position":2,"name":"Shop","item":"https:\/\/librairie7l.com\/en\/shop\/"},{"@type":"ListItem","position":3,"name":"LES UNIVERSALISTES ; 50 ANS D&#8217;ARCHITECTURE PORTUGAISE"}]},{"@type":"WebSite","@id":"https:\/\/librairie7l.com\/en\/#website","url":"https:\/\/librairie7l.com\/en\/","name":"Librairie 7L","description":"Librairie fond\u00e9e en 1999 par Karl Lagerfeld \u00e0 Paris","publisher":{"@id":"https:\/\/librairie7l.com\/en\/#organization"},"potentialAction":[{"@type":"SearchAction","target":{"@type":"EntryPoint","urlTemplate":"https:\/\/librairie7l.com\/en\/?s={search_term_string}"},"query-input":"required name=search_term_string"}],"inLanguage":"en-US"},{"@type":"Organization","@id":"https:\/\/librairie7l.com\/en\/#organization","name":"Librairie 7L","url":"https:\/\/librairie7l.com\/en\/","logo":{"@type":"ImageObject","inLanguage":"en-US","@id":"https:\/\/librairie7l.com\/en\/#\/schema\/logo\/image\/","url":"https:\/\/librairie7l.com\/wp-content\/uploads\/2022\/08\/logo-1.png","contentUrl":"https:\/\/librairie7l.com\/wp-content\/uploads\/2022\/08\/logo-1.png","width":227,"height":301,"caption":"Librairie 7L"},"image":{"@id":"https:\/\/librairie7l.com\/en\/#\/schema\/logo\/image\/"}}]}},"_links":{"self":[{"href":"https:\/\/librairie7l.com\/en\/wp-json\/wp\/v2\/product\/40420"}],"collection":[{"href":"https:\/\/librairie7l.com\/en\/wp-json\/wp\/v2\/product"}],"about":[{"href":"https:\/\/librairie7l.com\/en\/wp-json\/wp\/v2\/types\/product"}],"wp:featuredmedia":[{"embeddable":true,"href":"https:\/\/librairie7l.com\/en\/wp-json\/wp\/v2\/media\/40418"}],"wp:attachment":[{"href":"https:\/\/librairie7l.com\/en\/wp-json\/wp\/v2\/media?parent=40420"}],"wp:term":[{"taxonomy":"product_cat","embeddable":true,"href":"https:\/\/librairie7l.com\/en\/wp-json\/wp\/v2\/product_cat?post=40420"},{"taxonomy":"product_tag","embeddable":true,"href":"https:\/\/librairie7l.com\/en\/wp-json\/wp\/v2\/product_tag?post=40420"}],"curies":[{"name":"wp","href":"https:\/\/api.w.org\/{rel}","templated":true}]}}