{"id":41319,"date":"2024-06-05T09:18:16","date_gmt":"2024-06-05T07:18:16","guid":{"rendered":"https:\/\/librairie7l.com\/?post_type=product&#038;p=41319"},"modified":"2026-04-26T14:06:58","modified_gmt":"2026-04-26T12:06:58","slug":"yves-saint-laurent-lenfant-terrible","status":"publish","type":"product","link":"https:\/\/librairie7l.com\/en\/produit\/yves-saint-laurent-lenfant-terrible\/","title":{"rendered":"YVES SAINT LAURENT : L&#8217;ENFANT TERRIBLE"},"content":{"rendered":"<p>Yves Saint Laurent : ce nom \u00e9voque \u00e0 lui seul la mode, la cr\u00e9ation et le luxe \u00e0 la fran\u00e7aise. L&#8217;homme est devenu une l\u00e9gende. Mais qui \u00e9tait-il vraiment ?   L&#8217;auteur est parti sur les traces de cet homme n\u00e9 en Alg\u00e9rie et qui a connu la gloire en prenant la direction de la maison Christian Dior dans les ann\u00e9es 50. Avant de fonder sa propre maison avec Pierre Berg\u00e9, son mentor et ami de coeur. Le succ\u00e8s, la gloire, la fortune : rien de tout cela n&#8217;a cependant rendu Yves Saint Laurent r\u00e9ellement heureux.   Derri\u00e8re les r\u00e9ussites \u00e9clatantes, on d\u00e9couvre au fil des pages un homme profond\u00e9ment bless\u00e9 qui, de d\u00e9prime en d\u00e9pressions, se r\u00e9fugie trop souvent dans les paradis artificiels. Un homme qui restera toutefois comme un visionnaire qui a \u00e9lev\u00e9 la haute couture au rang d&#8217;art.<\/p>\n","protected":false},"excerpt":{"rendered":"<p>Yves Saint Laurent : ce nom \u00e9voque \u00e0 lui seul la mode, la cr\u00e9ation et le luxe \u00e0 la fran\u00e7aise. L&#8217;homme est devenu une l\u00e9gende. Mais qui \u00e9tait-il vraiment ? L&#8217;auteur est parti sur les traces de cet homme n\u00e9 en Alg\u00e9rie et qui a connu la gloire en prenant la direction de la maison [&hellip;]<\/p>\n","protected":false},"featured_media":41317,"template":"","meta":[],"product_cat":[2948,2957],"product_tag":[],"acf":[],"yoast_head":"<!-- This site is optimized with the Yoast SEO plugin v20.11 - https:\/\/yoast.com\/wordpress\/plugins\/seo\/ -->\n<title>Yves Saint Laurent : L&#039;enfant terrible - Librairie 7L<\/title>\n<meta name=\"robots\" content=\"index, follow, max-snippet:-1, max-image-preview:large, max-video-preview:-1\" \/>\n<link rel=\"canonical\" href=\"https:\/\/librairie7l.com\/en\/produit\/yves-saint-laurent-lenfant-terrible\/\" \/>\n<meta property=\"og:locale\" content=\"en_US\" \/>\n<meta property=\"og:type\" content=\"article\" \/>\n<meta property=\"og:title\" content=\"Yves Saint Laurent : L&#039;enfant terrible - Librairie 7L\" \/>\n<meta property=\"og:description\" content=\"Yves Saint Laurent : ce nom \u00e9voque \u00e0 lui seul la mode, la cr\u00e9ation et le luxe \u00e0 la fran\u00e7aise. L&#8217;homme est devenu une l\u00e9gende. Mais qui \u00e9tait-il vraiment ? L&#8217;auteur est parti sur les traces de cet homme n\u00e9 en Alg\u00e9rie et qui a connu la gloire en prenant la direction de la maison [&hellip;]\" \/>\n<meta property=\"og:url\" content=\"https:\/\/librairie7l.com\/en\/produit\/yves-saint-laurent-lenfant-terrible\/\" \/>\n<meta property=\"og:site_name\" content=\"Librairie 7L\" \/>\n<meta property=\"article:modified_time\" content=\"2026-04-26T12:06:58+00:00\" \/>\n<meta property=\"og:image\" content=\"https:\/\/librairie7l.com\/wp-content\/uploads\/2024\/03\/9782824623535_1_75.jpg\" \/>\n\t<meta property=\"og:image:width\" content=\"600\" \/>\n\t<meta property=\"og:image:height\" content=\"909\" \/>\n\t<meta property=\"og:image:type\" content=\"image\/jpeg\" \/>\n<meta name=\"twitter:card\" content=\"summary_large_image\" \/>\n<meta name=\"twitter:label1\" content=\"Est. reading time\" \/>\n\t<meta name=\"twitter:data1\" content=\"1 minute\" \/>\n<script type=\"application\/ld+json\" class=\"yoast-schema-graph\">{\"@context\":\"https:\/\/schema.org\",\"@graph\":[{\"@type\":\"WebPage\",\"@id\":\"https:\/\/librairie7l.com\/en\/produit\/yves-saint-laurent-lenfant-terrible\/\",\"url\":\"https:\/\/librairie7l.com\/en\/produit\/yves-saint-laurent-lenfant-terrible\/\",\"name\":\"Yves Saint Laurent : L'enfant terrible - Librairie 7L\",\"isPartOf\":{\"@id\":\"https:\/\/librairie7l.com\/en\/#website\"},\"datePublished\":\"2024-06-05T07:18:16+00:00\",\"dateModified\":\"2026-04-26T12:06:58+00:00\",\"breadcrumb\":{\"@id\":\"https:\/\/librairie7l.com\/en\/produit\/yves-saint-laurent-lenfant-terrible\/#breadcrumb\"},\"inLanguage\":\"en-US\",\"potentialAction\":[{\"@type\":\"ReadAction\",\"target\":[\"https:\/\/librairie7l.com\/en\/produit\/yves-saint-laurent-lenfant-terrible\/\"]}]},{\"@type\":\"BreadcrumbList\",\"@id\":\"https:\/\/librairie7l.com\/en\/produit\/yves-saint-laurent-lenfant-terrible\/#breadcrumb\",\"itemListElement\":[{\"@type\":\"ListItem\",\"position\":1,\"name\":\"Accueil\",\"item\":\"https:\/\/librairie7l.com\/en\/\"},{\"@type\":\"ListItem\",\"position\":2,\"name\":\"Shop\",\"item\":\"https:\/\/librairie7l.com\/en\/shop\/\"},{\"@type\":\"ListItem\",\"position\":3,\"name\":\"YVES SAINT LAURENT : L&#8217;ENFANT TERRIBLE\"}]},{\"@type\":\"WebSite\",\"@id\":\"https:\/\/librairie7l.com\/en\/#website\",\"url\":\"https:\/\/librairie7l.com\/en\/\",\"name\":\"Librairie 7L\",\"description\":\"Librairie fond\u00e9e en 1999 par Karl Lagerfeld \u00e0 Paris\",\"publisher\":{\"@id\":\"https:\/\/librairie7l.com\/en\/#organization\"},\"potentialAction\":[{\"@type\":\"SearchAction\",\"target\":{\"@type\":\"EntryPoint\",\"urlTemplate\":\"https:\/\/librairie7l.com\/en\/?s={search_term_string}\"},\"query-input\":\"required name=search_term_string\"}],\"inLanguage\":\"en-US\"},{\"@type\":\"Organization\",\"@id\":\"https:\/\/librairie7l.com\/en\/#organization\",\"name\":\"Librairie 7L\",\"url\":\"https:\/\/librairie7l.com\/en\/\",\"logo\":{\"@type\":\"ImageObject\",\"inLanguage\":\"en-US\",\"@id\":\"https:\/\/librairie7l.com\/en\/#\/schema\/logo\/image\/\",\"url\":\"https:\/\/librairie7l.com\/wp-content\/uploads\/2022\/08\/logo-1.png\",\"contentUrl\":\"https:\/\/librairie7l.com\/wp-content\/uploads\/2022\/08\/logo-1.png\",\"width\":227,\"height\":301,\"caption\":\"Librairie 7L\"},\"image\":{\"@id\":\"https:\/\/librairie7l.com\/en\/#\/schema\/logo\/image\/\"}}]}<\/script>\n<!-- \/ Yoast SEO plugin. -->","yoast_head_json":{"title":"Yves Saint Laurent : L'enfant terrible - Librairie 7L","robots":{"index":"index","follow":"follow","max-snippet":"max-snippet:-1","max-image-preview":"max-image-preview:large","max-video-preview":"max-video-preview:-1"},"canonical":"https:\/\/librairie7l.com\/en\/produit\/yves-saint-laurent-lenfant-terrible\/","og_locale":"en_US","og_type":"article","og_title":"Yves Saint Laurent : L'enfant terrible - Librairie 7L","og_description":"Yves Saint Laurent : ce nom \u00e9voque \u00e0 lui seul la mode, la cr\u00e9ation et le luxe \u00e0 la fran\u00e7aise. L&#8217;homme est devenu une l\u00e9gende. Mais qui \u00e9tait-il vraiment ? L&#8217;auteur est parti sur les traces de cet homme n\u00e9 en Alg\u00e9rie et qui a connu la gloire en prenant la direction de la maison [&hellip;]","og_url":"https:\/\/librairie7l.com\/en\/produit\/yves-saint-laurent-lenfant-terrible\/","og_site_name":"Librairie 7L","article_modified_time":"2026-04-26T12:06:58+00:00","og_image":[{"width":600,"height":909,"url":"https:\/\/librairie7l.com\/wp-content\/uploads\/2024\/03\/9782824623535_1_75.jpg","type":"image\/jpeg"}],"twitter_card":"summary_large_image","twitter_misc":{"Est. reading time":"1 minute"},"schema":{"@context":"https:\/\/schema.org","@graph":[{"@type":"WebPage","@id":"https:\/\/librairie7l.com\/en\/produit\/yves-saint-laurent-lenfant-terrible\/","url":"https:\/\/librairie7l.com\/en\/produit\/yves-saint-laurent-lenfant-terrible\/","name":"Yves Saint Laurent : L'enfant terrible - Librairie 7L","isPartOf":{"@id":"https:\/\/librairie7l.com\/en\/#website"},"datePublished":"2024-06-05T07:18:16+00:00","dateModified":"2026-04-26T12:06:58+00:00","breadcrumb":{"@id":"https:\/\/librairie7l.com\/en\/produit\/yves-saint-laurent-lenfant-terrible\/#breadcrumb"},"inLanguage":"en-US","potentialAction":[{"@type":"ReadAction","target":["https:\/\/librairie7l.com\/en\/produit\/yves-saint-laurent-lenfant-terrible\/"]}]},{"@type":"BreadcrumbList","@id":"https:\/\/librairie7l.com\/en\/produit\/yves-saint-laurent-lenfant-terrible\/#breadcrumb","itemListElement":[{"@type":"ListItem","position":1,"name":"Accueil","item":"https:\/\/librairie7l.com\/en\/"},{"@type":"ListItem","position":2,"name":"Shop","item":"https:\/\/librairie7l.com\/en\/shop\/"},{"@type":"ListItem","position":3,"name":"YVES SAINT LAURENT : L&#8217;ENFANT TERRIBLE"}]},{"@type":"WebSite","@id":"https:\/\/librairie7l.com\/en\/#website","url":"https:\/\/librairie7l.com\/en\/","name":"Librairie 7L","description":"Librairie fond\u00e9e en 1999 par Karl Lagerfeld \u00e0 Paris","publisher":{"@id":"https:\/\/librairie7l.com\/en\/#organization"},"potentialAction":[{"@type":"SearchAction","target":{"@type":"EntryPoint","urlTemplate":"https:\/\/librairie7l.com\/en\/?s={search_term_string}"},"query-input":"required name=search_term_string"}],"inLanguage":"en-US"},{"@type":"Organization","@id":"https:\/\/librairie7l.com\/en\/#organization","name":"Librairie 7L","url":"https:\/\/librairie7l.com\/en\/","logo":{"@type":"ImageObject","inLanguage":"en-US","@id":"https:\/\/librairie7l.com\/en\/#\/schema\/logo\/image\/","url":"https:\/\/librairie7l.com\/wp-content\/uploads\/2022\/08\/logo-1.png","contentUrl":"https:\/\/librairie7l.com\/wp-content\/uploads\/2022\/08\/logo-1.png","width":227,"height":301,"caption":"Librairie 7L"},"image":{"@id":"https:\/\/librairie7l.com\/en\/#\/schema\/logo\/image\/"}}]}},"_links":{"self":[{"href":"https:\/\/librairie7l.com\/en\/wp-json\/wp\/v2\/product\/41319"}],"collection":[{"href":"https:\/\/librairie7l.com\/en\/wp-json\/wp\/v2\/product"}],"about":[{"href":"https:\/\/librairie7l.com\/en\/wp-json\/wp\/v2\/types\/product"}],"wp:featuredmedia":[{"embeddable":true,"href":"https:\/\/librairie7l.com\/en\/wp-json\/wp\/v2\/media\/41317"}],"wp:attachment":[{"href":"https:\/\/librairie7l.com\/en\/wp-json\/wp\/v2\/media?parent=41319"}],"wp:term":[{"taxonomy":"product_cat","embeddable":true,"href":"https:\/\/librairie7l.com\/en\/wp-json\/wp\/v2\/product_cat?post=41319"},{"taxonomy":"product_tag","embeddable":true,"href":"https:\/\/librairie7l.com\/en\/wp-json\/wp\/v2\/product_tag?post=41319"}],"curies":[{"name":"wp","href":"https:\/\/api.w.org\/{rel}","templated":true}]}}