{"id":41518,"date":"2024-06-26T12:22:55","date_gmt":"2024-06-26T10:22:55","guid":{"rendered":"https:\/\/librairie7l.com\/?post_type=product&#038;p=41518"},"modified":"2026-05-01T04:39:59","modified_gmt":"2026-05-01T02:39:59","slug":"mathilde-a-paris","status":"publish","type":"product","link":"https:\/\/librairie7l.com\/en\/produit\/mathilde-a-paris\/","title":{"rendered":"MATHILDE \u00c0 PARIS"},"content":{"rendered":"<p>\u00ab\u00catre parisien, ce n&#8217;est pas \u00eatre n\u00e9 \u00e0 Paris, c&#8217;est y rena\u00eetre.\u00bb Sacha Guitry La Parisienne n&#8217;existe pas, mais, si quelqu&#8217;un incarne l&#8217;esprit de Paris dans ce qu&#8217;il a de plus radieux, c&#8217;est Mathilde Favier. Directrice des relations publiques de Dior Couture, charg\u00e9e des c\u00e9l\u00e9brit\u00e9s pour le monde, elle est r\u00e9put\u00e9e pour son hospitalit\u00e9 chaleureuse, son sens de l&#8217;amiti\u00e9, son caract\u00e8re : m\u00e9lange d&#8217;humour, de fantaisie et d&#8217;attention aux autres. Elle ouvre ici les portes de son monde, \u00e0 la d\u00e9couverte des personnes et des lieux qui l&#8217;inspirent. Ce portrait de groupe, \u00e0 la fois intime et universel, nous entra\u00eene dans le Paris de la cr\u00e9ation sous toutes ses formes : arts, mode, beaut\u00e9, d\u00e9coration et gastronomie. L&#8217;\u00e9criture vive et enjou\u00e9e de Fr\u00e9d\u00e9rique Dedet et les magnifiques photographies de Pascal Chevallier donnent vie \u00e0 ces rencontres, capturant la splendeur de Paris et de ses figures culturelles embl\u00e9matiques. Un guide de savoir vivre, au sens premier.<\/p>\n","protected":false},"excerpt":{"rendered":"<p>\u00ab\u00catre parisien, ce n&#8217;est pas \u00eatre n\u00e9 \u00e0 Paris, c&#8217;est y rena\u00eetre.\u00bb Sacha Guitry La Parisienne n&#8217;existe pas, mais, si quelqu&#8217;un incarne l&#8217;esprit de Paris dans ce qu&#8217;il a de plus radieux, c&#8217;est Mathilde Favier. Directrice des relations publiques de Dior Couture, charg\u00e9e des c\u00e9l\u00e9brit\u00e9s pour le monde, elle est r\u00e9put\u00e9e pour son hospitalit\u00e9 chaleureuse, [&hellip;]<\/p>\n","protected":false},"featured_media":41516,"template":"","meta":[],"product_cat":[2948,2951],"product_tag":[],"acf":[],"yoast_head":"<!-- This site is optimized with the Yoast SEO plugin v20.11 - https:\/\/yoast.com\/wordpress\/plugins\/seo\/ -->\n<title>Mathilde \u00e0 Paris - Librairie 7L<\/title>\n<meta name=\"robots\" content=\"index, follow, max-snippet:-1, max-image-preview:large, max-video-preview:-1\" \/>\n<link rel=\"canonical\" href=\"https:\/\/librairie7l.com\/en\/produit\/mathilde-a-paris\/\" \/>\n<meta property=\"og:locale\" content=\"en_US\" \/>\n<meta property=\"og:type\" content=\"article\" \/>\n<meta property=\"og:title\" content=\"Mathilde \u00e0 Paris - Librairie 7L\" \/>\n<meta property=\"og:description\" content=\"\u00ab\u00catre parisien, ce n&#8217;est pas \u00eatre n\u00e9 \u00e0 Paris, c&#8217;est y rena\u00eetre.\u00bb Sacha Guitry La Parisienne n&#8217;existe pas, mais, si quelqu&#8217;un incarne l&#8217;esprit de Paris dans ce qu&#8217;il a de plus radieux, c&#8217;est Mathilde Favier. Directrice des relations publiques de Dior Couture, charg\u00e9e des c\u00e9l\u00e9brit\u00e9s pour le monde, elle est r\u00e9put\u00e9e pour son hospitalit\u00e9 chaleureuse, [&hellip;]\" \/>\n<meta property=\"og:url\" content=\"https:\/\/librairie7l.com\/en\/produit\/mathilde-a-paris\/\" \/>\n<meta property=\"og:site_name\" content=\"Librairie 7L\" \/>\n<meta property=\"article:modified_time\" content=\"2026-05-01T02:39:59+00:00\" \/>\n<meta property=\"og:image\" content=\"https:\/\/librairie7l.com\/wp-content\/uploads\/2023\/12\/9782080422026_1_75.jpg\" \/>\n\t<meta property=\"og:image:width\" content=\"600\" \/>\n\t<meta property=\"og:image:height\" content=\"815\" \/>\n\t<meta property=\"og:image:type\" content=\"image\/jpeg\" \/>\n<meta name=\"twitter:card\" content=\"summary_large_image\" \/>\n<meta name=\"twitter:label1\" content=\"Est. reading time\" \/>\n\t<meta name=\"twitter:data1\" content=\"1 minute\" \/>\n<script type=\"application\/ld+json\" class=\"yoast-schema-graph\">{\"@context\":\"https:\/\/schema.org\",\"@graph\":[{\"@type\":\"WebPage\",\"@id\":\"https:\/\/librairie7l.com\/en\/produit\/mathilde-a-paris\/\",\"url\":\"https:\/\/librairie7l.com\/en\/produit\/mathilde-a-paris\/\",\"name\":\"Mathilde \u00e0 Paris - Librairie 7L\",\"isPartOf\":{\"@id\":\"https:\/\/librairie7l.com\/en\/#website\"},\"datePublished\":\"2024-06-26T10:22:55+00:00\",\"dateModified\":\"2026-05-01T02:39:59+00:00\",\"breadcrumb\":{\"@id\":\"https:\/\/librairie7l.com\/en\/produit\/mathilde-a-paris\/#breadcrumb\"},\"inLanguage\":\"en-US\",\"potentialAction\":[{\"@type\":\"ReadAction\",\"target\":[\"https:\/\/librairie7l.com\/en\/produit\/mathilde-a-paris\/\"]}]},{\"@type\":\"BreadcrumbList\",\"@id\":\"https:\/\/librairie7l.com\/en\/produit\/mathilde-a-paris\/#breadcrumb\",\"itemListElement\":[{\"@type\":\"ListItem\",\"position\":1,\"name\":\"Accueil\",\"item\":\"https:\/\/librairie7l.com\/en\/\"},{\"@type\":\"ListItem\",\"position\":2,\"name\":\"Shop\",\"item\":\"https:\/\/librairie7l.com\/en\/shop\/\"},{\"@type\":\"ListItem\",\"position\":3,\"name\":\"MATHILDE \u00c0 PARIS\"}]},{\"@type\":\"WebSite\",\"@id\":\"https:\/\/librairie7l.com\/en\/#website\",\"url\":\"https:\/\/librairie7l.com\/en\/\",\"name\":\"Librairie 7L\",\"description\":\"Librairie fond\u00e9e en 1999 par Karl Lagerfeld \u00e0 Paris\",\"publisher\":{\"@id\":\"https:\/\/librairie7l.com\/en\/#organization\"},\"potentialAction\":[{\"@type\":\"SearchAction\",\"target\":{\"@type\":\"EntryPoint\",\"urlTemplate\":\"https:\/\/librairie7l.com\/en\/?s={search_term_string}\"},\"query-input\":\"required name=search_term_string\"}],\"inLanguage\":\"en-US\"},{\"@type\":\"Organization\",\"@id\":\"https:\/\/librairie7l.com\/en\/#organization\",\"name\":\"Librairie 7L\",\"url\":\"https:\/\/librairie7l.com\/en\/\",\"logo\":{\"@type\":\"ImageObject\",\"inLanguage\":\"en-US\",\"@id\":\"https:\/\/librairie7l.com\/en\/#\/schema\/logo\/image\/\",\"url\":\"https:\/\/librairie7l.com\/wp-content\/uploads\/2022\/08\/logo-1.png\",\"contentUrl\":\"https:\/\/librairie7l.com\/wp-content\/uploads\/2022\/08\/logo-1.png\",\"width\":227,\"height\":301,\"caption\":\"Librairie 7L\"},\"image\":{\"@id\":\"https:\/\/librairie7l.com\/en\/#\/schema\/logo\/image\/\"}}]}<\/script>\n<!-- \/ Yoast SEO plugin. -->","yoast_head_json":{"title":"Mathilde \u00e0 Paris - Librairie 7L","robots":{"index":"index","follow":"follow","max-snippet":"max-snippet:-1","max-image-preview":"max-image-preview:large","max-video-preview":"max-video-preview:-1"},"canonical":"https:\/\/librairie7l.com\/en\/produit\/mathilde-a-paris\/","og_locale":"en_US","og_type":"article","og_title":"Mathilde \u00e0 Paris - Librairie 7L","og_description":"\u00ab\u00catre parisien, ce n&#8217;est pas \u00eatre n\u00e9 \u00e0 Paris, c&#8217;est y rena\u00eetre.\u00bb Sacha Guitry La Parisienne n&#8217;existe pas, mais, si quelqu&#8217;un incarne l&#8217;esprit de Paris dans ce qu&#8217;il a de plus radieux, c&#8217;est Mathilde Favier. Directrice des relations publiques de Dior Couture, charg\u00e9e des c\u00e9l\u00e9brit\u00e9s pour le monde, elle est r\u00e9put\u00e9e pour son hospitalit\u00e9 chaleureuse, [&hellip;]","og_url":"https:\/\/librairie7l.com\/en\/produit\/mathilde-a-paris\/","og_site_name":"Librairie 7L","article_modified_time":"2026-05-01T02:39:59+00:00","og_image":[{"width":600,"height":815,"url":"https:\/\/librairie7l.com\/wp-content\/uploads\/2023\/12\/9782080422026_1_75.jpg","type":"image\/jpeg"}],"twitter_card":"summary_large_image","twitter_misc":{"Est. reading time":"1 minute"},"schema":{"@context":"https:\/\/schema.org","@graph":[{"@type":"WebPage","@id":"https:\/\/librairie7l.com\/en\/produit\/mathilde-a-paris\/","url":"https:\/\/librairie7l.com\/en\/produit\/mathilde-a-paris\/","name":"Mathilde \u00e0 Paris - Librairie 7L","isPartOf":{"@id":"https:\/\/librairie7l.com\/en\/#website"},"datePublished":"2024-06-26T10:22:55+00:00","dateModified":"2026-05-01T02:39:59+00:00","breadcrumb":{"@id":"https:\/\/librairie7l.com\/en\/produit\/mathilde-a-paris\/#breadcrumb"},"inLanguage":"en-US","potentialAction":[{"@type":"ReadAction","target":["https:\/\/librairie7l.com\/en\/produit\/mathilde-a-paris\/"]}]},{"@type":"BreadcrumbList","@id":"https:\/\/librairie7l.com\/en\/produit\/mathilde-a-paris\/#breadcrumb","itemListElement":[{"@type":"ListItem","position":1,"name":"Accueil","item":"https:\/\/librairie7l.com\/en\/"},{"@type":"ListItem","position":2,"name":"Shop","item":"https:\/\/librairie7l.com\/en\/shop\/"},{"@type":"ListItem","position":3,"name":"MATHILDE \u00c0 PARIS"}]},{"@type":"WebSite","@id":"https:\/\/librairie7l.com\/en\/#website","url":"https:\/\/librairie7l.com\/en\/","name":"Librairie 7L","description":"Librairie fond\u00e9e en 1999 par Karl Lagerfeld \u00e0 Paris","publisher":{"@id":"https:\/\/librairie7l.com\/en\/#organization"},"potentialAction":[{"@type":"SearchAction","target":{"@type":"EntryPoint","urlTemplate":"https:\/\/librairie7l.com\/en\/?s={search_term_string}"},"query-input":"required name=search_term_string"}],"inLanguage":"en-US"},{"@type":"Organization","@id":"https:\/\/librairie7l.com\/en\/#organization","name":"Librairie 7L","url":"https:\/\/librairie7l.com\/en\/","logo":{"@type":"ImageObject","inLanguage":"en-US","@id":"https:\/\/librairie7l.com\/en\/#\/schema\/logo\/image\/","url":"https:\/\/librairie7l.com\/wp-content\/uploads\/2022\/08\/logo-1.png","contentUrl":"https:\/\/librairie7l.com\/wp-content\/uploads\/2022\/08\/logo-1.png","width":227,"height":301,"caption":"Librairie 7L"},"image":{"@id":"https:\/\/librairie7l.com\/en\/#\/schema\/logo\/image\/"}}]}},"_links":{"self":[{"href":"https:\/\/librairie7l.com\/en\/wp-json\/wp\/v2\/product\/41518"}],"collection":[{"href":"https:\/\/librairie7l.com\/en\/wp-json\/wp\/v2\/product"}],"about":[{"href":"https:\/\/librairie7l.com\/en\/wp-json\/wp\/v2\/types\/product"}],"wp:featuredmedia":[{"embeddable":true,"href":"https:\/\/librairie7l.com\/en\/wp-json\/wp\/v2\/media\/41516"}],"wp:attachment":[{"href":"https:\/\/librairie7l.com\/en\/wp-json\/wp\/v2\/media?parent=41518"}],"wp:term":[{"taxonomy":"product_cat","embeddable":true,"href":"https:\/\/librairie7l.com\/en\/wp-json\/wp\/v2\/product_cat?post=41518"},{"taxonomy":"product_tag","embeddable":true,"href":"https:\/\/librairie7l.com\/en\/wp-json\/wp\/v2\/product_tag?post=41518"}],"curies":[{"name":"wp","href":"https:\/\/api.w.org\/{rel}","templated":true}]}}