{"id":42203,"date":"2024-09-06T12:01:19","date_gmt":"2024-09-06T10:01:19","guid":{"rendered":"https:\/\/librairie7l.com\/?post_type=product&#038;p=42203"},"modified":"2026-04-29T08:13:08","modified_gmt":"2026-04-29T06:13:08","slug":"probite-de-limage-2","status":"publish","type":"product","link":"https:\/\/librairie7l.com\/en\/produit\/probite-de-limage-2\/","title":{"rendered":"PROBIT\u00c9 DE L&#8217;IMAGE"},"content":{"rendered":"<p>Francis Bacon, Joan Mir\u00f3, Antoni T\u00e0pies, Pierre Alechinsky, Jean Degottex, Jannis Kounellis, Kiki Smith, Nalini Malani, Nicola De Maria, Wolfgang Laib, Jaume Plensa, Juan Usl\u00e9, Sean Scully, Fabienne Verdier, David Hockney, Konrad Klapheck, Etel Adnan, Richard Tuttle, Christine Safa, ces artistes, si diff\u00e9rents les uns des autres n&#8217;ont peut-\u00eatre pas pour seul point commun d&#8217;avoir expos\u00e9 dans la m\u00eame galerie. Jean Fr\u00e9mon sugg\u00e8re qu&#8217;ils partagent cette qualit\u00e9 rare qu&#8217;est la probit\u00e9. Qu&#8217;est-ce au juste que la probit\u00e9 ? Nul ne le sait. Mais chacun l&#8217;entend dans la phrase de Jean Genet, chacun la voit dans les yeux de Rembrandt, inexplicable mais s\u00fbre d&#8217;elle-m\u00eame.<\/p>\n","protected":false},"excerpt":{"rendered":"<p>Francis Bacon, Joan Mir\u00f3, Antoni T\u00e0pies, Pierre Alechinsky, Jean Degottex, Jannis Kounellis, Kiki Smith, Nalini Malani, Nicola De Maria, Wolfgang Laib, Jaume Plensa, Juan Usl\u00e9, Sean Scully, Fabienne Verdier, David Hockney, Konrad Klapheck, Etel Adnan, Richard Tuttle, Christine Safa, ces artistes, si diff\u00e9rents les uns des autres n&#8217;ont peut-\u00eatre pas pour seul point commun d&#8217;avoir [&hellip;]<\/p>\n","protected":false},"featured_media":42201,"template":"","meta":[],"product_cat":[2948,2953],"product_tag":[],"acf":[],"yoast_head":"<!-- This site is optimized with the Yoast SEO plugin v20.11 - https:\/\/yoast.com\/wordpress\/plugins\/seo\/ -->\n<title>Probit\u00e9 de l&#039;image - Librairie 7L<\/title>\n<meta name=\"robots\" content=\"index, follow, max-snippet:-1, max-image-preview:large, max-video-preview:-1\" \/>\n<link rel=\"canonical\" href=\"https:\/\/librairie7l.com\/en\/produit\/probite-de-limage-2\/\" \/>\n<meta property=\"og:locale\" content=\"en_US\" \/>\n<meta property=\"og:type\" content=\"article\" \/>\n<meta property=\"og:title\" content=\"Probit\u00e9 de l&#039;image - Librairie 7L\" \/>\n<meta property=\"og:description\" content=\"Francis Bacon, Joan Mir\u00f3, Antoni T\u00e0pies, Pierre Alechinsky, Jean Degottex, Jannis Kounellis, Kiki Smith, Nalini Malani, Nicola De Maria, Wolfgang Laib, Jaume Plensa, Juan Usl\u00e9, Sean Scully, Fabienne Verdier, David Hockney, Konrad Klapheck, Etel Adnan, Richard Tuttle, Christine Safa, ces artistes, si diff\u00e9rents les uns des autres n&#8217;ont peut-\u00eatre pas pour seul point commun d&#8217;avoir [&hellip;]\" \/>\n<meta property=\"og:url\" content=\"https:\/\/librairie7l.com\/en\/produit\/probite-de-limage-2\/\" \/>\n<meta property=\"og:site_name\" content=\"Librairie 7L\" \/>\n<meta property=\"article:modified_time\" content=\"2026-04-29T06:13:08+00:00\" \/>\n<meta property=\"og:image\" content=\"https:\/\/librairie7l.com\/wp-content\/uploads\/2024\/02\/9782850351525_1_75.jpg\" \/>\n\t<meta property=\"og:image:width\" content=\"600\" \/>\n\t<meta property=\"og:image:height\" content=\"773\" \/>\n\t<meta property=\"og:image:type\" content=\"image\/jpeg\" \/>\n<meta name=\"twitter:card\" content=\"summary_large_image\" \/>\n<meta name=\"twitter:label1\" content=\"Est. reading time\" \/>\n\t<meta name=\"twitter:data1\" content=\"1 minute\" \/>\n<script type=\"application\/ld+json\" class=\"yoast-schema-graph\">{\"@context\":\"https:\/\/schema.org\",\"@graph\":[{\"@type\":\"WebPage\",\"@id\":\"https:\/\/librairie7l.com\/en\/produit\/probite-de-limage-2\/\",\"url\":\"https:\/\/librairie7l.com\/en\/produit\/probite-de-limage-2\/\",\"name\":\"Probit\u00e9 de l'image - Librairie 7L\",\"isPartOf\":{\"@id\":\"https:\/\/librairie7l.com\/en\/#website\"},\"datePublished\":\"2024-09-06T10:01:19+00:00\",\"dateModified\":\"2026-04-29T06:13:08+00:00\",\"breadcrumb\":{\"@id\":\"https:\/\/librairie7l.com\/en\/produit\/probite-de-limage-2\/#breadcrumb\"},\"inLanguage\":\"en-US\",\"potentialAction\":[{\"@type\":\"ReadAction\",\"target\":[\"https:\/\/librairie7l.com\/en\/produit\/probite-de-limage-2\/\"]}]},{\"@type\":\"BreadcrumbList\",\"@id\":\"https:\/\/librairie7l.com\/en\/produit\/probite-de-limage-2\/#breadcrumb\",\"itemListElement\":[{\"@type\":\"ListItem\",\"position\":1,\"name\":\"Accueil\",\"item\":\"https:\/\/librairie7l.com\/en\/\"},{\"@type\":\"ListItem\",\"position\":2,\"name\":\"Shop\",\"item\":\"https:\/\/librairie7l.com\/en\/shop\/\"},{\"@type\":\"ListItem\",\"position\":3,\"name\":\"PROBIT\u00c9 DE L&#8217;IMAGE\"}]},{\"@type\":\"WebSite\",\"@id\":\"https:\/\/librairie7l.com\/en\/#website\",\"url\":\"https:\/\/librairie7l.com\/en\/\",\"name\":\"Librairie 7L\",\"description\":\"Librairie fond\u00e9e en 1999 par Karl Lagerfeld \u00e0 Paris\",\"publisher\":{\"@id\":\"https:\/\/librairie7l.com\/en\/#organization\"},\"potentialAction\":[{\"@type\":\"SearchAction\",\"target\":{\"@type\":\"EntryPoint\",\"urlTemplate\":\"https:\/\/librairie7l.com\/en\/?s={search_term_string}\"},\"query-input\":\"required name=search_term_string\"}],\"inLanguage\":\"en-US\"},{\"@type\":\"Organization\",\"@id\":\"https:\/\/librairie7l.com\/en\/#organization\",\"name\":\"Librairie 7L\",\"url\":\"https:\/\/librairie7l.com\/en\/\",\"logo\":{\"@type\":\"ImageObject\",\"inLanguage\":\"en-US\",\"@id\":\"https:\/\/librairie7l.com\/en\/#\/schema\/logo\/image\/\",\"url\":\"https:\/\/librairie7l.com\/wp-content\/uploads\/2022\/08\/logo-1.png\",\"contentUrl\":\"https:\/\/librairie7l.com\/wp-content\/uploads\/2022\/08\/logo-1.png\",\"width\":227,\"height\":301,\"caption\":\"Librairie 7L\"},\"image\":{\"@id\":\"https:\/\/librairie7l.com\/en\/#\/schema\/logo\/image\/\"}}]}<\/script>\n<!-- \/ Yoast SEO plugin. -->","yoast_head_json":{"title":"Probit\u00e9 de l'image - Librairie 7L","robots":{"index":"index","follow":"follow","max-snippet":"max-snippet:-1","max-image-preview":"max-image-preview:large","max-video-preview":"max-video-preview:-1"},"canonical":"https:\/\/librairie7l.com\/en\/produit\/probite-de-limage-2\/","og_locale":"en_US","og_type":"article","og_title":"Probit\u00e9 de l'image - Librairie 7L","og_description":"Francis Bacon, Joan Mir\u00f3, Antoni T\u00e0pies, Pierre Alechinsky, Jean Degottex, Jannis Kounellis, Kiki Smith, Nalini Malani, Nicola De Maria, Wolfgang Laib, Jaume Plensa, Juan Usl\u00e9, Sean Scully, Fabienne Verdier, David Hockney, Konrad Klapheck, Etel Adnan, Richard Tuttle, Christine Safa, ces artistes, si diff\u00e9rents les uns des autres n&#8217;ont peut-\u00eatre pas pour seul point commun d&#8217;avoir [&hellip;]","og_url":"https:\/\/librairie7l.com\/en\/produit\/probite-de-limage-2\/","og_site_name":"Librairie 7L","article_modified_time":"2026-04-29T06:13:08+00:00","og_image":[{"width":600,"height":773,"url":"https:\/\/librairie7l.com\/wp-content\/uploads\/2024\/02\/9782850351525_1_75.jpg","type":"image\/jpeg"}],"twitter_card":"summary_large_image","twitter_misc":{"Est. reading time":"1 minute"},"schema":{"@context":"https:\/\/schema.org","@graph":[{"@type":"WebPage","@id":"https:\/\/librairie7l.com\/en\/produit\/probite-de-limage-2\/","url":"https:\/\/librairie7l.com\/en\/produit\/probite-de-limage-2\/","name":"Probit\u00e9 de l'image - Librairie 7L","isPartOf":{"@id":"https:\/\/librairie7l.com\/en\/#website"},"datePublished":"2024-09-06T10:01:19+00:00","dateModified":"2026-04-29T06:13:08+00:00","breadcrumb":{"@id":"https:\/\/librairie7l.com\/en\/produit\/probite-de-limage-2\/#breadcrumb"},"inLanguage":"en-US","potentialAction":[{"@type":"ReadAction","target":["https:\/\/librairie7l.com\/en\/produit\/probite-de-limage-2\/"]}]},{"@type":"BreadcrumbList","@id":"https:\/\/librairie7l.com\/en\/produit\/probite-de-limage-2\/#breadcrumb","itemListElement":[{"@type":"ListItem","position":1,"name":"Accueil","item":"https:\/\/librairie7l.com\/en\/"},{"@type":"ListItem","position":2,"name":"Shop","item":"https:\/\/librairie7l.com\/en\/shop\/"},{"@type":"ListItem","position":3,"name":"PROBIT\u00c9 DE L&#8217;IMAGE"}]},{"@type":"WebSite","@id":"https:\/\/librairie7l.com\/en\/#website","url":"https:\/\/librairie7l.com\/en\/","name":"Librairie 7L","description":"Librairie fond\u00e9e en 1999 par Karl Lagerfeld \u00e0 Paris","publisher":{"@id":"https:\/\/librairie7l.com\/en\/#organization"},"potentialAction":[{"@type":"SearchAction","target":{"@type":"EntryPoint","urlTemplate":"https:\/\/librairie7l.com\/en\/?s={search_term_string}"},"query-input":"required name=search_term_string"}],"inLanguage":"en-US"},{"@type":"Organization","@id":"https:\/\/librairie7l.com\/en\/#organization","name":"Librairie 7L","url":"https:\/\/librairie7l.com\/en\/","logo":{"@type":"ImageObject","inLanguage":"en-US","@id":"https:\/\/librairie7l.com\/en\/#\/schema\/logo\/image\/","url":"https:\/\/librairie7l.com\/wp-content\/uploads\/2022\/08\/logo-1.png","contentUrl":"https:\/\/librairie7l.com\/wp-content\/uploads\/2022\/08\/logo-1.png","width":227,"height":301,"caption":"Librairie 7L"},"image":{"@id":"https:\/\/librairie7l.com\/en\/#\/schema\/logo\/image\/"}}]}},"_links":{"self":[{"href":"https:\/\/librairie7l.com\/en\/wp-json\/wp\/v2\/product\/42203"}],"collection":[{"href":"https:\/\/librairie7l.com\/en\/wp-json\/wp\/v2\/product"}],"about":[{"href":"https:\/\/librairie7l.com\/en\/wp-json\/wp\/v2\/types\/product"}],"wp:featuredmedia":[{"embeddable":true,"href":"https:\/\/librairie7l.com\/en\/wp-json\/wp\/v2\/media\/42201"}],"wp:attachment":[{"href":"https:\/\/librairie7l.com\/en\/wp-json\/wp\/v2\/media?parent=42203"}],"wp:term":[{"taxonomy":"product_cat","embeddable":true,"href":"https:\/\/librairie7l.com\/en\/wp-json\/wp\/v2\/product_cat?post=42203"},{"taxonomy":"product_tag","embeddable":true,"href":"https:\/\/librairie7l.com\/en\/wp-json\/wp\/v2\/product_tag?post=42203"}],"curies":[{"name":"wp","href":"https:\/\/api.w.org\/{rel}","templated":true}]}}