{"id":46707,"date":"2025-03-12T09:17:52","date_gmt":"2025-03-12T08:17:52","guid":{"rendered":"https:\/\/librairie7l.com\/?post_type=product&#038;p=46707"},"modified":"2026-04-30T01:18:13","modified_gmt":"2026-04-29T23:18:13","slug":"lart-est-dans-la-rue-catalogue-dexposition-2","status":"publish","type":"product","link":"https:\/\/librairie7l.com\/en\/produit\/lart-est-dans-la-rue-catalogue-dexposition-2\/","title":{"rendered":"L&#8217;ART EST DANS LA RUE : CATALOGUE D&#8217;EXPOSITION"},"content":{"rendered":"<p>\u00c0 travers des oeuvres exceptionnelles de Toulouse-Lautrec, Ch\u00e9ret, Mucha ou encore Steinlen et des objets issus de cette \u00e9poque, L&#8217;art est dans la rue r\u00e9v\u00e8le les multiples facettes de l&#8217;affiche, de la publicit\u00e9 \u00e0 la propagande politique, acc\u00e9dant bient\u00f4t au rang d&#8217;oeuvre d&#8217;art.<br \/>\nCet ouvrage explore l&#8217;essor spectaculaire de l&#8217;affiche illustr\u00e9e \u00e0 Paris durant la seconde moiti\u00e9 du XIXe si\u00e8cle. Paris devient alors une gigantesque galerie \u00e0 ciel ouvert, captant l&#8217;attention des passants et investissant tous les espaces urbains : murs, kiosques, colonnes Morris, jusqu&#8217;aux corps humains transform\u00e9s en hommes-sandwichs. La rue devient \u00e0 la fois un lieu d&#8217;expression politique, de revendication sociale et de consommation de masse. L&#8217;affiche, v\u00e9ritable art populaire, s&#8217;impose comme le reflet d&#8217;une \u00e9poque effervescente, entre progr\u00e8s techniques et bouleversements sociaux, o\u00f9 la ville elle-m\u00eame devient le support d&#8217;une forme nouvelle de communication visuelle.<\/p>\n","protected":false},"excerpt":{"rendered":"<p>\u00c0 travers des oeuvres exceptionnelles de Toulouse-Lautrec, Ch\u00e9ret, Mucha ou encore Steinlen et des objets issus de cette \u00e9poque, L&#8217;art est dans la rue r\u00e9v\u00e8le les multiples facettes de l&#8217;affiche, de la publicit\u00e9 \u00e0 la propagande politique, acc\u00e9dant bient\u00f4t au rang d&#8217;oeuvre d&#8217;art. Cet ouvrage explore l&#8217;essor spectaculaire de l&#8217;affiche illustr\u00e9e \u00e0 Paris durant la [&hellip;]<\/p>\n","protected":false},"featured_media":46705,"template":"","meta":[],"product_cat":[2948,2953],"product_tag":[],"acf":[],"yoast_head":"<!-- This site is optimized with the Yoast SEO plugin v20.11 - https:\/\/yoast.com\/wordpress\/plugins\/seo\/ -->\n<title>L&#039;art est dans la rue : Catalogue d&#039;exposition - Librairie 7L<\/title>\n<meta name=\"robots\" content=\"index, follow, max-snippet:-1, max-image-preview:large, max-video-preview:-1\" \/>\n<link rel=\"canonical\" href=\"https:\/\/librairie7l.com\/en\/produit\/lart-est-dans-la-rue-catalogue-dexposition-2\/\" \/>\n<meta property=\"og:locale\" content=\"en_US\" \/>\n<meta property=\"og:type\" content=\"article\" \/>\n<meta property=\"og:title\" content=\"L&#039;art est dans la rue : Catalogue d&#039;exposition - Librairie 7L\" \/>\n<meta property=\"og:description\" content=\"\u00c0 travers des oeuvres exceptionnelles de Toulouse-Lautrec, Ch\u00e9ret, Mucha ou encore Steinlen et des objets issus de cette \u00e9poque, L&#8217;art est dans la rue r\u00e9v\u00e8le les multiples facettes de l&#8217;affiche, de la publicit\u00e9 \u00e0 la propagande politique, acc\u00e9dant bient\u00f4t au rang d&#8217;oeuvre d&#8217;art. Cet ouvrage explore l&#8217;essor spectaculaire de l&#8217;affiche illustr\u00e9e \u00e0 Paris durant la [&hellip;]\" \/>\n<meta property=\"og:url\" content=\"https:\/\/librairie7l.com\/en\/produit\/lart-est-dans-la-rue-catalogue-dexposition-2\/\" \/>\n<meta property=\"og:site_name\" content=\"Librairie 7L\" \/>\n<meta property=\"article:modified_time\" content=\"2026-04-29T23:18:13+00:00\" \/>\n<meta property=\"og:image\" content=\"https:\/\/librairie7l.com\/wp-content\/uploads\/2024\/12\/9782717729658_1_75.jpg\" \/>\n\t<meta property=\"og:image:width\" content=\"600\" \/>\n\t<meta property=\"og:image:height\" content=\"682\" \/>\n\t<meta property=\"og:image:type\" content=\"image\/jpeg\" \/>\n<meta name=\"twitter:card\" content=\"summary_large_image\" \/>\n<meta name=\"twitter:label1\" content=\"Est. reading time\" \/>\n\t<meta name=\"twitter:data1\" content=\"1 minute\" \/>\n<script type=\"application\/ld+json\" class=\"yoast-schema-graph\">{\"@context\":\"https:\/\/schema.org\",\"@graph\":[{\"@type\":\"WebPage\",\"@id\":\"https:\/\/librairie7l.com\/en\/produit\/lart-est-dans-la-rue-catalogue-dexposition-2\/\",\"url\":\"https:\/\/librairie7l.com\/en\/produit\/lart-est-dans-la-rue-catalogue-dexposition-2\/\",\"name\":\"L'art est dans la rue : Catalogue d'exposition - Librairie 7L\",\"isPartOf\":{\"@id\":\"https:\/\/librairie7l.com\/en\/#website\"},\"datePublished\":\"2025-03-12T08:17:52+00:00\",\"dateModified\":\"2026-04-29T23:18:13+00:00\",\"breadcrumb\":{\"@id\":\"https:\/\/librairie7l.com\/en\/produit\/lart-est-dans-la-rue-catalogue-dexposition-2\/#breadcrumb\"},\"inLanguage\":\"en-US\",\"potentialAction\":[{\"@type\":\"ReadAction\",\"target\":[\"https:\/\/librairie7l.com\/en\/produit\/lart-est-dans-la-rue-catalogue-dexposition-2\/\"]}]},{\"@type\":\"BreadcrumbList\",\"@id\":\"https:\/\/librairie7l.com\/en\/produit\/lart-est-dans-la-rue-catalogue-dexposition-2\/#breadcrumb\",\"itemListElement\":[{\"@type\":\"ListItem\",\"position\":1,\"name\":\"Accueil\",\"item\":\"https:\/\/librairie7l.com\/en\/\"},{\"@type\":\"ListItem\",\"position\":2,\"name\":\"Shop\",\"item\":\"https:\/\/librairie7l.com\/en\/shop\/\"},{\"@type\":\"ListItem\",\"position\":3,\"name\":\"L&#8217;ART EST DANS LA RUE : CATALOGUE D&#8217;EXPOSITION\"}]},{\"@type\":\"WebSite\",\"@id\":\"https:\/\/librairie7l.com\/en\/#website\",\"url\":\"https:\/\/librairie7l.com\/en\/\",\"name\":\"Librairie 7L\",\"description\":\"Librairie fond\u00e9e en 1999 par Karl Lagerfeld \u00e0 Paris\",\"publisher\":{\"@id\":\"https:\/\/librairie7l.com\/en\/#organization\"},\"potentialAction\":[{\"@type\":\"SearchAction\",\"target\":{\"@type\":\"EntryPoint\",\"urlTemplate\":\"https:\/\/librairie7l.com\/en\/?s={search_term_string}\"},\"query-input\":\"required name=search_term_string\"}],\"inLanguage\":\"en-US\"},{\"@type\":\"Organization\",\"@id\":\"https:\/\/librairie7l.com\/en\/#organization\",\"name\":\"Librairie 7L\",\"url\":\"https:\/\/librairie7l.com\/en\/\",\"logo\":{\"@type\":\"ImageObject\",\"inLanguage\":\"en-US\",\"@id\":\"https:\/\/librairie7l.com\/en\/#\/schema\/logo\/image\/\",\"url\":\"https:\/\/librairie7l.com\/wp-content\/uploads\/2022\/08\/logo-1.png\",\"contentUrl\":\"https:\/\/librairie7l.com\/wp-content\/uploads\/2022\/08\/logo-1.png\",\"width\":227,\"height\":301,\"caption\":\"Librairie 7L\"},\"image\":{\"@id\":\"https:\/\/librairie7l.com\/en\/#\/schema\/logo\/image\/\"}}]}<\/script>\n<!-- \/ Yoast SEO plugin. -->","yoast_head_json":{"title":"L'art est dans la rue : Catalogue d'exposition - Librairie 7L","robots":{"index":"index","follow":"follow","max-snippet":"max-snippet:-1","max-image-preview":"max-image-preview:large","max-video-preview":"max-video-preview:-1"},"canonical":"https:\/\/librairie7l.com\/en\/produit\/lart-est-dans-la-rue-catalogue-dexposition-2\/","og_locale":"en_US","og_type":"article","og_title":"L'art est dans la rue : Catalogue d'exposition - Librairie 7L","og_description":"\u00c0 travers des oeuvres exceptionnelles de Toulouse-Lautrec, Ch\u00e9ret, Mucha ou encore Steinlen et des objets issus de cette \u00e9poque, L&#8217;art est dans la rue r\u00e9v\u00e8le les multiples facettes de l&#8217;affiche, de la publicit\u00e9 \u00e0 la propagande politique, acc\u00e9dant bient\u00f4t au rang d&#8217;oeuvre d&#8217;art. Cet ouvrage explore l&#8217;essor spectaculaire de l&#8217;affiche illustr\u00e9e \u00e0 Paris durant la [&hellip;]","og_url":"https:\/\/librairie7l.com\/en\/produit\/lart-est-dans-la-rue-catalogue-dexposition-2\/","og_site_name":"Librairie 7L","article_modified_time":"2026-04-29T23:18:13+00:00","og_image":[{"width":600,"height":682,"url":"https:\/\/librairie7l.com\/wp-content\/uploads\/2024\/12\/9782717729658_1_75.jpg","type":"image\/jpeg"}],"twitter_card":"summary_large_image","twitter_misc":{"Est. reading time":"1 minute"},"schema":{"@context":"https:\/\/schema.org","@graph":[{"@type":"WebPage","@id":"https:\/\/librairie7l.com\/en\/produit\/lart-est-dans-la-rue-catalogue-dexposition-2\/","url":"https:\/\/librairie7l.com\/en\/produit\/lart-est-dans-la-rue-catalogue-dexposition-2\/","name":"L'art est dans la rue : Catalogue d'exposition - Librairie 7L","isPartOf":{"@id":"https:\/\/librairie7l.com\/en\/#website"},"datePublished":"2025-03-12T08:17:52+00:00","dateModified":"2026-04-29T23:18:13+00:00","breadcrumb":{"@id":"https:\/\/librairie7l.com\/en\/produit\/lart-est-dans-la-rue-catalogue-dexposition-2\/#breadcrumb"},"inLanguage":"en-US","potentialAction":[{"@type":"ReadAction","target":["https:\/\/librairie7l.com\/en\/produit\/lart-est-dans-la-rue-catalogue-dexposition-2\/"]}]},{"@type":"BreadcrumbList","@id":"https:\/\/librairie7l.com\/en\/produit\/lart-est-dans-la-rue-catalogue-dexposition-2\/#breadcrumb","itemListElement":[{"@type":"ListItem","position":1,"name":"Accueil","item":"https:\/\/librairie7l.com\/en\/"},{"@type":"ListItem","position":2,"name":"Shop","item":"https:\/\/librairie7l.com\/en\/shop\/"},{"@type":"ListItem","position":3,"name":"L&#8217;ART EST DANS LA RUE : CATALOGUE D&#8217;EXPOSITION"}]},{"@type":"WebSite","@id":"https:\/\/librairie7l.com\/en\/#website","url":"https:\/\/librairie7l.com\/en\/","name":"Librairie 7L","description":"Librairie fond\u00e9e en 1999 par Karl Lagerfeld \u00e0 Paris","publisher":{"@id":"https:\/\/librairie7l.com\/en\/#organization"},"potentialAction":[{"@type":"SearchAction","target":{"@type":"EntryPoint","urlTemplate":"https:\/\/librairie7l.com\/en\/?s={search_term_string}"},"query-input":"required name=search_term_string"}],"inLanguage":"en-US"},{"@type":"Organization","@id":"https:\/\/librairie7l.com\/en\/#organization","name":"Librairie 7L","url":"https:\/\/librairie7l.com\/en\/","logo":{"@type":"ImageObject","inLanguage":"en-US","@id":"https:\/\/librairie7l.com\/en\/#\/schema\/logo\/image\/","url":"https:\/\/librairie7l.com\/wp-content\/uploads\/2022\/08\/logo-1.png","contentUrl":"https:\/\/librairie7l.com\/wp-content\/uploads\/2022\/08\/logo-1.png","width":227,"height":301,"caption":"Librairie 7L"},"image":{"@id":"https:\/\/librairie7l.com\/en\/#\/schema\/logo\/image\/"}}]}},"_links":{"self":[{"href":"https:\/\/librairie7l.com\/en\/wp-json\/wp\/v2\/product\/46707"}],"collection":[{"href":"https:\/\/librairie7l.com\/en\/wp-json\/wp\/v2\/product"}],"about":[{"href":"https:\/\/librairie7l.com\/en\/wp-json\/wp\/v2\/types\/product"}],"wp:featuredmedia":[{"embeddable":true,"href":"https:\/\/librairie7l.com\/en\/wp-json\/wp\/v2\/media\/46705"}],"wp:attachment":[{"href":"https:\/\/librairie7l.com\/en\/wp-json\/wp\/v2\/media?parent=46707"}],"wp:term":[{"taxonomy":"product_cat","embeddable":true,"href":"https:\/\/librairie7l.com\/en\/wp-json\/wp\/v2\/product_cat?post=46707"},{"taxonomy":"product_tag","embeddable":true,"href":"https:\/\/librairie7l.com\/en\/wp-json\/wp\/v2\/product_tag?post=46707"}],"curies":[{"name":"wp","href":"https:\/\/api.w.org\/{rel}","templated":true}]}}