{"id":46733,"date":"2025-03-13T09:18:24","date_gmt":"2025-03-13T08:18:24","guid":{"rendered":"https:\/\/librairie7l.com\/?post_type=product&#038;p=46733"},"modified":"2026-05-01T21:04:35","modified_gmt":"2026-05-01T19:04:35","slug":"noir-histoire-dune-couleur-3","status":"publish","type":"product","link":"https:\/\/librairie7l.com\/en\/produit\/noir-histoire-dune-couleur-3\/","title":{"rendered":"NOIR ; HISTOIRE D&#8217;UNE COULEUR"},"content":{"rendered":"<p>Couleur des t\u00e9n\u00e8bres, de la mort et de l&#8217;enfer, le noir n&#8217;a pas toujours \u00e9t\u00e9 une couleur n\u00e9gative. Au fil de sa longue histoire, il a aussi \u00e9t\u00e9 associ\u00e9 \u00e0 la fertilit\u00e9, \u00e0 la temp\u00e9rance, \u00e0 la dignit\u00e9, \u00e0 l&#8217;autorit\u00e9. Et depuis quelques d\u00e9cennies, il incarne surtout l&#8217;\u00e9l\u00e9gance et la modernit\u00e9.<br \/>\nDu noir des moines et des pirates au noir des peintres et des couturiers, Michel Pastoureau retrace la destin\u00e9e europ\u00e9enne et la symbolique ambivalente de cette couleur pas comme les autres. Avec clart\u00e9 et pr\u00e9cision, il s&#8217;attache \u00e0 cerner sa place dans les faits de langue, les pratiques sociales (teintures, v\u00eatements, vie quotidienne), la cr\u00e9ation artistique et le monde des symboles. Couleur \u00e0 part enti\u00e8re jusqu&#8217;\u00e0 ce que l&#8217;invention de l&#8217;imprimerie puis les d\u00e9couvertes de Newton lui donnent un statut particulier, au point de devenir une non-couleur, le noir d\u00e9voile ici une histoire culturelle extr\u00eamement riche, depuis les mythologies des origines jusqu&#8217;\u00e0 son triomphe, dans tous les domaines, au XXe si\u00e8cle.<\/p>\n","protected":false},"excerpt":{"rendered":"<p>Couleur des t\u00e9n\u00e8bres, de la mort et de l&#8217;enfer, le noir n&#8217;a pas toujours \u00e9t\u00e9 une couleur n\u00e9gative. Au fil de sa longue histoire, il a aussi \u00e9t\u00e9 associ\u00e9 \u00e0 la fertilit\u00e9, \u00e0 la temp\u00e9rance, \u00e0 la dignit\u00e9, \u00e0 l&#8217;autorit\u00e9. Et depuis quelques d\u00e9cennies, il incarne surtout l&#8217;\u00e9l\u00e9gance et la modernit\u00e9. Du noir des moines [&hellip;]<\/p>\n","protected":false},"featured_media":46731,"template":"","meta":[],"product_cat":[2948,2953],"product_tag":[],"acf":[],"yoast_head":"<!-- This site is optimized with the Yoast SEO plugin v20.11 - https:\/\/yoast.com\/wordpress\/plugins\/seo\/ -->\n<title>Noir ; histoire d&#039;une couleur - Librairie 7L<\/title>\n<meta name=\"robots\" content=\"index, follow, max-snippet:-1, max-image-preview:large, max-video-preview:-1\" \/>\n<link rel=\"canonical\" href=\"https:\/\/librairie7l.com\/en\/produit\/noir-histoire-dune-couleur-3\/\" \/>\n<meta property=\"og:locale\" content=\"en_US\" \/>\n<meta property=\"og:type\" content=\"article\" \/>\n<meta property=\"og:title\" content=\"Noir ; histoire d&#039;une couleur - Librairie 7L\" \/>\n<meta property=\"og:description\" content=\"Couleur des t\u00e9n\u00e8bres, de la mort et de l&#8217;enfer, le noir n&#8217;a pas toujours \u00e9t\u00e9 une couleur n\u00e9gative. Au fil de sa longue histoire, il a aussi \u00e9t\u00e9 associ\u00e9 \u00e0 la fertilit\u00e9, \u00e0 la temp\u00e9rance, \u00e0 la dignit\u00e9, \u00e0 l&#8217;autorit\u00e9. Et depuis quelques d\u00e9cennies, il incarne surtout l&#8217;\u00e9l\u00e9gance et la modernit\u00e9. Du noir des moines [&hellip;]\" \/>\n<meta property=\"og:url\" content=\"https:\/\/librairie7l.com\/en\/produit\/noir-histoire-dune-couleur-3\/\" \/>\n<meta property=\"og:site_name\" content=\"Librairie 7L\" \/>\n<meta property=\"article:modified_time\" content=\"2026-05-01T19:04:35+00:00\" \/>\n<meta property=\"og:image\" content=\"https:\/\/librairie7l.com\/wp-content\/uploads\/2014\/01\/9782757841792_1_75.jpg\" \/>\n\t<meta property=\"og:image:width\" content=\"500\" \/>\n\t<meta property=\"og:image:height\" content=\"824\" \/>\n\t<meta property=\"og:image:type\" content=\"image\/jpeg\" \/>\n<meta name=\"twitter:card\" content=\"summary_large_image\" \/>\n<meta name=\"twitter:label1\" content=\"Est. reading time\" \/>\n\t<meta name=\"twitter:data1\" content=\"1 minute\" \/>\n<script type=\"application\/ld+json\" class=\"yoast-schema-graph\">{\"@context\":\"https:\/\/schema.org\",\"@graph\":[{\"@type\":\"WebPage\",\"@id\":\"https:\/\/librairie7l.com\/en\/produit\/noir-histoire-dune-couleur-3\/\",\"url\":\"https:\/\/librairie7l.com\/en\/produit\/noir-histoire-dune-couleur-3\/\",\"name\":\"Noir ; histoire d'une couleur - Librairie 7L\",\"isPartOf\":{\"@id\":\"https:\/\/librairie7l.com\/en\/#website\"},\"datePublished\":\"2025-03-13T08:18:24+00:00\",\"dateModified\":\"2026-05-01T19:04:35+00:00\",\"breadcrumb\":{\"@id\":\"https:\/\/librairie7l.com\/en\/produit\/noir-histoire-dune-couleur-3\/#breadcrumb\"},\"inLanguage\":\"en-US\",\"potentialAction\":[{\"@type\":\"ReadAction\",\"target\":[\"https:\/\/librairie7l.com\/en\/produit\/noir-histoire-dune-couleur-3\/\"]}]},{\"@type\":\"BreadcrumbList\",\"@id\":\"https:\/\/librairie7l.com\/en\/produit\/noir-histoire-dune-couleur-3\/#breadcrumb\",\"itemListElement\":[{\"@type\":\"ListItem\",\"position\":1,\"name\":\"Accueil\",\"item\":\"https:\/\/librairie7l.com\/en\/\"},{\"@type\":\"ListItem\",\"position\":2,\"name\":\"Shop\",\"item\":\"https:\/\/librairie7l.com\/en\/shop\/\"},{\"@type\":\"ListItem\",\"position\":3,\"name\":\"NOIR ; HISTOIRE D&#8217;UNE COULEUR\"}]},{\"@type\":\"WebSite\",\"@id\":\"https:\/\/librairie7l.com\/en\/#website\",\"url\":\"https:\/\/librairie7l.com\/en\/\",\"name\":\"Librairie 7L\",\"description\":\"Librairie fond\u00e9e en 1999 par Karl Lagerfeld \u00e0 Paris\",\"publisher\":{\"@id\":\"https:\/\/librairie7l.com\/en\/#organization\"},\"potentialAction\":[{\"@type\":\"SearchAction\",\"target\":{\"@type\":\"EntryPoint\",\"urlTemplate\":\"https:\/\/librairie7l.com\/en\/?s={search_term_string}\"},\"query-input\":\"required name=search_term_string\"}],\"inLanguage\":\"en-US\"},{\"@type\":\"Organization\",\"@id\":\"https:\/\/librairie7l.com\/en\/#organization\",\"name\":\"Librairie 7L\",\"url\":\"https:\/\/librairie7l.com\/en\/\",\"logo\":{\"@type\":\"ImageObject\",\"inLanguage\":\"en-US\",\"@id\":\"https:\/\/librairie7l.com\/en\/#\/schema\/logo\/image\/\",\"url\":\"https:\/\/librairie7l.com\/wp-content\/uploads\/2022\/08\/logo-1.png\",\"contentUrl\":\"https:\/\/librairie7l.com\/wp-content\/uploads\/2022\/08\/logo-1.png\",\"width\":227,\"height\":301,\"caption\":\"Librairie 7L\"},\"image\":{\"@id\":\"https:\/\/librairie7l.com\/en\/#\/schema\/logo\/image\/\"}}]}<\/script>\n<!-- \/ Yoast SEO plugin. -->","yoast_head_json":{"title":"Noir ; histoire d'une couleur - Librairie 7L","robots":{"index":"index","follow":"follow","max-snippet":"max-snippet:-1","max-image-preview":"max-image-preview:large","max-video-preview":"max-video-preview:-1"},"canonical":"https:\/\/librairie7l.com\/en\/produit\/noir-histoire-dune-couleur-3\/","og_locale":"en_US","og_type":"article","og_title":"Noir ; histoire d'une couleur - Librairie 7L","og_description":"Couleur des t\u00e9n\u00e8bres, de la mort et de l&#8217;enfer, le noir n&#8217;a pas toujours \u00e9t\u00e9 une couleur n\u00e9gative. Au fil de sa longue histoire, il a aussi \u00e9t\u00e9 associ\u00e9 \u00e0 la fertilit\u00e9, \u00e0 la temp\u00e9rance, \u00e0 la dignit\u00e9, \u00e0 l&#8217;autorit\u00e9. Et depuis quelques d\u00e9cennies, il incarne surtout l&#8217;\u00e9l\u00e9gance et la modernit\u00e9. Du noir des moines [&hellip;]","og_url":"https:\/\/librairie7l.com\/en\/produit\/noir-histoire-dune-couleur-3\/","og_site_name":"Librairie 7L","article_modified_time":"2026-05-01T19:04:35+00:00","og_image":[{"width":500,"height":824,"url":"https:\/\/librairie7l.com\/wp-content\/uploads\/2014\/01\/9782757841792_1_75.jpg","type":"image\/jpeg"}],"twitter_card":"summary_large_image","twitter_misc":{"Est. reading time":"1 minute"},"schema":{"@context":"https:\/\/schema.org","@graph":[{"@type":"WebPage","@id":"https:\/\/librairie7l.com\/en\/produit\/noir-histoire-dune-couleur-3\/","url":"https:\/\/librairie7l.com\/en\/produit\/noir-histoire-dune-couleur-3\/","name":"Noir ; histoire d'une couleur - Librairie 7L","isPartOf":{"@id":"https:\/\/librairie7l.com\/en\/#website"},"datePublished":"2025-03-13T08:18:24+00:00","dateModified":"2026-05-01T19:04:35+00:00","breadcrumb":{"@id":"https:\/\/librairie7l.com\/en\/produit\/noir-histoire-dune-couleur-3\/#breadcrumb"},"inLanguage":"en-US","potentialAction":[{"@type":"ReadAction","target":["https:\/\/librairie7l.com\/en\/produit\/noir-histoire-dune-couleur-3\/"]}]},{"@type":"BreadcrumbList","@id":"https:\/\/librairie7l.com\/en\/produit\/noir-histoire-dune-couleur-3\/#breadcrumb","itemListElement":[{"@type":"ListItem","position":1,"name":"Accueil","item":"https:\/\/librairie7l.com\/en\/"},{"@type":"ListItem","position":2,"name":"Shop","item":"https:\/\/librairie7l.com\/en\/shop\/"},{"@type":"ListItem","position":3,"name":"NOIR ; HISTOIRE D&#8217;UNE COULEUR"}]},{"@type":"WebSite","@id":"https:\/\/librairie7l.com\/en\/#website","url":"https:\/\/librairie7l.com\/en\/","name":"Librairie 7L","description":"Librairie fond\u00e9e en 1999 par Karl Lagerfeld \u00e0 Paris","publisher":{"@id":"https:\/\/librairie7l.com\/en\/#organization"},"potentialAction":[{"@type":"SearchAction","target":{"@type":"EntryPoint","urlTemplate":"https:\/\/librairie7l.com\/en\/?s={search_term_string}"},"query-input":"required name=search_term_string"}],"inLanguage":"en-US"},{"@type":"Organization","@id":"https:\/\/librairie7l.com\/en\/#organization","name":"Librairie 7L","url":"https:\/\/librairie7l.com\/en\/","logo":{"@type":"ImageObject","inLanguage":"en-US","@id":"https:\/\/librairie7l.com\/en\/#\/schema\/logo\/image\/","url":"https:\/\/librairie7l.com\/wp-content\/uploads\/2022\/08\/logo-1.png","contentUrl":"https:\/\/librairie7l.com\/wp-content\/uploads\/2022\/08\/logo-1.png","width":227,"height":301,"caption":"Librairie 7L"},"image":{"@id":"https:\/\/librairie7l.com\/en\/#\/schema\/logo\/image\/"}}]}},"_links":{"self":[{"href":"https:\/\/librairie7l.com\/en\/wp-json\/wp\/v2\/product\/46733"}],"collection":[{"href":"https:\/\/librairie7l.com\/en\/wp-json\/wp\/v2\/product"}],"about":[{"href":"https:\/\/librairie7l.com\/en\/wp-json\/wp\/v2\/types\/product"}],"wp:featuredmedia":[{"embeddable":true,"href":"https:\/\/librairie7l.com\/en\/wp-json\/wp\/v2\/media\/46731"}],"wp:attachment":[{"href":"https:\/\/librairie7l.com\/en\/wp-json\/wp\/v2\/media?parent=46733"}],"wp:term":[{"taxonomy":"product_cat","embeddable":true,"href":"https:\/\/librairie7l.com\/en\/wp-json\/wp\/v2\/product_cat?post=46733"},{"taxonomy":"product_tag","embeddable":true,"href":"https:\/\/librairie7l.com\/en\/wp-json\/wp\/v2\/product_tag?post=46733"}],"curies":[{"name":"wp","href":"https:\/\/api.w.org\/{rel}","templated":true}]}}