{"id":49208,"date":"2025-07-03T10:16:11","date_gmt":"2025-07-03T08:16:11","guid":{"rendered":"https:\/\/librairie7l.com\/?post_type=product&#038;p=49208"},"modified":"2026-04-27T22:07:50","modified_gmt":"2026-04-27T20:07:50","slug":"labyrinthes-2","status":"publish","type":"product","link":"https:\/\/librairie7l.com\/en\/produit\/labyrinthes-2\/","title":{"rendered":"LABYRINTHES"},"content":{"rendered":"<p>Exposition au Mus\u00e9e des Beaux-Arts de Chartres, organis\u00e9e \u00e0 l&#8217;occasion du Mill\u00e9naire de la cath\u00e9drale Notre-Dame de Chartres du 5 avril au 3 ao\u00fbt 2025. Le 7 septembre 1020, un incendie d\u00e9truit la cath\u00e9drale Notre-Dame de Chartres. Fulbert, \u00e9v\u00eaque de 1007 \u00e0 1028, d\u00e9cide alors d&#8217;en reconstruire une nouvelle, bien plus vaste. Cette cath\u00e9drale romane est plus tard elle aussi d\u00e9truite par un incendie, en 1194. N\u00e9anmoins, l&#8217;\u00e9glise basse, achev\u00e9e par Fulbert en 1024, est \u00e9pargn\u00e9e et forme le soubassement de la cath\u00e9drale gothique. L&#8217;ann\u00e9e 2024 marque donc les 1000 ans de cette crypte, unique vestige de la cath\u00e9drale de Fulbert. Ce mill\u00e9naire constitue une opportunit\u00e9 pour concevoir une manifestation patrimoniale, culturelle et touristique d&#8217;envergure au mus\u00e9e des Beaux-Arts de Chartres.<br \/>\nParmi les nombreux \u00e9l\u00e9ments qui font sa renomm\u00e9e, la cath\u00e9drale est connue pour son imposant labyrinthe dessin\u00e9 dans le pavement de sol de la nef centrale. Con\u00e7u vers 1200, il mesure 12,88 m de diam\u00e8tre et reste le plus grand labyrinthe jamais construit dans une \u00e9glise. Il est parcouru d&#8217;un seul chemin, qui se d\u00e9roule de l&#8217;ext\u00e9rieur vers l&#8217;int\u00e9rieur, sur une longueur totale de 261,55 m. En son centre se d\u00e9veloppe un motif floral, au coeur duquel figurait, jusqu&#8217;\u00e0 la R\u00e9volution, une plaque repr\u00e9sentant le combat de Th\u00e9s\u00e9e et du Minotaure. En l&#8217;empruntant, le fid\u00e8le parcourt un chemin spirituel afin de se recentrer sur lui-m\u00eame et de s&#8217;ouvrir progressivement au Christ et \u00e0 la foi. Ce labyrinthe, aujourd&#8217;hui connu dans le monde entier, constitue un t\u00e9moignage exceptionnel, la plupart des autres labyrinthes d&#8217;\u00e9glise ayant disparu au cours des XVIIe-XVIIIe si\u00e8cles.<br \/>\nCe motif universel, intimement li\u00e9 \u00e0 l&#8217;imaginaire de la cath\u00e9drale de Chartres et \u00e0 son histoire, invite \u00e0 proposer une exposition \u00e9v\u00e9nement sur les labyrinthes, coproduite par le Mus\u00e9e des Beaux-Arts et la Direction de l&#8217;Arch\u00e9ologie, du 5 avril au 3 ao\u00fbt 2025. Le propos sera divis\u00e9 en trois s\u00e9quences, d\u00e9velopp\u00e9es dans la chapelle et l&#8217;espace d&#8217;expositions temporaires du Mus\u00e9e des Beaux-Arts, soit une surface d&#8217;environ 250 m\u00b2. Chacune des s\u00e9quences, trait\u00e9e th\u00e9matiquement, permettra d&#8217;explorer un des aspects du labyrinthe, depuis ses origines jusqu&#8217;\u00e0 ses d\u00e9clinaisons contemporaines. Le projet se d\u00e9veloppera par ailleurs dans le cadre d&#8217;une programmation culturelle th\u00e9matique, r\u00e9alis\u00e9e en lien avec les diff\u00e9rents \u00e9tablissements de la Ville (m\u00e9diath\u00e8que, conservatoire, etc.) ainsi que dans le cadre d&#8217;actions d&#8217;\u00c9ducation artistique et culturelle.<\/p>\n","protected":false},"excerpt":{"rendered":"<p>Exposition au Mus\u00e9e des Beaux-Arts de Chartres, organis\u00e9e \u00e0 l&#8217;occasion du Mill\u00e9naire de la cath\u00e9drale Notre-Dame de Chartres du 5 avril au 3 ao\u00fbt 2025. Le 7 septembre 1020, un incendie d\u00e9truit la cath\u00e9drale Notre-Dame de Chartres. Fulbert, \u00e9v\u00eaque de 1007 \u00e0 1028, d\u00e9cide alors d&#8217;en reconstruire une nouvelle, bien plus vaste. Cette cath\u00e9drale romane [&hellip;]<\/p>\n","protected":false},"featured_media":49206,"template":"","meta":[],"product_cat":[2948,2953],"product_tag":[],"acf":[],"yoast_head":"<!-- This site is optimized with the Yoast SEO plugin v20.11 - https:\/\/yoast.com\/wordpress\/plugins\/seo\/ -->\n<title>Labyrinthes - Librairie 7L<\/title>\n<meta name=\"robots\" content=\"index, follow, max-snippet:-1, max-image-preview:large, max-video-preview:-1\" \/>\n<link rel=\"canonical\" href=\"https:\/\/librairie7l.com\/en\/produit\/labyrinthes-2\/\" \/>\n<meta property=\"og:locale\" content=\"en_US\" \/>\n<meta property=\"og:type\" content=\"article\" \/>\n<meta property=\"og:title\" content=\"Labyrinthes - Librairie 7L\" \/>\n<meta property=\"og:description\" content=\"Exposition au Mus\u00e9e des Beaux-Arts de Chartres, organis\u00e9e \u00e0 l&#8217;occasion du Mill\u00e9naire de la cath\u00e9drale Notre-Dame de Chartres du 5 avril au 3 ao\u00fbt 2025. Le 7 septembre 1020, un incendie d\u00e9truit la cath\u00e9drale Notre-Dame de Chartres. Fulbert, \u00e9v\u00eaque de 1007 \u00e0 1028, d\u00e9cide alors d&#8217;en reconstruire une nouvelle, bien plus vaste. Cette cath\u00e9drale romane [&hellip;]\" \/>\n<meta property=\"og:url\" content=\"https:\/\/librairie7l.com\/en\/produit\/labyrinthes-2\/\" \/>\n<meta property=\"og:site_name\" content=\"Librairie 7L\" \/>\n<meta property=\"article:modified_time\" content=\"2026-04-27T20:07:50+00:00\" \/>\n<meta property=\"og:image\" content=\"https:\/\/librairie7l.com\/wp-content\/uploads\/2025\/01\/9782382032169_1_75.jpg\" \/>\n\t<meta property=\"og:image:width\" content=\"600\" \/>\n\t<meta property=\"og:image:height\" content=\"750\" \/>\n\t<meta property=\"og:image:type\" content=\"image\/jpeg\" \/>\n<meta name=\"twitter:card\" content=\"summary_large_image\" \/>\n<meta name=\"twitter:label1\" content=\"Est. reading time\" \/>\n\t<meta name=\"twitter:data1\" content=\"2 minutes\" \/>\n<script type=\"application\/ld+json\" class=\"yoast-schema-graph\">{\"@context\":\"https:\/\/schema.org\",\"@graph\":[{\"@type\":\"WebPage\",\"@id\":\"https:\/\/librairie7l.com\/en\/produit\/labyrinthes-2\/\",\"url\":\"https:\/\/librairie7l.com\/en\/produit\/labyrinthes-2\/\",\"name\":\"Labyrinthes - Librairie 7L\",\"isPartOf\":{\"@id\":\"https:\/\/librairie7l.com\/en\/#website\"},\"datePublished\":\"2025-07-03T08:16:11+00:00\",\"dateModified\":\"2026-04-27T20:07:50+00:00\",\"breadcrumb\":{\"@id\":\"https:\/\/librairie7l.com\/en\/produit\/labyrinthes-2\/#breadcrumb\"},\"inLanguage\":\"en-US\",\"potentialAction\":[{\"@type\":\"ReadAction\",\"target\":[\"https:\/\/librairie7l.com\/en\/produit\/labyrinthes-2\/\"]}]},{\"@type\":\"BreadcrumbList\",\"@id\":\"https:\/\/librairie7l.com\/en\/produit\/labyrinthes-2\/#breadcrumb\",\"itemListElement\":[{\"@type\":\"ListItem\",\"position\":1,\"name\":\"Accueil\",\"item\":\"https:\/\/librairie7l.com\/en\/\"},{\"@type\":\"ListItem\",\"position\":2,\"name\":\"Shop\",\"item\":\"https:\/\/librairie7l.com\/en\/shop\/\"},{\"@type\":\"ListItem\",\"position\":3,\"name\":\"LABYRINTHES\"}]},{\"@type\":\"WebSite\",\"@id\":\"https:\/\/librairie7l.com\/en\/#website\",\"url\":\"https:\/\/librairie7l.com\/en\/\",\"name\":\"Librairie 7L\",\"description\":\"Librairie fond\u00e9e en 1999 par Karl Lagerfeld \u00e0 Paris\",\"publisher\":{\"@id\":\"https:\/\/librairie7l.com\/en\/#organization\"},\"potentialAction\":[{\"@type\":\"SearchAction\",\"target\":{\"@type\":\"EntryPoint\",\"urlTemplate\":\"https:\/\/librairie7l.com\/en\/?s={search_term_string}\"},\"query-input\":\"required name=search_term_string\"}],\"inLanguage\":\"en-US\"},{\"@type\":\"Organization\",\"@id\":\"https:\/\/librairie7l.com\/en\/#organization\",\"name\":\"Librairie 7L\",\"url\":\"https:\/\/librairie7l.com\/en\/\",\"logo\":{\"@type\":\"ImageObject\",\"inLanguage\":\"en-US\",\"@id\":\"https:\/\/librairie7l.com\/en\/#\/schema\/logo\/image\/\",\"url\":\"https:\/\/librairie7l.com\/wp-content\/uploads\/2022\/08\/logo-1.png\",\"contentUrl\":\"https:\/\/librairie7l.com\/wp-content\/uploads\/2022\/08\/logo-1.png\",\"width\":227,\"height\":301,\"caption\":\"Librairie 7L\"},\"image\":{\"@id\":\"https:\/\/librairie7l.com\/en\/#\/schema\/logo\/image\/\"}}]}<\/script>\n<!-- \/ Yoast SEO plugin. -->","yoast_head_json":{"title":"Labyrinthes - Librairie 7L","robots":{"index":"index","follow":"follow","max-snippet":"max-snippet:-1","max-image-preview":"max-image-preview:large","max-video-preview":"max-video-preview:-1"},"canonical":"https:\/\/librairie7l.com\/en\/produit\/labyrinthes-2\/","og_locale":"en_US","og_type":"article","og_title":"Labyrinthes - Librairie 7L","og_description":"Exposition au Mus\u00e9e des Beaux-Arts de Chartres, organis\u00e9e \u00e0 l&#8217;occasion du Mill\u00e9naire de la cath\u00e9drale Notre-Dame de Chartres du 5 avril au 3 ao\u00fbt 2025. Le 7 septembre 1020, un incendie d\u00e9truit la cath\u00e9drale Notre-Dame de Chartres. Fulbert, \u00e9v\u00eaque de 1007 \u00e0 1028, d\u00e9cide alors d&#8217;en reconstruire une nouvelle, bien plus vaste. Cette cath\u00e9drale romane [&hellip;]","og_url":"https:\/\/librairie7l.com\/en\/produit\/labyrinthes-2\/","og_site_name":"Librairie 7L","article_modified_time":"2026-04-27T20:07:50+00:00","og_image":[{"width":600,"height":750,"url":"https:\/\/librairie7l.com\/wp-content\/uploads\/2025\/01\/9782382032169_1_75.jpg","type":"image\/jpeg"}],"twitter_card":"summary_large_image","twitter_misc":{"Est. reading time":"2 minutes"},"schema":{"@context":"https:\/\/schema.org","@graph":[{"@type":"WebPage","@id":"https:\/\/librairie7l.com\/en\/produit\/labyrinthes-2\/","url":"https:\/\/librairie7l.com\/en\/produit\/labyrinthes-2\/","name":"Labyrinthes - Librairie 7L","isPartOf":{"@id":"https:\/\/librairie7l.com\/en\/#website"},"datePublished":"2025-07-03T08:16:11+00:00","dateModified":"2026-04-27T20:07:50+00:00","breadcrumb":{"@id":"https:\/\/librairie7l.com\/en\/produit\/labyrinthes-2\/#breadcrumb"},"inLanguage":"en-US","potentialAction":[{"@type":"ReadAction","target":["https:\/\/librairie7l.com\/en\/produit\/labyrinthes-2\/"]}]},{"@type":"BreadcrumbList","@id":"https:\/\/librairie7l.com\/en\/produit\/labyrinthes-2\/#breadcrumb","itemListElement":[{"@type":"ListItem","position":1,"name":"Accueil","item":"https:\/\/librairie7l.com\/en\/"},{"@type":"ListItem","position":2,"name":"Shop","item":"https:\/\/librairie7l.com\/en\/shop\/"},{"@type":"ListItem","position":3,"name":"LABYRINTHES"}]},{"@type":"WebSite","@id":"https:\/\/librairie7l.com\/en\/#website","url":"https:\/\/librairie7l.com\/en\/","name":"Librairie 7L","description":"Librairie fond\u00e9e en 1999 par Karl Lagerfeld \u00e0 Paris","publisher":{"@id":"https:\/\/librairie7l.com\/en\/#organization"},"potentialAction":[{"@type":"SearchAction","target":{"@type":"EntryPoint","urlTemplate":"https:\/\/librairie7l.com\/en\/?s={search_term_string}"},"query-input":"required name=search_term_string"}],"inLanguage":"en-US"},{"@type":"Organization","@id":"https:\/\/librairie7l.com\/en\/#organization","name":"Librairie 7L","url":"https:\/\/librairie7l.com\/en\/","logo":{"@type":"ImageObject","inLanguage":"en-US","@id":"https:\/\/librairie7l.com\/en\/#\/schema\/logo\/image\/","url":"https:\/\/librairie7l.com\/wp-content\/uploads\/2022\/08\/logo-1.png","contentUrl":"https:\/\/librairie7l.com\/wp-content\/uploads\/2022\/08\/logo-1.png","width":227,"height":301,"caption":"Librairie 7L"},"image":{"@id":"https:\/\/librairie7l.com\/en\/#\/schema\/logo\/image\/"}}]}},"_links":{"self":[{"href":"https:\/\/librairie7l.com\/en\/wp-json\/wp\/v2\/product\/49208"}],"collection":[{"href":"https:\/\/librairie7l.com\/en\/wp-json\/wp\/v2\/product"}],"about":[{"href":"https:\/\/librairie7l.com\/en\/wp-json\/wp\/v2\/types\/product"}],"wp:featuredmedia":[{"embeddable":true,"href":"https:\/\/librairie7l.com\/en\/wp-json\/wp\/v2\/media\/49206"}],"wp:attachment":[{"href":"https:\/\/librairie7l.com\/en\/wp-json\/wp\/v2\/media?parent=49208"}],"wp:term":[{"taxonomy":"product_cat","embeddable":true,"href":"https:\/\/librairie7l.com\/en\/wp-json\/wp\/v2\/product_cat?post=49208"},{"taxonomy":"product_tag","embeddable":true,"href":"https:\/\/librairie7l.com\/en\/wp-json\/wp\/v2\/product_tag?post=49208"}],"curies":[{"name":"wp","href":"https:\/\/api.w.org\/{rel}","templated":true}]}}