{"id":49231,"date":"2025-07-03T14:23:49","date_gmt":"2025-07-03T12:23:49","guid":{"rendered":"https:\/\/librairie7l.com\/produit\/les-fables-de-la-fontaine-illustrees-par-chagall\/"},"modified":"2026-04-29T07:48:24","modified_gmt":"2026-04-29T05:48:24","slug":"les-fables-de-la-fontaine-illustrees-par-chagall","status":"publish","type":"product","link":"https:\/\/librairie7l.com\/en\/produit\/les-fables-de-la-fontaine-illustrees-par-chagall\/","title":{"rendered":"LES FABLES DE LA FONTAINE ILLUSTR\u00c9ES PAR CHAGALL"},"content":{"rendered":"<p>\u00ab Une de mes plus tenaces ambitions d&#8217;\u00e9diteur avait \u00e9t\u00e9 de publier les Fables de La Fontaine dignement illustr\u00e9es. C&#8217;est au peintre russe Marc Chagall que je demandai l&#8217;illustration du livre. On ne comprit pas ce choix d&#8217;un peintre russe pour interpr\u00e9ter le plus fran\u00e7ais de nos po\u00e8tes. Or c&#8217;est pr\u00e9cis\u00e9ment en raison des sources orientales du fabuliste, que j&#8217;avais song\u00e9 \u00e0 un artiste \u00e0 qui ses origines et sa culture rendaient familier ce prestigieux Orient. Mes esp\u00e9rances ne furent pas d\u00e9\u00e7ues : Chagall fit une centaine de gouaches \u00e9blouissantes \u00bb.<br \/>\nAmbroise Vollard, Souvenirs d&#8217;un marchand de tableaux, Paris, 1937 Ainsi se souvient Ambroise Vollard, le c\u00e9l\u00e8bre marchand d&#8217;art qui, en 1926, confie \u00e0 Marc Chagall ce projet.<\/p>\n<p>L&#8217;artiste r\u00e9alise une centaine de gouaches en couleurs pour pr\u00e9parer le travail de gravure en noir et blanc, s&#8217;inspirant de sa culture russe et de la richesse des paysages fran\u00e7ais. Bien plus qu&#8217;un projet \u00e9ditorial, cette commande est pour Marc Chagall un passeport vers la France, qui l&#8217;inscrit dans les pas des artistes et des \u00e9crivains fran\u00e7ais.<\/p>\n<p>Cet ouvrage c\u00e9l\u00e8bre ce dialogue entre deux artistes exceptionnels, La Fontaine, styliste \u00e9blouissant et moraliste de la nature humaine, et Marc Chagall, qui livre sa vision onirique et personnelle des Fables, nourrie par les paysages enneig\u00e9s de Vitebsk et par un animisme h\u00e9rit\u00e9 des traditions hassidiques d&#8217;Europe de l&#8217;Est, ponctu\u00e9e des couleurs et des atmosph\u00e8res de la Bretagne, de l&#8217;Auvergne et du Midi de la France.<\/p>\n<p>\u00c0 travers une soixantaine de gouaches, accompagn\u00e9es pour la premi\u00e8re fois de leurs gravures, cet ouvrage grand format dot\u00e9 d&#8217;un jaspage rend hommage \u00e0 cette rencontre originale. Il est compl\u00e9t\u00e9 d&#8217;une introduction qui relate la gen\u00e8se et le sens de ce dialogue artistique.<\/p>\n<p>Ouvrage r\u00e9alis\u00e9 avec l&#8217;aimable collaboration de l&#8217;association des amis de Marc Chagall : marcchagall.com<\/p>\n","protected":false},"excerpt":{"rendered":"<p>\u00ab Une de mes plus tenaces ambitions d&#8217;\u00e9diteur avait \u00e9t\u00e9 de publier les Fables de La Fontaine dignement illustr\u00e9es. C&#8217;est au peintre russe Marc Chagall que je demandai l&#8217;illustration du livre. On ne comprit pas ce choix d&#8217;un peintre russe pour interpr\u00e9ter le plus fran\u00e7ais de nos po\u00e8tes. Or c&#8217;est pr\u00e9cis\u00e9ment en raison des sources [&hellip;]<\/p>\n","protected":false},"featured_media":51351,"template":"","meta":[],"product_cat":[55,7363],"product_tag":[],"acf":[],"yoast_head":"<!-- This site is optimized with the Yoast SEO plugin v20.11 - https:\/\/yoast.com\/wordpress\/plugins\/seo\/ -->\n<title>Les fables de La Fontaine illustr\u00e9es par Chagall - Librairie 7L<\/title>\n<meta name=\"robots\" content=\"index, follow, max-snippet:-1, max-image-preview:large, max-video-preview:-1\" \/>\n<link rel=\"canonical\" href=\"https:\/\/librairie7l.com\/en\/produit\/les-fables-de-la-fontaine-illustrees-par-chagall\/\" \/>\n<meta property=\"og:locale\" content=\"en_US\" \/>\n<meta property=\"og:type\" content=\"article\" \/>\n<meta property=\"og:title\" content=\"Les fables de La Fontaine illustr\u00e9es par Chagall - Librairie 7L\" \/>\n<meta property=\"og:description\" content=\"\u00ab Une de mes plus tenaces ambitions d&#8217;\u00e9diteur avait \u00e9t\u00e9 de publier les Fables de La Fontaine dignement illustr\u00e9es. C&#8217;est au peintre russe Marc Chagall que je demandai l&#8217;illustration du livre. On ne comprit pas ce choix d&#8217;un peintre russe pour interpr\u00e9ter le plus fran\u00e7ais de nos po\u00e8tes. Or c&#8217;est pr\u00e9cis\u00e9ment en raison des sources [&hellip;]\" \/>\n<meta property=\"og:url\" content=\"https:\/\/librairie7l.com\/en\/produit\/les-fables-de-la-fontaine-illustrees-par-chagall\/\" \/>\n<meta property=\"og:site_name\" content=\"Librairie 7L\" \/>\n<meta property=\"article:modified_time\" content=\"2026-04-29T05:48:24+00:00\" \/>\n<meta name=\"twitter:card\" content=\"summary_large_image\" \/>\n<meta name=\"twitter:label1\" content=\"Est. reading time\" \/>\n\t<meta name=\"twitter:data1\" content=\"2 minutes\" \/>\n<script type=\"application\/ld+json\" class=\"yoast-schema-graph\">{\"@context\":\"https:\/\/schema.org\",\"@graph\":[{\"@type\":\"WebPage\",\"@id\":\"https:\/\/librairie7l.com\/en\/produit\/les-fables-de-la-fontaine-illustrees-par-chagall\/\",\"url\":\"https:\/\/librairie7l.com\/en\/produit\/les-fables-de-la-fontaine-illustrees-par-chagall\/\",\"name\":\"Les fables de La Fontaine illustr\u00e9es par Chagall - Librairie 7L\",\"isPartOf\":{\"@id\":\"https:\/\/librairie7l.com\/en\/#website\"},\"datePublished\":\"2025-07-03T12:23:49+00:00\",\"dateModified\":\"2026-04-29T05:48:24+00:00\",\"breadcrumb\":{\"@id\":\"https:\/\/librairie7l.com\/en\/produit\/les-fables-de-la-fontaine-illustrees-par-chagall\/#breadcrumb\"},\"inLanguage\":\"en-US\",\"potentialAction\":[{\"@type\":\"ReadAction\",\"target\":[\"https:\/\/librairie7l.com\/en\/produit\/les-fables-de-la-fontaine-illustrees-par-chagall\/\"]}]},{\"@type\":\"BreadcrumbList\",\"@id\":\"https:\/\/librairie7l.com\/en\/produit\/les-fables-de-la-fontaine-illustrees-par-chagall\/#breadcrumb\",\"itemListElement\":[{\"@type\":\"ListItem\",\"position\":1,\"name\":\"Accueil\",\"item\":\"https:\/\/librairie7l.com\/en\/\"},{\"@type\":\"ListItem\",\"position\":2,\"name\":\"Shop\",\"item\":\"https:\/\/librairie7l.com\/en\/shop\/\"},{\"@type\":\"ListItem\",\"position\":3,\"name\":\"LES FABLES DE LA FONTAINE ILLUSTR\u00c9ES PAR CHAGALL\"}]},{\"@type\":\"WebSite\",\"@id\":\"https:\/\/librairie7l.com\/en\/#website\",\"url\":\"https:\/\/librairie7l.com\/en\/\",\"name\":\"Librairie 7L\",\"description\":\"Librairie fond\u00e9e en 1999 par Karl Lagerfeld \u00e0 Paris\",\"publisher\":{\"@id\":\"https:\/\/librairie7l.com\/en\/#organization\"},\"potentialAction\":[{\"@type\":\"SearchAction\",\"target\":{\"@type\":\"EntryPoint\",\"urlTemplate\":\"https:\/\/librairie7l.com\/en\/?s={search_term_string}\"},\"query-input\":\"required name=search_term_string\"}],\"inLanguage\":\"en-US\"},{\"@type\":\"Organization\",\"@id\":\"https:\/\/librairie7l.com\/en\/#organization\",\"name\":\"Librairie 7L\",\"url\":\"https:\/\/librairie7l.com\/en\/\",\"logo\":{\"@type\":\"ImageObject\",\"inLanguage\":\"en-US\",\"@id\":\"https:\/\/librairie7l.com\/en\/#\/schema\/logo\/image\/\",\"url\":\"https:\/\/librairie7l.com\/wp-content\/uploads\/2022\/08\/logo-1.png\",\"contentUrl\":\"https:\/\/librairie7l.com\/wp-content\/uploads\/2022\/08\/logo-1.png\",\"width\":227,\"height\":301,\"caption\":\"Librairie 7L\"},\"image\":{\"@id\":\"https:\/\/librairie7l.com\/en\/#\/schema\/logo\/image\/\"}}]}<\/script>\n<!-- \/ Yoast SEO plugin. -->","yoast_head_json":{"title":"Les fables de La Fontaine illustr\u00e9es par Chagall - Librairie 7L","robots":{"index":"index","follow":"follow","max-snippet":"max-snippet:-1","max-image-preview":"max-image-preview:large","max-video-preview":"max-video-preview:-1"},"canonical":"https:\/\/librairie7l.com\/en\/produit\/les-fables-de-la-fontaine-illustrees-par-chagall\/","og_locale":"en_US","og_type":"article","og_title":"Les fables de La Fontaine illustr\u00e9es par Chagall - Librairie 7L","og_description":"\u00ab Une de mes plus tenaces ambitions d&#8217;\u00e9diteur avait \u00e9t\u00e9 de publier les Fables de La Fontaine dignement illustr\u00e9es. C&#8217;est au peintre russe Marc Chagall que je demandai l&#8217;illustration du livre. On ne comprit pas ce choix d&#8217;un peintre russe pour interpr\u00e9ter le plus fran\u00e7ais de nos po\u00e8tes. Or c&#8217;est pr\u00e9cis\u00e9ment en raison des sources [&hellip;]","og_url":"https:\/\/librairie7l.com\/en\/produit\/les-fables-de-la-fontaine-illustrees-par-chagall\/","og_site_name":"Librairie 7L","article_modified_time":"2026-04-29T05:48:24+00:00","twitter_card":"summary_large_image","twitter_misc":{"Est. reading time":"2 minutes"},"schema":{"@context":"https:\/\/schema.org","@graph":[{"@type":"WebPage","@id":"https:\/\/librairie7l.com\/en\/produit\/les-fables-de-la-fontaine-illustrees-par-chagall\/","url":"https:\/\/librairie7l.com\/en\/produit\/les-fables-de-la-fontaine-illustrees-par-chagall\/","name":"Les fables de La Fontaine illustr\u00e9es par Chagall - Librairie 7L","isPartOf":{"@id":"https:\/\/librairie7l.com\/en\/#website"},"datePublished":"2025-07-03T12:23:49+00:00","dateModified":"2026-04-29T05:48:24+00:00","breadcrumb":{"@id":"https:\/\/librairie7l.com\/en\/produit\/les-fables-de-la-fontaine-illustrees-par-chagall\/#breadcrumb"},"inLanguage":"en-US","potentialAction":[{"@type":"ReadAction","target":["https:\/\/librairie7l.com\/en\/produit\/les-fables-de-la-fontaine-illustrees-par-chagall\/"]}]},{"@type":"BreadcrumbList","@id":"https:\/\/librairie7l.com\/en\/produit\/les-fables-de-la-fontaine-illustrees-par-chagall\/#breadcrumb","itemListElement":[{"@type":"ListItem","position":1,"name":"Accueil","item":"https:\/\/librairie7l.com\/en\/"},{"@type":"ListItem","position":2,"name":"Shop","item":"https:\/\/librairie7l.com\/en\/shop\/"},{"@type":"ListItem","position":3,"name":"LES FABLES DE LA FONTAINE ILLUSTR\u00c9ES PAR CHAGALL"}]},{"@type":"WebSite","@id":"https:\/\/librairie7l.com\/en\/#website","url":"https:\/\/librairie7l.com\/en\/","name":"Librairie 7L","description":"Librairie fond\u00e9e en 1999 par Karl Lagerfeld \u00e0 Paris","publisher":{"@id":"https:\/\/librairie7l.com\/en\/#organization"},"potentialAction":[{"@type":"SearchAction","target":{"@type":"EntryPoint","urlTemplate":"https:\/\/librairie7l.com\/en\/?s={search_term_string}"},"query-input":"required name=search_term_string"}],"inLanguage":"en-US"},{"@type":"Organization","@id":"https:\/\/librairie7l.com\/en\/#organization","name":"Librairie 7L","url":"https:\/\/librairie7l.com\/en\/","logo":{"@type":"ImageObject","inLanguage":"en-US","@id":"https:\/\/librairie7l.com\/en\/#\/schema\/logo\/image\/","url":"https:\/\/librairie7l.com\/wp-content\/uploads\/2022\/08\/logo-1.png","contentUrl":"https:\/\/librairie7l.com\/wp-content\/uploads\/2022\/08\/logo-1.png","width":227,"height":301,"caption":"Librairie 7L"},"image":{"@id":"https:\/\/librairie7l.com\/en\/#\/schema\/logo\/image\/"}}]}},"_links":{"self":[{"href":"https:\/\/librairie7l.com\/en\/wp-json\/wp\/v2\/product\/49231"}],"collection":[{"href":"https:\/\/librairie7l.com\/en\/wp-json\/wp\/v2\/product"}],"about":[{"href":"https:\/\/librairie7l.com\/en\/wp-json\/wp\/v2\/types\/product"}],"wp:featuredmedia":[{"embeddable":true,"href":"https:\/\/librairie7l.com\/en\/wp-json\/wp\/v2\/media\/51351"}],"wp:attachment":[{"href":"https:\/\/librairie7l.com\/en\/wp-json\/wp\/v2\/media?parent=49231"}],"wp:term":[{"taxonomy":"product_cat","embeddable":true,"href":"https:\/\/librairie7l.com\/en\/wp-json\/wp\/v2\/product_cat?post=49231"},{"taxonomy":"product_tag","embeddable":true,"href":"https:\/\/librairie7l.com\/en\/wp-json\/wp\/v2\/product_tag?post=49231"}],"curies":[{"name":"wp","href":"https:\/\/api.w.org\/{rel}","templated":true}]}}