{"id":55826,"date":"2026-03-19T10:16:21","date_gmt":"2026-03-19T09:16:21","guid":{"rendered":"https:\/\/librairie7l.com\/?post_type=product&#038;p=55826"},"modified":"2026-05-01T04:36:30","modified_gmt":"2026-05-01T02:36:30","slug":"clair-obscur-2","status":"publish","type":"product","link":"https:\/\/librairie7l.com\/en\/produit\/clair-obscur-2\/","title":{"rendered":"CLAIR-OBSCUR"},"content":{"rendered":"<p>Langues : fran\u00e7ais \/ anglais<br \/>\nAu printemps prochain, la Bourse de Commerce se m\u00e9tamorphose en un paysage luministe et cr\u00e9pusculaire o\u00f9 les oeuvres se d\u00e9voilent dans un jeu d&#8217;ombres et de lumi\u00e8res \u00e0 travers tous les espaces du mus\u00e9e.<br \/>\n\u00ab Le contemporain est celui qui fixe le regard sur son temps pour en percevoir non les lumi\u00e8res, mais l&#8217;obscurit\u00e9. Tous les temps sont obscurs pour ceux qui en \u00e9prouvent la contemporan\u00e9it\u00e9. Le contemporain est donc celui qui sait voir cette obscurit\u00e9, qui est en mesure d&#8217;\u00e9crire en trempant la plume dans les t\u00e9n\u00e8bres du pr\u00e9sent1 . \u00bb L&#8217;exposition collective \u00ab Clair-Obscur \u00bb explore cette r\u00e9flexion du philosophe italien Giorgio Agamben \u00e0 partir d&#8217;oeuvres d&#8217;artistes de la Collection Pinault qui, de l&#8217;art moderne \u00e0 aujourd&#8217;hui, se sont d\u00e9tourn\u00e9s des scintillements factices du monde pour en sonder les zones d&#8217;ombre. \u00catre contemporain, ce serait donc recevoir \u00ab en plein visage le faisceau de t\u00e9n\u00e8bres qui provient de son temps. \u00bb<br \/>\nLa Bourse de Commerce &#8211; Pinault Collection se m\u00e9tamorphose en un paysage luministe et cr\u00e9pusculaire, o\u00f9 les oeuvres souvent immersives se d\u00e9voilent dans un jeu d&#8217;ombre et de lumi\u00e8re. Dans la sc\u00e8ne circulaire de la Rotonde, transform\u00e9e en amphith\u00e9\u00e2tre hors du temps, s&#8217;ancre Camata, chef-d&#8217;oeuvre de Pierre Huyghe, d\u00e9ployant un rituel m\u00e9taphysique film\u00e9 par l&#8217;artiste dans l&#8217;immensit\u00e9 du d\u00e9sert d&#8217;Atacama (Chili).<br \/>\nL&#8217;exposition emprunte son titre aux fameux chiaroscuro, qui s&#8217;invite dans la peinture depuis le XVIe si\u00e8cle, le mani\u00e9risme et l&#8217;\u00e2ge baroque, \u00e0 l&#8217;image de l&#8217;oeuvre de Caravage qui en intensifie l&#8217;usage. Son influence se fait sentir dans la po\u00e9tique de Bill Viola qui s&#8217;inspire des ma\u00eetres anciens pour faire advenir dans une temporalit\u00e9 ralentie des corps qui \u00e9mergent de l&#8217;ombre.<br \/>\nLa peinture, l&#8217;art tout entier n&#8217;auront alors de cesse de conjuguer l&#8217;ombre et la lumi\u00e8re, avec certains artistes tels que Goya, dont l&#8217;h\u00e9ritage nimbe toujours de sa profondeur et de son myst\u00e8re la cr\u00e9ation la plus contemporaine. Le clair-obscur n&#8217;est donc pas seulement une technique picturale du pass\u00e9, mais un langage visuel qui traverse les si\u00e8cles et se renouvelle sans cesse, r\u00e9v\u00e9lant toute la part d&#8217;obscur de l&#8217;homme et du monde. Il donne ainsi sa tonalit\u00e9 \u00e0 tout un pan de la cr\u00e9ation devenant un langage visuel et symbolique renouvel\u00e9, un ressort narratif, un principe philosophique. Il exprime \u00e0 la fois la mat\u00e9rialit\u00e9 de la lumi\u00e8re et les zones d&#8217;ombre de l&#8217;inconscient, transformant notre rapport au visible et \u00e0 l&#8217;invisible.<br \/>\nLISTE D&#8217;ARTISTES<br \/>\nFrank Bowling (1934)<br \/>\nJames Lee Byars (1932-1997)<br \/>\nBruce Conner (1933-2008)<br \/>\nTrisha Donnelly (1974)<br \/>\nJean Dubuffet (1901-1985)<br \/>\nAlberto Giacometti (1901-1966)<br \/>\nRobert Gober (1954)<br \/>\nPierre Huyghe (1962)<br \/>\nSaodat Ismailova (1981)<br \/>\nLaura Lamiel (1943)<br \/>\nMaria Martins (1894-1973)<br \/>\nBruce Nauman (1941)<br \/>\nPhilippe Parreno (1964)<br \/>\nSigmar Polke (1941-2010)<br \/>\nCarol Rama (1918-2015)<br \/>\nLouis Soutter (1871-1942)<br \/>\nAlina Szapocznikow (1926-1973)<br \/>\nYves Tanguy (1900-1955)<br \/>\nWolfgang Tillmans (1968)<br \/>\nBill Viola (1951-2024)<br \/>\nDanh Vo (1975)<br \/>\nMary Wigman (1886-1973)<\/p>\n","protected":false},"excerpt":{"rendered":"<p>Langues : fran\u00e7ais \/ anglais Au printemps prochain, la Bourse de Commerce se m\u00e9tamorphose en un paysage luministe et cr\u00e9pusculaire o\u00f9 les oeuvres se d\u00e9voilent dans un jeu d&#8217;ombres et de lumi\u00e8res \u00e0 travers tous les espaces du mus\u00e9e. \u00ab Le contemporain est celui qui fixe le regard sur son temps pour en percevoir non [&hellip;]<\/p>\n","protected":false},"featured_media":0,"template":"","meta":[],"product_cat":[2948],"product_tag":[],"acf":[],"yoast_head":"<!-- This site is optimized with the Yoast SEO plugin v20.11 - https:\/\/yoast.com\/wordpress\/plugins\/seo\/ -->\n<title>Clair-obscur - Librairie 7L<\/title>\n<meta name=\"robots\" content=\"index, follow, max-snippet:-1, max-image-preview:large, max-video-preview:-1\" \/>\n<link rel=\"canonical\" href=\"https:\/\/librairie7l.com\/en\/produit\/clair-obscur-2\/\" \/>\n<meta property=\"og:locale\" content=\"en_US\" \/>\n<meta property=\"og:type\" content=\"article\" \/>\n<meta property=\"og:title\" content=\"Clair-obscur - Librairie 7L\" \/>\n<meta property=\"og:description\" content=\"Langues : fran\u00e7ais \/ anglais Au printemps prochain, la Bourse de Commerce se m\u00e9tamorphose en un paysage luministe et cr\u00e9pusculaire o\u00f9 les oeuvres se d\u00e9voilent dans un jeu d&#8217;ombres et de lumi\u00e8res \u00e0 travers tous les espaces du mus\u00e9e. \u00ab Le contemporain est celui qui fixe le regard sur son temps pour en percevoir non [&hellip;]\" \/>\n<meta property=\"og:url\" content=\"https:\/\/librairie7l.com\/en\/produit\/clair-obscur-2\/\" \/>\n<meta property=\"og:site_name\" content=\"Librairie 7L\" \/>\n<meta property=\"article:modified_time\" content=\"2026-05-01T02:36:30+00:00\" \/>\n<meta name=\"twitter:card\" content=\"summary_large_image\" \/>\n<meta name=\"twitter:label1\" content=\"Est. reading time\" \/>\n\t<meta name=\"twitter:data1\" content=\"2 minutes\" \/>\n<script type=\"application\/ld+json\" class=\"yoast-schema-graph\">{\"@context\":\"https:\/\/schema.org\",\"@graph\":[{\"@type\":\"WebPage\",\"@id\":\"https:\/\/librairie7l.com\/en\/produit\/clair-obscur-2\/\",\"url\":\"https:\/\/librairie7l.com\/en\/produit\/clair-obscur-2\/\",\"name\":\"Clair-obscur - Librairie 7L\",\"isPartOf\":{\"@id\":\"https:\/\/librairie7l.com\/en\/#website\"},\"datePublished\":\"2026-03-19T09:16:21+00:00\",\"dateModified\":\"2026-05-01T02:36:30+00:00\",\"breadcrumb\":{\"@id\":\"https:\/\/librairie7l.com\/en\/produit\/clair-obscur-2\/#breadcrumb\"},\"inLanguage\":\"en-US\",\"potentialAction\":[{\"@type\":\"ReadAction\",\"target\":[\"https:\/\/librairie7l.com\/en\/produit\/clair-obscur-2\/\"]}]},{\"@type\":\"BreadcrumbList\",\"@id\":\"https:\/\/librairie7l.com\/en\/produit\/clair-obscur-2\/#breadcrumb\",\"itemListElement\":[{\"@type\":\"ListItem\",\"position\":1,\"name\":\"Accueil\",\"item\":\"https:\/\/librairie7l.com\/en\/\"},{\"@type\":\"ListItem\",\"position\":2,\"name\":\"Shop\",\"item\":\"https:\/\/librairie7l.com\/en\/shop\/\"},{\"@type\":\"ListItem\",\"position\":3,\"name\":\"CLAIR-OBSCUR\"}]},{\"@type\":\"WebSite\",\"@id\":\"https:\/\/librairie7l.com\/en\/#website\",\"url\":\"https:\/\/librairie7l.com\/en\/\",\"name\":\"Librairie 7L\",\"description\":\"Librairie fond\u00e9e en 1999 par Karl Lagerfeld \u00e0 Paris\",\"publisher\":{\"@id\":\"https:\/\/librairie7l.com\/en\/#organization\"},\"potentialAction\":[{\"@type\":\"SearchAction\",\"target\":{\"@type\":\"EntryPoint\",\"urlTemplate\":\"https:\/\/librairie7l.com\/en\/?s={search_term_string}\"},\"query-input\":\"required name=search_term_string\"}],\"inLanguage\":\"en-US\"},{\"@type\":\"Organization\",\"@id\":\"https:\/\/librairie7l.com\/en\/#organization\",\"name\":\"Librairie 7L\",\"url\":\"https:\/\/librairie7l.com\/en\/\",\"logo\":{\"@type\":\"ImageObject\",\"inLanguage\":\"en-US\",\"@id\":\"https:\/\/librairie7l.com\/en\/#\/schema\/logo\/image\/\",\"url\":\"https:\/\/librairie7l.com\/wp-content\/uploads\/2022\/08\/logo-1.png\",\"contentUrl\":\"https:\/\/librairie7l.com\/wp-content\/uploads\/2022\/08\/logo-1.png\",\"width\":227,\"height\":301,\"caption\":\"Librairie 7L\"},\"image\":{\"@id\":\"https:\/\/librairie7l.com\/en\/#\/schema\/logo\/image\/\"}}]}<\/script>\n<!-- \/ Yoast SEO plugin. -->","yoast_head_json":{"title":"Clair-obscur - Librairie 7L","robots":{"index":"index","follow":"follow","max-snippet":"max-snippet:-1","max-image-preview":"max-image-preview:large","max-video-preview":"max-video-preview:-1"},"canonical":"https:\/\/librairie7l.com\/en\/produit\/clair-obscur-2\/","og_locale":"en_US","og_type":"article","og_title":"Clair-obscur - Librairie 7L","og_description":"Langues : fran\u00e7ais \/ anglais Au printemps prochain, la Bourse de Commerce se m\u00e9tamorphose en un paysage luministe et cr\u00e9pusculaire o\u00f9 les oeuvres se d\u00e9voilent dans un jeu d&#8217;ombres et de lumi\u00e8res \u00e0 travers tous les espaces du mus\u00e9e. \u00ab Le contemporain est celui qui fixe le regard sur son temps pour en percevoir non [&hellip;]","og_url":"https:\/\/librairie7l.com\/en\/produit\/clair-obscur-2\/","og_site_name":"Librairie 7L","article_modified_time":"2026-05-01T02:36:30+00:00","twitter_card":"summary_large_image","twitter_misc":{"Est. reading time":"2 minutes"},"schema":{"@context":"https:\/\/schema.org","@graph":[{"@type":"WebPage","@id":"https:\/\/librairie7l.com\/en\/produit\/clair-obscur-2\/","url":"https:\/\/librairie7l.com\/en\/produit\/clair-obscur-2\/","name":"Clair-obscur - Librairie 7L","isPartOf":{"@id":"https:\/\/librairie7l.com\/en\/#website"},"datePublished":"2026-03-19T09:16:21+00:00","dateModified":"2026-05-01T02:36:30+00:00","breadcrumb":{"@id":"https:\/\/librairie7l.com\/en\/produit\/clair-obscur-2\/#breadcrumb"},"inLanguage":"en-US","potentialAction":[{"@type":"ReadAction","target":["https:\/\/librairie7l.com\/en\/produit\/clair-obscur-2\/"]}]},{"@type":"BreadcrumbList","@id":"https:\/\/librairie7l.com\/en\/produit\/clair-obscur-2\/#breadcrumb","itemListElement":[{"@type":"ListItem","position":1,"name":"Accueil","item":"https:\/\/librairie7l.com\/en\/"},{"@type":"ListItem","position":2,"name":"Shop","item":"https:\/\/librairie7l.com\/en\/shop\/"},{"@type":"ListItem","position":3,"name":"CLAIR-OBSCUR"}]},{"@type":"WebSite","@id":"https:\/\/librairie7l.com\/en\/#website","url":"https:\/\/librairie7l.com\/en\/","name":"Librairie 7L","description":"Librairie fond\u00e9e en 1999 par Karl Lagerfeld \u00e0 Paris","publisher":{"@id":"https:\/\/librairie7l.com\/en\/#organization"},"potentialAction":[{"@type":"SearchAction","target":{"@type":"EntryPoint","urlTemplate":"https:\/\/librairie7l.com\/en\/?s={search_term_string}"},"query-input":"required name=search_term_string"}],"inLanguage":"en-US"},{"@type":"Organization","@id":"https:\/\/librairie7l.com\/en\/#organization","name":"Librairie 7L","url":"https:\/\/librairie7l.com\/en\/","logo":{"@type":"ImageObject","inLanguage":"en-US","@id":"https:\/\/librairie7l.com\/en\/#\/schema\/logo\/image\/","url":"https:\/\/librairie7l.com\/wp-content\/uploads\/2022\/08\/logo-1.png","contentUrl":"https:\/\/librairie7l.com\/wp-content\/uploads\/2022\/08\/logo-1.png","width":227,"height":301,"caption":"Librairie 7L"},"image":{"@id":"https:\/\/librairie7l.com\/en\/#\/schema\/logo\/image\/"}}]}},"_links":{"self":[{"href":"https:\/\/librairie7l.com\/en\/wp-json\/wp\/v2\/product\/55826"}],"collection":[{"href":"https:\/\/librairie7l.com\/en\/wp-json\/wp\/v2\/product"}],"about":[{"href":"https:\/\/librairie7l.com\/en\/wp-json\/wp\/v2\/types\/product"}],"wp:attachment":[{"href":"https:\/\/librairie7l.com\/en\/wp-json\/wp\/v2\/media?parent=55826"}],"wp:term":[{"taxonomy":"product_cat","embeddable":true,"href":"https:\/\/librairie7l.com\/en\/wp-json\/wp\/v2\/product_cat?post=55826"},{"taxonomy":"product_tag","embeddable":true,"href":"https:\/\/librairie7l.com\/en\/wp-json\/wp\/v2\/product_tag?post=55826"}],"curies":[{"name":"wp","href":"https:\/\/api.w.org\/{rel}","templated":true}]}}