{"id":56585,"date":"2026-04-24T09:17:17","date_gmt":"2026-04-24T07:17:17","guid":{"rendered":"https:\/\/librairie7l.com\/?post_type=product&#038;p=56585"},"modified":"2026-04-30T19:48:41","modified_gmt":"2026-04-30T17:48:41","slug":"limoges-art-deco-1925-ou-faire-moderne-2","status":"publish","type":"product","link":"https:\/\/librairie7l.com\/en\/produit\/limoges-art-deco-1925-ou-faire-moderne-2\/","title":{"rendered":"LIMOGES ART D\u00c9CO 1925 OU FAIRE MODERNE"},"content":{"rendered":"<p>L&#8217;Exposition internationale des arts d\u00e9coratifs et industriels modernes de Paris en<br \/>\n1925 a connu un succ\u00e8s retentissant, attirant des millions de visiteurs venus du<br \/>\nmonde entier, contribuant au rayonnement du style Art d\u00e9co. Reconnus pour<br \/>\nleurs savoir-faire, les fabricants et artisans d&#8217;art du Limousin et de ses confins ont<br \/>\nsouhait\u00e9 contribuer \u00e0 cette c\u00e9l\u00e9bration mondiale de l&#8217;art et de l&#8217;industrie en<br \/>\nr\u00e9pondant au mot d&#8217;ordre lanc\u00e9 par les organisateurs de l&#8217;Exposition de 1925 :<br \/>\n\u00ab Faire moderne. \u00bb<br \/>\nSi elle \u00e9clata en 1925, la modernit\u00e9 artistique, port\u00e9e par de grands collectionneurs<br \/>\nd&#8217;art ou expos\u00e9e dans la galerie Dalpayrat ouverte aux avant-gardes, s&#8217;exprime<br \/>\n\u00e0 Limoges d\u00e8s les ann\u00e9es 1910. Loin de vouloir traduire une singularit\u00e9 r\u00e9gionaliste,<br \/>\nnombreux sont les manufacturiers limousins \u00e0 s&#8217;assurer les collaborations des<br \/>\ngrands cr\u00e9ateurs de l&#8217;Art d\u00e9co, de Paul V\u00e9ra \u00e0 Maurice Dufr\u00e8ne, de Ren\u00e9 Crevel<br \/>\n\u00e0 Suzanne Lalique, de Marcel Goupy \u00e0 Paul Follot, de Simon Lissim \u00e0 Umberto<br \/>\nBrunelleschi, participant \u00e0 la construction d&#8217;un \u00ab style 1925 \u00bb dans toute la diversit\u00e9<br \/>\nde ses expressions.<br \/>\nPour la premi\u00e8re fois, un ouvrage propose la reconstitution du pavillon de la VIIe<br \/>\nR\u00e9gion \u00e9conomique &#8211; dit pavillon de Limoges &#8211; \u00e9difi\u00e9 au coeur de l&#8217;Exposition<br \/>\ninternationale de 1925 dans ses aspects architecturaux. Il offre \u00e9galement un<br \/>\ninventaire des objets d&#8217;art d\u00e9coratif et des productions expos\u00e9s \u00e0 Paris depuis les<br \/>\nporcelaines, \u00e9maux et vitraux de Limoges, les gants de Saint-Junien aux tapisseries<br \/>\nd&#8217;Aubusson et de Felletin&#8230; tant dans le pavillon r\u00e9gional qu&#8217;au Grand Palais ou<br \/>\ndans les pavillons des grands magasins.<br \/>\n\u00c0 travers des \u00e9tudes th\u00e9matiques de sp\u00e9cialistes et une iconographie rare,<br \/>\nl&#8217;ouvrage d\u00e9voile l&#8217;\u00e9lan de renouveau et de modernit\u00e9 qui a anim\u00e9 Limoges<br \/>\net sa r\u00e9gion dans les ann\u00e9es 1920, enrichissant le portrait d&#8217;une cit\u00e9 industrielle<br \/>\nsinguli\u00e8re, insoup\u00e7onn\u00e9e capitale Art d\u00e9co.<\/p>\n","protected":false},"excerpt":{"rendered":"<p>L&#8217;Exposition internationale des arts d\u00e9coratifs et industriels modernes de Paris en 1925 a connu un succ\u00e8s retentissant, attirant des millions de visiteurs venus du monde entier, contribuant au rayonnement du style Art d\u00e9co. Reconnus pour leurs savoir-faire, les fabricants et artisans d&#8217;art du Limousin et de ses confins ont souhait\u00e9 contribuer \u00e0 cette c\u00e9l\u00e9bration mondiale [&hellip;]<\/p>\n","protected":false},"featured_media":56583,"template":"","meta":[],"product_cat":[2948],"product_tag":[],"acf":[],"yoast_head":"<!-- This site is optimized with the Yoast SEO plugin v20.11 - https:\/\/yoast.com\/wordpress\/plugins\/seo\/ -->\n<title>Limoges art d\u00e9co 1925 ou faire moderne - Librairie 7L<\/title>\n<meta name=\"robots\" content=\"index, follow, max-snippet:-1, max-image-preview:large, max-video-preview:-1\" \/>\n<link rel=\"canonical\" href=\"https:\/\/librairie7l.com\/en\/produit\/limoges-art-deco-1925-ou-faire-moderne-2\/\" \/>\n<meta property=\"og:locale\" content=\"en_US\" \/>\n<meta property=\"og:type\" content=\"article\" \/>\n<meta property=\"og:title\" content=\"Limoges art d\u00e9co 1925 ou faire moderne - Librairie 7L\" \/>\n<meta property=\"og:description\" content=\"L&#8217;Exposition internationale des arts d\u00e9coratifs et industriels modernes de Paris en 1925 a connu un succ\u00e8s retentissant, attirant des millions de visiteurs venus du monde entier, contribuant au rayonnement du style Art d\u00e9co. Reconnus pour leurs savoir-faire, les fabricants et artisans d&#8217;art du Limousin et de ses confins ont souhait\u00e9 contribuer \u00e0 cette c\u00e9l\u00e9bration mondiale [&hellip;]\" \/>\n<meta property=\"og:url\" content=\"https:\/\/librairie7l.com\/en\/produit\/limoges-art-deco-1925-ou-faire-moderne-2\/\" \/>\n<meta property=\"og:site_name\" content=\"Librairie 7L\" \/>\n<meta property=\"article:modified_time\" content=\"2026-04-30T17:48:41+00:00\" \/>\n<meta property=\"og:image\" content=\"https:\/\/librairie7l.com\/wp-content\/uploads\/2025\/11\/9782490623488_1_75.jpg\" \/>\n\t<meta property=\"og:image:width\" content=\"600\" \/>\n\t<meta property=\"og:image:height\" content=\"721\" \/>\n\t<meta property=\"og:image:type\" content=\"image\/jpeg\" \/>\n<meta name=\"twitter:card\" content=\"summary_large_image\" \/>\n<meta name=\"twitter:label1\" content=\"Est. reading time\" \/>\n\t<meta name=\"twitter:data1\" content=\"2 minutes\" \/>\n<script type=\"application\/ld+json\" class=\"yoast-schema-graph\">{\"@context\":\"https:\/\/schema.org\",\"@graph\":[{\"@type\":\"WebPage\",\"@id\":\"https:\/\/librairie7l.com\/en\/produit\/limoges-art-deco-1925-ou-faire-moderne-2\/\",\"url\":\"https:\/\/librairie7l.com\/en\/produit\/limoges-art-deco-1925-ou-faire-moderne-2\/\",\"name\":\"Limoges art d\u00e9co 1925 ou faire moderne - Librairie 7L\",\"isPartOf\":{\"@id\":\"https:\/\/librairie7l.com\/en\/#website\"},\"datePublished\":\"2026-04-24T07:17:17+00:00\",\"dateModified\":\"2026-04-30T17:48:41+00:00\",\"breadcrumb\":{\"@id\":\"https:\/\/librairie7l.com\/en\/produit\/limoges-art-deco-1925-ou-faire-moderne-2\/#breadcrumb\"},\"inLanguage\":\"en-US\",\"potentialAction\":[{\"@type\":\"ReadAction\",\"target\":[\"https:\/\/librairie7l.com\/en\/produit\/limoges-art-deco-1925-ou-faire-moderne-2\/\"]}]},{\"@type\":\"BreadcrumbList\",\"@id\":\"https:\/\/librairie7l.com\/en\/produit\/limoges-art-deco-1925-ou-faire-moderne-2\/#breadcrumb\",\"itemListElement\":[{\"@type\":\"ListItem\",\"position\":1,\"name\":\"Accueil\",\"item\":\"https:\/\/librairie7l.com\/en\/\"},{\"@type\":\"ListItem\",\"position\":2,\"name\":\"Shop\",\"item\":\"https:\/\/librairie7l.com\/en\/shop\/\"},{\"@type\":\"ListItem\",\"position\":3,\"name\":\"LIMOGES ART D\u00c9CO 1925 OU FAIRE MODERNE\"}]},{\"@type\":\"WebSite\",\"@id\":\"https:\/\/librairie7l.com\/en\/#website\",\"url\":\"https:\/\/librairie7l.com\/en\/\",\"name\":\"Librairie 7L\",\"description\":\"Librairie fond\u00e9e en 1999 par Karl Lagerfeld \u00e0 Paris\",\"publisher\":{\"@id\":\"https:\/\/librairie7l.com\/en\/#organization\"},\"potentialAction\":[{\"@type\":\"SearchAction\",\"target\":{\"@type\":\"EntryPoint\",\"urlTemplate\":\"https:\/\/librairie7l.com\/en\/?s={search_term_string}\"},\"query-input\":\"required name=search_term_string\"}],\"inLanguage\":\"en-US\"},{\"@type\":\"Organization\",\"@id\":\"https:\/\/librairie7l.com\/en\/#organization\",\"name\":\"Librairie 7L\",\"url\":\"https:\/\/librairie7l.com\/en\/\",\"logo\":{\"@type\":\"ImageObject\",\"inLanguage\":\"en-US\",\"@id\":\"https:\/\/librairie7l.com\/en\/#\/schema\/logo\/image\/\",\"url\":\"https:\/\/librairie7l.com\/wp-content\/uploads\/2022\/08\/logo-1.png\",\"contentUrl\":\"https:\/\/librairie7l.com\/wp-content\/uploads\/2022\/08\/logo-1.png\",\"width\":227,\"height\":301,\"caption\":\"Librairie 7L\"},\"image\":{\"@id\":\"https:\/\/librairie7l.com\/en\/#\/schema\/logo\/image\/\"}}]}<\/script>\n<!-- \/ Yoast SEO plugin. -->","yoast_head_json":{"title":"Limoges art d\u00e9co 1925 ou faire moderne - Librairie 7L","robots":{"index":"index","follow":"follow","max-snippet":"max-snippet:-1","max-image-preview":"max-image-preview:large","max-video-preview":"max-video-preview:-1"},"canonical":"https:\/\/librairie7l.com\/en\/produit\/limoges-art-deco-1925-ou-faire-moderne-2\/","og_locale":"en_US","og_type":"article","og_title":"Limoges art d\u00e9co 1925 ou faire moderne - Librairie 7L","og_description":"L&#8217;Exposition internationale des arts d\u00e9coratifs et industriels modernes de Paris en 1925 a connu un succ\u00e8s retentissant, attirant des millions de visiteurs venus du monde entier, contribuant au rayonnement du style Art d\u00e9co. Reconnus pour leurs savoir-faire, les fabricants et artisans d&#8217;art du Limousin et de ses confins ont souhait\u00e9 contribuer \u00e0 cette c\u00e9l\u00e9bration mondiale [&hellip;]","og_url":"https:\/\/librairie7l.com\/en\/produit\/limoges-art-deco-1925-ou-faire-moderne-2\/","og_site_name":"Librairie 7L","article_modified_time":"2026-04-30T17:48:41+00:00","og_image":[{"width":600,"height":721,"url":"https:\/\/librairie7l.com\/wp-content\/uploads\/2025\/11\/9782490623488_1_75.jpg","type":"image\/jpeg"}],"twitter_card":"summary_large_image","twitter_misc":{"Est. reading time":"2 minutes"},"schema":{"@context":"https:\/\/schema.org","@graph":[{"@type":"WebPage","@id":"https:\/\/librairie7l.com\/en\/produit\/limoges-art-deco-1925-ou-faire-moderne-2\/","url":"https:\/\/librairie7l.com\/en\/produit\/limoges-art-deco-1925-ou-faire-moderne-2\/","name":"Limoges art d\u00e9co 1925 ou faire moderne - Librairie 7L","isPartOf":{"@id":"https:\/\/librairie7l.com\/en\/#website"},"datePublished":"2026-04-24T07:17:17+00:00","dateModified":"2026-04-30T17:48:41+00:00","breadcrumb":{"@id":"https:\/\/librairie7l.com\/en\/produit\/limoges-art-deco-1925-ou-faire-moderne-2\/#breadcrumb"},"inLanguage":"en-US","potentialAction":[{"@type":"ReadAction","target":["https:\/\/librairie7l.com\/en\/produit\/limoges-art-deco-1925-ou-faire-moderne-2\/"]}]},{"@type":"BreadcrumbList","@id":"https:\/\/librairie7l.com\/en\/produit\/limoges-art-deco-1925-ou-faire-moderne-2\/#breadcrumb","itemListElement":[{"@type":"ListItem","position":1,"name":"Accueil","item":"https:\/\/librairie7l.com\/en\/"},{"@type":"ListItem","position":2,"name":"Shop","item":"https:\/\/librairie7l.com\/en\/shop\/"},{"@type":"ListItem","position":3,"name":"LIMOGES ART D\u00c9CO 1925 OU FAIRE MODERNE"}]},{"@type":"WebSite","@id":"https:\/\/librairie7l.com\/en\/#website","url":"https:\/\/librairie7l.com\/en\/","name":"Librairie 7L","description":"Librairie fond\u00e9e en 1999 par Karl Lagerfeld \u00e0 Paris","publisher":{"@id":"https:\/\/librairie7l.com\/en\/#organization"},"potentialAction":[{"@type":"SearchAction","target":{"@type":"EntryPoint","urlTemplate":"https:\/\/librairie7l.com\/en\/?s={search_term_string}"},"query-input":"required name=search_term_string"}],"inLanguage":"en-US"},{"@type":"Organization","@id":"https:\/\/librairie7l.com\/en\/#organization","name":"Librairie 7L","url":"https:\/\/librairie7l.com\/en\/","logo":{"@type":"ImageObject","inLanguage":"en-US","@id":"https:\/\/librairie7l.com\/en\/#\/schema\/logo\/image\/","url":"https:\/\/librairie7l.com\/wp-content\/uploads\/2022\/08\/logo-1.png","contentUrl":"https:\/\/librairie7l.com\/wp-content\/uploads\/2022\/08\/logo-1.png","width":227,"height":301,"caption":"Librairie 7L"},"image":{"@id":"https:\/\/librairie7l.com\/en\/#\/schema\/logo\/image\/"}}]}},"_links":{"self":[{"href":"https:\/\/librairie7l.com\/en\/wp-json\/wp\/v2\/product\/56585"}],"collection":[{"href":"https:\/\/librairie7l.com\/en\/wp-json\/wp\/v2\/product"}],"about":[{"href":"https:\/\/librairie7l.com\/en\/wp-json\/wp\/v2\/types\/product"}],"wp:featuredmedia":[{"embeddable":true,"href":"https:\/\/librairie7l.com\/en\/wp-json\/wp\/v2\/media\/56583"}],"wp:attachment":[{"href":"https:\/\/librairie7l.com\/en\/wp-json\/wp\/v2\/media?parent=56585"}],"wp:term":[{"taxonomy":"product_cat","embeddable":true,"href":"https:\/\/librairie7l.com\/en\/wp-json\/wp\/v2\/product_cat?post=56585"},{"taxonomy":"product_tag","embeddable":true,"href":"https:\/\/librairie7l.com\/en\/wp-json\/wp\/v2\/product_tag?post=56585"}],"curies":[{"name":"wp","href":"https:\/\/api.w.org\/{rel}","templated":true}]}}