{"id":59197,"date":"2026-09-02T10:16:33","date_gmt":"2026-09-02T08:16:33","guid":{"rendered":"https:\/\/librairie7l.com\/?post_type=product&#038;p=59197"},"modified":"2026-09-02T12:44:07","modified_gmt":"2026-09-02T10:44:07","slug":"la-memoire-de-loeil-regard-interieur-sur-une-collection-2","status":"publish","type":"product","link":"https:\/\/librairie7l.com\/en\/produit\/la-memoire-de-loeil-regard-interieur-sur-une-collection-2\/","title":{"rendered":"LA M\u00c9MOIRE DE L&#8217;OEIL : REGARD INT\u00c9RIEUR SUR UNE COLLECTION"},"content":{"rendered":"<p>Comment s&#8217;exerce la m\u00e9moire d&#8217;une oeuvre ? Comment oeuvre-t-elle en nous? L&#8217;oeuvre s&#8217;ouvre en s&#8217;\u00e9loignant et le corps se prolonge dans le regard. Telle est la qu\u00eate paradoxale de l&#8217;auteur qui pratique le jeu des associations. Tant\u00f4t une oeuvre \u00e9merge \u00e0 la naissance d&#8217;une phrase, tant\u00f4t l&#8217;oeuvre suscite la phrase en surgissant de la m\u00e9moire. Par les mots, il tente de mettre \u00e0 jour le travail qu&#8217;op\u00e8re le regard int\u00e9rieur sur une oeuvre de sa collection ainsi que l&#8217;exp\u00e9rience de l&#8217;acquisition mat\u00e9rielle qui est \u00e0 la base de cette incorporation mentale de l&#8217;oeuvre. Et pour exprimer cette exp\u00e9rience int\u00e9rieure des oeuvres d&#8217;art, une r\u00e8gle a \u00e9t\u00e9 suivie tout au long du livre : parler des oeuvres sans les avoir sous le regard, en se fiant \u00e0 leur rem\u00e9moration. La m\u00e9moire de l&#8217;oeil consiste \u00e0 se baser exclusivement sur l&#8217;image mentale et \u00e0 se placer au centre de sa r\u00e9sonance. Vivre sur les bords, l\u00e0 o\u00f9 les mains se prolongent \u00e0 travers le regard pour tenter de saisir ce qui s&#8217;ouvre, ce qui s&#8217;oeuvre, au bout des doigts.<\/p>\n<p>Philippe Devries est un amateur d&#8217;art autodidacte et collectionneur d&#8217;art contemporain. Oeuvres de sa collection priv\u00e9e dans cet ouvrage : Fabrice Souvereyns, Alain Bornain, Camille De Taeye, Dominique De Beir, Solina Denis, Andrea De Bortoli, Tinus Vermeersch, Marc Angeli, Jacques Charlier, Gudny Rosa Ingimarsdottir, Florian Kiniques, Marija Rinkeviciute, Stephan Balleux, Silja Gudnyjardottir Hubert, Jean-Gilles Badaire, Lucile Bertrand, Juana Bustamante, Charlotte Flamand, Marie Rosen, Gauthier Hubert, Jean-Fran\u00e7ois Octave, Juan Canizares, Jean-Louis Micha, Mao Wu, \u00c9lodie Antoine, Fran\u00e7ois Jacob, Annabelle Guetatra, Johan De Wilde, Bernard Villers.<\/p>\n","protected":false},"excerpt":{"rendered":"<p>Comment s&#8217;exerce la m\u00e9moire d&#8217;une oeuvre ? Comment oeuvre-t-elle en nous? L&#8217;oeuvre s&#8217;ouvre en s&#8217;\u00e9loignant et le corps se prolonge dans le regard. Telle est la qu\u00eate paradoxale de l&#8217;auteur qui pratique le jeu des associations. Tant\u00f4t une oeuvre \u00e9merge \u00e0 la naissance d&#8217;une phrase, tant\u00f4t l&#8217;oeuvre suscite la phrase en surgissant de la m\u00e9moire. [&hellip;]<\/p>\n","protected":false},"featured_media":59195,"template":"","meta":[],"product_cat":[2948,2953],"product_tag":[],"acf":[],"yoast_head":"<!-- This site is optimized with the Yoast SEO plugin v20.11 - https:\/\/yoast.com\/wordpress\/plugins\/seo\/ -->\n<title>La m\u00e9moire de l&#039;oeil : Regard int\u00e9rieur sur une collection - Librairie 7L<\/title>\n<meta name=\"robots\" content=\"index, follow, max-snippet:-1, max-image-preview:large, max-video-preview:-1\" \/>\n<link rel=\"canonical\" href=\"https:\/\/librairie7l.com\/en\/produit\/la-memoire-de-loeil-regard-interieur-sur-une-collection-2\/\" \/>\n<meta property=\"og:locale\" content=\"en_US\" \/>\n<meta property=\"og:type\" content=\"article\" \/>\n<meta property=\"og:title\" content=\"La m\u00e9moire de l&#039;oeil : Regard int\u00e9rieur sur une collection - Librairie 7L\" \/>\n<meta property=\"og:description\" content=\"Comment s&#8217;exerce la m\u00e9moire d&#8217;une oeuvre ? Comment oeuvre-t-elle en nous? L&#8217;oeuvre s&#8217;ouvre en s&#8217;\u00e9loignant et le corps se prolonge dans le regard. Telle est la qu\u00eate paradoxale de l&#8217;auteur qui pratique le jeu des associations. Tant\u00f4t une oeuvre \u00e9merge \u00e0 la naissance d&#8217;une phrase, tant\u00f4t l&#8217;oeuvre suscite la phrase en surgissant de la m\u00e9moire. [&hellip;]\" \/>\n<meta property=\"og:url\" content=\"https:\/\/librairie7l.com\/en\/produit\/la-memoire-de-loeil-regard-interieur-sur-une-collection-2\/\" \/>\n<meta property=\"og:site_name\" content=\"Librairie 7L\" \/>\n<meta property=\"article:modified_time\" content=\"2026-09-02T10:44:07+00:00\" \/>\n<meta property=\"og:image\" content=\"https:\/\/librairie7l.com\/wp-content\/uploads\/2026\/03\/9782873176778_1_75.jpg\" \/>\n\t<meta property=\"og:image:width\" content=\"600\" \/>\n\t<meta property=\"og:image:height\" content=\"836\" \/>\n\t<meta property=\"og:image:type\" content=\"image\/jpeg\" \/>\n<meta name=\"twitter:card\" content=\"summary_large_image\" \/>\n<meta name=\"twitter:label1\" content=\"Est. reading time\" \/>\n\t<meta name=\"twitter:data1\" content=\"1 minute\" \/>\n<script type=\"application\/ld+json\" class=\"yoast-schema-graph\">{\"@context\":\"https:\/\/schema.org\",\"@graph\":[{\"@type\":\"WebPage\",\"@id\":\"https:\/\/librairie7l.com\/en\/produit\/la-memoire-de-loeil-regard-interieur-sur-une-collection-2\/\",\"url\":\"https:\/\/librairie7l.com\/en\/produit\/la-memoire-de-loeil-regard-interieur-sur-une-collection-2\/\",\"name\":\"La m\u00e9moire de l'oeil : Regard int\u00e9rieur sur une collection - Librairie 7L\",\"isPartOf\":{\"@id\":\"https:\/\/librairie7l.com\/en\/#website\"},\"datePublished\":\"2026-09-02T08:16:33+00:00\",\"dateModified\":\"2026-09-02T10:44:07+00:00\",\"breadcrumb\":{\"@id\":\"https:\/\/librairie7l.com\/en\/produit\/la-memoire-de-loeil-regard-interieur-sur-une-collection-2\/#breadcrumb\"},\"inLanguage\":\"en-US\",\"potentialAction\":[{\"@type\":\"ReadAction\",\"target\":[\"https:\/\/librairie7l.com\/en\/produit\/la-memoire-de-loeil-regard-interieur-sur-une-collection-2\/\"]}]},{\"@type\":\"BreadcrumbList\",\"@id\":\"https:\/\/librairie7l.com\/en\/produit\/la-memoire-de-loeil-regard-interieur-sur-une-collection-2\/#breadcrumb\",\"itemListElement\":[{\"@type\":\"ListItem\",\"position\":1,\"name\":\"Accueil\",\"item\":\"https:\/\/librairie7l.com\/en\/\"},{\"@type\":\"ListItem\",\"position\":2,\"name\":\"Shop\",\"item\":\"https:\/\/librairie7l.com\/en\/shop\/\"},{\"@type\":\"ListItem\",\"position\":3,\"name\":\"LA M\u00c9MOIRE DE L&#8217;OEIL : REGARD INT\u00c9RIEUR SUR UNE COLLECTION\"}]},{\"@type\":\"WebSite\",\"@id\":\"https:\/\/librairie7l.com\/en\/#website\",\"url\":\"https:\/\/librairie7l.com\/en\/\",\"name\":\"Librairie 7L\",\"description\":\"Librairie fond\u00e9e en 1999 par Karl Lagerfeld \u00e0 Paris\",\"publisher\":{\"@id\":\"https:\/\/librairie7l.com\/en\/#organization\"},\"potentialAction\":[{\"@type\":\"SearchAction\",\"target\":{\"@type\":\"EntryPoint\",\"urlTemplate\":\"https:\/\/librairie7l.com\/en\/?s={search_term_string}\"},\"query-input\":\"required name=search_term_string\"}],\"inLanguage\":\"en-US\"},{\"@type\":\"Organization\",\"@id\":\"https:\/\/librairie7l.com\/en\/#organization\",\"name\":\"Librairie 7L\",\"url\":\"https:\/\/librairie7l.com\/en\/\",\"logo\":{\"@type\":\"ImageObject\",\"inLanguage\":\"en-US\",\"@id\":\"https:\/\/librairie7l.com\/en\/#\/schema\/logo\/image\/\",\"url\":\"https:\/\/librairie7l.com\/wp-content\/uploads\/2022\/08\/logo-1.png\",\"contentUrl\":\"https:\/\/librairie7l.com\/wp-content\/uploads\/2022\/08\/logo-1.png\",\"width\":227,\"height\":301,\"caption\":\"Librairie 7L\"},\"image\":{\"@id\":\"https:\/\/librairie7l.com\/en\/#\/schema\/logo\/image\/\"}}]}<\/script>\n<!-- \/ Yoast SEO plugin. -->","yoast_head_json":{"title":"La m\u00e9moire de l'oeil : Regard int\u00e9rieur sur une collection - Librairie 7L","robots":{"index":"index","follow":"follow","max-snippet":"max-snippet:-1","max-image-preview":"max-image-preview:large","max-video-preview":"max-video-preview:-1"},"canonical":"https:\/\/librairie7l.com\/en\/produit\/la-memoire-de-loeil-regard-interieur-sur-une-collection-2\/","og_locale":"en_US","og_type":"article","og_title":"La m\u00e9moire de l'oeil : Regard int\u00e9rieur sur une collection - Librairie 7L","og_description":"Comment s&#8217;exerce la m\u00e9moire d&#8217;une oeuvre ? Comment oeuvre-t-elle en nous? L&#8217;oeuvre s&#8217;ouvre en s&#8217;\u00e9loignant et le corps se prolonge dans le regard. Telle est la qu\u00eate paradoxale de l&#8217;auteur qui pratique le jeu des associations. Tant\u00f4t une oeuvre \u00e9merge \u00e0 la naissance d&#8217;une phrase, tant\u00f4t l&#8217;oeuvre suscite la phrase en surgissant de la m\u00e9moire. [&hellip;]","og_url":"https:\/\/librairie7l.com\/en\/produit\/la-memoire-de-loeil-regard-interieur-sur-une-collection-2\/","og_site_name":"Librairie 7L","article_modified_time":"2026-09-02T10:44:07+00:00","og_image":[{"width":600,"height":836,"url":"https:\/\/librairie7l.com\/wp-content\/uploads\/2026\/03\/9782873176778_1_75.jpg","type":"image\/jpeg"}],"twitter_card":"summary_large_image","twitter_misc":{"Est. reading time":"1 minute"},"schema":{"@context":"https:\/\/schema.org","@graph":[{"@type":"WebPage","@id":"https:\/\/librairie7l.com\/en\/produit\/la-memoire-de-loeil-regard-interieur-sur-une-collection-2\/","url":"https:\/\/librairie7l.com\/en\/produit\/la-memoire-de-loeil-regard-interieur-sur-une-collection-2\/","name":"La m\u00e9moire de l'oeil : Regard int\u00e9rieur sur une collection - Librairie 7L","isPartOf":{"@id":"https:\/\/librairie7l.com\/en\/#website"},"datePublished":"2026-09-02T08:16:33+00:00","dateModified":"2026-09-02T10:44:07+00:00","breadcrumb":{"@id":"https:\/\/librairie7l.com\/en\/produit\/la-memoire-de-loeil-regard-interieur-sur-une-collection-2\/#breadcrumb"},"inLanguage":"en-US","potentialAction":[{"@type":"ReadAction","target":["https:\/\/librairie7l.com\/en\/produit\/la-memoire-de-loeil-regard-interieur-sur-une-collection-2\/"]}]},{"@type":"BreadcrumbList","@id":"https:\/\/librairie7l.com\/en\/produit\/la-memoire-de-loeil-regard-interieur-sur-une-collection-2\/#breadcrumb","itemListElement":[{"@type":"ListItem","position":1,"name":"Accueil","item":"https:\/\/librairie7l.com\/en\/"},{"@type":"ListItem","position":2,"name":"Shop","item":"https:\/\/librairie7l.com\/en\/shop\/"},{"@type":"ListItem","position":3,"name":"LA M\u00c9MOIRE DE L&#8217;OEIL : REGARD INT\u00c9RIEUR SUR UNE COLLECTION"}]},{"@type":"WebSite","@id":"https:\/\/librairie7l.com\/en\/#website","url":"https:\/\/librairie7l.com\/en\/","name":"Librairie 7L","description":"Librairie fond\u00e9e en 1999 par Karl Lagerfeld \u00e0 Paris","publisher":{"@id":"https:\/\/librairie7l.com\/en\/#organization"},"potentialAction":[{"@type":"SearchAction","target":{"@type":"EntryPoint","urlTemplate":"https:\/\/librairie7l.com\/en\/?s={search_term_string}"},"query-input":"required name=search_term_string"}],"inLanguage":"en-US"},{"@type":"Organization","@id":"https:\/\/librairie7l.com\/en\/#organization","name":"Librairie 7L","url":"https:\/\/librairie7l.com\/en\/","logo":{"@type":"ImageObject","inLanguage":"en-US","@id":"https:\/\/librairie7l.com\/en\/#\/schema\/logo\/image\/","url":"https:\/\/librairie7l.com\/wp-content\/uploads\/2022\/08\/logo-1.png","contentUrl":"https:\/\/librairie7l.com\/wp-content\/uploads\/2022\/08\/logo-1.png","width":227,"height":301,"caption":"Librairie 7L"},"image":{"@id":"https:\/\/librairie7l.com\/en\/#\/schema\/logo\/image\/"}}]}},"_links":{"self":[{"href":"https:\/\/librairie7l.com\/en\/wp-json\/wp\/v2\/product\/59197"}],"collection":[{"href":"https:\/\/librairie7l.com\/en\/wp-json\/wp\/v2\/product"}],"about":[{"href":"https:\/\/librairie7l.com\/en\/wp-json\/wp\/v2\/types\/product"}],"wp:featuredmedia":[{"embeddable":true,"href":"https:\/\/librairie7l.com\/en\/wp-json\/wp\/v2\/media\/59195"}],"wp:attachment":[{"href":"https:\/\/librairie7l.com\/en\/wp-json\/wp\/v2\/media?parent=59197"}],"wp:term":[{"taxonomy":"product_cat","embeddable":true,"href":"https:\/\/librairie7l.com\/en\/wp-json\/wp\/v2\/product_cat?post=59197"},{"taxonomy":"product_tag","embeddable":true,"href":"https:\/\/librairie7l.com\/en\/wp-json\/wp\/v2\/product_tag?post=59197"}],"curies":[{"name":"wp","href":"https:\/\/api.w.org\/{rel}","templated":true}]}}